{"id":982,"date":"2021-01-24T16:51:59","date_gmt":"2021-01-24T16:51:59","guid":{"rendered":"http:\/\/test-ikf.online\/?page_id=982"},"modified":"2023-05-03T12:13:37","modified_gmt":"2023-05-03T12:13:37","slug":"oral-history","status":"publish","type":"page","link":"https:\/\/ikf.ac.at\/en\/schwerpunkte\/hist-sozialforschung\/oral-history","title":{"rendered":"Oral History and Remembrance Policy"},"content":{"rendered":"<div class=\"wp-block-atomic-blocks-ab-container alignfull ab-block-container\"><div class=\"ab-container-inside\"><div class=\"ab-container-content\"><div id=\"pl-gb982-69f22baf39121\"  class=\"panel-layout\" ><div id=\"pg-gb982-69f22baf39121-0\"  class=\"panel-grid panel-no-style\" ><div id=\"pgc-gb982-69f22baf39121-0-0\"  class=\"panel-grid-cell\" ><div id=\"panel-gb982-69f22baf39121-0-0-0\" class=\"so-panel widget widget_media_image panel-first-child panel-last-child\" data-index=\"0\" ><img loading=\"lazy\" decoding=\"async\" width=\"2554\" height=\"10\" src=\"https:\/\/ikf.ac.at\/wp-content\/uploads\/2021\/01\/linie_IKF.jpg\" class=\"image wp-image-754  attachment-full size-full\" alt=\"\" style=\"max-width: 100%; height: auto;\" srcset=\"https:\/\/ikf.ac.at\/wp-content\/uploads\/2021\/01\/linie_IKF.jpg 2554w, https:\/\/ikf.ac.at\/wp-content\/uploads\/2021\/01\/linie_IKF-300x1.jpg 300w, https:\/\/ikf.ac.at\/wp-content\/uploads\/2021\/01\/linie_IKF-1024x4.jpg 1024w, https:\/\/ikf.ac.at\/wp-content\/uploads\/2021\/01\/linie_IKF-768x3.jpg 768w, https:\/\/ikf.ac.at\/wp-content\/uploads\/2021\/01\/linie_IKF-1536x6.jpg 1536w, https:\/\/ikf.ac.at\/wp-content\/uploads\/2021\/01\/linie_IKF-2048x8.jpg 2048w\" sizes=\"auto, (max-width: 2554px) 100vw, 2554px\" \/><\/div><\/div><\/div><\/div>\n\n\n<div style=\"color:#ddd\" class=\"wp-block-genesis-blocks-gb-spacer gb-block-spacer gb-divider-solid gb-divider-size-1\"><hr style=\"height:30px\"\/><\/div>\n\n\n<div id=\"pl-gb982-69f22baf3969c\"  class=\"panel-layout\" ><div id=\"pg-gb982-69f22baf3969c-0\"  class=\"panel-grid panel-no-style\" ><div id=\"pgc-gb982-69f22baf3969c-0-0\"  class=\"panel-grid-cell\" ><div id=\"panel-gb982-69f22baf3969c-0-0-0\" class=\"so-panel widget widget_text panel-first-child panel-last-child\" data-index=\"0\" ><div class=\"panel-widget-style panel-widget-style-for-gb982-69f22baf3969c-0-0-0\" >\t\t\t<div class=\"textwidget\"><p><strong><a href=\"https:\/\/ikf.ac.at\/en\/forschungsschwerpunkte\/hist-sozialforschung\/\">Historical Social Research<\/a><\/strong><\/p>\n<p><a href=\"https:\/\/ikf.ac.at\/en\/schwerpunkte\/hist-sozialforschung\/frauen-ns-verfolgung-2\/\">Women and Nazi persecution (in particular Ravensbr\u00fcck and Mauthausen)<\/a><\/p>\n<p><a href=\"https:\/\/ikf.ac.at\/en\/schwerpunkte\/hist-sozialforschung\/oral-history\/\"><strong>Oral History and Remembrance Policy<\/strong><\/a><\/p>\n<\/div>\n\t\t<\/div><\/div><\/div><div id=\"pgc-gb982-69f22baf3969c-0-1\"  class=\"panel-grid-cell\" ><div id=\"panel-gb982-69f22baf3969c-0-1-0\" class=\"so-panel widget widget_text panel-first-child panel-last-child\" data-index=\"1\" >\t\t\t<div class=\"textwidget\"><\/div>\n\t\t<\/div><\/div><\/div><\/div>\n\n\n<div style=\"color:#404168\" class=\"wp-block-genesis-blocks-gb-spacer gb-block-spacer gb-divider-solid gb-spacer-divider gb-divider-size-1\"><hr style=\"height:70px\"\/><\/div>\n\n\n<div id=\"pl-gb982-69f22baf3be8d\"  class=\"panel-layout\" ><div id=\"pg-gb982-69f22baf3be8d-0\"  class=\"panel-grid panel-no-style\" ><div id=\"pgc-gb982-69f22baf3be8d-0-0\"  class=\"panel-grid-cell\" ><div id=\"panel-gb982-69f22baf3be8d-0-0-0\" class=\"so-panel widget widget_text panel-first-child panel-last-child\" data-index=\"0\" >\t\t\t<div class=\"textwidget\"><\/div>\n\t\t<\/div><\/div><div id=\"pgc-gb982-69f22baf3be8d-0-1\"  class=\"panel-grid-cell\" ><div id=\"panel-gb982-69f22baf3be8d-0-1-0\" class=\"so-panel widget widget_sow-editor panel-first-child panel-last-child\" data-index=\"1\" ><div class=\"tabelle panel-widget-style panel-widget-style-for-gb982-69f22baf3be8d-0-1-0\" ><div\n\t\t\t\n\t\t\tclass=\"so-widget-sow-editor so-widget-sow-editor-base\"\n\t\t\t\n\t\t>\n<div class=\"siteorigin-widget-tinymce textwidget\">\n\t<table style=\"height: 384px; width: 100%; border-collapse: collapse;\" border=\"1\">\n<tbody>\n<tr style=\"height: 24px;\">\n<td style=\"width: 7.74441%; height: 32px;\">2022:<\/td>\n<td style=\"width: 92.2557%; height: 32px;\"><a href=\"https:\/\/ikf.ac.at\/en\/schwerpunkte\/hist-sozialforschung\/frauen-ns-verfolgung-2\/2022-anna-burger-kein-schicksal-wie-viele\/\" target=\"_blank\" rel=\"noopener\">Anna Burger \u2013 a Fate (un)like that of many Others. The Persecution of so called \u2018Asocials\u2019, and Family Memory<\/a><\/td>\n<\/tr>\n<tr style=\"height: 24px;\">\n<td style=\"width: 7.74441%; height: 32px;\">2018:<\/td>\n<td style=\"width: 92.2557%; height: 32px;\"><a href=\"https:\/\/ikf.ac.at\/en\/schwerpunkte\/hist-sozialforschung\/frauen-ns-verfolgung-2\/2018-meine-mama-war-widerstandskaempferin\/\" target=\"_blank\" rel=\"noopener\">\u201eMeine Mama war Widerstandsk\u00e4mpferin.&#8221;<\/a><\/td>\n<\/tr>\n<tr style=\"height: 24px;\">\n<td style=\"width: 7.74441%; height: 32px;\">2017:<\/td>\n<td style=\"width: 92.2557%; height: 32px;\"><a href=\"https:\/\/ikf.ac.at\/en\/schwerpunkte\/hist-sozialforschung\/oral-history\/2017-wissenschaftliche-recherche-zum-dokumentarfilm-liebe-war-es-nie\/\" target=\"_blank\" rel=\"noopener\">Scientific research for the documentary \"Love it was not\"<\/a><\/td>\n<\/tr>\n<tr style=\"height: 24px;\">\n<td style=\"width: 7.74441%; height: 32px;\">2014:<\/td>\n<td style=\"width: 92.2557%; height: 32px;\"><a href=\"https:\/\/ikf.ac.at\/en\/schwerpunkte\/hist-sozialforschung\/oral-history\/2014-vom-ueberschreiten-der-grenzen-das-leben-und-werk-von-herbert-steiner-1923-2001\/\" target=\"_blank\" rel=\"noopener\">Transcending Borders. Herbert Steiner (1923-2001)<\/a><\/td>\n<\/tr>\n<tr style=\"height: 24px;\">\n<td style=\"width: 7.74441%; height: 32px;\">2013:<\/td>\n<td style=\"width: 92.2557%; height: 32px;\"><a href=\"https:\/\/ikf.ac.at\/en\/schwerpunkte\/hist-sozialforschung\/oral-history\/2013-bewusstseinsregion-mauthausen-gusen-st-georgen\/\" target=\"_blank\" rel=\"noopener\">The \"Region of Consciousness\" Mauthausen \u2212 Gusen \u2212 St. Georgen. Space of Commemoration and Learning<\/a><\/td>\n<\/tr>\n<tr style=\"height: 24px;\">\n<td style=\"width: 7.74441%; height: 32px;\">2012:<\/td>\n<td style=\"width: 92.2557%; height: 32px;\"><a href=\"https:\/\/ikf.ac.at\/en\/schwerpunkte\/hist-sozialforschung\/oral-history\/2012-ehemaliges-konzentrationslager-gusen-st-georgen-denkmale-und-standortentwicklung\/\" target=\"_blank\" rel=\"noopener\">Ehemaliges Konzentrationslager Gusen\/St. Georgen, Denkmale und Standortentwicklung<\/a><\/td>\n<\/tr>\n<tr style=\"height: 24px;\">\n<td style=\"width: 7.74441%; height: 32px;\">2012:<\/td>\n<td style=\"width: 92.2557%; height: 32px;\"><a href=\"https:\/\/ikf.ac.at\/en\/schwerpunkte\/hist-sozialforschung\/oral-history\/2012-geschichtsbuch-mitteleuropa\/\" target=\"_blank\" rel=\"noopener\">Geschichtsbuch Mitteleuropa<\/a><\/td>\n<\/tr>\n<tr style=\"height: 24px;\">\n<td style=\"width: 7.74441%; height: 32px;\">2011:<\/td>\n<td style=\"width: 92.2557%; height: 32px;\"><a href=\"https:\/\/ikf.ac.at\/en\/schwerpunkte\/hist-sozialforschung\/oral-history\/2011-zeitlebens-konsequent-hermann-langbein-1912-1995-eine-politische-biographie\/\" target=\"_blank\" rel=\"noopener\">Zeitlebens konsequent. Hermann Langbein (1912-1995). Eine politische Biographie.<\/a><\/td>\n<\/tr>\n<tr style=\"height: 24px;\">\n<td style=\"width: 7.74441%; height: 32px;\">2004:<\/td>\n<td style=\"width: 92.2557%; height: 32px;\"><a href=\"https:\/\/ikf.ac.at\/en\/schwerpunkte\/hist-sozialforschung\/oral-history\/2004-emigration-flucht-vertreibung-migrationsbewegungen-oesterreichischer-juedinnen-und-juden-nach-palaestina-1934-1948\/\" target=\"_blank\" rel=\"noopener\">Emigration \u2013 Flucht \u2013 Vertreibung. Migrationsbewegungen \u00f6sterreichischer J\u00fcdinnen und Juden nach Pal\u00e4stina 1934-1948<\/a><\/td>\n<\/tr>\n<tr style=\"height: 24px;\">\n<td style=\"width: 7.74441%; height: 32px;\">2003:<\/td>\n<td style=\"width: 92.2557%; height: 32px;\"><a href=\"https:\/\/ikf.ac.at\/en\/schwerpunkte\/hist-sozialforschung\/oral-history\/2003-zeitzeuginnenprojekt-kz-gedenkstaette-mauthausen-mauthausen-survivors-documentation-project\/\" target=\"_blank\" rel=\"noopener\">ZeitzeugInnenprojekt KZ-Gedenkst\u00e4tte Mauthausen \/ Mauthausen Survivors Documentation Project<\/a><\/td>\n<\/tr>\n<tr style=\"height: 24px;\">\n<td style=\"width: 7.74441%; height: 32px;\">2001:<\/td>\n<td style=\"width: 92.2557%; height: 32px;\"><a href=\"https:\/\/ikf.ac.at\/en\/schwerpunkte\/hist-sozialforschung\/oral-history\/2003-juedinnen-in-der-oesterreichischen-frauenbewegung-1890-1938\/\" target=\"_blank\" rel=\"noopener\">J\u00fcdinnen in der \u00f6sterreichischen Frauenbewegung 1890 &#8211; 1938<\/a><\/td>\n<\/tr>\n<tr style=\"height: 24px;\">\n<td style=\"width: 7.74441%; height: 32px;\">1998:<\/td>\n<td style=\"width: 92.2557%; height: 32px;\"><a href=\"https:\/\/ikf.ac.at\/en\/schwerpunkte\/hist-sozialforschung\/oral-history\/1998-oesterreich-ist-nicht-gleich-oesterreich-ist-nicht-gleich-oesterreich\/\" target=\"_blank\" rel=\"noopener\">\u00d6sterreich ist nicht gleich \u00d6sterreich ist nicht gleich \u00d6sterreich<\/a><\/td>\n<\/tr>\n<tr style=\"height: 24px;\">\n<td style=\"width: 7.74441%; height: 32px;\">1996:<\/td>\n<td style=\"width: 92.2557%; height: 32px;\"><a href=\"https:\/\/ikf.ac.at\/en\/schwerpunkte\/hist-sozialforschung\/oral-history\/1996-tausend-jahre-oesterreich-lebenswelten-kleiner-leute\/\" target=\"_blank\" rel=\"noopener\">Tausend Jahre \u00d6sterreich &#8211; Lebenswelten kleiner Leute<\/a><\/td>\n<\/tr>\n<tr style=\"height: 24px;\">\n<td style=\"width: 7.74441%; height: 32px;\">1996:<\/td>\n<td style=\"width: 92.2557%; height: 32px;\"><a href=\"https:\/\/ikf.ac.at\/en\/schwerpunkte\/hist-sozialforschung\/oral-history\/1996-100-jahre-illustrierte-neue-welt-geschichte-einer-zeitschrift\/\" target=\"_blank\" rel=\"noopener\">100 Jahre Illustrierte Neue Welt. Geschichte einer Zeitschrift<\/a><\/td>\n<\/tr>\n<\/tbody>\n<\/table>\n<\/div>\n<\/div><\/div><\/div><\/div><\/div><\/div>\n\n\n<div style=\"color:#333\" class=\"wp-block-genesis-blocks-gb-spacer gb-block-spacer gb-divider-solid gb-spacer-divider gb-divider-size-1\"><hr style=\"height:100px\"\/><\/div>\n<\/div><\/div><\/div>","protected":false},"excerpt":{"rendered":"","protected":false},"author":1,"featured_media":0,"parent":327,"menu_order":2,"comment_status":"closed","ping_status":"closed","template":"","meta":{"footnotes":""},"class_list":["post-982","page","type-page","status-publish","hentry","post"],"featured_image_src":null,"featured_image_src_square":null,"_links":{"self":[{"href":"https:\/\/ikf.ac.at\/en\/wp-json\/wp\/v2\/pages\/982","targetHints":{"allow":["GET"]}}],"collection":[{"href":"https:\/\/ikf.ac.at\/en\/wp-json\/wp\/v2\/pages"}],"about":[{"href":"https:\/\/ikf.ac.at\/en\/wp-json\/wp\/v2\/types\/page"}],"author":[{"embeddable":true,"href":"https:\/\/ikf.ac.at\/en\/wp-json\/wp\/v2\/users\/1"}],"replies":[{"embeddable":true,"href":"https:\/\/ikf.ac.at\/en\/wp-json\/wp\/v2\/comments?post=982"}],"version-history":[{"count":16,"href":"https:\/\/ikf.ac.at\/en\/wp-json\/wp\/v2\/pages\/982\/revisions"}],"predecessor-version":[{"id":4402,"href":"https:\/\/ikf.ac.at\/en\/wp-json\/wp\/v2\/pages\/982\/revisions\/4402"}],"up":[{"embeddable":true,"href":"https:\/\/ikf.ac.at\/en\/wp-json\/wp\/v2\/pages\/327"}],"wp:attachment":[{"href":"https:\/\/ikf.ac.at\/en\/wp-json\/wp\/v2\/media?parent=982"}],"curies":[{"name":"wp","href":"https:\/\/api.w.org\/{rel}","templated":true}]}}