{"id":961,"date":"2021-01-24T16:27:49","date_gmt":"2021-01-24T16:27:49","guid":{"rendered":"http:\/\/test-ikf.online\/?page_id=961"},"modified":"2026-04-13T11:03:53","modified_gmt":"2026-04-13T11:03:53","slug":"sozialstaat","status":"publish","type":"page","link":"https:\/\/ikf.ac.at\/en\/schwerpunkte\/sicherheit\/sozialstaat","title":{"rendered":"Welfare State"},"content":{"rendered":"<div class=\"wp-block-atomic-blocks-ab-container alignfull ab-block-container\"><div class=\"ab-container-inside\"><div class=\"ab-container-content\"><div id=\"pl-gb961-69f22babc59d5\"  class=\"panel-layout wp-block-siteorigin-panels-layout-block\" ><div id=\"pg-gb961-69f22babc59d5-0\"  class=\"panel-grid panel-no-style\" ><div id=\"pgc-gb961-69f22babc59d5-0-0\"  class=\"panel-grid-cell\" ><div id=\"panel-gb961-69f22babc59d5-0-0-0\" class=\"so-panel widget widget_media_image panel-first-child panel-last-child\" data-index=\"0\" ><img loading=\"lazy\" decoding=\"async\" width=\"2554\" height=\"10\" src=\"https:\/\/ikf.ac.at\/wp-content\/uploads\/2021\/01\/linie_IKF.jpg\" class=\"image wp-image-754  attachment-full size-full\" alt=\"\" style=\"max-width: 100%; height: auto;\" srcset=\"https:\/\/ikf.ac.at\/wp-content\/uploads\/2021\/01\/linie_IKF.jpg 2554w, https:\/\/ikf.ac.at\/wp-content\/uploads\/2021\/01\/linie_IKF-300x1.jpg 300w, https:\/\/ikf.ac.at\/wp-content\/uploads\/2021\/01\/linie_IKF-1024x4.jpg 1024w, https:\/\/ikf.ac.at\/wp-content\/uploads\/2021\/01\/linie_IKF-768x3.jpg 768w, https:\/\/ikf.ac.at\/wp-content\/uploads\/2021\/01\/linie_IKF-1536x6.jpg 1536w, https:\/\/ikf.ac.at\/wp-content\/uploads\/2021\/01\/linie_IKF-2048x8.jpg 2048w\" sizes=\"auto, (max-width: 2554px) 100vw, 2554px\" \/><\/div><\/div><\/div><\/div>\n\n\n<div style=\"color:#ddd\" class=\"wp-block-genesis-blocks-gb-spacer gb-block-spacer gb-divider-solid gb-divider-size-1\"><hr style=\"height:30px\"\/><\/div>\n\n\n<div id=\"pl-gb961-69f22babc6438\"  class=\"panel-layout wp-block-siteorigin-panels-layout-block\" ><div id=\"pg-gb961-69f22babc6438-0\"  class=\"panel-grid panel-no-style\" ><div id=\"pgc-gb961-69f22babc6438-0-0\"  class=\"panel-grid-cell\" ><div id=\"panel-gb961-69f22babc6438-0-0-0\" class=\"so-panel widget widget_text panel-first-child panel-last-child\" data-index=\"0\" ><div class=\"panel-widget-style panel-widget-style-for-gb961-69f22babc6438-0-0-0\" >\t\t\t<div class=\"textwidget\"><p><a href=\"https:\/\/ikf.ac.at\/en\/forschungsschwerpunkte\/sicherheit\/\"><strong>Security<\/strong><\/a><\/p>\n<p><a href=\"https:\/\/ikf.ac.at\/en\/schwerpunkte\/sicherheit\/gewalt\/\">Violence<\/a><\/p>\n<p><a href=\"https:\/\/ikf.ac.at\/en\/schwerpunkte\/sicherheit\/rechtsstaat\/\">Rule of Law<\/a><\/p>\n<p><strong><a href=\"https:\/\/ikf.ac.at\/en\/schwerpunkte\/sicherheit\/sozialstaat\/\">Welfare State<\/a><\/strong><\/p>\n<p><a href=\"https:\/\/ikf.ac.at\/en\/schwerpunkte\/sicherheit\/korruption\/\">Corruption<\/a><\/p>\n<\/div>\n\t\t<\/div><\/div><\/div><div id=\"pgc-gb961-69f22babc6438-0-1\"  class=\"panel-grid-cell\" ><div id=\"panel-gb961-69f22babc6438-0-1-0\" class=\"so-panel widget widget_text panel-first-child panel-last-child\" data-index=\"1\" ><div class=\"block-it p  text-align justify panel-widget-style panel-widget-style-for-gb961-69f22babc6438-0-1-0\" id=\"block-it\" >\t\t\t<div class=\"textwidget\"><\/div>\n\t\t<\/div><\/div><\/div><\/div><\/div>\n\n\n<div style=\"color:#333\" class=\"wp-block-genesis-blocks-gb-spacer gb-block-spacer gb-divider-solid gb-spacer-divider gb-divider-size-1\"><hr style=\"height:70px\"\/><\/div>\n\n\n<div id=\"pl-gb961-69f22babc97f6\"  class=\"panel-layout wp-block-siteorigin-panels-layout-block\" ><div id=\"pg-gb961-69f22babc97f6-0\"  class=\"panel-grid panel-no-style\" ><div id=\"pgc-gb961-69f22babc97f6-0-0\"  class=\"panel-grid-cell panel-grid-cell-empty\" ><\/div><div id=\"pgc-gb961-69f22babc97f6-0-1\"  class=\"panel-grid-cell\" ><div id=\"panel-gb961-69f22babc97f6-0-1-0\" class=\"so-panel widget widget_sow-editor panel-first-child panel-last-child\" data-index=\"0\" ><div\n\t\t\t\n\t\t\tclass=\"so-widget-sow-editor so-widget-sow-editor-base\"\n\t\t\t\n\t\t>\n<div class=\"siteorigin-widget-tinymce textwidget\">\n\t<table style=\"height: 672px; width: 99.0567%; border-collapse: collapse;\" border=\"1\">\n<tbody>\n<tr style=\"height: 24px;\">\n<td style=\"width: 7.74441%; border-style: none; height: 32px;\">2018:<\/td>\n<td style=\"width: 92.2557%; height: 32px;\"><a href=\"https:\/\/ikf.ac.at\/en\/schwerpunkte\/sicherheit\/gewalt\/2018-oekonomisches-und-soziales-empowerment-gewaltbetroffene-frauen\/\" target=\"_blank\" rel=\"noopener\">&#8220;\u00d6konomisches und soziales Empowerment von gewaltbetroffenen Frauen&#8221; \u2013 Qualitative Evaluierung<\/a><\/td>\n<\/tr>\n<tr style=\"height: 24px;\">\n<td style=\"width: 7.74441%; height: 32px;\">2018:<\/td>\n<td style=\"width: 92.2557%; height: 32px;\"><a href=\"https:\/\/ikf.ac.at\/en\/schwerpunkte\/sicherheit\/sozialstaat\/2018-verunsicherung-im-wohnumfeld\/\" target=\"_blank\" rel=\"noopener\">\"Uncertainty in the living environment\"<\/a><\/td>\n<\/tr>\n<tr style=\"height: 24px;\">\n<td style=\"width: 7.74441%; height: 32px;\">2016:<\/td>\n<td style=\"width: 92.2557%; height: 32px;\"><a href=\"https:\/\/ikf.ac.at\/en\/schwerpunkte\/sicherheit\/sozialstaat\/2016-reinhold-melas-in-der-oesterreichischen-sozialversicherung\/\" target=\"_blank\" rel=\"noopener\">Reinhold Melas and the Austrian Social Security<\/a><\/td>\n<\/tr>\n<tr style=\"height: 24px;\">\n<td style=\"width: 7.74441%; height: 32px;\">2015:<\/td>\n<td style=\"width: 92.2557%; height: 32px;\"><a href=\"https:\/\/ikf.ac.at\/en\/schwerpunkte\/sicherheit\/sozialstaat\/2015-60-jahre-allgemeines-sozialversicherungsgesetz\/\" target=\"_blank\" rel=\"noopener\">60 Jahre Allgemeines Sozialversicherungsgesetz &#8220;Der Sozialstaat ist die wichtigste Erfindung des zwanzigsten Jahrhunderts&#8221;<\/a><\/td>\n<\/tr>\n<tr style=\"height: 24px;\">\n<td style=\"width: 7.74441%; height: 32px;\">2014:<\/td>\n<td style=\"width: 92.2557%; height: 32px;\">&#8220;<a href=\"https:\/\/ikf.ac.at\/en\/schwerpunkte\/sicherheit\/sozialstaat\/2014-sozialminister-anton-proksch-und-die-oesterreichische-sozialversicherung\/\" target=\"_blank\" rel=\"noopener\">\"\u2026aus Almosenempf\u00e4ngern anspruchsberechtigte B\u00fcrger zu machen.\" (\"\u2026 to turn paupers into entitled citizens.\")<br>         Anton Proksch in Austrian social security system<\/a><\/td>\n<\/tr>\n<tr style=\"height: 24px;\">\n<td style=\"width: 7.74441%; height: 32px;\">2013:<\/td>\n<td style=\"width: 92.2557%; height: 32px;\"><a href=\"https:\/\/ikf.ac.at\/en\/schwerpunkte\/sicherheit\/sozialstaat\/2013-sozialminister-josef-resch-und-die-oesterreichische-sozialversicherung-1918-1938\/\" target=\"_blank\" rel=\"noopener\">Social Insurance under the priority of the economy \u2013 Josef Resch and Austrian social insurance from 1918 to 1938<\/a><\/td>\n<\/tr>\n<tr style=\"height: 24px;\">\n<td style=\"width: 7.74441%; height: 32px;\">2012:<\/td>\n<td style=\"width: 92.2557%; height: 32px;\"><a href=\"https:\/\/ikf.ac.at\/en\/schwerpunkte\/sicherheit\/sozialstaat\/2012-friedrich-hillegeist-in-der-oesterreichischen-sozialversicherung\/\" target=\"_blank\" rel=\"noopener\">Friedrich Hillegeist in der \u00f6sterreichischen Sozialversicherung<\/a><\/td>\n<\/tr>\n<tr style=\"height: 24px;\">\n<td style=\"width: 7.74441%; height: 32px;\">2011:<\/td>\n<td style=\"width: 92.2557%; height: 32px;\"><a href=\"https:\/\/ikf.ac.at\/en\/schwerpunkte\/sicherheit\/sozialstaat\/2011-der-sozialpolitiker-karl-maisel\/\" target=\"_blank\" rel=\"noopener\">Der Sozialpolitiker Karl Maisel<\/a><\/td>\n<\/tr>\n<tr style=\"height: 24px;\">\n<td style=\"width: 7.74441%; height: 32px;\">2010:<\/td>\n<td style=\"width: 92.2557%; height: 32px;\"><a href=\"https:\/\/ikf.ac.at\/en\/schwerpunkte\/sicherheit\/sozialstaat\/2010-johann-boehm-in-der-oesterreichischen-sozialversicherung\/\" target=\"_blank\" rel=\"noopener\">Johann B\u00f6hm in der \u00f6sterreichischen Sozialversicherung<\/a><\/td>\n<\/tr>\n<tr style=\"height: 24px;\">\n<td style=\"width: 7.74441%; height: 32px;\">2008:<\/td>\n<td style=\"width: 92.2557%; height: 32px;\"><a href=\"https:\/\/ikf.ac.at\/en\/schwerpunkte\/sicherheit\/sozialstaat\/2008-evaluierung-von-sam-9\/\" target=\"_blank\" rel=\"noopener\">Evaluierung von &#8220;SAM 9 \u2013 sozial, sicher, aktiv, mobil&#8221;<\/a><\/td>\n<\/tr>\n<tr style=\"height: 24px;\">\n<td style=\"width: 7.74441%; height: 32px;\">2008:<\/td>\n<td style=\"width: 92.2557%; height: 32px;\"><a href=\"https:\/\/ikf.ac.at\/en\/schwerpunkte\/sicherheit\/sozialstaat\/2008-evaluation-der-gebietsbetreuung-fuer-den-bereich-staedtische-wohnhausanlagen\/\" target=\"_blank\" rel=\"noopener\">Evaluation der Gebietsbetreuung f\u00fcr den Bereich st\u00e4dtische Wohnhausanlagen<\/a><\/td>\n<\/tr>\n<tr style=\"height: 24px;\">\n<td style=\"width: 7.74441%; height: 32px;\">2008:<\/td>\n<td style=\"width: 92.2557%; height: 32px;\"><a href=\"https:\/\/ikf.ac.at\/en\/schwerpunkte\/sicherheit\/sozialstaat\/2008-hot-spots-sozialer-konflikte-und-gebietsbetreuung-in-wiener-wohnhausanlagen\/\" target=\"_blank\" rel=\"noopener\">&#8220;Hot spots&#8221; sozialer Konflikte und Gebietsbetreuung in Wiener Wohnhausanlagen<\/a><\/td>\n<\/tr>\n<tr style=\"height: 24px;\">\n<td style=\"width: 7.74441%; height: 32px;\">2006:<\/td>\n<td style=\"width: 92.2557%; height: 32px;\"><a href=\"https:\/\/ikf.ac.at\/en\/schwerpunkte\/sicherheit\/sozialstaat\/2006-evaluierung-von-help-u-initiative-wiener-linien-und-fonds-soziales-wien\/\" target=\"_blank\" rel=\"noopener\">Evaluierung von &#8220;Help U. Eine Initiative der Wiener Linien und des Fonds Soziales Wien&#8221;<\/a><\/td>\n<\/tr>\n<tr style=\"height: 24px;\">\n<td style=\"width: 7.74441%; height: 32px;\">2004:<\/td>\n<td style=\"width: 92.2557%; height: 32px;\"><a href=\"https:\/\/ikf.ac.at\/en\/schwerpunkte\/sicherheit\/sozialstaat\/2004-evaluation-der-gebietsbetreuung-neu\/\" target=\"_blank\" rel=\"noopener\">Evaluation der Gebietsbetreuung neu<\/a><\/td>\n<\/tr>\n<tr style=\"height: 24px;\">\n<td style=\"width: 7.74441%; height: 32px;\">2002:<\/td>\n<td style=\"width: 92.2557%; height: 32px;\"><a href=\"https:\/\/ikf.ac.at\/en\/schwerpunkte\/sicherheit\/sozialstaat\/2002-konfliktloesungsmodelle-fuer-grosswohnanlagen\/\" target=\"_blank\" rel=\"noopener\">Konfliktl\u00f6sungsmodelle f\u00fcr Gro\u00dfwohnanlagen<\/a><\/td>\n<\/tr>\n<tr style=\"height: 24px;\">\n<td style=\"width: 7.74441%; height: 32px;\">2001:<\/td>\n<td style=\"width: 92.2557%; height: 32px;\"><a href=\"https:\/\/ikf.ac.at\/en\/schwerpunkte\/sicherheit\/sozialstaat\/2001-alleinerzieherinnen-in-wien\/\" target=\"_blank\" rel=\"noopener\">Alleinerzieherinnen in Wien<\/a><\/td>\n<\/tr>\n<tr style=\"height: 24px;\">\n<td style=\"width: 7.74441%; height: 32px;\">1999:<\/td>\n<td style=\"width: 92.2557%; height: 32px;\"><a href=\"https:\/\/ikf.ac.at\/en\/schwerpunkte\/cleavages\/gender\/1999-bedarfserhebung-massnahmen-weibliche-prostituierte-wien\/\" target=\"_blank\" rel=\"noopener\">Bedarfserhebung \u2013 Ma\u00dfnahmen f\u00fcr weibliche Prostituierte in Wien<\/a><\/td>\n<\/tr>\n<tr style=\"height: 24px;\">\n<td style=\"width: 7.74441%; height: 32px;\">1997:<\/td>\n<td style=\"width: 92.2557%; height: 32px;\"><a href=\"https:\/\/ikf.ac.at\/en\/schwerpunkte\/sicherheit\/sozialstaat\/1997-karenzurlaub\/\" target=\"_blank\" rel=\"noopener\">Karenzurlaub<\/a><\/td>\n<\/tr>\n<tr style=\"height: 24px;\">\n<td style=\"width: 7.74441%; height: 32px;\">1997:<\/td>\n<td style=\"width: 92.2557%; height: 32px;\"><a href=\"https:\/\/ikf.ac.at\/en\/schwerpunkte\/sicherheit\/sozialstaat\/1997-beduerfnisstrukturen-und-wohnrealitaet\/\" target=\"_blank\" rel=\"noopener\">Bed\u00fcrfnisstrukturen und Wohnrealit\u00e4t<\/a><\/td>\n<\/tr>\n<tr style=\"height: 24px;\">\n<td style=\"width: 7.74441%; height: 32px;\">1996:<\/td>\n<td style=\"width: 92.2557%; height: 32px;\"><a href=\"https:\/\/ikf.ac.at\/en\/schwerpunkte\/sicherheit\/sozialstaat\/1996-nebenjob-vater-und-hausmann\/\" target=\"_blank\" rel=\"noopener\">&#8220;Nebenjob Vater und Hausmann?&#8221; Wie betriebliche Strukturen innerfamili\u00e4res Engagement von M\u00e4nnern behindern.<\/a><\/td>\n<\/tr>\n<\/tbody>\n<\/table>\n<\/div>\n<\/div><\/div><\/div><\/div><\/div>\n\n\n<div style=\"color:#333\" class=\"wp-block-genesis-blocks-gb-spacer gb-block-spacer gb-divider-solid gb-spacer-divider gb-divider-size-1\"><hr style=\"height:100px\"\/><\/div>\n<\/div><\/div><\/div>","protected":false},"excerpt":{"rendered":"","protected":false},"author":1,"featured_media":0,"parent":1739,"menu_order":3,"comment_status":"closed","ping_status":"closed","template":"","meta":{"footnotes":""},"class_list":["post-961","page","type-page","status-publish","hentry","post"],"featured_image_src":null,"featured_image_src_square":null,"_links":{"self":[{"href":"https:\/\/ikf.ac.at\/en\/wp-json\/wp\/v2\/pages\/961","targetHints":{"allow":["GET"]}}],"collection":[{"href":"https:\/\/ikf.ac.at\/en\/wp-json\/wp\/v2\/pages"}],"about":[{"href":"https:\/\/ikf.ac.at\/en\/wp-json\/wp\/v2\/types\/page"}],"author":[{"embeddable":true,"href":"https:\/\/ikf.ac.at\/en\/wp-json\/wp\/v2\/users\/1"}],"replies":[{"embeddable":true,"href":"https:\/\/ikf.ac.at\/en\/wp-json\/wp\/v2\/comments?post=961"}],"version-history":[{"count":21,"href":"https:\/\/ikf.ac.at\/en\/wp-json\/wp\/v2\/pages\/961\/revisions"}],"predecessor-version":[{"id":5770,"href":"https:\/\/ikf.ac.at\/en\/wp-json\/wp\/v2\/pages\/961\/revisions\/5770"}],"up":[{"embeddable":true,"href":"https:\/\/ikf.ac.at\/en\/wp-json\/wp\/v2\/pages\/1739"}],"wp:attachment":[{"href":"https:\/\/ikf.ac.at\/en\/wp-json\/wp\/v2\/media?parent=961"}],"curies":[{"name":"wp","href":"https:\/\/api.w.org\/{rel}","templated":true}]}}