{"id":633,"date":"2021-01-08T20:08:13","date_gmt":"2021-01-08T20:08:13","guid":{"rendered":"http:\/\/test-ikf.online\/?page_id=633"},"modified":"2026-04-22T09:53:27","modified_gmt":"2026-04-22T09:53:27","slug":"demokratieentwicklung","status":"publish","type":"page","link":"https:\/\/ikf.ac.at\/en\/schwerpunkte\/demokratie\/demokratieentwicklung","title":{"rendered":"Development of democracy in liberal political (sub-)systems"},"content":{"rendered":"<div class=\"wp-block-atomic-blocks-ab-container alignfull ab-block-container\"><div class=\"ab-container-inside\"><div class=\"ab-container-content\"><div id=\"pl-gb633-69f22bad39c8a\"  class=\"panel-layout wp-block-siteorigin-panels-layout-block\" ><div id=\"pg-gb633-69f22bad39c8a-0\"  class=\"panel-grid panel-no-style\" ><div id=\"pgc-gb633-69f22bad39c8a-0-0\"  class=\"panel-grid-cell\" ><div id=\"panel-gb633-69f22bad39c8a-0-0-0\" class=\"so-panel widget widget_media_image panel-first-child panel-last-child\" data-index=\"0\" ><img loading=\"lazy\" decoding=\"async\" width=\"2554\" height=\"10\" src=\"https:\/\/ikf.ac.at\/wp-content\/uploads\/2021\/01\/linie_IKF.jpg\" class=\"image wp-image-754  attachment-full size-full\" alt=\"\" style=\"max-width: 100%; height: auto;\" srcset=\"https:\/\/ikf.ac.at\/wp-content\/uploads\/2021\/01\/linie_IKF.jpg 2554w, https:\/\/ikf.ac.at\/wp-content\/uploads\/2021\/01\/linie_IKF-300x1.jpg 300w, https:\/\/ikf.ac.at\/wp-content\/uploads\/2021\/01\/linie_IKF-1024x4.jpg 1024w, https:\/\/ikf.ac.at\/wp-content\/uploads\/2021\/01\/linie_IKF-768x3.jpg 768w, https:\/\/ikf.ac.at\/wp-content\/uploads\/2021\/01\/linie_IKF-1536x6.jpg 1536w, https:\/\/ikf.ac.at\/wp-content\/uploads\/2021\/01\/linie_IKF-2048x8.jpg 2048w\" sizes=\"auto, (max-width: 2554px) 100vw, 2554px\" \/><\/div><\/div><\/div><\/div>\n\n\n<div style=\"color:#ddd\" class=\"wp-block-genesis-blocks-gb-spacer gb-block-spacer gb-divider-solid gb-divider-size-1\"><hr style=\"height:29px\"\/><\/div>\n\n\n<div id=\"pl-gb633-69f22bad3a3c1\"  class=\"panel-layout wp-block-siteorigin-panels-layout-block\" ><div id=\"pg-gb633-69f22bad3a3c1-0\"  class=\"panel-grid panel-no-style\" ><div id=\"pgc-gb633-69f22bad3a3c1-0-0\"  class=\"panel-grid-cell\" ><div id=\"panel-gb633-69f22bad3a3c1-0-0-0\" class=\"so-panel widget widget_text panel-first-child panel-last-child\" data-index=\"0\" ><div class=\"panel-widget-style panel-widget-style-for-gb633-69f22bad3a3c1-0-0-0\" >\t\t\t<div class=\"textwidget\"><p><strong><a href=\"https:\/\/ikf.ac.at\/en\/forschungsschwerpunkte\/demokratie\/\">Democracy<\/a><\/strong><\/p>\n<p><a href=\"https:\/\/ikf.ac.at\/en\/schwerpunkte\/demokratie\/demokratieentwicklung\/\" rel=\"noopener\"><strong>Demokratieentwicklung in liberalen politischen Subsystemen<\/strong><\/a><\/p>\n<p><a href=\"https:\/\/ikf.ac.at\/en\/schwerpunkte\/demokratie\/demokratieentwicklung-eu\/\" rel=\"noopener\">Demokratieentwicklung in der EU<\/a><\/p>\n<\/div>\n\t\t<\/div><\/div><\/div><div id=\"pgc-gb633-69f22bad3a3c1-0-1\"  class=\"panel-grid-cell\" ><div id=\"panel-gb633-69f22bad3a3c1-0-1-0\" class=\"so-panel widget widget_text panel-first-child panel-last-child\" data-index=\"1\" ><div class=\"block-it panel-widget-style panel-widget-style-for-gb633-69f22bad3a3c1-0-1-0\" >\t\t\t<div class=\"textwidget\"><\/div>\n\t\t<\/div><\/div><\/div><\/div><\/div>\n\n\n<div style=\"color:#404168\" class=\"wp-block-genesis-blocks-gb-spacer gb-block-spacer gb-divider-solid gb-spacer-divider gb-divider-size-1\"><hr style=\"height:70px\"\/><\/div>\n\n\n<div id=\"pl-gb633-69f22bad3cad2\"  class=\"panel-layout wp-block-siteorigin-panels-layout-block\" ><div id=\"pg-gb633-69f22bad3cad2-0\"  class=\"panel-grid panel-no-style\" ><div id=\"pgc-gb633-69f22bad3cad2-0-0\"  class=\"panel-grid-cell panel-grid-cell-empty\" ><\/div><div id=\"pgc-gb633-69f22bad3cad2-0-1\"  class=\"panel-grid-cell\" ><div id=\"panel-gb633-69f22bad3cad2-0-1-0\" class=\"so-panel widget widget_sow-editor panel-first-child panel-last-child\" data-index=\"0\" ><div class=\"tabellen-font panel-widget-style panel-widget-style-for-gb633-69f22bad3cad2-0-1-0\" ><div\n\t\t\t\n\t\t\tclass=\"so-widget-sow-editor so-widget-sow-editor-base\"\n\t\t\t\n\t\t>\n<div class=\"siteorigin-widget-tinymce textwidget\">\n\t<table style=\"height: 952px; width: 100%; border-collapse: collapse;\" border=\"1\">\n<tbody>\n<tr>\n<td style=\"width: 7.74441%;height: 32px;\">laufend<\/td>\n<td style=\"width: 92.2557%;height: 32px;\"><a href=\"https:\/\/ikf.ac.at\/en\/conspire-verbreitung-verschwoerungsnarrative-oesterreichische-bevoelkerung\/\" target=\"_blank\" rel=\"noopener\">CONSPIRE \u2013 Die Verbreitung von Verschw\u00f6rungsnarrativen in der \u00f6sterreichischen Bev\u00f6lkerung: Ursachen, Risikofaktoren und Pr\u00e4vention<\/a><\/td>\n<\/tr>\n<tr style=\"height: 24px;\">\n<td style=\"width: 7.74441%; height: 32px;\">2024:<\/td>\n<td style=\"width: 92.2557%; height: 32px;\"><a href=\"https:\/\/ikf.ac.at\/en\/buergerraete-und-andere-neue-formen-der-partizipation-in-der-politischen-bildung-manta\/\" target=\"_blank\" rel=\"noopener\">MANTA - Mini-publics and other new forms of participation in civic education<\/a><\/td>\n<\/tr>\n<tr style=\"height: 24px;\">\n<td style=\"width: 7.74441%; height: 32px;\">2024:<\/td>\n<td style=\"width: 92.2557%; height: 32px;\"><a href=\"https:\/\/ikf.ac.at\/en\/3g-gegen-verschwoerungstheorien-gesehen-geprueft-gekontert\/\" target=\"_blank\" rel=\"noopener\">3C Against Conspiracy Theories: Considered, Checked, Countered. Critical (Social-) Media Literacy in Adult Education in Vienna<\/a><\/td>\n<\/tr>\n<tr style=\"height: 24px;\">\n<td style=\"width: 7.74441%; border-style: none; height: 32px;\">2019:<\/td>\n<td style=\"width: 92.2557%; height: 32px;\"><a href=\"https:\/\/ikf.ac.at\/en\/schwerpunkte\/demokratie\/demokratieentwicklung\/2019-kundinnenbefragung-landesrechnungshof-steiermark\/\" target=\"_blank\" rel=\"noopener\">Customer Survey of the Court of Audit Styria<\/a><\/td>\n<\/tr>\n<tr style=\"height: 24px;\">\n<td style=\"width: 7.74441%; height: 32px;\">2019:<\/td>\n<td style=\"width: 92.2557%; height: 32px;\"><a href=\"https:\/\/ikf.ac.at\/en\/schwerpunkte\/demokratie\/demokratieentwicklung\/2019-politische-partizipation\/\" target=\"_blank\" rel=\"noopener\">Political Participation. Between Frustration and Commitment<\/a><\/td>\n<\/tr>\n<tr style=\"height: 24px;\">\n<td style=\"width: 7.74441%; height: 32px;\">2015:<\/td>\n<td style=\"width: 92.2557%; height: 32px;\"><a href=\"https:\/\/ikf.ac.at\/en\/schwerpunkte\/sicherheit\/rechtsstaat\/2015-tacod\/\" target=\"_blank\" rel=\"noopener\">TACOD \u2013 Promoting Open Data as a Tool to Detect and Prevent Corruption in Europe. Analysis of law, practice, public perception and impact in four EU countries<\/a><\/td>\n<\/tr>\n<tr style=\"height: 24px;\">\n<td style=\"width: 7.74441%; height: 32px;\">2014:<\/td>\n<td style=\"width: 92.2557%; height: 32px;\"><a href=\"https:\/\/ikf.ac.at\/en\/schwerpunkte\/hist-sozialforschung\/oral-history\/2014-vom-ueberschreiten-der-grenzen-das-leben-und-werk-von-herbert-steiner-1923-2001\/\" target=\"_blank\" rel=\"noopener\">Vom \u00dcberschreiten der Grenzen: Das Leben und Werk von Herbert Steiner<\/a><\/td>\n<\/tr>\n<tr style=\"height: 24px;\">\n<td style=\"width: 7.74441%; height: 32px;\">2011:<\/td>\n<td style=\"width: 92.2557%; height: 32px;\"><a href=\"https:\/\/ikf.ac.at\/en\/schwerpunkte\/hist-sozialforschung\/oral-history\/2011-zeitlebens-konsequent-hermann-langbein-1912-1995-eine-politische-biographie\/\" target=\"_blank\" rel=\"noopener\">Zeitlebens konsequent. Hermann Langbein (1912-1995). Eine politische Biographie.<\/a><\/td>\n<\/tr>\n<tr style=\"height: 24px;\">\n<td style=\"width: 7.74441%; height: 32px;\">2010:<\/td>\n<td style=\"width: 92.2557%; height: 32px;\"><a href=\"https:\/\/ikf.ac.at\/en\/schwerpunkte\/demokratie\/demokratieentwicklung\/2010-international-civic-and-civic-education-study-iccs\/\" target=\"_blank\" rel=\"noopener\">International Civic and Civic Education Study (ICCS)<\/a><\/td>\n<\/tr>\n<tr style=\"height: 24px;\">\n<td style=\"width: 7.74441%; height: 32px;\">2009:<\/td>\n<td style=\"width: 92.2557%; height: 32px;\"><a href=\"https:\/\/ikf.ac.at\/en\/schwerpunkte\/demokratie\/demokratieentwicklung\/2009-indikatoren-fuer-demokratiequalitaet-reformdiskussionen-und-demokratiewahrnehmung-der-bevoelkerung\/\" target=\"_blank\" rel=\"noopener\">Indikatoren f\u00fcr Demokratiequalit\u00e4t: Reformdiskussionen und Demokratiewahrnehmung der Bev\u00f6lkerung<\/a><\/td>\n<\/tr>\n<tr style=\"height: 24px;\">\n<td style=\"width: 7.74441%; height: 32px;\">2008:<\/td>\n<td style=\"width: 92.2557%; height: 32px;\"><a href=\"https:\/\/ikf.ac.at\/en\/2008-politische-bildung-umsetzung-und-perspektiven\/\" target=\"_blank\" rel=\"noopener\">Politische Bildung: Umsetzung und Perspektiven<\/a><\/td>\n<\/tr>\n<tr style=\"height: 24px;\">\n<td style=\"width: 7.74441%; height: 32px;\">2008:<\/td>\n<td style=\"width: 92.2557%; height: 32px;\"><a href=\"https:\/\/ikf.ac.at\/en\/2008-demokratie-messen\/\" target=\"_blank\" rel=\"noopener\">\u201eDemokratie messen?\u201c<\/a><\/td>\n<\/tr>\n<tr style=\"height: 24px;\">\n<td style=\"width: 7.74441%; height: 32px;\">2006:<\/td>\n<td style=\"width: 92.2557%; height: 32px;\"><a href=\"https:\/\/ikf.ac.at\/en\/2006-zwischen-industrie-und-politik-100-geburtstag-von-karl-waldbrunner\/\" target=\"_blank\" rel=\"noopener\">\u201eZwischen Industrie und Politik\u201c \u2013 100. Geburtstag von Karl Waldbrunner<\/a><\/td>\n<\/tr>\n<tr style=\"height: 24px;\">\n<td style=\"width: 7.74441%; height: 32px;\">2005:<\/td>\n<td style=\"width: 92.2557%; height: 32px;\"><a href=\"https:\/\/ikf.ac.at\/en\/schwerpunkte\/demokratie\/demokratieentwicklung\/2005-das-neue-oesterreich-ausstellung-staatsvertragsjubilaeum-1955-2005\/\" target=\"_blank\" rel=\"noopener\">\u201eDas neue \u00d6sterreich\u201c \u2013 Die Ausstellung zum Staatsvertragsjubil\u00e4um 1955\/2005<\/a><\/td>\n<\/tr>\n<tr style=\"height: 24px;\">\n<td style=\"width: 7.74441%; height: 32px;\">2005:<\/td>\n<td style=\"width: 92.2557%; height: 32px;\"><a href=\"https:\/\/ikf.ac.at\/en\/2005-soziale-gerechtigkeit\/\" target=\"_blank\" rel=\"noopener\">Soziale Gerechtigkeit<\/a><\/td>\n<\/tr>\n<tr style=\"height: 24px;\">\n<td style=\"width: 7.74441%; height: 32px;\">2004:<\/td>\n<td style=\"width: 92.2557%; height: 32px;\"><a href=\"https:\/\/ikf.ac.at\/en\/2004-bezirkspolitik-in-wien\/\" target=\"_blank\" rel=\"noopener\">Bezirkspolitik in Wien<\/a><\/td>\n<\/tr>\n<tr style=\"height: 24px;\">\n<td style=\"width: 7.74441%; height: 32px;\">2004:<\/td>\n<td style=\"width: 92.2557%; height: 32px;\"><a href=\"https:\/\/ikf.ac.at\/en\/2004-oesterreichische-und-juedische-identitaet\/\" target=\"_blank\" rel=\"noopener\">\u00d6sterreichische und j\u00fcdische Identit\u00e4t<\/a><\/td>\n<\/tr>\n<tr style=\"height: 24px;\">\n<td style=\"width: 7.74441%; height: 32px;\">2003:<\/td>\n<td style=\"width: 92.2557%; height: 32px;\"><a href=\"https:\/\/ikf.ac.at\/en\/2003-bezirksvorsteherinnen-und-bezirkspolitik\/\" target=\"_blank\" rel=\"noopener\">BezirksvorsteherInnen und Bezirkspolitik<\/a><\/td>\n<\/tr>\n<tr style=\"height: 24px;\">\n<td style=\"width: 7.74441%; height: 32px;\">2001:<\/td>\n<td style=\"width: 92.2557%; height: 32px;\"><a href=\"https:\/\/ikf.ac.at\/en\/schwerpunkte\/demokratie\/demokratieentwicklung\/2001-konflikt-kreisky-androsch\/\" target=\"_blank\" rel=\"noopener\">Der Konflikt Kreisky-Androsch: Zur Wahrnehmung und Gewichtung einer der zentralen Weichenstellungen der Zweiten Republik<\/a><\/td>\n<\/tr>\n<tr style=\"height: 24px;\">\n<td style=\"width: 7.74441%; height: 32px;\">2000:<\/td>\n<td style=\"width: 92.2557%; height: 32px;\"><a href=\"https:\/\/ikf.ac.at\/en\/schwerpunkte\/demokratie\/demokratieentwicklung\/2000-sozialisation-berufsbild-richterinnen-und-richter\/\" target=\"_blank\" rel=\"noopener\">Sozialisation und Berufsbild von Richterinnen und Richtern<\/a><\/td>\n<\/tr>\n<tr style=\"height: 24px;\">\n<td style=\"width: 7.74441%; height: 32px;\">2000:<\/td>\n<td style=\"width: 92.2557%; height: 32px;\"><a href=\"https:\/\/ikf.ac.at\/en\/schwerpunkte\/demokratie\/demokratieentwicklung\/2000-politische-rahmenbedingungen-fuer-staatliches-eigentum\/\" target=\"_blank\" rel=\"noopener\">Politische Rahmenbedingungen f\u00fcr staatliches Eigentum<\/a><\/td>\n<\/tr>\n<tr style=\"height: 24px;\">\n<td style=\"width: 7.74441%; height: 32px;\">2000:<\/td>\n<td style=\"width: 92.2557%; height: 32px;\"><a href=\"https:\/\/ikf.ac.at\/en\/schwerpunkte\/demokratie\/demokratieentwicklung\/2000-evaluierung-lehrgang-bildungsarbeit-1999-und-aufbaumodule-weiterbildung-1999\/\" target=\"_blank\" rel=\"noopener\">Evaluierung des Lehrganges der Bildungsarbeit 1999 und der Aufbaumodule Weiterbildung 1999<\/a><\/td>\n<\/tr>\n<tr style=\"height: 24px;\">\n<td style=\"width: 7.74441%; height: 32px;\">2000:<\/td>\n<td style=\"width: 92.2557%; height: 32px;\"><a href=\"https:\/\/ikf.ac.at\/en\/schwerpunkte\/demokratie\/demokratieentwicklung\/2000-demokratie-in-der-kleinen-einheit-politische-graswurzeln-am-beispiel-des-ersten-wiener-gemeindebezirks\/\" target=\"_blank\" rel=\"noopener\">Demokratie in der kleinen Einheit: Politische Graswurzeln am Beispiel des Ersten Wiener Gemeindebezirks<\/a><\/td>\n<\/tr>\n<tr style=\"height: 24px;\">\n<td style=\"width: 7.74441%; height: 32px;\">2000:<\/td>\n<td style=\"width: 92.2557%; height: 32px;\"><a href=\"https:\/\/ikf.ac.at\/en\/schwerpunkte\/demokratie\/demokratieentwicklung\/2000-qualitaet-oesterreichische-demokratie-analysen-perspektiven-demokratiereform\/\" target=\"_blank\" rel=\"noopener\">Zur Qualit\u00e4t der \u00f6sterreichischen Demokratie: Ausgew\u00e4hlte Analysen \u2013 Perspektiven f\u00fcr Demokratiereform<\/a><\/td>\n<\/tr>\n<tr style=\"height: 24px;\">\n<td style=\"width: 7.74441%; height: 32px;\">1998:<\/td>\n<td style=\"width: 92.2557%; height: 32px;\"><a href=\"https:\/\/ikf.ac.at\/en\/schwerpunkte\/demokratie\/demokratieentwicklung\/1998-autonomie-im-bereich-des-hoeheren-bildungswesens\/\" target=\"_blank\" rel=\"noopener\">Autonomie im Bereich des h\u00f6heren Bildungswesens<\/a><\/td>\n<\/tr>\n<tr style=\"height: 24px;\">\n<td style=\"width: 7.74441%; height: 32px;\">1997:<\/td>\n<td style=\"width: 92.2557%; height: 32px;\"><a href=\"https:\/\/ikf.ac.at\/en\/schwerpunkte\/demokratie\/demokratieentwicklung\/1997-demokratie-und-verfassungsreform-diskussion-in-oesterreich\/\" target=\"_blank\" rel=\"noopener\">Demokratie- und Verfassungs(reform)-Diskussion in \u00d6sterreich<\/a><\/td>\n<\/tr>\n<tr style=\"height: 24px;\">\n<td style=\"width: 7.74441%; height: 32px;\">1996:<\/td>\n<td style=\"width: 92.2557%; height: 32px;\"><a href=\"https:\/\/ikf.ac.at\/en\/schwerpunkte\/demokratie\/demokratieentwicklung\/1996-der-nationalrat-auf-dem-weg-zum-arbeitsparlament\/\" target=\"_blank\" rel=\"noopener\">Der Nationalrat auf dem Weg zum Arbeitsparlament<\/a><\/td>\n<\/tr>\n<tr style=\"height: 24px;\">\n<td style=\"width: 7.74441%; height: 32px;\">1996:<\/td>\n<td style=\"width: 92.2557%; height: 32px;\"><a href=\"https:\/\/ikf.ac.at\/en\/schwerpunkte\/demokratie\/demokratieentwicklung\/1996-graue-panther-wahrscheinlichkeit-und-intensitaet-politische-mobilisierung-aeltere-generation-in-oe\/\" target=\"_blank\" rel=\"noopener\">Graue Panther \u2013 Zur Wahrscheinlichkeit und Intensit\u00e4t der politischen Mobilisierung der \u00e4lteren Generation in \u00d6sterreich<\/a><\/td>\n<\/tr>\n<tr style=\"height: 24px;\">\n<td style=\"width: 7.74441%; height: 32px;\">1996:<\/td>\n<td style=\"width: 92.2557%; height: 32px;\"><a href=\"https:\/\/ikf.ac.at\/en\/schwerpunkte\/demokratie\/demokratieentwicklung\/1996-entwicklung-kursangebot-fuer-lehroffiziere-wehrpolitische-ausbildung\/\" target=\"_blank\" rel=\"noopener\">Entwicklung eines Kursangebotes f\u00fcr Lehroffiziere in der Wehrpolitischen Ausbildung<\/a><\/td>\n<\/tr>\n<tr style=\"height: 32px;\">\n<td style=\"width: 7.74441%; height: 32px;\">1995:<\/td>\n<td style=\"width: 92.2557%; height: 32px;\"><a href=\"https:\/\/ikf.ac.at\/en\/schwerpunkte\/demokratie\/demokratieentwicklung\/1995-zukunftsperspektiven-der-arbeiterkammern\/\" target=\"_blank\" rel=\"noopener\">Zukunftsperspektiven der Arbeiterkammern<\/a><\/td>\n<\/tr>\n<tr style=\"height: 32px;\">\n<td style=\"width: 7.74441%; height: 32px;\">1995:<\/td>\n<td style=\"width: 92.2557%; height: 32px;\"><a href=\"https:\/\/ikf.ac.at\/en\/schwerpunkte\/demokratie\/demokratieentwicklung\/1995-moeglicheiten-der-sozialpartnerschaft-in-slowenien\/\" target=\"_blank\" rel=\"noopener\">M\u00f6glicheiten der Sozialpartnerschaft in Slowenien<\/a><\/td>\n<\/tr>\n<tr style=\"height: 32px;\">\n<td style=\"width: 7.74441%; height: 32px;\">1995:<\/td>\n<td style=\"width: 92.2557%; height: 32px;\"><a href=\"https:\/\/ikf.ac.at\/en\/schwerpunkte\/demokratie\/demokratieentwicklung\/1995-staedtische-autonomie-in-mitteleuropa-bratislava-budapest-prag-wien\/\" target=\"_blank\" rel=\"noopener\">St\u00e4dtische Autonomie in Mitteleuropa: Bratislava, Budapest, Prag, Wien<\/a><\/td>\n<\/tr>\n<\/tbody>\n<\/table>\n<\/div>\n<\/div><\/div><\/div><\/div><\/div><\/div>\n\n\n<div style=\"color:#333\" class=\"wp-block-genesis-blocks-gb-spacer gb-block-spacer gb-divider-solid gb-spacer-divider gb-divider-size-1\"><hr style=\"height:118px\"\/><\/div>\n\n\n\n<p><\/p>\n<\/div><\/div><\/div>","protected":false},"excerpt":{"rendered":"","protected":false},"author":1,"featured_media":0,"parent":239,"menu_order":1,"comment_status":"closed","ping_status":"closed","template":"","meta":{"footnotes":""},"class_list":["post-633","page","type-page","status-publish","hentry","post"],"featured_image_src":null,"featured_image_src_square":null,"_links":{"self":[{"href":"https:\/\/ikf.ac.at\/en\/wp-json\/wp\/v2\/pages\/633","targetHints":{"allow":["GET"]}}],"collection":[{"href":"https:\/\/ikf.ac.at\/en\/wp-json\/wp\/v2\/pages"}],"about":[{"href":"https:\/\/ikf.ac.at\/en\/wp-json\/wp\/v2\/types\/page"}],"author":[{"embeddable":true,"href":"https:\/\/ikf.ac.at\/en\/wp-json\/wp\/v2\/users\/1"}],"replies":[{"embeddable":true,"href":"https:\/\/ikf.ac.at\/en\/wp-json\/wp\/v2\/comments?post=633"}],"version-history":[{"count":31,"href":"https:\/\/ikf.ac.at\/en\/wp-json\/wp\/v2\/pages\/633\/revisions"}],"predecessor-version":[{"id":5790,"href":"https:\/\/ikf.ac.at\/en\/wp-json\/wp\/v2\/pages\/633\/revisions\/5790"}],"up":[{"embeddable":true,"href":"https:\/\/ikf.ac.at\/en\/wp-json\/wp\/v2\/pages\/239"}],"wp:attachment":[{"href":"https:\/\/ikf.ac.at\/en\/wp-json\/wp\/v2\/media?parent=633"}],"curies":[{"name":"wp","href":"https:\/\/api.w.org\/{rel}","templated":true}]}}