{"id":486,"date":"2021-01-07T21:37:15","date_gmt":"2021-01-07T21:37:15","guid":{"rendered":"http:\/\/test-ikf.online\/?page_id=486"},"modified":"2026-04-22T09:51:08","modified_gmt":"2026-04-22T09:51:08","slug":"antisemitismus","status":"publish","type":"page","link":"https:\/\/ikf.ac.at\/en\/schwerpunkte\/cleavages\/antisemitismus","title":{"rendered":"Anti-Semitism, Racism, Sexism and Anti-Feminism"},"content":{"rendered":"<div class=\"wp-block-atomic-blocks-ab-container alignfull ab-block-container\"><div class=\"ab-container-inside\"><div class=\"ab-container-content\"><div id=\"pl-gb486-69f22bb12b832\"  class=\"panel-layout wp-block-siteorigin-panels-layout-block\" ><div id=\"pg-gb486-69f22bb12b832-0\"  class=\"panel-grid panel-no-style\" ><div id=\"pgc-gb486-69f22bb12b832-0-0\"  class=\"panel-grid-cell\" ><div id=\"panel-gb486-69f22bb12b832-0-0-0\" class=\"so-panel widget widget_media_image panel-first-child panel-last-child\" data-index=\"0\" ><img loading=\"lazy\" decoding=\"async\" width=\"2554\" height=\"10\" src=\"https:\/\/ikf.ac.at\/wp-content\/uploads\/2021\/01\/linie_IKF.jpg\" class=\"image wp-image-754  attachment-full size-full\" alt=\"\" style=\"max-width: 100%; height: auto;\" srcset=\"https:\/\/ikf.ac.at\/wp-content\/uploads\/2021\/01\/linie_IKF.jpg 2554w, https:\/\/ikf.ac.at\/wp-content\/uploads\/2021\/01\/linie_IKF-300x1.jpg 300w, https:\/\/ikf.ac.at\/wp-content\/uploads\/2021\/01\/linie_IKF-1024x4.jpg 1024w, https:\/\/ikf.ac.at\/wp-content\/uploads\/2021\/01\/linie_IKF-768x3.jpg 768w, https:\/\/ikf.ac.at\/wp-content\/uploads\/2021\/01\/linie_IKF-1536x6.jpg 1536w, https:\/\/ikf.ac.at\/wp-content\/uploads\/2021\/01\/linie_IKF-2048x8.jpg 2048w\" sizes=\"auto, (max-width: 2554px) 100vw, 2554px\" \/><\/div><\/div><\/div><\/div>\n\n\n<div style=\"color:#ddd\" class=\"wp-block-genesis-blocks-gb-spacer gb-block-spacer gb-divider-solid gb-divider-size-1\"><hr style=\"height:30px\"\/><\/div>\n\n\n<div id=\"pl-gb486-69f22bb12becd\"  class=\"panel-layout wp-block-siteorigin-panels-layout-block\" ><div id=\"pg-gb486-69f22bb12becd-0\"  class=\"panel-grid panel-no-style\" ><div id=\"pgc-gb486-69f22bb12becd-0-0\"  class=\"panel-grid-cell\" ><div id=\"panel-gb486-69f22bb12becd-0-0-0\" class=\"so-panel widget widget_text panel-first-child panel-last-child\" data-index=\"0\" ><div class=\"sidelink panel-widget-style panel-widget-style-for-gb486-69f22bb12becd-0-0-0\" >\t\t\t<div class=\"textwidget\"><p><a href=\"https:\/\/ikf.ac.at\/en\/forschungsschwerpunkte\/cleavages\/\"><strong>Cleavages in Politics and Society<\/strong><\/a><\/p>\n<p><a href=\"https:\/\/ikf.ac.at\/en\/schwerpunkte\/cleavages\/gender\/\">Gender<\/a><\/p>\n<p><a href=\"https:\/\/ikf.ac.at\/en\/schwerpunkte\/cleavages\/antisemitismus\/\"><strong>Anti-Semitism, Racism, Sexism and Anti-Feminism<\/strong><\/a><\/p>\n<p><a href=\"https:\/\/ikf.ac.at\/en\/schwerpunkte\/cleavages\/integration-migration\/\">Integration\/ Migration<\/a><\/p>\n<p><a href=\"https:\/\/ikf.ac.at\/en\/schwerpunkte\/cleavages\/saekularisierung\/\">Secularisation<\/a><\/p>\n<\/div>\n\t\t<\/div><\/div><\/div><div id=\"pgc-gb486-69f22bb12becd-0-1\"  class=\"panel-grid-cell\" ><div id=\"panel-gb486-69f22bb12becd-0-1-0\" class=\"so-panel widget widget_text panel-first-child panel-last-child\" data-index=\"1\" ><div class=\"block-it panel-widget-style panel-widget-style-for-gb486-69f22bb12becd-0-1-0\" >\t\t\t<div class=\"textwidget\"><\/div>\n\t\t<\/div><\/div><\/div><\/div><\/div>\n\n\n<div style=\"color:#333\" class=\"wp-block-genesis-blocks-gb-spacer gb-block-spacer gb-divider-solid gb-spacer-divider gb-divider-size-1\"><hr style=\"height:70px\"\/><\/div>\n\n\n<div id=\"pl-gb486-69f22bb12f523\"  class=\"panel-layout wp-block-siteorigin-panels-layout-block\" ><div id=\"pg-gb486-69f22bb12f523-0\"  class=\"panel-grid panel-no-style\" ><div id=\"pgc-gb486-69f22bb12f523-0-0\"  class=\"panel-grid-cell panel-grid-cell-empty\" ><\/div><div id=\"pgc-gb486-69f22bb12f523-0-1\"  class=\"panel-grid-cell\" ><div id=\"panel-gb486-69f22bb12f523-0-1-0\" class=\"so-panel widget widget_sow-editor panel-first-child panel-last-child\" data-index=\"0\" ><div class=\"tabelle panel-widget-style panel-widget-style-for-gb486-69f22bb12f523-0-1-0\" ><div\n\t\t\t\n\t\t\tclass=\"so-widget-sow-editor so-widget-sow-editor-base\"\n\t\t\t\n\t\t>\n<div class=\"siteorigin-widget-tinymce textwidget\">\n\t<table style=\"height: 656px; width: 100%; border-collapse: collapse;\" border=\"1\">\n<tbody>\n<tr>\n<td style=\"width: 7.74441%;height: 32px;\">laufend<\/td>\n<td style=\"width: 92.2557%;height: 32px;\"><a href=\"https:\/\/ikf.ac.at\/en\/conspire-verbreitung-verschwoerungsnarrative-oesterreichische-bevoelkerung\/\" target=\"_blank\" rel=\"noopener\">CONSPIRE \u2013 Die Verbreitung von Verschw\u00f6rungsnarrativen in der \u00f6sterreichischen Bev\u00f6lkerung: Ursachen, Risikofaktoren und Pr\u00e4vention<\/a><\/td>\n<\/tr>\n<tr>\n<td style=\"width: 7.74441%; height: 32px;\">2025:<\/td>\n<td style=\"width: 92.2557%; height: 32px;\"><a href=\"https:\/\/ikf.ac.at\/en\/digitale-jugendarbeit-im-kontext-antifeministischer-narrative\/\" target=\"_blank\" rel=\"noopener\">Digital Youth Work on Anti-Feminist Narratives<\/a><\/td>\n<\/tr>\n<tr>\n<td style=\"width: 7.74441%; height: 32px;\">2024:<\/td>\n<td style=\"width: 92.2557%; height: 32px;\"><a href=\"https:\/\/ikf.ac.at\/en\/2024-evaluation-zum-projekt-wir-alle-sind-wien\/\" target=\"_blank\" rel=\"noopener\">Evaluation zum Projekt \u201eWir alle sind Wien\u201c<\/a><\/td>\n<\/tr>\n<tr style=\"height: 24px;\">\n<td style=\"width: 7.74441%; height: 32px;\">2017:<\/td>\n<td style=\"width: 92.2557%; height: 32px;\"><a href=\"https:\/\/ikf.ac.at\/en\/schwerpunkte\/cleavages\/antisemitismus\/2017-just-safer-cities-for-all\/\" target=\"_blank\" rel=\"noopener\">Just &amp; Safer Cities for All \u2013 Prevention of discriminating violence on the local level: best practices and recommendations<\/a><\/td>\n<\/tr>\n<tr style=\"height: 24px;\">\n<td style=\"width: 7.74441%; height: 32px;\">2011:<\/td>\n<td style=\"width: 92.2557%; height: 32px;\"><a href=\"https:\/\/ikf.ac.at\/en\/schwerpunkte\/cleavages\/antisemitismus\/2011-antisemitismus-finanzkrise\/\" target=\"_blank\" rel=\"noopener\">Antisemitismus und Finanzkrise: eine Untersuchung \u00f6sterreichischer Printmedien<\/a><\/td>\n<\/tr>\n<tr style=\"height: 24px;\">\n<td style=\"width: 7.74441%; height: 32px;\">2008:<\/td>\n<td style=\"width: 92.2557%; height: 32px;\"><a href=\"https:\/\/ikf.ac.at\/en\/schwerpunkte\/cleavages\/antisemitismus\/2008-evaluation-gebietsbetreuung\/\" target=\"_blank\" rel=\"noopener\">Evaluation der Gebietsbetreuung f\u00fcr den Bereich st\u00e4dtische Wohnhausanlagen<\/a><\/td>\n<\/tr>\n<tr style=\"height: 24px;\">\n<td style=\"width: 7.74441%; height: 32px;\">2008:<\/td>\n<td style=\"width: 92.2557%; height: 32px;\"><a href=\"https:\/\/ikf.ac.at\/en\/schwerpunkte\/cleavages\/antisemitismus\/2008-hot-spots\/\" target=\"_blank\" rel=\"noopener\">Hot spots&#8221; sozialer Konflikte und Gebietsbetreuung in Wiener Wohnhausanlagen<\/a><\/td>\n<\/tr>\n<tr style=\"height: 24px;\">\n<td style=\"width: 7.74441%; height: 32px;\">2007:<\/td>\n<td style=\"width: 92.2557%; height: 32px;\"><a href=\"https:\/\/ikf.ac.at\/en\/schwerpunkte\/cleavages\/antisemitismus\/2007-antisemitismus-antifeminismus\/\" target=\"_blank\" rel=\"noopener\">Antisemitismus und Antifeminismus: eine zeitdiagnostische Studie der Vermittlung von Vorurteilen<\/a><\/td>\n<\/tr>\n<tr style=\"height: 24px;\">\n<td style=\"width: 7.74441%; height: 32px;\">2007:<\/td>\n<td style=\"width: 92.2557%; height: 32px;\"><a href=\"https:\/\/ikf.ac.at\/en\/schwerpunkte\/cleavages\/antisemitismus\/2007-handbuch-der-vorurteile\/\" target=\"_blank\" rel=\"noopener\">Handbuch der Vorurteile<\/a><\/td>\n<\/tr>\n<tr style=\"height: 24px;\">\n<td style=\"width: 7.74441%; height: 32px;\">2007:<\/td>\n<td style=\"width: 92.2557%; height: 32px;\"><a href=\"https:\/\/ikf.ac.at\/en\/schwerpunkte\/cleavages\/antisemitismus\/2007-raxen-7\/\" target=\"_blank\" rel=\"noopener\">RAXEN 7 (Racism and Xenophobia Network)<\/a><\/td>\n<\/tr>\n<tr style=\"height: 24px;\">\n<td style=\"width: 7.74441%; height: 32px;\">2006:<\/td>\n<td style=\"width: 92.2557%; height: 32px;\"><a href=\"https:\/\/ikf.ac.at\/en\/schwerpunkte\/cleavages\/antisemitismus\/2006-raxen-6\/\" target=\"_blank\" rel=\"noopener\">RAXEN 6 (Racism and Xenophobia Network)<\/a><\/td>\n<\/tr>\n<tr style=\"height: 24px;\">\n<td style=\"width: 7.74441%; height: 32px;\">2005:<\/td>\n<td style=\"width: 92.2557%; height: 32px;\"><a href=\"https:\/\/ikf.ac.at\/en\/schwerpunkte\/cleavages\/antisemitismus\/2005-identitaet-juedischer-frauen-in-oesterreich\/\" target=\"_blank\" rel=\"noopener\">Antisemitisch-misogyne Stereotype und deren Auswirkungen auf die Identit\u00e4t j\u00fcdischer Frauen in \u00d6sterreich<\/a><\/td>\n<\/tr>\n<tr style=\"height: 24px;\">\n<td style=\"width: 7.74441%; height: 32px;\">2005:<\/td>\n<td style=\"width: 92.2557%; height: 32px;\"><a href=\"https:\/\/ikf.ac.at\/en\/schwerpunkte\/cleavages\/antisemitismus\/2005-verschiedene-herkunft-gemeinsame-zukunft-aktion-2-und-3\/\" target=\"_blank\" rel=\"noopener\">Verschiedene Herkunft \u2013 gemeinsame Zukunft. Strategien und Ma\u00dfnahmen gegen Rassismus und Fremdenfeindlichkeit \u2013 Aktion 2 und 3<\/a><\/td>\n<\/tr>\n<tr style=\"height: 24px;\">\n<td style=\"width: 7.74441%; height: 32px;\">2005:<\/td>\n<td style=\"width: 92.2557%; height: 32px;\"><a href=\"https:\/\/ikf.ac.at\/en\/schwerpunkte\/cleavages\/antisemitismus\/2005-privileg-der-unsichtbarkeit\/\" target=\"_blank\" rel=\"noopener\">Das Privileg der Unsichtbarkeit<\/a><\/td>\n<\/tr>\n<tr style=\"height: 24px;\">\n<td style=\"width: 7.74441%; height: 32px;\">2005:<\/td>\n<td style=\"width: 92.2557%; height: 32px;\"><a href=\"https:\/\/ikf.ac.at\/en\/schwerpunkte\/cleavages\/antisemitismus\/2005-raxen-5\/\" target=\"_blank\" rel=\"noopener\">RAXEN 5 (Racism and Xenophobia Network)<\/a><\/td>\n<\/tr>\n<tr style=\"height: 24px;\">\n<td style=\"width: 7.74441%; height: 32px;\">2003:<\/td>\n<td style=\"width: 92.2557%; height: 32px;\"><a href=\"https:\/\/ikf.ac.at\/en\/schwerpunkte\/cleavages\/antisemitismus\/2003-raxen-4\/\" target=\"_blank\" rel=\"noopener\">RAXEN 4 (Racism and Xenophobia Network)<\/a><\/td>\n<\/tr>\n<tr style=\"height: 24px;\">\n<td style=\"width: 7.74441%; height: 32px;\">2002:<\/td>\n<td style=\"width: 92.2557%; height: 32px;\"><a href=\"https:\/\/ikf.ac.at\/en\/schwerpunkte\/cleavages\/antisemitismus\/2002-verschiedene-herkunft-gemeinsame-zukunft-aktion-1\/\" target=\"_blank\" rel=\"noopener\">Verschiedene Herkunft &#8211; gemeinsame Zukunft. Strategien und Ma\u00dfnahmen gegen Rassismus und Fremdenfeindlichkeit &#8211; Aktion 1<\/a><\/td>\n<\/tr>\n<tr style=\"height: 24px;\">\n<td style=\"width: 7.74441%; height: 32px;\">2002:<\/td>\n<td style=\"width: 92.2557%; height: 32px;\"><a href=\"https:\/\/ikf.ac.at\/en\/schwerpunkte\/cleavages\/antisemitismus\/2002-raxen-3\/\" target=\"_blank\" rel=\"noopener\">RAXEN 3 (Racism and Xenophobia Network)<\/a><\/td>\n<\/tr>\n<tr style=\"height: 24px;\">\n<td style=\"width: 7.74441%; height: 32px;\">2001:<\/td>\n<td style=\"width: 92.2557%; height: 32px;\"><a href=\"https:\/\/ikf.ac.at\/en\/schwerpunkte\/cleavages\/antisemitismus\/2001-forschungsdokumentation-fremdenfeindlichkeit-in-oesterreich-2\/\" target=\"_blank\" rel=\"noopener\">Forschungsdokumentation &#8220;Fremdenfeindlichkeit in \u00d6sterreich&#8221;\/2<\/a><\/td>\n<\/tr>\n<tr style=\"height: 24px;\">\n<td style=\"width: 7.74441%; height: 32px;\">2001:<\/td>\n<td style=\"width: 92.2557%; height: 32px;\"><a href=\"https:\/\/ikf.ac.at\/en\/schwerpunkte\/cleavages\/antisemitismus\/2001-national-focal-point-austria\/\" target=\"_blank\" rel=\"noopener\">National Focal Point for Austria<\/a><\/td>\n<\/tr>\n<tr style=\"height: 24px;\">\n<td style=\"width: 7.74441%; height: 32px;\">1999:<\/td>\n<td style=\"width: 92.2557%; height: 32px;\"><a href=\"https:\/\/ikf.ac.at\/en\/schwerpunkte\/cleavages\/antisemitismus\/1999-machbarkeitsstudie-haus-der-toleranz\/\" target=\"_blank\" rel=\"noopener\">Machbarkeitsstudie f\u00fcr ein &#8216;Haus der Toleranz&#8217;<\/a><\/td>\n<\/tr>\n<tr style=\"height: 24px;\">\n<td style=\"width: 7.74441%; height: 32px;\">1998:<\/td>\n<td style=\"width: 92.2557%; height: 32px;\"><a href=\"https:\/\/ikf.ac.at\/en\/schwerpunkte\/cleavages\/antisemitismus\/1998-crossing-borders\/\" target=\"_blank\" rel=\"noopener\">&#8220;Crossing Borders&#8221; Evaluierung des Nahost Jugendfriedensforums des Bruno Kreisky Forums f\u00fcr Internationalen Dialog<\/a><\/td>\n<\/tr>\n<tr style=\"height: 24px;\">\n<td style=\"width: 7.74441%; height: 32px;\">1998:<\/td>\n<td style=\"width: 92.2557%; height: 32px;\"><a href=\"https:\/\/ikf.ac.at\/en\/schwerpunkte\/cleavages\/antisemitismus\/1998-nationalsozialistische-tendenzen-oesterreich-90er-jahre\/\" target=\"_blank\" rel=\"noopener\">Nationalsozialistische Tendenzen in \u00d6sterreich in den 90er Jahren Eine soziodemographische Analyse von Tatverd\u00e4chtigen in Zusammenhang mit NS-Wiederbet\u00e4tigung, Fremdenfeindlichkeit und Antisemitismus<\/a><\/td>\n<\/tr>\n<tr style=\"height: 24px;\">\n<td style=\"width: 7.74441%; height: 32px;\">1997:<\/td>\n<td style=\"width: 92.2557%; height: 32px;\"><a href=\"https:\/\/ikf.ac.at\/en\/schwerpunkte\/cleavages\/antisemitismus\/1997-forschungsdokumentation-fremdenfeindlichkeit-in-oesterreich\/\" target=\"_blank\" rel=\"noopener\">Forschungsdokumentation zum Thema Fremdenfeindlichkeit in \u00d6sterreich<\/a><\/td>\n<\/tr>\n<tr style=\"height: 24px;\">\n<td style=\"width: 7.74441%; height: 32px;\">1996:<\/td>\n<td style=\"width: 92.2557%; height: 32px;\"><a href=\"https:\/\/ikf.ac.at\/en\/schwerpunkte\/cleavages\/antisemitismus\/1996-rassismen-feminismen-analysen-afrikanisch-amerikanischer-wissenschafterinnen-bedeutung-oesterreich\/\" target=\"_blank\" rel=\"noopener\">Rassismen &amp; Feminismen. Ausgew\u00e4hlte Analysen afrikanisch-amerikanischer Wissenschafterinnen und ihre Bedeutung f\u00fcr \u00d6sterreich<\/a><\/td>\n<\/tr>\n<\/tbody>\n<\/table>\n<\/div>\n<\/div><\/div><\/div><\/div><\/div><\/div>\n\n\n<div style=\"color:#333\" class=\"wp-block-genesis-blocks-gb-spacer gb-block-spacer gb-divider-solid gb-spacer-divider gb-divider-size-1\"><hr style=\"height:70px\"\/><\/div>\n<\/div><\/div><\/div>","protected":false},"excerpt":{"rendered":"","protected":false},"author":1,"featured_media":0,"parent":243,"menu_order":2,"comment_status":"closed","ping_status":"closed","template":"","meta":{"footnotes":""},"class_list":["post-486","page","type-page","status-publish","hentry","post"],"featured_image_src":null,"featured_image_src_square":null,"_links":{"self":[{"href":"https:\/\/ikf.ac.at\/en\/wp-json\/wp\/v2\/pages\/486","targetHints":{"allow":["GET"]}}],"collection":[{"href":"https:\/\/ikf.ac.at\/en\/wp-json\/wp\/v2\/pages"}],"about":[{"href":"https:\/\/ikf.ac.at\/en\/wp-json\/wp\/v2\/types\/page"}],"author":[{"embeddable":true,"href":"https:\/\/ikf.ac.at\/en\/wp-json\/wp\/v2\/users\/1"}],"replies":[{"embeddable":true,"href":"https:\/\/ikf.ac.at\/en\/wp-json\/wp\/v2\/comments?post=486"}],"version-history":[{"count":46,"href":"https:\/\/ikf.ac.at\/en\/wp-json\/wp\/v2\/pages\/486\/revisions"}],"predecessor-version":[{"id":5789,"href":"https:\/\/ikf.ac.at\/en\/wp-json\/wp\/v2\/pages\/486\/revisions\/5789"}],"up":[{"embeddable":true,"href":"https:\/\/ikf.ac.at\/en\/wp-json\/wp\/v2\/pages\/243"}],"wp:attachment":[{"href":"https:\/\/ikf.ac.at\/en\/wp-json\/wp\/v2\/media?parent=486"}],"curies":[{"name":"wp","href":"https:\/\/api.w.org\/{rel}","templated":true}]}}