{"id":4831,"date":"2024-06-06T13:24:32","date_gmt":"2024-06-06T13:24:32","guid":{"rendered":"https:\/\/ikf.ac.at\/?page_id=4831"},"modified":"2026-03-17T13:16:17","modified_gmt":"2026-03-17T13:16:17","slug":"girlscan-mit-graffiti-gegen-gewalt-an-maedchen-und-frauen","status":"publish","type":"page","link":"https:\/\/ikf.ac.at\/en\/girlscan-mit-graffiti-gegen-gewalt-an-maedchen-und-frauen","title":{"rendered":"2024: #girlsCan \u2013 mit Graffiti gegen Gewalt an M\u00e4dchen und Frauen"},"content":{"rendered":"<div class=\"wp-block-atomic-blocks-ab-container alignfull ab-block-container\"><div class=\"ab-container-inside\"><div class=\"ab-container-content\"><div id=\"pl-gb4831-69f239cdc1670\"  class=\"panel-layout wp-block-siteorigin-panels-layout-block\" ><div id=\"pg-gb4831-69f239cdc1670-0\"  class=\"panel-grid panel-no-style\" ><div id=\"pgc-gb4831-69f239cdc1670-0-0\"  class=\"panel-grid-cell\" ><div id=\"panel-gb4831-69f239cdc1670-0-0-0\" class=\"so-panel widget widget_media_image panel-first-child panel-last-child\" data-index=\"0\" ><img loading=\"lazy\" decoding=\"async\" width=\"2554\" height=\"10\" src=\"https:\/\/ikf.ac.at\/wp-content\/uploads\/2021\/01\/linie_IKF.jpg\" class=\"image wp-image-754  attachment-full size-full\" alt=\"\" style=\"max-width: 100%; height: auto;\" srcset=\"https:\/\/ikf.ac.at\/wp-content\/uploads\/2021\/01\/linie_IKF.jpg 2554w, https:\/\/ikf.ac.at\/wp-content\/uploads\/2021\/01\/linie_IKF-300x1.jpg 300w, https:\/\/ikf.ac.at\/wp-content\/uploads\/2021\/01\/linie_IKF-1024x4.jpg 1024w, https:\/\/ikf.ac.at\/wp-content\/uploads\/2021\/01\/linie_IKF-768x3.jpg 768w, https:\/\/ikf.ac.at\/wp-content\/uploads\/2021\/01\/linie_IKF-1536x6.jpg 1536w, https:\/\/ikf.ac.at\/wp-content\/uploads\/2021\/01\/linie_IKF-2048x8.jpg 2048w\" sizes=\"auto, (max-width: 2554px) 100vw, 2554px\" \/><\/div><\/div><\/div><\/div>\n\n\n<div style=\"color:#ddd\" class=\"wp-block-genesis-blocks-gb-spacer gb-block-spacer gb-divider-solid gb-divider-size-1\"><hr style=\"height:30px\"\/><\/div>\n\n\n<div id=\"pl-gb4831-69f239cdc1e41\"  class=\"panel-layout wp-block-siteorigin-panels-layout-block\" ><div id=\"pg-gb4831-69f239cdc1e41-0\"  class=\"panel-grid panel-no-style\" ><div id=\"pgc-gb4831-69f239cdc1e41-0-0\"  class=\"panel-grid-cell panel-grid-cell-empty\" ><\/div><div id=\"pgc-gb4831-69f239cdc1e41-0-1\"  class=\"panel-grid-cell\" ><div id=\"panel-gb4831-69f239cdc1e41-0-1-0\" class=\"so-panel widget widget_sow-editor panel-first-child panel-last-child\" data-index=\"0\" ><div\n\t\t\t\n\t\t\tclass=\"so-widget-sow-editor so-widget-sow-editor-base\"\n\t\t\t\n\t\t>\n<div class=\"siteorigin-widget-tinymce textwidget\">\n\t<table style=\"height: 168px; width: 100%; border-collapse: collapse;\" border=\"1\" cellpadding=\"2\">\n<tbody>\n<tr style=\"height: 24px;\">\n<td style=\"width: 15.8421%; height: 24px;\">Project team:<\/td>\n<td style=\"width: 84.1579%; height: 24px;\" colspan=\"2\">Brigitte Temel (Projektleitung)<br \/>\nStefanie Fridrik (Demokratiezentrum Wien)<\/td>\n<\/tr>\n<tr style=\"height: 24px;\">\n<td style=\"width: 15.8421%; height: 24px;\">\n<hr \/>\n<\/td>\n<td style=\"width: 58.1221%; height: 24px;\">\n<hr \/>\n<\/td>\n<td style=\"width: 26.0358%; height: 24px;\"><\/td>\n<\/tr>\n<tr style=\"height: 24px;\">\n<td style=\"width: 15.8421%; height: 24px;\">Funded by:<\/td>\n<td style=\"height: 24px; width: 84.1579%;\" colspan=\"2\">Bezirkskulturf\u00f6rderung (1090) der Stadt Wien<br \/>\nFrauenservice der Stadt Wien<br \/>\nConflict &#8211; Peace &#8211; Democracy Cluster<\/td>\n<\/tr>\n<tr style=\"height: 24px;\">\n<td style=\"width: 15.8421%; height: 24px;\">\n<hr \/>\n<\/td>\n<td style=\"width: 58.1221%; height: 24px;\">\n<hr \/>\n<\/td>\n<td style=\"width: 26.0358%; height: 24px;\"><\/td>\n<\/tr>\n<tr style=\"height: 24px;\">\n<td style=\"width: 15.8421%; height: 24px;\">Completed in:<\/td>\n<td style=\"height: 24px; width: 84.1579%;\" colspan=\"2\">April 2024<\/td>\n<\/tr>\n<\/tbody>\n<\/table>\n<\/div>\n<\/div><\/div><\/div><\/div><\/div>\n\n\n<div style=\"color:#404168\" class=\"wp-block-genesis-blocks-gb-spacer gb-block-spacer gb-divider-solid gb-spacer-divider gb-divider-size-1\"><hr style=\"height:3px\"\/><\/div>\n\n\n\n<div style=\"color:#404168\" class=\"wp-block-genesis-blocks-gb-spacer gb-block-spacer gb-divider-solid gb-divider-size-1\"><hr style=\"height:10px\"\/><\/div>\n\n\n<div id=\"pl-gb4831-69f239cdc24f0\"  class=\"panel-layout wp-block-siteorigin-panels-layout-block\" ><div id=\"pg-gb4831-69f239cdc24f0-0\"  class=\"panel-grid panel-no-style\" ><div id=\"pgc-gb4831-69f239cdc24f0-0-0\"  class=\"panel-grid-cell panel-grid-cell-empty\" ><\/div><div id=\"pgc-gb4831-69f239cdc24f0-0-1\"  class=\"panel-grid-cell\" ><div id=\"panel-gb4831-69f239cdc24f0-0-1-0\" class=\"so-panel widget widget_text panel-first-child panel-last-child\" data-index=\"0\" >\t\t\t<div class=\"textwidget\"><p align=\"justify\"><img loading=\"lazy\" decoding=\"async\" class=\"wp-image-4844 alignright\" src=\"https:\/\/ikf.ac.at\/wp-content\/uploads\/2024\/06\/Bild_clothes-300x175.jpg\" alt=\"\" width=\"266\" height=\"155\" srcset=\"https:\/\/ikf.ac.at\/wp-content\/uploads\/2024\/06\/Bild_clothes-300x175.jpg 300w, https:\/\/ikf.ac.at\/wp-content\/uploads\/2024\/06\/Bild_clothes-1024x596.jpg 1024w, https:\/\/ikf.ac.at\/wp-content\/uploads\/2024\/06\/Bild_clothes-768x447.jpg 768w, https:\/\/ikf.ac.at\/wp-content\/uploads\/2024\/06\/Bild_clothes-1536x894.jpg 1536w, https:\/\/ikf.ac.at\/wp-content\/uploads\/2024\/06\/Bild_clothes-2048x1192.jpg 2048w, https:\/\/ikf.ac.at\/wp-content\/uploads\/2024\/06\/Bild_clothes-18x10.jpg 18w\" sizes=\"auto, (max-width: 266px) 100vw, 266px\" \/>#girlsCan ist ein feministisches Kunstprojekt, in welchem mit M\u00e4dchen und jungen Frauen zum Thema geschlechtsspezifische Gewalt, Grenzen und Handlungsoptionen gearbeitet wurde. In enger Kooperation mit der OMSi Glasergasse, der K\u00fcnstlerin Petra Stelzm\u00fcller (\u201cUndine kommt\u201d) und dem Demokratiezentrum Wien erfolgte eine mehrw\u00f6chige partizipativ gestaltete Auseinandersetzung mit der Thematik in sechs Workshops, im Zuge derer Graffitis, eine Brosch\u00fcre sowie eine Ausstellung entstanden. Mittels unterschiedlicher theaterp\u00e4dagogischer Methoden wurde der Grundstein f\u00fcr die Entwicklung gemeinsamer Graffitis gelegt, welche die M\u00e4dchen selbst konzipiert und im Sigmund-Freud-Park gesprayt haben \u2013 hierin wurde in Zusammenarbeit mit der Kunstausstellung \u201eUndine kommt\u201c von Petra Stelzm\u00fcller zus\u00e4tzliche Synergie geschaffen, indem die M\u00e4dchen direkt auf einem Teil des Kunstwerks ihre feministischen Botschaften und Forderungen festhielten. In weiteren Workshops wurde gemeinsam mit den M\u00e4dchen eine Brosch\u00fcre zum Projektthema entwickelt und sie haben selbstst\u00e4ndig Beitr\u00e4ge verfasst. Die Brosch\u00fcre wurde schlie\u00dflich, gemeinsam mit allen im Projekt erarbeiteten und dokumentierten Schritten und Produkten (Graffitis), im Rahmen des OMSi Schulsportfests vorgestellt.<\/p>\n<p align=\"justify\">Durch die im Projekt in Absprache mit den Teilnehmerinnen organisierte Pressearbeit, konnten sie ihre Forderungen und Meinungen nicht nur kreativ-k\u00fcnstlerisch, sondern auch in ihren Worten einer breiteren Bev\u00f6lkerung mitteilen. So hat das Projekt nicht nur den Raum f\u00fcr eine l\u00e4ngere Auseinandersetzung mit dem Thema geschlechtsspezifische Gewalt erm\u00f6glicht, sondern auch unterschiedliche neue Skills vermittelt: Sprayen, Brosch\u00fcren(-beitr\u00e4ge) verfassen, eine Ausstellung konzipieren und mit Journalist:innen sprechen.<\/p>\n<\/div>\n\t\t<\/div><\/div><div id=\"pgc-gb4831-69f239cdc24f0-0-2\"  class=\"panel-grid-cell\" ><div id=\"panel-gb4831-69f239cdc24f0-0-2-0\" class=\"so-panel widget widget_text panel-first-child panel-last-child\" data-index=\"1\" >\t\t\t<div class=\"textwidget\"><\/div>\n\t\t<\/div><\/div><\/div><\/div>\n\n<div id=\"pl-gb4831-69f239cdc4e74\"  class=\"panel-layout wp-block-siteorigin-panels-layout-block\" ><div id=\"pg-gb4831-69f239cdc4e74-0\"  class=\"panel-grid panel-no-style\" ><div id=\"pgc-gb4831-69f239cdc4e74-0-0\"  class=\"panel-grid-cell panel-grid-cell-empty\" ><\/div><div id=\"pgc-gb4831-69f239cdc4e74-0-1\"  class=\"panel-grid-cell\" ><div id=\"panel-gb4831-69f239cdc4e74-0-1-0\" class=\"so-panel widget widget_text panel-first-child panel-last-child\" data-index=\"0\" >\t\t\t<div class=\"textwidget\"><p align=\"justify\"><img loading=\"lazy\" decoding=\"async\" class=\"size-medium wp-image-4843 alignleft\" src=\"https:\/\/ikf.ac.at\/wp-content\/uploads\/2024\/06\/Bild_Frauenrechte-300x141.jpg\" alt=\"\" width=\"300\" height=\"141\" srcset=\"https:\/\/ikf.ac.at\/wp-content\/uploads\/2024\/06\/Bild_Frauenrechte-300x141.jpg 300w, https:\/\/ikf.ac.at\/wp-content\/uploads\/2024\/06\/Bild_Frauenrechte-1024x480.jpg 1024w, https:\/\/ikf.ac.at\/wp-content\/uploads\/2024\/06\/Bild_Frauenrechte-768x360.jpg 768w, https:\/\/ikf.ac.at\/wp-content\/uploads\/2024\/06\/Bild_Frauenrechte-1536x721.jpg 1536w, https:\/\/ikf.ac.at\/wp-content\/uploads\/2024\/06\/Bild_Frauenrechte-2048x961.jpg 2048w, https:\/\/ikf.ac.at\/wp-content\/uploads\/2024\/06\/Bild_Frauenrechte-18x8.jpg 18w\" sizes=\"auto, (max-width: 300px) 100vw, 300px\" \/><\/p>\n<p>Mehr Informationen zum Projekt: <a href=\"https:\/\/www.instagram.com\/grrrls_can\/?hl=de\" target=\"_blank\" rel=\"noopener\">https:\/\/www.instagram.com\/grrrls_can\/?hl=de<\/a><\/p>\n<p>Das sagen die M\u00e4dchen selbst: <a href=\"https:\/\/www.puls24.at\/video\/puls-24\/girlscan-mit-graffiti-gegen-gewalt-an-maedchen\/v1ayp1cs9hpdz\" target=\"_blank\" rel=\"noopener\">https:\/\/www.puls24.at\/video\/puls-24\/girlscan-mit-graffiti-gegen-gewalt-an-maedchen\/v1ayp1cs9hpdz<\/a><\/p>\n<\/div>\n\t\t<\/div><\/div><div id=\"pgc-gb4831-69f239cdc4e74-0-2\"  class=\"panel-grid-cell\" ><div id=\"panel-gb4831-69f239cdc4e74-0-2-0\" class=\"so-panel widget widget_text panel-first-child panel-last-child\" data-index=\"1\" >\t\t\t<div class=\"textwidget\"><\/div>\n\t\t<\/div><\/div><\/div><\/div>\n\n\n<div style=\"color:#333\" class=\"wp-block-genesis-blocks-gb-spacer gb-block-spacer gb-divider-solid gb-spacer-divider gb-divider-size-1\"><hr style=\"height:80px\"\/><\/div>\n<\/div><\/div><\/div>\n\n\n<div id=\"pl-gb4831-69f239cdc53a8\"  class=\"panel-layout wp-block-siteorigin-panels-layout-block\" ><div id=\"pg-gb4831-69f239cdc53a8-0\"  class=\"panel-grid panel-no-style\" ><div id=\"pgc-gb4831-69f239cdc53a8-0-0\"  class=\"panel-grid-cell panel-grid-cell-empty\" ><\/div><div id=\"pgc-gb4831-69f239cdc53a8-0-1\"  class=\"panel-grid-cell\" ><div id=\"panel-gb4831-69f239cdc53a8-0-1-0\" class=\"so-panel widget widget_media_image panel-first-child panel-last-child\" data-index=\"0\" ><img loading=\"lazy\" decoding=\"async\" width=\"110\" height=\"40\" src=\"https:\/\/ikf.ac.at\/wp-content\/uploads\/2024\/06\/Logo-Kultur-Alsergrund-rot-300x109.jpg\" class=\"image wp-image-4862  attachment-110x40 size-110x40\" alt=\"\" style=\"max-width: 100%; height: auto;\" srcset=\"https:\/\/ikf.ac.at\/wp-content\/uploads\/2024\/06\/Logo-Kultur-Alsergrund-rot-300x109.jpg 300w, https:\/\/ikf.ac.at\/wp-content\/uploads\/2024\/06\/Logo-Kultur-Alsergrund-rot-1024x371.jpg 1024w, https:\/\/ikf.ac.at\/wp-content\/uploads\/2024\/06\/Logo-Kultur-Alsergrund-rot-768x279.jpg 768w, https:\/\/ikf.ac.at\/wp-content\/uploads\/2024\/06\/Logo-Kultur-Alsergrund-rot-1536x557.jpg 1536w, https:\/\/ikf.ac.at\/wp-content\/uploads\/2024\/06\/Logo-Kultur-Alsergrund-rot-2048x743.jpg 2048w, https:\/\/ikf.ac.at\/wp-content\/uploads\/2024\/06\/Logo-Kultur-Alsergrund-rot-18x7.jpg 18w, https:\/\/ikf.ac.at\/wp-content\/uploads\/2024\/06\/Logo-Kultur-Alsergrund-rot-1080x380.jpg 1080w\" sizes=\"auto, (max-width: 110px) 100vw, 110px\" \/><\/div><\/div><div id=\"pgc-gb4831-69f239cdc53a8-0-2\"  class=\"panel-grid-cell\" ><div id=\"panel-gb4831-69f239cdc53a8-0-2-0\" class=\"so-panel widget widget_media_image panel-first-child panel-last-child\" data-index=\"1\" ><img loading=\"lazy\" decoding=\"async\" width=\"110\" height=\"44\" src=\"https:\/\/ikf.ac.at\/wp-content\/uploads\/2024\/06\/SW_Logo_Regenbogen_DE_CMYK-300x121.jpg\" class=\"image wp-image-4834  attachment-110x44 size-110x44\" alt=\"\" style=\"max-width: 100%; height: auto;\" srcset=\"https:\/\/ikf.ac.at\/wp-content\/uploads\/2024\/06\/SW_Logo_Regenbogen_DE_CMYK-300x121.jpg 300w, https:\/\/ikf.ac.at\/wp-content\/uploads\/2024\/06\/SW_Logo_Regenbogen_DE_CMYK-1024x413.jpg 1024w, https:\/\/ikf.ac.at\/wp-content\/uploads\/2024\/06\/SW_Logo_Regenbogen_DE_CMYK-768x310.jpg 768w, https:\/\/ikf.ac.at\/wp-content\/uploads\/2024\/06\/SW_Logo_Regenbogen_DE_CMYK-18x7.jpg 18w, https:\/\/ikf.ac.at\/wp-content\/uploads\/2024\/06\/SW_Logo_Regenbogen_DE_CMYK.jpg 1177w\" sizes=\"auto, (max-width: 110px) 100vw, 110px\" \/><\/div><\/div><div id=\"pgc-gb4831-69f239cdc53a8-0-3\"  class=\"panel-grid-cell\" ><div id=\"panel-gb4831-69f239cdc53a8-0-3-0\" class=\"so-panel widget widget_media_image panel-first-child panel-last-child\" data-index=\"2\" ><img loading=\"lazy\" decoding=\"async\" width=\"200\" height=\"37\" src=\"https:\/\/ikf.ac.at\/wp-content\/uploads\/2024\/06\/2012_DZ_logo_ohne-Rahmen-300x56.jpg\" class=\"image wp-image-4861  attachment-200x37 size-200x37\" alt=\"\" style=\"max-width: 100%; height: auto;\" srcset=\"https:\/\/ikf.ac.at\/wp-content\/uploads\/2024\/06\/2012_DZ_logo_ohne-Rahmen-300x56.jpg 300w, https:\/\/ikf.ac.at\/wp-content\/uploads\/2024\/06\/2012_DZ_logo_ohne-Rahmen-1024x192.jpg 1024w, https:\/\/ikf.ac.at\/wp-content\/uploads\/2024\/06\/2012_DZ_logo_ohne-Rahmen-768x144.jpg 768w, https:\/\/ikf.ac.at\/wp-content\/uploads\/2024\/06\/2012_DZ_logo_ohne-Rahmen-1536x288.jpg 1536w, https:\/\/ikf.ac.at\/wp-content\/uploads\/2024\/06\/2012_DZ_logo_ohne-Rahmen-18x3.jpg 18w, https:\/\/ikf.ac.at\/wp-content\/uploads\/2024\/06\/2012_DZ_logo_ohne-Rahmen.jpg 1890w\" sizes=\"auto, (max-width: 200px) 100vw, 200px\" \/><\/div><\/div><div id=\"pgc-gb4831-69f239cdc53a8-0-4\"  class=\"panel-grid-cell panel-grid-cell-mobile-last\" ><div id=\"panel-gb4831-69f239cdc53a8-0-4-0\" class=\"so-panel widget widget_media_image panel-first-child panel-last-child\" data-index=\"3\" ><img loading=\"lazy\" decoding=\"async\" width=\"120\" height=\"60\" src=\"https:\/\/ikf.ac.at\/wp-content\/uploads\/2024\/06\/CPDC_Logo-300x150.jpg\" class=\"image wp-image-4872  attachment-120x60 size-120x60\" alt=\"\" style=\"max-width: 100%; height: auto;\" srcset=\"https:\/\/ikf.ac.at\/wp-content\/uploads\/2024\/06\/CPDC_Logo-300x150.jpg 300w, https:\/\/ikf.ac.at\/wp-content\/uploads\/2024\/06\/CPDC_Logo-18x9.jpg 18w, https:\/\/ikf.ac.at\/wp-content\/uploads\/2024\/06\/CPDC_Logo.jpg 555w\" sizes=\"auto, (max-width: 120px) 100vw, 120px\" \/><\/div><\/div><div id=\"pgc-gb4831-69f239cdc53a8-0-5\"  class=\"panel-grid-cell panel-grid-cell-empty\" ><\/div><\/div><\/div>","protected":false},"excerpt":{"rendered":"","protected":false},"author":2,"featured_media":0,"parent":0,"menu_order":0,"comment_status":"closed","ping_status":"closed","template":"","meta":{"footnotes":""},"class_list":["post-4831","page","type-page","status-publish","hentry","post"],"featured_image_src":null,"featured_image_src_square":null,"_links":{"self":[{"href":"https:\/\/ikf.ac.at\/en\/wp-json\/wp\/v2\/pages\/4831","targetHints":{"allow":["GET"]}}],"collection":[{"href":"https:\/\/ikf.ac.at\/en\/wp-json\/wp\/v2\/pages"}],"about":[{"href":"https:\/\/ikf.ac.at\/en\/wp-json\/wp\/v2\/types\/page"}],"author":[{"embeddable":true,"href":"https:\/\/ikf.ac.at\/en\/wp-json\/wp\/v2\/users\/2"}],"replies":[{"embeddable":true,"href":"https:\/\/ikf.ac.at\/en\/wp-json\/wp\/v2\/comments?post=4831"}],"version-history":[{"count":43,"href":"https:\/\/ikf.ac.at\/en\/wp-json\/wp\/v2\/pages\/4831\/revisions"}],"predecessor-version":[{"id":5676,"href":"https:\/\/ikf.ac.at\/en\/wp-json\/wp\/v2\/pages\/4831\/revisions\/5676"}],"wp:attachment":[{"href":"https:\/\/ikf.ac.at\/en\/wp-json\/wp\/v2\/media?parent=4831"}],"curies":[{"name":"wp","href":"https:\/\/api.w.org\/{rel}","templated":true}]}}