{"id":457,"date":"2021-01-07T20:12:40","date_gmt":"2021-01-07T20:12:40","guid":{"rendered":"http:\/\/test-ikf.online\/?page_id=457"},"modified":"2023-04-17T13:06:04","modified_gmt":"2023-04-17T13:06:04","slug":"integration-migration","status":"publish","type":"page","link":"https:\/\/ikf.ac.at\/en\/schwerpunkte\/cleavages\/integration-migration","title":{"rendered":"Integration\/ Migration"},"content":{"rendered":"<div class=\"wp-block-atomic-blocks-ab-container alignfull ab-block-container\"><div class=\"ab-container-inside\"><div class=\"ab-container-content\"><div id=\"pl-gb457-69f4691647902\"  class=\"panel-layout\" ><div id=\"pg-gb457-69f4691647902-0\"  class=\"panel-grid panel-no-style\" ><div id=\"pgc-gb457-69f4691647902-0-0\"  class=\"panel-grid-cell\" ><div id=\"panel-gb457-69f4691647902-0-0-0\" class=\"so-panel widget widget_media_image panel-first-child panel-last-child\" data-index=\"0\" ><img loading=\"lazy\" decoding=\"async\" width=\"2554\" height=\"10\" src=\"https:\/\/ikf.ac.at\/wp-content\/uploads\/2021\/01\/linie_IKF.jpg\" class=\"image wp-image-754  attachment-full size-full\" alt=\"\" style=\"max-width: 100%; height: auto;\" srcset=\"https:\/\/ikf.ac.at\/wp-content\/uploads\/2021\/01\/linie_IKF.jpg 2554w, https:\/\/ikf.ac.at\/wp-content\/uploads\/2021\/01\/linie_IKF-300x1.jpg 300w, https:\/\/ikf.ac.at\/wp-content\/uploads\/2021\/01\/linie_IKF-1024x4.jpg 1024w, https:\/\/ikf.ac.at\/wp-content\/uploads\/2021\/01\/linie_IKF-768x3.jpg 768w, https:\/\/ikf.ac.at\/wp-content\/uploads\/2021\/01\/linie_IKF-1536x6.jpg 1536w, https:\/\/ikf.ac.at\/wp-content\/uploads\/2021\/01\/linie_IKF-2048x8.jpg 2048w\" sizes=\"auto, (max-width: 2554px) 100vw, 2554px\" \/><\/div><\/div><\/div><\/div>\n\n\n<div style=\"color:#ddd\" class=\"wp-block-genesis-blocks-gb-spacer gb-block-spacer gb-divider-solid gb-divider-size-1\"><hr style=\"height:29px\"\/><\/div>\n\n\n<div id=\"pl-gb457-69f4691647e96\"  class=\"panel-layout\" ><div id=\"pg-gb457-69f4691647e96-0\"  class=\"panel-grid panel-no-style\" ><div id=\"pgc-gb457-69f4691647e96-0-0\"  class=\"panel-grid-cell\" ><div id=\"panel-gb457-69f4691647e96-0-0-0\" class=\"so-panel widget widget_text panel-first-child panel-last-child\" data-index=\"0\" ><div class=\"panel-widget-style panel-widget-style-for-gb457-69f4691647e96-0-0-0\" >\t\t\t<div class=\"textwidget\"><p><a href=\"https:\/\/ikf.ac.at\/en\/forschungsschwerpunkte\/cleavages\/\"><strong>Cleavages in Politics and Society<\/strong><\/a><\/p>\n<p><a href=\"https:\/\/ikf.ac.at\/en\/schwerpunkte\/cleavages\/gender\/\">Gender<\/a><\/p>\n<p><a href=\"https:\/\/ikf.ac.at\/en\/schwerpunkte\/cleavages\/antisemitismus\/\">Anti-Semitism, Racism, Sexism and Anti-Feminism<\/a><\/p>\n<p><strong><a href=\"https:\/\/ikf.ac.at\/en\/schwerpunkte\/cleavages\/integration-migration\/\">Integration\/ Migration<\/a><\/strong><\/p>\n<p><a href=\"https:\/\/ikf.ac.at\/en\/schwerpunkte\/cleavages\/saekularisierung\/\">Secularisation<\/a><\/p>\n<\/div>\n\t\t<\/div><\/div><\/div><div id=\"pgc-gb457-69f4691647e96-0-1\"  class=\"panel-grid-cell\" ><div id=\"panel-gb457-69f4691647e96-0-1-0\" class=\"so-panel widget widget_text panel-first-child panel-last-child\" data-index=\"1\" >\t\t\t<div class=\"textwidget\"><\/div>\n\t\t<\/div><\/div><\/div><\/div>\n\n\n<div style=\"color:#404168\" class=\"wp-block-genesis-blocks-gb-spacer gb-block-spacer gb-divider-solid gb-spacer-divider gb-divider-size-1\"><hr style=\"height:70px\"\/><\/div>\n\n\n<div id=\"pl-gb457-69f469164a37f\"  class=\"panel-layout\" ><div id=\"pg-gb457-69f469164a37f-0\"  class=\"panel-grid panel-no-style\" ><div id=\"pgc-gb457-69f469164a37f-0-0\"  class=\"panel-grid-cell panel-grid-cell-empty\" ><\/div><div id=\"pgc-gb457-69f469164a37f-0-1\"  class=\"panel-grid-cell\" ><div id=\"panel-gb457-69f469164a37f-0-1-0\" class=\"so-panel widget widget_sow-editor panel-first-child panel-last-child\" data-index=\"0\" ><div\n\t\t\t\n\t\t\tclass=\"so-widget-sow-editor so-widget-sow-editor-base\"\n\t\t\t\n\t\t>\n<div class=\"siteorigin-widget-tinymce textwidget\">\n\t<table style=\"border-collapse: collapse; width: 100%; height: 792px;\" border=\"1\">\n<tbody>\n<tr style=\"height: 24px;\">\n<td style=\"width: 7.74441%; border-style: none; text-align: left; height: 24px;\">2016:<\/td>\n<td style=\"width: 92.2557%; height: 24px;\"><a href=\"https:\/\/ikf.ac.at\/en\/schwerpunkte\/cleavages\/integration-migration\/2016-interkulturelle-paedagogik-noe-kindergaerten\/\" target=\"_blank\" rel=\"noopener\">Eine Untersuchung zur interkulturell-p\u00e4dagogischen Praxis in ausgew\u00e4hlten nieder\u00f6sterreichischen Kinderg\u00e4rten. Reflexion und Impulse<\/a><\/td>\n<\/tr>\n<tr style=\"height: 24px;\">\n<td style=\"width: 7.74441%; height: 24px;\">2011:<\/td>\n<td style=\"width: 92.2557%; height: 24px;\"><a href=\"https:\/\/ikf.ac.at\/en\/schwerpunkte\/cleavages\/integration-migration\/2011-integrationsimpulse-schwarzatal\/\" target=\"_blank\" rel=\"noopener\">Integrationsimpulse Schwarzatal<\/a><\/td>\n<\/tr>\n<tr style=\"height: 24px;\">\n<td style=\"width: 7.74441%; height: 24px;\">2011:<\/td>\n<td style=\"width: 92.2557%; height: 24px;\"><a href=\"https:\/\/ikf.ac.at\/en\/schwerpunkte\/cleavages\/integration-migration\/2011-communities-in-dialogue\/\" target=\"_blank\" rel=\"noopener\">Communities in Dialogue: How to bring People at the Margins into Policy Making<\/a><\/td>\n<\/tr>\n<tr style=\"height: 24px;\">\n<td style=\"width: 7.74441%; height: 24px;\">2010:<\/td>\n<td style=\"width: 92.2557%; height: 24px;\"><a href=\"https:\/\/ikf.ac.at\/en\/schwerpunkte\/cleavages\/integration-migration\/2010-integration-and-diversity-in-education-in-europe\/\" target=\"_blank\" rel=\"noopener\">&#8220;Integration and Diversity in Education in Europe&#8221; \u2013 International Overview<\/a><\/td>\n<\/tr>\n<tr style=\"height: 24px;\">\n<td style=\"width: 7.74441%; height: 24px;\">2010:<\/td>\n<td style=\"width: 92.2557%; height: 24px;\"><a href=\"https:\/\/ikf.ac.at\/en\/schwerpunkte\/cleavages\/integration-migration\/2010-integrationspartnerschaft-steiermark-leitbild-und-strategieentwicklung\/\" target=\"_blank\" rel=\"noopener\">Integrationspartnerschaft Steiermark \u2013 Leitbild- und Strategieentwicklung<\/a><\/td>\n<\/tr>\n<tr style=\"height: 24px;\">\n<td style=\"width: 7.74441%; height: 24px;\">2009:<\/td>\n<td style=\"width: 92.2557%; height: 24px;\"><a href=\"https:\/\/ikf.ac.at\/en\/schwerpunkte\/cleavages\/integration-migration\/2009-beratungsangebot-szenarioentwicklung-kommunale-integrationspolitik\/\" target=\"_blank\" rel=\"noopener\">(Szenario:i) Ein Beratungsangebot zur Szenarioentwicklung in der kommunalen Integrationspolitik<\/a><\/td>\n<\/tr>\n<tr style=\"height: 24px;\">\n<td style=\"width: 7.74441%; height: 24px;\">2007:<\/td>\n<td style=\"width: 92.2557%; height: 24px;\"><a href=\"https:\/\/ikf.ac.at\/en\/schwerpunkte\/cleavages\/integration-migration\/2007-integrationsleitbild-niederoesterreich\/\" target=\"_blank\" rel=\"noopener\">Integrationsleitbild Nieder\u00f6sterreich \u2013 Evaluierung und Grundlagenerhebung<\/a><\/td>\n<\/tr>\n<tr style=\"height: 24px;\">\n<td style=\"width: 7.74441%; height: 24px;\">2006:<\/td>\n<td style=\"width: 92.2557%; height: 24px;\"><a href=\"https:\/\/ikf.ac.at\/en\/schwerpunkte\/cleavages\/integration-migration\/2006-integration-als-kommunales-politikfeld\/\" target=\"_blank\" rel=\"noopener\">Integration als kommunales Politikfeld<\/a><\/td>\n<\/tr>\n<tr style=\"height: 24px;\">\n<td style=\"width: 7.74441%; height: 24px;\">2006:<\/td>\n<td style=\"width: 92.2557%; height: 24px;\"><a href=\"https:\/\/ikf.ac.at\/en\/schwerpunkte\/cleavages\/integration-migration\/2006-affirmative-action-migrantinnen-oesterreich\/\" target=\"_blank\" rel=\"noopener\">Affirmative Action f\u00fcr MigrantInnen? Am Beispiel \u00d6sterreich.<\/a><\/td>\n<\/tr>\n<tr style=\"height: 24px;\">\n<td style=\"width: 7.74441%; height: 24px;\">2005:<\/td>\n<td style=\"width: 92.2557%; height: 24px;\"><a href=\"https:\/\/ikf.ac.at\/en\/schwerpunkte\/cleavages\/integration-migration\/2005-stimmungsbild-niederoesterreichische-gemeinden-integration\/\" target=\"_blank\" rel=\"noopener\">Stimmungsbild &#8211; Erhebung von Problem- und Bed\u00fcrfnislagen der nieder\u00f6sterreichischen Gemeinden in Bezug auf Integration<\/a><\/td>\n<\/tr>\n<tr style=\"height: 24px;\">\n<td style=\"width: 7.74441%; height: 24px;\">2003:<\/td>\n<td style=\"width: 92.2557%; height: 24px;\"><a href=\"https:\/\/ikf.ac.at\/en\/schwerpunkte\/cleavages\/integration-migration\/2003-verschuldung-von-migrantinnen-in-wien\/\" target=\"_blank\" rel=\"noopener\">Verschuldung von MigrantInnen in Wien. Ursachen, Ausma\u00df und Folgen<\/a><\/td>\n<\/tr>\n<tr style=\"height: 24px;\">\n<td style=\"width: 7.74441%; height: 24px;\">2002:<\/td>\n<td style=\"width: 92.2557%; height: 24px;\"><a href=\"https:\/\/ikf.ac.at\/en\/schwerpunkte\/cleavages\/integration-migration\/2002-handbuch-bericht-ueber-migration-und-integration-in-oesterreich-kapitel-8\/\" target=\"_blank\" rel=\"noopener\">Handbuch &#8220;Bericht \u00fcber Migration und Integration in \u00d6sterreich&#8221; Kapitel 8: Gesundheit und medizinische Versorgung von MigrantInnen<\/a><\/td>\n<\/tr>\n<tr style=\"height: 24px;\">\n<td style=\"width: 7.74441%; height: 24px;\">2001:<\/td>\n<td style=\"width: 92.2557%; height: 24px;\"><a href=\"https:\/\/ikf.ac.at\/en\/schwerpunkte\/cleavages\/integration-migration\/2001-zugewanderte-patientinnen-im-wiener-gesundheitssystem\/\" target=\"_blank\" rel=\"noopener\">Zugewanderte PatientInnen im Wiener Gesundheitssystem<\/a><\/td>\n<\/tr>\n<tr style=\"height: 24px;\">\n<td style=\"width: 7.74441%; height: 24px;\">2001:<\/td>\n<td style=\"width: 92.2557%; height: 24px;\"><a href=\"https:\/\/ikf.ac.at\/en\/schwerpunkte\/cleavages\/integration-migration\/2001-tuerkische-imame-in-wien\/\" target=\"_blank\" rel=\"noopener\">T\u00fcrkische Imame in Wien<\/a><\/td>\n<\/tr>\n<tr style=\"height: 24px;\">\n<td style=\"width: 7.74441%; height: 24px;\">2000:<\/td>\n<td style=\"width: 92.2557%; height: 24px;\"><a href=\"https:\/\/ikf.ac.at\/en\/2000-evaluierung-fonds-zur-integration-fluechtlinge\/\" target=\"_blank\" rel=\"noopener\">Evaluierung des Fonds zur Integration von Fl\u00fcchtlingen<\/a><\/td>\n<\/tr>\n<tr style=\"height: 24px;\">\n<td style=\"width: 7.74441%; height: 24px;\">2000:<\/td>\n<td style=\"width: 92.2557%; height: 24px;\"><a href=\"https:\/\/ikf.ac.at\/en\/schwerpunkte\/cleavages\/integration-migration\/2000-integrationsindikatoren-wien\/\" target=\"_blank\" rel=\"noopener\">Integrationsindikatoren. Zur Nachhaltigkeit der Wiener Integrationspolitik<\/a><\/td>\n<\/tr>\n<tr style=\"height: 24px;\">\n<td style=\"width: 7.74441%; height: 24px;\">1999:<\/td>\n<td style=\"width: 92.2557%; height: 24px;\"><a href=\"https:\/\/ikf.ac.at\/en\/schwerpunkte\/cleavages\/integration-migration\/1999-managing-diversities\/\" target=\"_blank\" rel=\"noopener\">Managing Diversities<\/a><\/td>\n<\/tr>\n<tr style=\"height: 24px;\">\n<td style=\"width: 7.74441%; height: 24px;\">1998:<\/td>\n<td style=\"width: 92.2557%; height: 24px;\"><a href=\"https:\/\/ikf.ac.at\/en\/schwerpunkte\/cleavages\/integration-migration\/1998-wien-identitaet\/\" target=\"_blank\" rel=\"noopener\">Wien-Identit\u00e4t<\/a><\/td>\n<\/tr>\n<tr style=\"height: 24px;\">\n<td style=\"width: 7.74441%; height: 24px;\">1997:<\/td>\n<td style=\"width: 92.2557%; height: 24px;\"><a href=\"https:\/\/ikf.ac.at\/en\/schwerpunkte\/cleavages\/integration-migration\/1997-wiener-modell-kommunale-interessenvertretung-fuer-zuwanderinnen\/\" target=\"_blank\" rel=\"noopener\">Umsetzung des Wiener Modells einer kommunalen Interessenvertretung f\u00fcr ZuwanderInnen &#8211; Internationale Erfahrungen<\/a><\/td>\n<\/tr>\n<tr style=\"height: 24px;\">\n<td style=\"width: 7.74441%; height: 24px;\">1997:<\/td>\n<td style=\"width: 92.2557%; height: 24px;\"><a href=\"https:\/\/ikf.ac.at\/en\/schwerpunkte\/cleavages\/integration-migration\/1997-gesellschaftliche-dynamik-grenzraum-oesterreich-slowakei\/\" target=\"_blank\" rel=\"noopener\">Gesellschaftliche Dynamik im Grenzraum \u00d6sterreich-Slowakei<\/a><\/td>\n<\/tr>\n<tr style=\"height: 24px;\">\n<td style=\"width: 7.74441%; height: 24px;\">1996:<\/td>\n<td style=\"width: 92.2557%; height: 24px;\"><a href=\"https:\/\/ikf.ac.at\/en\/schwerpunkte\/cleavages\/integration-migration\/1996-soziopolitische-netzwerke-tuerkischer-migrantinnen-in-wien\/\" target=\"_blank\" rel=\"noopener\">Soziopolitische Netzwerke t\u00fcrkischer MigrantInnen in Wien<\/a><\/td>\n<\/tr>\n<tr style=\"height: 24px;\">\n<td style=\"width: 7.74441%; height: 24px;\">1995:<\/td>\n<td style=\"width: 92.2557%; height: 24px;\"><a href=\"https:\/\/ikf.ac.at\/en\/schwerpunkte\/cleavages\/integration-migration\/1995-polnische-migrantinnen-in-wien\/\" target=\"_blank\" rel=\"noopener\">Polnische MigrantInnen in Wien<\/a><\/td>\n<\/tr>\n<tr style=\"height: 24px;\">\n<td style=\"width: 7.74441%; height: 24px;\">1995:<\/td>\n<td style=\"width: 92.2557%; height: 24px;\"><a href=\"https:\/\/ikf.ac.at\/en\/schwerpunkte\/cleavages\/integration-migration\/1995-situation-ersten-generation-arbeitsmigranten-wien\/\" target=\"_blank\" rel=\"noopener\">Situation der ersten Generation t\u00fcrkischer, serbischer und bosnischer Arbeitsmigranten in Wien &#8211; unter Ber\u00fccksichtigung der Akkulturation der zweiten Generation<\/a><\/td>\n<\/tr>\n<tr style=\"height: 24px;\">\n<td style=\"width: 7.74441%; height: 24px;\">1995:<\/td>\n<td style=\"width: 92.2557%; height: 24px;\"><a href=\"https:\/\/ikf.ac.at\/en\/schwerpunkte\/cleavages\/integration-migration\/1995-grenzueberschreitung-wien-bratislava\/\" target=\"_blank\" rel=\"noopener\">Grenz\u00fcberschreitung Wien &#8211; Bratislava. Zur politischen Dynamik einer urbanen Zusammenarbeit<\/a><\/td>\n<\/tr>\n<\/tbody>\n<\/table>\n<\/div>\n<\/div><\/div><\/div><\/div><\/div>\n\n\n<div style=\"color:#333\" class=\"wp-block-genesis-blocks-gb-spacer gb-block-spacer gb-divider-solid gb-spacer-divider gb-divider-size-1\"><hr style=\"height:100px\"\/><\/div>\n<\/div><\/div><\/div>","protected":false},"excerpt":{"rendered":"","protected":false},"author":1,"featured_media":0,"parent":243,"menu_order":3,"comment_status":"closed","ping_status":"closed","template":"","meta":{"footnotes":""},"class_list":["post-457","page","type-page","status-publish","hentry","post"],"featured_image_src":null,"featured_image_src_square":null,"_links":{"self":[{"href":"https:\/\/ikf.ac.at\/en\/wp-json\/wp\/v2\/pages\/457","targetHints":{"allow":["GET"]}}],"collection":[{"href":"https:\/\/ikf.ac.at\/en\/wp-json\/wp\/v2\/pages"}],"about":[{"href":"https:\/\/ikf.ac.at\/en\/wp-json\/wp\/v2\/types\/page"}],"author":[{"embeddable":true,"href":"https:\/\/ikf.ac.at\/en\/wp-json\/wp\/v2\/users\/1"}],"replies":[{"embeddable":true,"href":"https:\/\/ikf.ac.at\/en\/wp-json\/wp\/v2\/comments?post=457"}],"version-history":[{"count":30,"href":"https:\/\/ikf.ac.at\/en\/wp-json\/wp\/v2\/pages\/457\/revisions"}],"predecessor-version":[{"id":4260,"href":"https:\/\/ikf.ac.at\/en\/wp-json\/wp\/v2\/pages\/457\/revisions\/4260"}],"up":[{"embeddable":true,"href":"https:\/\/ikf.ac.at\/en\/wp-json\/wp\/v2\/pages\/243"}],"wp:attachment":[{"href":"https:\/\/ikf.ac.at\/en\/wp-json\/wp\/v2\/media?parent=457"}],"curies":[{"name":"wp","href":"https:\/\/api.w.org\/{rel}","templated":true}]}}