{"id":4055,"date":"2023-03-20T13:20:59","date_gmt":"2023-03-20T13:20:59","guid":{"rendered":"http:\/\/test-ikf.online\/?page_id=4055"},"modified":"2026-03-11T10:13:20","modified_gmt":"2026-03-11T10:13:20","slug":"projekte-brigitte-halbmayr","status":"publish","type":"page","link":"https:\/\/ikf.ac.at\/en\/projekte-brigitte-halbmayr","title":{"rendered":"Projects - Brigitte Halbmayr"},"content":{"rendered":"<div class=\"wp-block-atomic-blocks-ab-container alignfull ab-block-container\"><div class=\"ab-container-inside\"><div class=\"ab-container-content\"><div id=\"pl-gb4055-69f5c786e5655\"  class=\"panel-layout wp-block-siteorigin-panels-layout-block\" ><div id=\"pg-gb4055-69f5c786e5655-0\"  class=\"panel-grid panel-no-style\" ><div id=\"pgc-gb4055-69f5c786e5655-0-0\"  class=\"panel-grid-cell\" ><div id=\"panel-gb4055-69f5c786e5655-0-0-0\" class=\"so-panel widget widget_media_image panel-first-child panel-last-child\" data-index=\"0\" ><img loading=\"lazy\" decoding=\"async\" width=\"2554\" height=\"10\" src=\"https:\/\/ikf.ac.at\/wp-content\/uploads\/2021\/01\/linie_IKF.jpg\" class=\"image wp-image-754  attachment-full size-full\" alt=\"\" style=\"max-width: 100%; height: auto;\" srcset=\"https:\/\/ikf.ac.at\/wp-content\/uploads\/2021\/01\/linie_IKF.jpg 2554w, https:\/\/ikf.ac.at\/wp-content\/uploads\/2021\/01\/linie_IKF-300x1.jpg 300w, https:\/\/ikf.ac.at\/wp-content\/uploads\/2021\/01\/linie_IKF-1024x4.jpg 1024w, https:\/\/ikf.ac.at\/wp-content\/uploads\/2021\/01\/linie_IKF-768x3.jpg 768w, https:\/\/ikf.ac.at\/wp-content\/uploads\/2021\/01\/linie_IKF-1536x6.jpg 1536w, https:\/\/ikf.ac.at\/wp-content\/uploads\/2021\/01\/linie_IKF-2048x8.jpg 2048w\" sizes=\"auto, (max-width: 2554px) 100vw, 2554px\" \/><\/div><\/div><\/div><\/div>\n\n\n<div style=\"color:#333\" class=\"wp-block-genesis-blocks-gb-spacer gb-block-spacer gb-divider-solid gb-divider-size-1\"><hr style=\"height:30px\"\/><\/div>\n\n\n<div id=\"pl-gb4055-69f5c786e5adf\"  class=\"panel-layout wp-block-siteorigin-panels-layout-block\" ><div id=\"pg-gb4055-69f5c786e5adf-0\"  class=\"panel-grid panel-no-style\" ><div id=\"pgc-gb4055-69f5c786e5adf-0-0\"  class=\"panel-grid-cell panel-grid-cell-empty\" ><\/div><div id=\"pgc-gb4055-69f5c786e5adf-0-1\"  class=\"panel-grid-cell\" ><div id=\"panel-gb4055-69f5c786e5adf-0-1-0\" class=\"so-panel widget widget_sow-editor panel-first-child panel-last-child\" data-index=\"0\" ><div\n\t\t\t\n\t\t\tclass=\"so-widget-sow-editor so-widget-sow-editor-base\"\n\t\t\t\n\t\t>\n<div class=\"siteorigin-widget-tinymce textwidget\">\n\t<p>completed projects:<\/p>\n<\/div>\n<\/div><\/div><\/div><\/div><\/div>\n\n<div id=\"pl-gb4055-69f5c786e5e74\"  class=\"panel-layout wp-block-siteorigin-panels-layout-block\" ><div id=\"pg-gb4055-69f5c786e5e74-0\"  class=\"panel-grid panel-no-style\" ><div id=\"pgc-gb4055-69f5c786e5e74-0-0\"  class=\"panel-grid-cell panel-grid-cell-empty\" ><\/div><div id=\"pgc-gb4055-69f5c786e5e74-0-1\"  class=\"panel-grid-cell\" ><div id=\"panel-gb4055-69f5c786e5e74-0-1-0\" class=\"so-panel widget widget_sow-editor panel-first-child panel-last-child\" data-index=\"0\" ><div\n\t\t\t\n\t\t\tclass=\"so-widget-sow-editor so-widget-sow-editor-base\"\n\t\t\t\n\t\t>\n<div class=\"siteorigin-widget-tinymce textwidget\">\n\t<table style=\"height: 1248px; width: 100%; border-collapse: collapse;\" border=\"1\">\n<tbody>\n<tr style=\"height: 24px;\">\n<td style=\"width: 7.74441%; border-style: none; height: 24px;\"><\/td>\n<td style=\"width: 92.2557%; height: 24px;\"><\/td>\n<td style=\"width: 0.800915%; height: 24px;\"><\/td>\n<\/tr>\n<tr>\n<td style=\"width: 7.74441%;\">2023:<\/td>\n<td style=\"width: 92.2557%;\"><a href=\"https:\/\/ikf.ac.at\/en\/2023-die-kriminalpolizei-als-motor-zur-durchsetzung-der-nationalsozialistischen-volksgemeinschaft\/\" target=\"_blank\" rel=\"noopener\">Die Kriminalpolizei als Motor zur Durchsetzung der nationalsozialistischen \u201eVolksgemeinschaft\u201c. Eine Auswertung der \u201eKriminalpolizeilichen Strafakten\u201c der Kriminalpolizeistelle Graz<\/a><\/td>\n<td style=\"width: 0.800915%;\"><\/td>\n<\/tr>\n<tr style=\"height: 24px;\">\n<td style=\"width: 7.74441%; height: 24px;\">2022:<\/td>\n<td style=\"width: 92.2557%; height: 24px;\"><a href=\"https:\/\/ikf.ac.at\/en\/schwerpunkte\/hist-sozialforschung\/frauen-ns-verfolgung-2\/2022-anna-burger-kein-schicksal-wie-viele\/\" target=\"_blank\" rel=\"noopener\">Anna Burger \u2013 a Fate (un)like that of many Others. The Persecution of so called \u2018Asocials\u2019, and Family Memory<\/a><\/td>\n<td style=\"width: 0.800915%; height: 24px;\"><\/td>\n<\/tr>\n<tr style=\"height: 24px;\">\n<td style=\"width: 7.74441%; height: 24px;\">2022:<\/td>\n<td style=\"width: 92.2557%; height: 24px;\"><a href=\"https:\/\/ikf.ac.at\/en\/schwerpunkte\/sicherheit\/gewalt\/2022-dgfe-rolle-aufarbeitung-faelle-sexualisierter-gewalt-gegen-kinder-und-jugendliche-durch-paedagogische-professionelle\/\" target=\"_blank\" rel=\"noopener\">The German Educational Research Association and its role in dealing with cases of sexualized violence against children and adolescents by pedagogical professionals<\/a><\/td>\n<td style=\"width: 0.800915%; height: 24px;\"><\/td>\n<\/tr>\n<tr style=\"height: 24px;\">\n<td style=\"width: 7.74441%; height: 24px;\">2020:<\/td>\n<td style=\"width: 92.2557%; height: 24px;\"><a href=\"https:\/\/ikf.ac.at\/en\/schwerpunkte\/hist-sozialforschung\/oral-history\/2020-erarbeitung-von-unterrichtsmaterialien-zur-wanderausstellung-asozial-ausgrenzung-gestern-und-heute\/\" target=\"_blank\" rel=\"noopener\">Development of Teaching Materials accompanying the Touring Exhibition <i>\"asocial\" \u2013 Exclusion Yesterday and Today<\/i> <\/a><\/td>\n<td style=\"width: 0.800915%; height: 24px;\"><\/td>\n<\/tr>\n<tr style=\"height: 24px;\">\n<td style=\"width: 7.74441%; height: 24px;\">2020:<\/td>\n<td style=\"width: 92.2557%; height: 24px;\"><a href=\"https:\/\/ikf.ac.at\/en\/schwerpunkte\/hist-sozialforschung\/frauen-ns-verfolgung-2\/2020-stigma-asozial-die-verfolgung-von-frauen-in-der-ostmark-strukturen-und-behoerdliche-routinen\/\" target=\"_blank\" rel=\"noopener\">Stigma \u201easozial\u201c. Die Verfolgung von Frauen in der \u201eOstmark\u201c \u2013 Strukturen und beh\u00f6rdliche Routinen<\/a><\/td>\n<td style=\"width: 0.800915%; height: 24px;\"><\/td>\n<\/tr>\n<tr style=\"height: 24px;\">\n<td style=\"width: 7.74441%; height: 24px;\">2019:<\/td>\n<td style=\"width: 92.2557%; height: 24px;\"><a href=\"https:\/\/ikf.ac.at\/en\/2019-cpdc-projekte-zu-asozialitaet-und-ausgrenzung\/\" target=\"_blank\" rel=\"noopener\">CPDC-Projekte zu Asozialit\u00e4t und Ausgrenzung<\/a><\/td>\n<td style=\"width: 0.800915%; height: 24px;\"><\/td>\n<\/tr>\n<tr style=\"height: 24px;\">\n<td style=\"width: 7.74441%; height: 24px;\">2018:<\/td>\n<td style=\"width: 92.2557%; height: 24px;\"><a href=\"https:\/\/ikf.ac.at\/en\/schwerpunkte\/hist-sozialforschung\/frauen-ns-verfolgung-2\/2018-meine-mama-war-widerstandskaempferin\/\" target=\"_blank\" rel=\"noopener\">\"My mom was a resistance fighter.\"<\/a><\/td>\n<td style=\"width: 0.800915%; height: 24px;\"><\/td>\n<\/tr>\n<tr style=\"height: 24px;\">\n<td style=\"width: 7.74441%; height: 24px;\">2018:<\/td>\n<td style=\"width: 92.2557%; height: 24px;\"><a href=\"https:\/\/ikf.ac.at\/en\/schwerpunkte\/hist-sozialforschung\/frauen-ns-verfolgung-2\/2018-aktualisierung-webseite-ravensbrueckerinnen\/\" target=\"_blank\" rel=\"noopener\">Aktualisierung der Webseite &#8220;www.ravensbrueckerinnen.at&#8221;<\/a><\/td>\n<td style=\"width: 0.800915%; height: 24px;\"><\/td>\n<\/tr>\n<tr style=\"height: 24px;\">\n<td style=\"width: 7.74441%; height: 24px;\">2017:<\/td>\n<td style=\"width: 92.2557%; height: 24px;\"><a href=\"https:\/\/ikf.ac.at\/en\/schwerpunkte\/hist-sozialforschung\/frauen-ns-verfolgung-2\/2017-asozial-im-nationalsozialismus-und-die-fortschreibung-im-nachkriegsoesterreich\/\" target=\"_blank\" rel=\"noopener\">\"Asocial\" during National Socialism and the continuities of discrimination in post-war Austria. The female inmates of the concentration           camps Ravensbr\u00fcck and Uckermark<\/a><\/td>\n<td style=\"width: 0.800915%; height: 24px;\"><\/td>\n<\/tr>\n<tr style=\"height: 24px;\">\n<td style=\"width: 7.74441%; height: 24px;\">2017:<\/td>\n<td style=\"width: 92.2557%; height: 24px;\"><a href=\"https:\/\/ikf.ac.at\/en\/schwerpunkte\/hist-sozialforschung\/oral-history\/2017-wissenschaftliche-recherche-zum-dokumentarfilm-liebe-war-es-nie\/\" target=\"_blank\" rel=\"noopener\">Scientific research for the documentary \"Love it was not\"<\/a><\/td>\n<td style=\"width: 0.800915%; height: 24px;\"><\/td>\n<\/tr>\n<tr style=\"height: 24px;\">\n<td style=\"width: 7.74441%; height: 24px;\">2014:<\/td>\n<td style=\"width: 92.2557%; height: 24px;\"><a href=\"https:\/\/ikf.ac.at\/en\/schwerpunkte\/hist-sozialforschung\/oral-history\/2014-vom-ueberschreiten-der-grenzen-das-leben-und-werk-von-herbert-steiner-1923-2001\/\" target=\"_blank\" rel=\"noopener\">Vom \u00dcberschreiten der Grenzen: Das Leben und Werk von Herbert Steiner (1923\u20132001)<\/a><\/td>\n<td style=\"width: 0.800915%; height: 24px;\"><\/td>\n<\/tr>\n<tr style=\"height: 24px;\">\n<td style=\"width: 7.74441%; height: 24px;\">2014:<\/td>\n<td style=\"width: 92.2557%; height: 24px;\"><a href=\"https:\/\/ikf.ac.at\/en\/schwerpunkte\/sicherheit\/gewalt\/2014-commun-aid\/\" target=\"_blank\" rel=\"noopener\">Increasing the capacity of domestic workers of different origins to respond to sexual violence through community-based interventions (COMMUN-AID)<\/a><\/td>\n<td style=\"width: 0.800915%; height: 24px;\"><\/td>\n<\/tr>\n<tr style=\"height: 24px;\">\n<td style=\"width: 7.74441%; height: 24px;\">2013:<\/td>\n<td style=\"width: 92.2557%; height: 24px;\"><a href=\"https:\/\/ikf.ac.at\/en\/schwerpunkte\/hist-sozialforschung\/oral-history\/2013-bewusstseinsregion-mauthausen-gusen-st-georgen\/\" target=\"_blank\" rel=\"noopener\">The \"Region of Consciousness\" Mauthausen \u2212 Gusen \u2212 St. Georgen. Space of Commemoration and Learning<\/a><\/td>\n<td style=\"width: 0.800915%; height: 24px;\"><\/td>\n<\/tr>\n<tr style=\"height: 24px;\">\n<td style=\"width: 7.74441%; height: 24px;\">2013:<\/td>\n<td style=\"width: 92.2557%; height: 24px;\"><a href=\"https:\/\/ikf.ac.at\/en\/schwerpunkte\/hist-sozialforschung\/2013-namentliche-erfassung-der-ehemals-inhaftierten-oesterreicherinnen-im-kz-ravensbrueck-erstellung-interaktive-website\/\" target=\"_blank\" rel=\"noopener\">Collection of Names of Austrian Inmates of the Ravensbr\u00fcck Concentration Camp \u2013 Analysis of the Data Bank and Creation of an Interactive Website<\/a><\/td>\n<td style=\"width: 0.800915%; height: 24px;\"><\/td>\n<\/tr>\n<tr style=\"height: 24px;\">\n<td style=\"width: 7.74441%; height: 24px;\">2012:<\/td>\n<td style=\"width: 92.2557%; height: 24px;\"><a href=\"https:\/\/ikf.ac.at\/en\/schwerpunkte\/hist-sozialforschung\/oral-history\/2012-ehemaliges-konzentrationslager-gusen-st-georgen-denkmale-und-standortentwicklung\/\" target=\"_blank\" rel=\"noopener\">Ehemaliges Konzentrationslager Gusen\/St. Georgen, Denkmale und Standortentwicklung<\/a><\/td>\n<td style=\"width: 0.800915%; height: 24px;\"><\/td>\n<\/tr>\n<tr style=\"height: 24px;\">\n<td style=\"width: 7.74441%; height: 24px;\">2012:<\/td>\n<td style=\"width: 92.2557%; height: 24px;\"><a href=\"https:\/\/ikf.ac.at\/en\/schwerpunkte\/hist-sozialforschung\/oral-history\/2012-geschichtsbuch-mitteleuropa\/\" target=\"_blank\" rel=\"noopener\">Geschichtsbuch Mitteleuropa<\/a><\/td>\n<td style=\"width: 0.800915%; height: 24px;\"><\/td>\n<\/tr>\n<tr style=\"height: 24px;\">\n<td style=\"width: 7.74441%; height: 24px;\">2011:<\/td>\n<td style=\"width: 92.2557%; height: 24px;\"><a href=\"https:\/\/ikf.ac.at\/en\/schwerpunkte\/hist-sozialforschung\/oral-history\/2011-zeitlebens-konsequent-hermann-langbein-1912-1995-eine-politische-biographie\/\" target=\"_blank\" rel=\"noopener\">Zeitlebens konsequent. Hermann Langbein (1912-1995). Eine politische Biographie<\/a><\/td>\n<td style=\"width: 0.800915%; height: 24px;\"><\/td>\n<\/tr>\n<tr style=\"height: 24px;\">\n<td style=\"width: 7.74441%; height: 24px;\">2011:<\/td>\n<td style=\"width: 92.2557%; height: 24px;\"><a href=\"https:\/\/ikf.ac.at\/en\/schwerpunkte\/cleavages\/integration-migration\/2011-communities-in-dialogue\/\" target=\"_blank\" rel=\"noopener\">Communities in Dialogue: How to bring People at the Margins into Policy Making<\/a><\/td>\n<td style=\"width: 0.800915%; height: 24px;\"><\/td>\n<\/tr>\n<tr style=\"height: 24px;\">\n<td style=\"width: 7.74441%; height: 24px;\">2010:<\/td>\n<td style=\"width: 92.2557%; height: 24px;\"><a href=\"https:\/\/ikf.ac.at\/en\/schwerpunkte\/cleavages\/integration-migration\/2010-integration-and-diversity-in-education-in-europe\/\" target=\"_blank\" rel=\"noopener\">&#8220;Integration and Diversity in Education in Europe&#8221; \u2013 International Overview<\/a><\/td>\n<td style=\"width: 0.800915%; height: 24px;\"><\/td>\n<\/tr>\n<tr style=\"height: 24px;\">\n<td style=\"width: 7.74441%; height: 24px;\">2010:<\/td>\n<td style=\"width: 92.2557%; height: 24px;\"><a href=\"https:\/\/ikf.ac.at\/en\/schwerpunkte\/hist-sozialforschung\/frauen-ns-verfolgung-2\/2010-weibliche-haeftlinge-im-kz-mauthausen-und-seinen-aussenlagern-hauptstudie\/\" target=\"_blank\" rel=\"noopener\">Weibliche H\u00e4ftlinge im KZ Mauthausen und seinen Au\u00dfenlagern (Hauptstudie)<\/a><\/td>\n<td style=\"width: 0.800915%; height: 24px;\"><\/td>\n<\/tr>\n<tr style=\"height: 24px;\">\n<td style=\"width: 7.74441%; height: 24px;\">2010:<\/td>\n<td style=\"width: 92.2557%; height: 24px;\"><a href=\"https:\/\/ikf.ac.at\/en\/schwerpunkte\/cleavages\/integration-migration\/2010-integrationspartnerschaft-steiermark-leitbild-und-strategieentwicklung\/\" target=\"_blank\" rel=\"noopener\">Integrationspartnerschaft Steiermark \u2013 Leitbild\u2013 und Strategieentwicklung<\/a><\/td>\n<td style=\"width: 0.800915%; height: 24px;\"><\/td>\n<\/tr>\n<tr style=\"height: 24px;\">\n<td style=\"width: 7.74441%; height: 24px;\">2010:<\/td>\n<td style=\"width: 92.2557%; height: 24px;\"><a href=\"https:\/\/ikf.ac.at\/en\/schwerpunkte\/cleavages\/integration-migration\/2009-beratungsangebot-szenarioentwicklung-kommunale-integrationspolitik\/\" target=\"_blank\" rel=\"noopener\">(Szenario:i) Ein Beratungsangebot zur Szenarioentwicklung in der kommunalen Integrationspolitik<\/a><\/td>\n<td style=\"width: 0.800915%; height: 24px;\"><\/td>\n<\/tr>\n<tr style=\"height: 24px;\">\n<td style=\"width: 7.74441%; height: 24px;\">2009:<\/td>\n<td style=\"width: 92.2557%; height: 24px;\"><a href=\"https:\/\/ikf.ac.at\/en\/schwerpunkte\/hist-sozialforschung\/frauen-ns-verfolgung-2\/2009-namentliche-erfassung-inhaftierten-oesterreicherinnen-kz-ravensbrueck-ausweitung-archivrecherchen\/\" target=\"_blank\" rel=\"noopener\">Namentliche Erfassung der ehemals inhaftierten \u00d6sterreicherInnen im KZ Ravensbr\u00fcck \u2013 Ausweitung der Archivrecherchen<\/a><\/td>\n<td style=\"width: 0.800915%; height: 24px;\"><\/td>\n<\/tr>\n<tr style=\"height: 24px;\">\n<td style=\"width: 7.74441%; height: 24px;\">2008:<\/td>\n<td style=\"width: 92.2557%; height: 24px;\"><a href=\"https:\/\/ikf.ac.at\/en\/schwerpunkte\/hist-sozialforschung\/frauen-ns-verfolgung-2\/2008-ehemalige-weibliche-haeftlinge-in-nebenlagern-des-kz-mauthausen-pilotstudie\/\" target=\"_blank\" rel=\"noopener\">Ehemalige weibliche H\u00e4ftlinge (in Nebenlagern) des KZ Mauthausen (Pilotstudie)<\/a><\/td>\n<td style=\"width: 0.800915%; height: 24px;\"><\/td>\n<\/tr>\n<tr style=\"height: 24px;\">\n<td style=\"width: 7.74441%; height: 24px;\">2007:<\/td>\n<td style=\"width: 92.2557%; height: 24px;\"><a href=\"https:\/\/ikf.ac.at\/en\/schwerpunkte\/hist-sozialforschung\/frauen-ns-verfolgung-2\/2007-oesterreichische-lagergemeinschaft-ravensbrueck\/\" target=\"_blank\" rel=\"noopener\">\u00d6sterreichische Lagergemeinschaft Ravensbr\u00fcck<\/a><\/td>\n<td style=\"width: 0.800915%; height: 24px;\"><\/td>\n<\/tr>\n<tr style=\"height: 24px;\">\n<td style=\"width: 7.74441%; height: 24px;\">2007:<\/td>\n<td style=\"width: 92.2557%; height: 24px;\"><a href=\"https:\/\/ikf.ac.at\/en\/schwerpunkte\/cleavages\/integration-migration\/2007-integrationsleitbild-niederoesterreich\/\" target=\"_blank\" rel=\"noopener\">Integrationsleitbild Nieder\u00f6sterreich \u2013 Evaluierung und Grundlagenerhebung<\/a><\/td>\n<td style=\"width: 0.800915%; height: 24px;\"><\/td>\n<\/tr>\n<tr style=\"height: 24px;\">\n<td style=\"width: 7.74441%; height: 24px;\">2006:<\/td>\n<td style=\"width: 92.2557%; height: 24px;\"><a href=\"https:\/\/ikf.ac.at\/en\/schwerpunkte\/hist-sozialforschung\/frauen-ns-verfolgung-2\/2007-dokumentation-der-geschichte-der-oesterreichischen-lagergemeinschaft-ravensbrueck\/\" target=\"_blank\" rel=\"noopener\">Dokumentation der Geschichte der \u00d6sterreichischen Lagergemeinschaft Ravensbr\u00fcck<\/a><\/td>\n<td style=\"width: 0.800915%; height: 24px;\"><\/td>\n<\/tr>\n<tr style=\"height: 24px;\">\n<td style=\"width: 7.74441%; height: 24px;\">2006:<\/td>\n<td style=\"width: 92.2557%; height: 24px;\"><a href=\"https:\/\/ikf.ac.at\/en\/schwerpunkte\/cleavages\/integration-migration\/2006-integration-als-kommunales-politikfeld\/\" target=\"_blank\" rel=\"noopener\">Integration als kommunales Politikfeld<\/a><\/td>\n<td style=\"width: 0.800915%; height: 24px;\"><\/td>\n<\/tr>\n<tr style=\"height: 24px;\">\n<td style=\"width: 7.74441%; height: 24px;\">2005:<\/td>\n<td style=\"width: 92.2557%; height: 24px;\"><a href=\"https:\/\/ikf.ac.at\/en\/schwerpunkte\/cleavages\/integration-migration\/2005-stimmungsbild-niederoesterreichische-gemeinden-integration\/\" target=\"_blank\" rel=\"noopener\">Stimmungsbild \u2013 Erhebung von Problem\u2013 und Bed\u00fcrfnislagen der nieder\u00f6sterreichischen Gemeinden in Bezug auf Integration<\/a><\/td>\n<td style=\"width: 0.800915%; height: 24px;\"><\/td>\n<\/tr>\n<tr style=\"height: 24px;\">\n<td style=\"width: 7.74441%; height: 24px;\">2005:<\/td>\n<td style=\"width: 92.2557%; height: 24px;\"><a href=\"https:\/\/ikf.ac.at\/en\/schwerpunkte\/hist-sozialforschung\/frauen-ns-verfolgung-2\/2005-namentliche-erfassung-ehemalige-wiener-inhaftierten-frauenkonzentrationslager-ravensbrueck\/\" target=\"_blank\" rel=\"noopener\">Die namentliche Erfassung der ehemaligen Wiener Inhaftierten im Frauenkonzentrationslager Ravensbr\u00fcck<\/a><\/td>\n<td style=\"width: 0.800915%; height: 24px;\"><\/td>\n<\/tr>\n<tr style=\"height: 24px;\">\n<td style=\"width: 7.74441%; height: 24px;\">2005:<\/td>\n<td style=\"width: 92.2557%; height: 24px;\"><a href=\"https:\/\/ikf.ac.at\/en\/schwerpunkte\/demokratie\/demokratieentwicklung\/2005-das-neue-oesterreich-ausstellung-staatsvertragsjubilaeum-1955-2005\/\" target=\"_blank\" rel=\"noopener\">Das neue \u00d6sterreich \u2013 Die Ausstellung zum Staatsvertragsjubil\u00e4um 1955\/2005<\/a><\/td>\n<td style=\"width: 0.800915%; height: 24px;\"><\/td>\n<\/tr>\n<tr style=\"height: 24px;\">\n<td style=\"width: 7.74441%; height: 24px;\">2005:<\/td>\n<td style=\"width: 92.2557%; height: 24px;\"><a href=\"https:\/\/ikf.ac.at\/en\/schwerpunkte\/cleavages\/antisemitismus\/2005-verschiedene-herkunft-gemeinsame-zukunft-aktion-2-und-3\/\" target=\"_blank\" rel=\"noopener\">Verschiedene Herkunft \u2013 gemeinsame Zukunft. Strategien und Ma\u00dfnahmen gegen Rassismus und Fremdenfeindlichkeit \u2013 Aktion 2 und 3<\/a><\/td>\n<td style=\"width: 0.800915%; height: 24px;\"><\/td>\n<\/tr>\n<tr style=\"height: 24px;\">\n<td style=\"width: 7.74441%; height: 24px;\">2005:<\/td>\n<td style=\"width: 92.2557%; height: 24px;\"><a href=\"https:\/\/ikf.ac.at\/en\/schwerpunkte\/cleavages\/antisemitismus\/2005-privileg-der-unsichtbarkeit\/\" target=\"_blank\" rel=\"noopener\">Das Privileg der Unsichtbarkeit<\/a><\/td>\n<td style=\"width: 0.800915%; height: 24px;\"><\/td>\n<\/tr>\n<tr style=\"height: 24px;\">\n<td style=\"width: 7.74441%; height: 24px;\">2004:<\/td>\n<td style=\"width: 92.2557%; height: 24px;\"><a href=\"https:\/\/ikf.ac.at\/en\/schwerpunkte\/cleavages\/gender\/2004-praevention-postpartaler-depression\/\" target=\"_blank\" rel=\"noopener\">Pr\u00e4vention Postpartaler Depression<\/a><\/td>\n<td style=\"width: 0.800915%; height: 24px;\"><\/td>\n<\/tr>\n<tr style=\"height: 24px;\">\n<td style=\"width: 7.74441%; height: 24px;\">2004:<\/td>\n<td style=\"width: 92.2557%; height: 24px;\"><a href=\"https:\/\/ikf.ac.at\/en\/schwerpunkte\/hist-sozialforschung\/oral-history\/2004-emigration-flucht-vertreibung-migrationsbewegungen-oesterreichischer-juedinnen-und-juden-nach-palaestina-1934-1948\/\" target=\"_blank\" rel=\"noopener\">Emigration \u2013 Flucht \u2013 Vertreibung. Migrationsbewegungen \u00f6sterreichischer J\u00fcdinnen und Juden nach Pal\u00e4stina 1934-1948<\/a><\/td>\n<td style=\"width: 0.800915%; height: 24px;\"><\/td>\n<\/tr>\n<tr style=\"height: 24px;\">\n<td style=\"width: 7.74441%; height: 24px;\">2003:<\/td>\n<td style=\"width: 92.2557%; height: 24px;\"><a href=\"https:\/\/ikf.ac.at\/en\/schwerpunkte\/hist-sozialforschung\/oral-history\/2003-zeitzeuginnenprojekt-kz-gedenkstaette-mauthausen-mauthausen-survivors-documentation-project\/\" target=\"_blank\" rel=\"noopener\">ZeitzeugInnenprojekt KZ-Gedenkst\u00e4tte Mauthausen \/ Mauthausen Survivors Documentation Project<\/a><\/td>\n<td style=\"width: 0.800915%; height: 24px;\"><\/td>\n<\/tr>\n<tr style=\"height: 24px;\">\n<td style=\"width: 7.74441%; height: 24px;\">2003:<\/td>\n<td style=\"width: 92.2557%; height: 24px;\"><a href=\"https:\/\/ikf.ac.at\/en\/schwerpunkte\/hist-sozialforschung\/frauen-ns-verfolgung-2\/2003-sexuelle-gewalt-gegen-verfolgte-des-nationalsozialismus\/\" target=\"_blank\" rel=\"noopener\">Sexuelle Gewalt gegen Verfolgte des Nationalsozialismus<\/a><\/td>\n<td style=\"width: 0.800915%; height: 24px;\"><\/td>\n<\/tr>\n<tr style=\"height: 24px;\">\n<td style=\"width: 7.74441%; height: 24px;\">2002:<\/td>\n<td style=\"width: 92.2557%; height: 24px;\"><a href=\"https:\/\/ikf.ac.at\/en\/schwerpunkte\/cleavages\/antisemitismus\/2002-verschiedene-herkunft-gemeinsame-zukunft-aktion-1\/\" target=\"_blank\" rel=\"noopener\">Verschiedene Herkunft \u2013 gemeinsame Zukunft. Strategien und Ma\u00dfnahmen gegen Rassismus und Fremdenfeindlichkeit \u2013 Aktion 1<\/a><\/td>\n<td style=\"width: 0.800915%; height: 24px;\"><\/td>\n<\/tr>\n<tr style=\"height: 24px;\">\n<td style=\"width: 7.74441%; height: 24px;\">2002:<\/td>\n<td style=\"width: 92.2557%; height: 24px;\"><a href=\"https:\/\/ikf.ac.at\/en\/schwerpunkte\/cleavages\/integration-migration\/2002-handbuch-bericht-ueber-migration-und-integration-in-oesterreich-kapitel-8\/\" target=\"_blank\" rel=\"noopener\">Handbuch &#8220;Bericht \u00fcber Migration und Integration in \u00d6sterreich&#8221; Kapitel 8: Gesundheit und medizinische Versorgung von MigrantInnen<\/a><\/td>\n<td style=\"width: 0.800915%; height: 24px;\"><\/td>\n<\/tr>\n<tr style=\"height: 24px;\">\n<td style=\"width: 7.74441%; height: 24px;\">2001:<\/td>\n<td style=\"width: 92.2557%; height: 24px;\"><a href=\"https:\/\/ikf.ac.at\/en\/schwerpunkte\/cleavages\/integration-migration\/2001-zugewanderte-patientinnen-im-wiener-gesundheitssystem\/\" target=\"_blank\" rel=\"noopener\">Zugewanderte PatientInnen im Wiener Gesundheitssystem<\/a><\/td>\n<td style=\"width: 0.800915%; height: 24px;\"><\/td>\n<\/tr>\n<tr style=\"height: 24px;\">\n<td style=\"width: 7.74441%; height: 24px;\">2001:<\/td>\n<td style=\"width: 92.2557%; height: 24px;\"><a href=\"https:\/\/ikf.ac.at\/en\/schwerpunkte\/sicherheit\/sozialstaat\/2001-alleinerzieherinnen-in-wien\/\" target=\"_blank\" rel=\"noopener\">Alleinerzieherinnen in Wien<\/a><\/td>\n<td style=\"width: 0.800915%; height: 24px;\"><\/td>\n<\/tr>\n<tr style=\"height: 24px;\">\n<td style=\"width: 7.74441%; height: 24px;\">2001:<\/td>\n<td style=\"width: 92.2557%; height: 24px;\"><a href=\"https:\/\/ikf.ac.at\/en\/schwerpunkte\/cleavages\/antisemitismus\/2001-forschungsdokumentation-fremdenfeindlichkeit-in-oesterreich-2\/\" target=\"_blank\" rel=\"noopener\">Forschungsdokumentation &#8220;Fremdenfeindlichkeit in \u00d6sterreich&#8221;\/2<\/a><\/td>\n<td style=\"width: 0.800915%; height: 24px;\"><\/td>\n<\/tr>\n<tr style=\"height: 24px;\">\n<td style=\"width: 7.74441%; height: 24px;\">2000:<\/td>\n<td style=\"width: 92.2557%; height: 24px;\"><a href=\"https:\/\/ikf.ac.at\/en\/schwerpunkte\/cleavages\/gender\/2000-rechtsextreme-parteien-frauen\/\" target=\"_blank\" rel=\"noopener\">Rechtsextreme Parteien \u2013 eine m\u00f6gliche Heimat f\u00fcr Frauen?<\/a><\/td>\n<td style=\"width: 0.800915%; height: 24px;\"><\/td>\n<\/tr>\n<tr style=\"height: 24px;\">\n<td style=\"width: 7.74441%; height: 24px;\">2000:<\/td>\n<td style=\"width: 92.2557%; height: 24px;\"><a href=\"https:\/\/ikf.ac.at\/en\/schwerpunkte\/hist-sozialforschung\/frauen-ns-verfolgung-2\/2000-lebenserinnerungen-dokumentation-ueber-inhaftierte-oesterreicherinnen-frauenkonzentrationslager-ravensbrueck\/\" target=\"_blank\" rel=\"noopener\">Lebenserinnerungen. Eine Dokumentation \u00fcber die inhaftierten \u00d6sterreicherinnen im Frauenkonzentrationslager Ravensbr\u00fcck<\/a><\/td>\n<td style=\"width: 0.800915%; height: 24px;\"><\/td>\n<\/tr>\n<tr style=\"height: 24px;\">\n<td style=\"width: 7.74441%; height: 24px;\">2000:<\/td>\n<td style=\"width: 92.2557%; height: 24px;\"><a href=\"https:\/\/ikf.ac.at\/en\/schwerpunkte\/cleavages\/integration-migration\/2000-integrationsindikatoren-wien\/\" target=\"_blank\" rel=\"noopener\">Integrationsindikatoren. Zur Nachhaltigkeit der Wiener Integrationspolitik<\/a><\/td>\n<td style=\"width: 0.800915%; height: 24px;\"><\/td>\n<\/tr>\n<tr style=\"height: 24px;\">\n<td style=\"width: 7.74441%; height: 24px;\">1999:<\/td>\n<td style=\"width: 92.2557%; height: 24px;\"><a href=\"https:\/\/ikf.ac.at\/en\/schwerpunkte\/sicherheit\/gewalt\/1999-begleitstudie-implementierung-bundesgesetz-zum-schutz-vor-gewalt-in-der-familie\/\" target=\"_blank\" rel=\"noopener\">Begleitstudie zur Implementierung des Bundesgesetzes zum Schutz vor Gewalt in der Familie<\/a><\/td>\n<td style=\"width: 0.800915%; height: 24px;\"><\/td>\n<\/tr>\n<tr style=\"height: 24px;\">\n<td style=\"width: 7.74441%; height: 24px;\">1999:<\/td>\n<td style=\"width: 92.2557%; height: 24px;\"><a href=\"https:\/\/ikf.ac.at\/en\/schwerpunkte\/cleavages\/gender\/1999-bedarfserhebung-massnahmen-weibliche-prostituierte-wien\/\" target=\"_blank\" rel=\"noopener\">Bedarfserhebung \u2013 Ma\u00dfnahmen f\u00fcr weibliche Prostituierte in Wien<\/a><\/td>\n<td style=\"width: 0.800915%; height: 24px;\"><\/td>\n<\/tr>\n<tr style=\"height: 24px;\">\n<td style=\"width: 7.74441%; height: 24px;\">1998:<\/td>\n<td style=\"width: 92.2557%; height: 24px;\"><a href=\"https:\/\/ikf.ac.at\/en\/schwerpunkte\/cleavages\/antisemitismus\/1998-nationalsozialistische-tendenzen-oesterreich-90er-jahre\/\" target=\"_blank\" rel=\"noopener\">Nationalsozialistische Tendenzen in \u00d6sterreich in den 90er Jahren. Eine soziodemographische Analyse von Tatverd\u00e4chtigen in Zusammenhang mit NS-Wiederbet\u00e4tigung, Fremdenfeindlichkeit und Antisemitismus<\/a><\/td>\n<td style=\"width: 0.800915%; height: 24px;\"><\/td>\n<\/tr>\n<tr style=\"height: 24px;\">\n<td style=\"width: 7.74441%; height: 24px;\">1997:<\/td>\n<td style=\"width: 92.2557%; height: 24px;\"><a href=\"https:\/\/ikf.ac.at\/en\/schwerpunkte\/sicherheit\/sozialstaat\/1997-beduerfnisstrukturen-und-wohnrealitaet\/\" target=\"_blank\" rel=\"noopener\">Bed\u00fcrfnisstrukturen und Wohnrealit\u00e4t<\/a><\/td>\n<td style=\"width: 0.800915%; height: 24px;\"><\/td>\n<\/tr>\n<tr style=\"height: 24px;\">\n<td style=\"width: 7.74441%; height: 24px;\">1997:<\/td>\n<td style=\"width: 92.2557%; height: 24px;\"><a href=\"https:\/\/ikf.ac.at\/en\/schwerpunkte\/cleavages\/antisemitismus\/1997-forschungsdokumentation-fremdenfeindlichkeit-in-oesterreich\/\" target=\"_blank\" rel=\"noopener\">Forschungsdokumentation zum Thema Fremdenfeindlichkeit in \u00d6sterreich<\/a><\/td>\n<td style=\"width: 0.800915%; height: 24px;\"><\/td>\n<\/tr>\n<tr style=\"height: 24px;\">\n<td style=\"width: 7.74441%; height: 24px;\">1997:<\/td>\n<td style=\"width: 92.2557%; height: 24px;\"><a href=\"https:\/\/ikf.ac.at\/en\/schwerpunkte\/cleavages\/integration-migration\/1997-gesellschaftliche-dynamik-grenzraum-oesterreich-slowakei\/\" target=\"_blank\" rel=\"noopener\">Gesellschaftliche Dynamik im Grenzraum \u00d6sterreich-Slowakei<\/a><\/td>\n<td style=\"width: 0.800915%; height: 24px;\"><\/td>\n<\/tr>\n<tr style=\"height: 24px;\">\n<td style=\"width: 7.74441%; height: 24px;\">1996:<\/td>\n<td style=\"width: 92.2557%; height: 24px;\"><a href=\"https:\/\/ikf.ac.at\/en\/schwerpunkte\/cleavages\/antisemitismus\/1996-rassismen-feminismen-analysen-afrikanisch-amerikanischer-wissenschafterinnen-bedeutung-oesterreich\/\" target=\"_blank\" rel=\"noopener\">Rassismen &amp; Feminismen. Ausgew\u00e4hlte Analysen afrikanisch-amerikanischer Wissenschafterinnen und ihre Bedeutung f\u00fcr \u00d6sterreich<\/a><\/td>\n<td style=\"width: 0.800915%; height: 24px;\"><\/td>\n<\/tr>\n<tr style=\"height: 24px;\">\n<td style=\"width: 7.74441%; height: 24px;\">1996:<\/td>\n<td style=\"width: 92.2557%; height: 24px;\"><a href=\"https:\/\/ikf.ac.at\/en\/schwerpunkte\/hist-sozialforschung\/oral-history\/1996-100-jahre-illustrierte-neue-welt-geschichte-einer-zeitschrift\/\" target=\"_blank\" rel=\"noopener\">100 Jahre Illustrierte Neue Welt. Geschichte einer Zeitschrift<\/a><\/td>\n<td style=\"width: 0.800915%; height: 24px;\"><\/td>\n<\/tr>\n<tr style=\"height: 24px;\">\n<td style=\"width: 7.74441%; height: 24px;\">1995:<\/td>\n<td style=\"width: 92.2557%; height: 24px;\"><a href=\"https:\/\/ikf.ac.at\/en\/schwerpunkte\/cleavages\/integration-migration\/1995-grenzueberschreitung-wien-bratislava\/\" target=\"_blank\" rel=\"noopener\">Grenz\u00fcberschreitung Wien \u2013 Bratislava. Zur politischen Dynamik einer urbanen Zusammenarbeit<\/a><\/td>\n<td style=\"width: 0.800915%; height: 24px;\"><\/td>\n<\/tr>\n<\/tbody>\n<\/table>\n<\/div>\n<\/div><\/div><\/div><\/div><\/div>\n\n\n<div style=\"color:#333\" class=\"wp-block-genesis-blocks-gb-spacer gb-block-spacer gb-divider-solid gb-spacer-divider gb-divider-size-1\"><hr style=\"height:120px\"\/><\/div>\n<\/div><\/div><\/div>","protected":false},"excerpt":{"rendered":"","protected":false},"author":2,"featured_media":0,"parent":0,"menu_order":0,"comment_status":"closed","ping_status":"closed","template":"","meta":{"footnotes":""},"class_list":["post-4055","page","type-page","status-publish","hentry","post"],"featured_image_src":null,"featured_image_src_square":null,"_links":{"self":[{"href":"https:\/\/ikf.ac.at\/en\/wp-json\/wp\/v2\/pages\/4055","targetHints":{"allow":["GET"]}}],"collection":[{"href":"https:\/\/ikf.ac.at\/en\/wp-json\/wp\/v2\/pages"}],"about":[{"href":"https:\/\/ikf.ac.at\/en\/wp-json\/wp\/v2\/types\/page"}],"author":[{"embeddable":true,"href":"https:\/\/ikf.ac.at\/en\/wp-json\/wp\/v2\/users\/2"}],"replies":[{"embeddable":true,"href":"https:\/\/ikf.ac.at\/en\/wp-json\/wp\/v2\/comments?post=4055"}],"version-history":[{"count":9,"href":"https:\/\/ikf.ac.at\/en\/wp-json\/wp\/v2\/pages\/4055\/revisions"}],"predecessor-version":[{"id":5619,"href":"https:\/\/ikf.ac.at\/en\/wp-json\/wp\/v2\/pages\/4055\/revisions\/5619"}],"wp:attachment":[{"href":"https:\/\/ikf.ac.at\/en\/wp-json\/wp\/v2\/media?parent=4055"}],"curies":[{"name":"wp","href":"https:\/\/api.w.org\/{rel}","templated":true}]}}