{"id":3933,"date":"2023-03-09T13:45:01","date_gmt":"2023-03-09T13:45:01","guid":{"rendered":"http:\/\/test-ikf.online\/?page_id=3933"},"modified":"2026-03-11T10:03:29","modified_gmt":"2026-03-11T10:03:29","slug":"projekte-birgitt-haller","status":"publish","type":"page","link":"https:\/\/ikf.ac.at\/en\/projekte-birgitt-haller","title":{"rendered":"Projekte &#8211; Birgitt Haller"},"content":{"rendered":"<div class=\"wp-block-atomic-blocks-ab-container alignfull ab-block-container\"><div class=\"ab-container-inside\"><div class=\"ab-container-content\"><div id=\"pl-gb3933-69f2d4a9138fd\"  class=\"panel-layout wp-block-siteorigin-panels-layout-block\" ><div id=\"pg-gb3933-69f2d4a9138fd-0\"  class=\"panel-grid panel-no-style\" ><div id=\"pgc-gb3933-69f2d4a9138fd-0-0\"  class=\"panel-grid-cell\" ><div id=\"panel-gb3933-69f2d4a9138fd-0-0-0\" class=\"so-panel widget widget_media_image panel-first-child panel-last-child\" data-index=\"0\" ><img loading=\"lazy\" decoding=\"async\" width=\"2554\" height=\"10\" src=\"https:\/\/ikf.ac.at\/wp-content\/uploads\/2021\/01\/linie_IKF.jpg\" class=\"image wp-image-754  attachment-full size-full\" alt=\"\" style=\"max-width: 100%; height: auto;\" srcset=\"https:\/\/ikf.ac.at\/wp-content\/uploads\/2021\/01\/linie_IKF.jpg 2554w, https:\/\/ikf.ac.at\/wp-content\/uploads\/2021\/01\/linie_IKF-300x1.jpg 300w, https:\/\/ikf.ac.at\/wp-content\/uploads\/2021\/01\/linie_IKF-1024x4.jpg 1024w, https:\/\/ikf.ac.at\/wp-content\/uploads\/2021\/01\/linie_IKF-768x3.jpg 768w, https:\/\/ikf.ac.at\/wp-content\/uploads\/2021\/01\/linie_IKF-1536x6.jpg 1536w, https:\/\/ikf.ac.at\/wp-content\/uploads\/2021\/01\/linie_IKF-2048x8.jpg 2048w\" sizes=\"auto, (max-width: 2554px) 100vw, 2554px\" \/><\/div><\/div><\/div><\/div>\n\n\n<div style=\"color:#ddd\" class=\"wp-block-genesis-blocks-gb-spacer gb-block-spacer gb-divider-solid gb-divider-size-1\"><hr style=\"height:30px\"\/><\/div>\n\n\n<div id=\"pl-gb3933-69f2d4a91420f\"  class=\"panel-layout wp-block-siteorigin-panels-layout-block\" ><div id=\"pg-gb3933-69f2d4a91420f-0\"  class=\"panel-grid panel-no-style\" ><div id=\"pgc-gb3933-69f2d4a91420f-0-0\"  class=\"panel-grid-cell\" ><div id=\"panel-gb3933-69f2d4a91420f-0-0-0\" class=\"so-panel widget widget_sow-editor panel-first-child panel-last-child\" data-index=\"0\" ><div\n\t\t\t\n\t\t\tclass=\"so-widget-sow-editor so-widget-sow-editor-base\"\n\t\t\t\n\t\t>\n<div class=\"siteorigin-widget-tinymce textwidget\">\n\t<\/div>\n<\/div><\/div><\/div><div id=\"pgc-gb3933-69f2d4a91420f-0-1\"  class=\"panel-grid-cell\" ><div id=\"panel-gb3933-69f2d4a91420f-0-1-0\" class=\"so-panel widget widget_sow-editor panel-first-child panel-last-child\" data-index=\"1\" ><div\n\t\t\t\n\t\t\tclass=\"so-widget-sow-editor so-widget-sow-editor-base\"\n\t\t\t\n\t\t>\n<div class=\"siteorigin-widget-tinymce textwidget\">\n\t<p>completed projects:<\/p>\n<\/div>\n<\/div><\/div><\/div><\/div><\/div>\n\n\n<div class=\"wp-block-atomic-blocks-ab-container ab-block-container\"><div class=\"ab-container-inside\"><div class=\"ab-container-content\"><div id=\"pl-gb3933-69f2d4a914b45\"  class=\"panel-layout wp-block-siteorigin-panels-layout-block\" ><div id=\"pg-gb3933-69f2d4a914b45-0\"  class=\"panel-grid panel-no-style\" ><div id=\"pgc-gb3933-69f2d4a914b45-0-0\"  class=\"panel-grid-cell panel-grid-cell-empty\" ><\/div><div id=\"pgc-gb3933-69f2d4a914b45-0-1\"  class=\"panel-grid-cell\" ><div id=\"panel-gb3933-69f2d4a914b45-0-1-0\" class=\"so-panel widget widget_sow-editor panel-first-child panel-last-child\" data-index=\"0\" ><div\n\t\t\t\n\t\t\tclass=\"so-widget-sow-editor so-widget-sow-editor-base\"\n\t\t\t\n\t\t>\n<div class=\"siteorigin-widget-tinymce textwidget\">\n\t<table style=\"width: 100%; border-collapse: collapse;\" border=\"1\">\n<tbody>\n<tr style=\"height: 24px;\">\n<td style=\"width: 7.74441%; border-style: none; height: 24px;\"><\/td>\n<td style=\"width: 92.2557%; height: 24px;\"><\/td>\n<td style=\"width: 0.800915%; height: 24px;\"><\/td>\n<\/tr>\n<tr>\n<td style=\"width: 7.74441%;\">2025:<\/td>\n<td style=\"width: 92.2557%;\"><a href=\"https:\/\/ikf.ac.at\/en\/2025-femizidanalyse-morde-und-mordversuche-an-frauen-2023-steiermark\/\" target=\"_blank\" rel=\"noopener\">Femizidanalyse: Morde und Mordversuche an Frauen im Jahr 2023 in der Steiermark. Qualitative Studie zu Gef\u00e4hrdungswahrnehmung und Hilfesuche<\/a><\/td>\n<td style=\"width: 0.800915%;\"><\/td>\n<\/tr>\n<tr>\n<td style=\"width: 7.74441%;\">2025:<\/td>\n<td style=\"width: 92.2557%;\"><a href=\"https:\/\/ikf.ac.at\/en\/2024-femizide-und-femizidversuche-in-beziehungen-wien\/\" target=\"_blank\" rel=\"noopener\">Femizide und Femizidversuche in Beziehungen. Qualitative Studie zu Gef\u00e4hrdungswahrnehmung und Hilfesuche in Wien<\/a><\/td>\n<td style=\"width: 0.800915%;\"><\/td>\n<\/tr>\n<tr>\n<td style=\"width: 7.74441%;\">2024:<\/td>\n<td style=\"width: 92.2557%;\"><a href=\"https:\/\/ikf.ac.at\/en\/evaluierung-der-stop-maennerarbeit\/\" target=\"_blank\" rel=\"noopener\">StoP - Disctricts without partner violence<\/a><\/td>\n<td style=\"width: 0.800915%;\"><\/td>\n<\/tr>\n<tr>\n<td style=\"width: 7.74441%;\">2023:<\/td>\n<td style=\"width: 92.2557%;\"><a href=\"https:\/\/ikf.ac.at\/en\/netzbasierter-frauenhass-bei-jugendlichen-und-jungen-maennern-incels\/\" target=\"_blank\" rel=\"noopener\">Netzbasierter Frauenhass bei Jugendlichen und jungen M\u00e4nnern \u2013 eine Bestandsaufnahme zu Incels in \u00d6sterreich<\/a><\/td>\n<td style=\"width: 0.800915%;\"><\/td>\n<\/tr>\n<tr style=\"height: 24px;\">\n<td style=\"width: 7.74441%; height: 24px;\">2023:<\/td>\n<td style=\"width: 92.2557%; height: 24px;\"><a href=\"https:\/\/ikf.ac.at\/en\/schwerpunkte\/sicherheit\/rechtsstaat\/2022-untersuchung-frauenmorde\/\" target=\"_blank\" rel=\"noopener\">Investigation of killings of women \u2013 a quantitative and qualitative analysis<\/a><\/td>\n<td style=\"width: 0.800915%; height: 24px;\"><\/td>\n<\/tr>\n<tr style=\"height: 24px;\">\n<td style=\"width: 7.74441%; height: 24px;\">2022:<\/td>\n<td style=\"width: 92.2557%; height: 24px;\"><a href=\"https:\/\/ikf.ac.at\/en\/schwerpunkte\/sicherheit\/rechtsstaat\/2022-gewaltschutz-aktuell\/\" target=\"_blank\" rel=\"noopener\">Gewaltschutz aktuell<\/a><\/td>\n<td style=\"width: 0.800915%; height: 24px;\"><\/td>\n<\/tr>\n<tr style=\"height: 24px;\">\n<td style=\"width: 7.74441%; height: 24px;\">2022:<\/td>\n<td style=\"width: 92.2557%; height: 24px;\"><a href=\"https:\/\/ikf.ac.at\/en\/schwerpunkte\/sicherheit\/rechtsstaat\/2022-zwangsheirat-in-oesterreich\/\" target=\"_blank\" rel=\"noopener\">Forced Marriage in Austria. Study on the Prevalence among Juveniles<\/a><\/td>\n<td style=\"width: 0.800915%; height: 24px;\"><\/td>\n<\/tr>\n<tr style=\"height: 24px;\">\n<td style=\"width: 7.74441%; height: 24px;\">2022:<\/td>\n<td style=\"width: 92.2557%; height: 24px;\"><a href=\"https:\/\/ikf.ac.at\/en\/schwerpunkte\/sicherheit\/rechtsstaat\/2022-schutz-der-sexuellen-integritaet\/\" target=\"_blank\" rel=\"noopener\">Protection of Sexual Integrity<\/a><\/td>\n<td style=\"width: 0.800915%; height: 24px;\"><\/td>\n<\/tr>\n<tr style=\"height: 24px;\">\n<td style=\"width: 7.74441%; height: 24px;\">2021:<\/td>\n<td style=\"width: 92.2557%; height: 24px;\"><a href=\"https:\/\/ikf.ac.at\/en\/schwerpunkte\/sicherheit\/rechtsstaat\/2021-opferzufriedenheit-im-tatausgleich\/\" target=\"_blank\" rel=\"noopener\">Victim Satisfaction with Victim-Offender Mediation<\/a><\/td>\n<td style=\"width: 0.800915%; height: 24px;\"><\/td>\n<\/tr>\n<tr style=\"height: 24px;\">\n<td style=\"width: 7.74441%; height: 24px;\">2021:<\/td>\n<td style=\"width: 92.2557%; height: 24px;\"><a href=\"https:\/\/ikf.ac.at\/en\/schwerpunkte\/sicherheit\/gewalt\/2021-if-i-cant-spray-its-not-my-revolution-global-citizenship-education-durch-partizipative-graffitiworkshops-mit-maedchen\/\" target=\"_blank\" rel=\"noopener\">\"If I can't spray, it's not my revolution!\" Global citizenship education through participatory graffiti workshops with girls<\/a><\/td>\n<td style=\"width: 0.800915%; height: 24px;\"><\/td>\n<\/tr>\n<tr style=\"height: 24px;\">\n<td style=\"width: 7.74441%; height: 24px;\">2021:<\/td>\n<td style=\"width: 92.2557%; height: 24px;\"><a href=\"https:\/\/ikf.ac.at\/en\/schwerpunkte\/sicherheit\/gewalt\/2021-evaluierung-von-stop-stadtteile-ohne-partnergewalt\/\" target=\"_blank\" rel=\"noopener\">Evaluation of \"StoP - Neighborhoods without Partner Violence\u201d<\/a><\/td>\n<td style=\"width: 0.800915%; height: 24px;\"><\/td>\n<\/tr>\n<tr style=\"height: 24px;\">\n<td style=\"width: 7.74441%; height: 24px;\">2021:<\/td>\n<td style=\"width: 92.2557%; height: 24px;\"><a href=\"https:\/\/ikf.ac.at\/en\/schwerpunkte\/sicherheit\/gewalt\/2021-staerkung-von-aelteren-frauen-gewaltpraevention-durch-aenderung-sozialer-normen-in-serbien-und-oesterreich\/\" target=\"_blank\" rel=\"noopener\">EmPreV \u2013 Empowerment of older women: preventing violence by challenging social norms in Serbia and Austria<\/a><\/td>\n<td style=\"width: 0.800915%; height: 24px;\"><\/td>\n<\/tr>\n<tr style=\"height: 24px;\">\n<td style=\"width: 7.74441%; height: 24px;\">2021:<\/td>\n<td style=\"width: 92.2557%; height: 24px;\"><a href=\"https:\/\/ikf.ac.at\/en\/schwerpunkte\/sicherheit\/gewalt\/2021-best-practice-gewaltschutz-im-zeichen-von-covid-19\/\" target=\"_blank\" rel=\"noopener\">Best practice: Protection against violence against women during COVID-19<\/a><\/td>\n<td style=\"width: 0.800915%; height: 24px;\"><\/td>\n<\/tr>\n<tr style=\"height: 24px;\">\n<td style=\"width: 7.74441%; height: 24px;\">2021:<\/td>\n<td style=\"width: 92.2557%; height: 24px;\"><a href=\"https:\/\/ikf.ac.at\/en\/schwerpunkte\/cleavages\/gender\/2021-menschenleben\/\" target=\"_blank\" rel=\"noopener\">MenschenLeben<\/a><\/td>\n<td style=\"width: 0.800915%; height: 24px;\"><\/td>\n<\/tr>\n<tr style=\"height: 24px;\">\n<td style=\"width: 7.74441%; height: 24px;\">2021:<\/td>\n<td style=\"width: 92.2557%; height: 24px;\"><a href=\"https:\/\/ikf.ac.at\/en\/schwerpunkte\/sicherheit\/gewalt\/2021-wohnungslose-frauen-und-gewalt\/\" target=\"_blank\" rel=\"noopener\">Wohnungslose Frauen und Gewalt<\/a><\/td>\n<td style=\"width: 0.800915%; height: 24px;\"><\/td>\n<\/tr>\n<tr style=\"height: 24px;\">\n<td style=\"width: 7.74441%; height: 24px;\">2021:<\/td>\n<td style=\"width: 92.2557%; height: 24px;\"><a href=\"https:\/\/ikf.ac.at\/en\/schwerpunkte\/sicherheit\/gewalt\/2021-justizielle-verfahrenserledigung-bei-partnergewalt\/\" target=\"_blank\" rel=\"noopener\">Justizielle Verfahrenserledigung bei Partnergewalt<\/a><\/td>\n<td style=\"width: 0.800915%; height: 24px;\"><\/td>\n<\/tr>\n<tr style=\"height: 24px;\">\n<td style=\"width: 7.74441%; height: 24px;\">2020:<\/td>\n<td style=\"width: 92.2557%; height: 24px;\"><a href=\"https:\/\/ikf.ac.at\/en\/schwerpunkte\/cleavages\/gender\/2020-ehe-fuer-fast-alle-ein-jahr-gleichgeschlechtliche-ehe-in-wien\/\" target=\"_blank\" rel=\"noopener\">\"Marriage for (almost) everyone\" \u2013 One year of same-sex marriage in Vienna <\/a><\/td>\n<td style=\"width: 0.800915%; height: 24px;\"><\/td>\n<\/tr>\n<tr style=\"height: 24px;\">\n<td style=\"width: 7.74441%; height: 24px;\">2019:<\/td>\n<td style=\"width: 92.2557%; height: 24px;\"><a href=\"https:\/\/ikf.ac.at\/en\/schwerpunkte\/sicherheit\/gewalt\/2019-gewaltschutzplan-tirol\/\" target=\"_blank\" rel=\"noopener\">Gewaltschutzplan Sozialer Nahraum des Landes Tirol<\/a><\/td>\n<td style=\"width: 0.800915%; height: 24px;\"><\/td>\n<\/tr>\n<tr style=\"height: 24px;\">\n<td style=\"width: 7.74441%; height: 24px;\">2019:<\/td>\n<td style=\"width: 92.2557%; height: 24px;\"><a href=\"https:\/\/ikf.ac.at\/en\/schwerpunkte\/sicherheit\/gewalt\/2019-familienbericht\/\" target=\"_blank\" rel=\"noopener\">Familienbericht: &#8220;Gewalt in der Familie&#8221;<\/a><\/td>\n<td style=\"width: 0.800915%; height: 24px;\"><\/td>\n<\/tr>\n<tr style=\"height: 24px;\">\n<td style=\"width: 7.74441%; height: 24px;\">2019:<\/td>\n<td style=\"width: 92.2557%; height: 24px;\"><a href=\"https:\/\/ikf.ac.at\/en\/schwerpunkte\/sicherheit\/gewalt\/gewalt-soehne-toechter-gegen-eltern\/\" target=\"_blank\" rel=\"noopener\">Violence of sons and daughters against their parents<\/a><\/td>\n<td style=\"width: 0.800915%; height: 24px;\"><\/td>\n<\/tr>\n<tr style=\"height: 24px;\">\n<td style=\"width: 7.74441%; height: 24px;\">2019:<\/td>\n<td style=\"width: 92.2557%; height: 24px;\"><a href=\"https:\/\/ikf.ac.at\/en\/schwerpunkte\/demokratie\/demokratieentwicklung\/2019-kundinnenbefragung-landesrechnungshof-steiermark\/\" target=\"_blank\" rel=\"noopener\">Customer Survey of the Court of Audit Styria<\/a><\/td>\n<td style=\"width: 0.800915%; height: 24px;\"><\/td>\n<\/tr>\n<tr style=\"height: 24px;\">\n<td style=\"width: 7.74441%; height: 24px;\">2018:<\/td>\n<td style=\"width: 92.2557%; height: 24px;\"><a href=\"https:\/\/ikf.ac.at\/en\/schwerpunkte\/sicherheit\/gewalt\/2018-evaluierung-programme-opferschutzorientierte-taeterarbeit\/\" target=\"_blank\" rel=\"noopener\">Evaluation of victim-focused programs working with offenders<\/a><\/td>\n<td style=\"width: 0.800915%; height: 24px;\"><\/td>\n<\/tr>\n<tr style=\"height: 24px;\">\n<td style=\"width: 7.74441%; height: 24px;\">2018:<\/td>\n<td style=\"width: 92.2557%; height: 24px;\"><a href=\"https:\/\/ikf.ac.at\/en\/schwerpunkte\/sicherheit\/gewalt\/2018-oekonomisches-und-soziales-empowerment-gewaltbetroffene-frauen\/\" target=\"_blank\" rel=\"noopener\">&#8220;\u00d6konomisches und soziales Empowerment von gewaltbetroffenen Frauen&#8221; \u2013 Qualitative Evaluierung<\/a><\/td>\n<td style=\"width: 0.800915%; height: 24px;\"><\/td>\n<\/tr>\n<tr style=\"height: 24px;\">\n<td style=\"width: 7.74441%; height: 24px;\">2018:<\/td>\n<td style=\"width: 92.2557%; height: 24px;\"><a href=\"https:\/\/ikf.ac.at\/en\/schwerpunkte\/sicherheit\/gewalt\/2018-evaluierung-sexualstraftaten\/\" target=\"_blank\" rel=\"noopener\">Court reactions on Sexual Offences<\/a><\/td>\n<td style=\"width: 0.800915%; height: 24px;\"><\/td>\n<\/tr>\n<tr style=\"height: 24px;\">\n<td style=\"width: 7.74441%; height: 24px;\">2018:<\/td>\n<td style=\"width: 92.2557%; height: 24px;\"><a href=\"https:\/\/ikf.ac.at\/en\/schwerpunkte\/sicherheit\/sozialstaat\/2018-verunsicherung-im-wohnumfeld\/\" target=\"_blank\" rel=\"noopener\">\"Uncertainty in the living environment\"<\/a><\/td>\n<td style=\"width: 0.800915%; height: 24px;\"><\/td>\n<\/tr>\n<tr style=\"height: 24px;\">\n<td style=\"width: 7.74441%; height: 24px;\">2017:<\/td>\n<td style=\"width: 92.2557%; height: 24px;\"><a href=\"https:\/\/ikf.ac.at\/en\/schwerpunkte\/sicherheit\/gewalt\/2017-opferschutzarbeit-im-krankenhaus\/\" target=\"_blank\" rel=\"noopener\">Victim protection in Viennese hospitals<\/a><\/td>\n<td style=\"width: 0.800915%; height: 24px;\"><\/td>\n<\/tr>\n<tr style=\"height: 24px;\">\n<td style=\"width: 7.74441%; height: 24px;\">2017:<\/td>\n<td style=\"width: 92.2557%; height: 24px;\"><a href=\"https:\/\/ikf.ac.at\/en\/schwerpunkte\/cleavages\/gender\/2017-vaeterkarenz-justiz\/\" target=\"_blank\" rel=\"noopener\">Paternity leave in judiciary and prosecution<\/a><\/td>\n<td style=\"width: 0.800915%; height: 24px;\"><\/td>\n<\/tr>\n<tr style=\"height: 24px;\">\n<td style=\"width: 7.74441%; height: 24px;\">2017:<\/td>\n<td style=\"width: 92.2557%; height: 24px;\"><a href=\"https:\/\/ikf.ac.at\/en\/schwerpunkte\/cleavages\/antisemitismus\/2017-just-safer-cities-for-all\/\" target=\"_blank\" rel=\"noopener\">Just &amp; Safer Cities for All \u2013 Prevention of discriminating violence on the local level: best practices and recommendations<\/a><\/td>\n<td style=\"width: 0.800915%; height: 24px;\"><\/td>\n<\/tr>\n<tr style=\"height: 24px;\">\n<td style=\"width: 7.74441%; height: 24px;\">2017:<\/td>\n<td style=\"width: 92.2557%; height: 24px;\"><a href=\"https:\/\/ikf.ac.at\/en\/schwerpunkte\/sicherheit\/gewalt\/2017-expertinnentaetigkeit-eige\/\" target=\"_blank\" rel=\"noopener\">Expert function for the European Institute for Gender Equality (EIGE)<\/a><\/td>\n<td style=\"width: 0.800915%; height: 24px;\"><\/td>\n<\/tr>\n<tr style=\"height: 24px;\">\n<td style=\"width: 7.74441%; height: 24px;\">2016:<\/td>\n<td style=\"width: 92.2557%; height: 24px;\"><a href=\"https:\/\/ikf.ac.at\/en\/schwerpunkte\/sicherheit\/gewalt\/2016-junge-frauen-und-maenner-sexuelle-belaestigung-ausbildung-beruf\/\" target=\"_blank\" rel=\"noopener\">Young Women and Men Affected by Sexual Harassment during Professional Training and in the Workplace<\/a><\/td>\n<td style=\"width: 0.800915%; height: 24px;\"><\/td>\n<\/tr>\n<tr style=\"height: 24px;\">\n<td style=\"width: 7.74441%; height: 24px;\">2016:<\/td>\n<td style=\"width: 92.2557%; height: 24px;\"><a href=\"https:\/\/ikf.ac.at\/en\/schwerpunkte\/sicherheit\/gewalt\/2016-snap-special-needs-and-protection-orders\/\" target=\"_blank\" rel=\"noopener\">SNaP \u2013 Polizeiliche und gerichtliche Schutzanordnungen bei Gewalt in engen sozialen Beziehungen \u2013 die Situation von Frauen mit spezifischen Bed\u00fcrfnissen<\/a><\/td>\n<td style=\"width: 0.800915%; height: 24px;\"><\/td>\n<\/tr>\n<tr style=\"height: 24px;\">\n<td style=\"width: 7.74441%; height: 24px;\">2016:<\/td>\n<td style=\"width: 92.2557%; height: 24px;\"><a href=\"https:\/\/ikf.ac.at\/en\/schwerpunkte\/sicherheit\/gewalt\/2015-inasc-verbesserte-unterstuetzung-der-opfer-von-partnergewalt-durch-polizei-und-justiz\/\" target=\"_blank\" rel=\"noopener\">INASC \u2013 Improving needs assessment and victim\u2019s support in domestic violence related criminal proceedings<\/a><\/td>\n<td style=\"width: 0.800915%; height: 24px;\"><\/td>\n<\/tr>\n<tr style=\"height: 24px;\">\n<td style=\"width: 7.74441%; height: 24px;\">2016:<\/td>\n<td style=\"width: 92.2557%; height: 24px;\"><a href=\"https:\/\/ikf.ac.at\/en\/schwerpunkte\/sicherheit\/gewalt\/2015-restorative-justice\/\" target=\"_blank\" rel=\"noopener\">Restorative Justice in Cases of Domestic Violence<\/a><\/td>\n<td style=\"width: 0.800915%; height: 24px;\"><\/td>\n<\/tr>\n<tr style=\"height: 24px;\">\n<td style=\"width: 7.74441%; height: 24px;\">2013:<\/td>\n<td style=\"width: 92.2557%; height: 24px;\"><a href=\"https:\/\/ikf.ac.at\/en\/schwerpunkte\/sicherheit\/gewalt\/2013-schutz-vor-partnergewalt-in-der-republik-moldau\/\" target=\"_blank\" rel=\"noopener\">Protection against Partner Violence in the Republic of Moldova<\/a><\/td>\n<td style=\"width: 0.800915%; height: 24px;\"><\/td>\n<\/tr>\n<tr style=\"height: 24px;\">\n<td style=\"width: 7.74441%; height: 24px;\">2013:<\/td>\n<td style=\"width: 92.2557%; height: 24px;\"><a href=\"https:\/\/ikf.ac.at\/en\/schwerpunkte\/sicherheit\/gewalt\/2013-sexuelle-aggressionen-bei-jungen-maennern\/\" target=\"_blank\" rel=\"noopener\">Sexuelle Aggressionen bei jungen M\u00e4nnern<\/a><\/td>\n<td style=\"width: 0.800915%; height: 24px;\"><\/td>\n<\/tr>\n<tr style=\"height: 24px;\">\n<td style=\"width: 7.74441%; height: 24px;\">2013:<\/td>\n<td style=\"width: 92.2557%; height: 24px;\"><a href=\"https:\/\/ikf.ac.at\/en\/schwerpunkte\/sicherheit\/gewalt\/2013-mind-the-gap\/\" target=\"_blank\" rel=\"noopener\">Mind the Gap! Verbesserte Interventionen bei Partnergewalt gegen \u00e4ltere Frauen<\/a><\/td>\n<td style=\"width: 0.800915%; height: 24px;\"><\/td>\n<\/tr>\n<tr style=\"height: 24px;\">\n<td style=\"width: 7.74441%; height: 24px;\">2012:<\/td>\n<td style=\"width: 92.2557%; height: 24px;\"><a href=\"https:\/\/ikf.ac.at\/en\/schwerpunkte\/sicherheit\/gewalt\/2012-fokusgruppen-gewalt\/\" target=\"_blank\" rel=\"noopener\">Fokusgruppen Gewalt<\/a><\/td>\n<td style=\"width: 0.800915%; height: 24px;\"><\/td>\n<\/tr>\n<tr style=\"height: 24px;\">\n<td style=\"width: 7.74441%; height: 24px;\">2011:<\/td>\n<td style=\"width: 92.2557%; height: 24px;\"><a href=\"https:\/\/ikf.ac.at\/en\/schwerpunkte\/sicherheit\/gewalt\/2011-high-risk-victims-toetungsdelikte-in-beziehungen-verurteilungen-2008-2010\/\" target=\"_blank\" rel=\"noopener\">&#8220;High-Risk Victims&#8221; T\u00f6tungsdelikte in Beziehungen: Verurteilungen 2008-2010<\/a><\/td>\n<td style=\"width: 0.800915%; height: 24px;\"><\/td>\n<\/tr>\n<tr style=\"height: 24px;\">\n<td style=\"width: 7.74441%; height: 24px;\">2010:<\/td>\n<td style=\"width: 92.2557%; height: 24px;\"><a href=\"https:\/\/ikf.ac.at\/en\/schwerpunkte\/sicherheit\/gewalt\/2010-ipvow\/\" target=\"_blank\" rel=\"noopener\">Partnergewalt gegen \u00e4ltere Frauen (Intimate Partner Violence against elderly Women) \u2013 L\u00e4nderbericht \u00d6sterreich<\/a><\/td>\n<td style=\"width: 0.800915%; height: 24px;\"><\/td>\n<\/tr>\n<tr style=\"height: 24px;\">\n<td style=\"width: 7.74441%; height: 24px;\">2010:<\/td>\n<td style=\"width: 92.2557%; height: 24px;\"><a href=\"https:\/\/ikf.ac.at\/en\/schwerpunkte\/sicherheit\/gewalt\/2010-kooperation-von-oeffentlicher-jugendhilfe-und-strafjustiz-bei-sexualdelikten-gegen-kinder-oesterreich-teil\/\" target=\"_blank\" rel=\"noopener\">Kooperation von \u00f6ffentlicher Jugendhilfe und Strafjustiz bei Sexualdelikten gegen Kinder \u2013 \u00d6sterreich-Teil<\/a><\/td>\n<td style=\"width: 0.800915%; height: 24px;\"><\/td>\n<\/tr>\n<tr style=\"height: 24px;\">\n<td style=\"width: 7.74441%; height: 24px;\">2010:<\/td>\n<td style=\"width: 92.2557%; height: 24px;\"><a href=\"https:\/\/ikf.ac.at\/en\/schwerpunkte\/cleavages\/gender\/2010-feasibility-study-gender-violence-and-violence-against-children\/\" target=\"_blank\" rel=\"noopener\">Feasibility Study: National legislation on gender violence and violence against children<\/a><\/td>\n<td style=\"width: 0.800915%; height: 24px;\"><\/td>\n<\/tr>\n<tr style=\"height: 24px;\">\n<td style=\"width: 7.74441%; height: 24px;\">2010:<\/td>\n<td style=\"width: 92.2557%; height: 24px;\"><a href=\"https:\/\/ikf.ac.at\/en\/schwerpunkte\/sicherheit\/gewalt\/2010-begleitforschung-zur-qualitaetssicherung-in-der-prozessbegleitung\/\" target=\"_blank\" rel=\"noopener\">Begleitforschung zur Qualit\u00e4tssicherung in der Prozessbegleitung<\/a><\/td>\n<td style=\"width: 0.800915%; height: 24px;\"><\/td>\n<\/tr>\n<tr style=\"height: 24px;\">\n<td style=\"width: 7.74441%; height: 24px;\">2010:<\/td>\n<td style=\"width: 92.2557%; height: 24px;\"><a href=\"https:\/\/ikf.ac.at\/en\/schwerpunkte\/sicherheit\/gewalt\/2010-frauenbericht-2010-beziehungsgewalt-gegen-frauen\/\" target=\"_blank\" rel=\"noopener\">Frauenbericht 2010: Beziehungsgewalt gegen Frauen<\/a><\/td>\n<td style=\"width: 0.800915%; height: 24px;\"><\/td>\n<\/tr>\n<tr style=\"height: 24px;\">\n<td style=\"width: 7.74441%; height: 24px;\">2009:<\/td>\n<td style=\"width: 92.2557%; height: 24px;\"><a href=\"https:\/\/ikf.ac.at\/en\/schwerpunkte\/sicherheit\/gewalt\/2009-familienbericht-2009-gewalt-in-der-familie\/\" target=\"_blank\" rel=\"noopener\">Familienbericht 2009: Gewalt in der Familie<\/a><\/td>\n<td style=\"width: 0.800915%; height: 24px;\"><\/td>\n<\/tr>\n<tr style=\"height: 24px;\">\n<td style=\"width: 7.74441%; height: 24px;\">2008:<\/td>\n<td style=\"width: 92.2557%; height: 24px;\"><a href=\"https:\/\/ikf.ac.at\/en\/schwerpunkte\/sicherheit\/sozialstaat\/2008-evaluation-der-gebietsbetreuung-fuer-den-bereich-staedtische-wohnhausanlagen\/\" target=\"_blank\" rel=\"noopener\">Evaluation der Gebietsbetreuung f\u00fcr den Bereich st\u00e4dtische Wohnhausanlagen<\/a><\/td>\n<td style=\"width: 0.800915%; height: 24px;\"><\/td>\n<\/tr>\n<tr style=\"height: 24px;\">\n<td style=\"width: 7.74441%; height: 24px;\">2008:<\/td>\n<td style=\"width: 92.2557%; height: 24px;\"><a href=\"https:\/\/ikf.ac.at\/en\/schwerpunkte\/sicherheit\/sozialstaat\/2008-evaluierung-von-sam-9\/\" target=\"_blank\" rel=\"noopener\">Evaluierung von &#8220;SAM 9 \u2013 sozial, sicher, aktiv, mobil&#8221;<\/a><\/td>\n<td style=\"width: 0.800915%; height: 24px;\"><\/td>\n<\/tr>\n<tr style=\"height: 24px;\">\n<td style=\"width: 7.74441%; height: 24px;\">2008:<\/td>\n<td style=\"width: 92.2557%; height: 24px;\"><a href=\"https:\/\/ikf.ac.at\/en\/schwerpunkte\/sicherheit\/sozialstaat\/2008-hot-spots-sozialer-konflikte-und-gebietsbetreuung-in-wiener-wohnhausanlagen\/\" target=\"_blank\" rel=\"noopener\">&#8220;Hot spots&#8221; sozialer Konflikte und Gebietsbetreuung in Wiener Wohnhausanlagen<\/a><\/td>\n<td style=\"width: 0.800915%; height: 24px;\"><\/td>\n<\/tr>\n<tr style=\"height: 24px;\">\n<td style=\"width: 7.74441%; height: 24px;\">2008:<\/td>\n<td style=\"width: 92.2557%; height: 24px;\"><a href=\"https:\/\/ikf.ac.at\/en\/schwerpunkte\/sicherheit\/rechtsstaat\/2008-opferhilfe-fuer-seniorinnen-in-favoriten\/\" target=\"_blank\" rel=\"noopener\">Opferhilfe f\u00fcr Seniorinnen in Favoriten<\/a><\/td>\n<td style=\"width: 0.800915%; height: 24px;\"><\/td>\n<\/tr>\n<tr style=\"height: 24px;\">\n<td style=\"width: 7.74441%; height: 24px;\">2007:<\/td>\n<td style=\"width: 92.2557%; height: 24px;\"><a href=\"https:\/\/ikf.ac.at\/en\/schwerpunkte\/cleavages\/antisemitismus\/2007-handbuch-der-vorurteile\/\" target=\"_blank\" rel=\"noopener\">Handbuch der Vorurteile<\/a><\/td>\n<td style=\"width: 0.800915%; height: 24px;\"><\/td>\n<\/tr>\n<tr style=\"height: 24px;\">\n<td style=\"width: 7.74441%; height: 24px;\">2007:<\/td>\n<td style=\"width: 92.2557%; height: 24px;\"><a href=\"https:\/\/ikf.ac.at\/en\/schwerpunkte\/sicherheit\/gewalt\/2007-prozessbegleitung\/\" target=\"_blank\" rel=\"noopener\">Prozessbegleitung<\/a><\/td>\n<td style=\"width: 0.800915%; height: 24px;\"><\/td>\n<\/tr>\n<tr style=\"height: 24px;\">\n<td style=\"width: 7.74441%; height: 24px;\">2006:<\/td>\n<td style=\"width: 92.2557%; height: 24px;\"><a href=\"https:\/\/ikf.ac.at\/en\/schwerpunkte\/sicherheit\/sozialstaat\/2006-evaluierung-von-help-u-initiative-wiener-linien-und-fonds-soziales-wien\/\" target=\"_blank\" rel=\"noopener\">Evaluierung von &#8220;Help U. Eine Initiative der Wiener Linien und des Fonds Soziales Wien&#8221;<\/a><\/td>\n<td style=\"width: 0.800915%; height: 24px;\"><\/td>\n<\/tr>\n<tr style=\"height: 24px;\">\n<td style=\"width: 7.74441%; height: 24px;\">2006:<\/td>\n<td style=\"width: 92.2557%; height: 24px;\"><a href=\"https:\/\/ikf.ac.at\/en\/schwerpunkte\/sicherheit\/gewalt\/2006-kosten-haeuslicher-gewalt-in-oesterreich\/\" target=\"_blank\" rel=\"noopener\">Kosten h\u00e4uslicher Gewalt in \u00d6sterreich<\/a><\/td>\n<td style=\"width: 0.800915%; height: 24px;\"><\/td>\n<\/tr>\n<tr style=\"height: 24px;\">\n<td style=\"width: 7.74441%; height: 24px;\">2005:<\/td>\n<td style=\"width: 92.2557%; height: 24px;\"><a href=\"https:\/\/ikf.ac.at\/en\/2005-soziale-gerechtigkeit\/\" target=\"_blank\" rel=\"noopener\">Soziale Gerechtigkeit<\/a><\/td>\n<td style=\"width: 0.800915%; height: 24px;\"><\/td>\n<\/tr>\n<tr style=\"height: 24px;\">\n<td style=\"width: 7.74441%; height: 24px;\">2005:<\/td>\n<td style=\"width: 92.2557%; height: 24px;\"><a href=\"https:\/\/ikf.ac.at\/en\/schwerpunkte\/sicherheit\/gewalt\/2005-gewalt-gegen-kinder\/\" target=\"_blank\" rel=\"noopener\">Gewalt gegen Kinder<\/a><\/td>\n<td style=\"width: 0.800915%; height: 24px;\"><\/td>\n<\/tr>\n<tr style=\"height: 24px;\">\n<td style=\"width: 7.74441%; height: 24px;\">2004:<\/td>\n<td style=\"width: 92.2557%; height: 24px;\"><a href=\"https:\/\/ikf.ac.at\/en\/schwerpunkte\/sicherheit\/gewalt\/2004-aussenstellen-der-interventionsstellen-oberoesterreich-und-niederoesterreich\/\" target=\"_blank\" rel=\"noopener\">Au\u00dfenstellen der Interventionsstellen Ober\u00f6sterreich und Nieder\u00f6sterreich &#8211; eine erste Einsch\u00e4tzung von Erfolgen und Bed\u00fcrfnissen<\/a><\/td>\n<td style=\"width: 0.800915%; height: 24px;\"><\/td>\n<\/tr>\n<tr style=\"height: 24px;\">\n<td style=\"width: 7.74441%; height: 24px;\">2004:<\/td>\n<td style=\"width: 92.2557%; height: 24px;\"><a href=\"https:\/\/ikf.ac.at\/en\/schwerpunkte\/sicherheit\/gewalt\/2004-gewaltpraevention-in-der-schule\/\" target=\"_blank\" rel=\"noopener\">Gewaltpr\u00e4vention in der Schule<\/a><\/td>\n<td style=\"width: 0.800915%; height: 24px;\"><\/td>\n<\/tr>\n<tr style=\"height: 24px;\">\n<td style=\"width: 7.74441%; height: 24px;\">2004:<\/td>\n<td style=\"width: 92.2557%; height: 24px;\"><a href=\"https:\/\/ikf.ac.at\/en\/schwerpunkte\/sicherheit\/sozialstaat\/2004-evaluation-der-gebietsbetreuung-neu\/\" target=\"_blank\" rel=\"noopener\">Evaluation der Gebietsbetreuung &#8220;neu&#8221;<\/a><\/td>\n<td style=\"width: 0.800915%; height: 24px;\"><\/td>\n<\/tr>\n<tr style=\"height: 24px;\">\n<td style=\"width: 7.74441%; height: 24px;\">2003:<\/td>\n<td style=\"width: 92.2557%; height: 24px;\"><a href=\"https:\/\/ikf.ac.at\/en\/schwerpunkte\/sicherheit\/rechtsstaat\/2003-wissenschaftliche-betreuung-entwicklung-kernlehrplan-grenzpolizei-im-europaeischen-raum\/\" target=\"_blank\" rel=\"noopener\">Wissenschaftliche Betreuung bei der Entwicklung eines Kernlehrplans f\u00fcr die Grenzpolizei im europ\u00e4ischen Raum<\/a><\/td>\n<td style=\"width: 0.800915%; height: 24px;\"><\/td>\n<\/tr>\n<tr style=\"height: 24px;\">\n<td style=\"width: 7.74441%; height: 24px;\">2003:<\/td>\n<td style=\"width: 92.2557%; height: 24px;\"><a href=\"https:\/\/ikf.ac.at\/en\/schwerpunkte\/cleavages\/integration-migration\/2003-verschuldung-von-migrantinnen-in-wien\/\" target=\"_blank\" rel=\"noopener\">Verschuldung von MigrantInnen in Wien. Ursachen, Ausma\u00df und Folgen<\/a><\/td>\n<td style=\"width: 0.800915%; height: 24px;\"><\/td>\n<\/tr>\n<tr style=\"height: 24px;\">\n<td style=\"width: 7.74441%; height: 24px;\">2002:<\/td>\n<td style=\"width: 92.2557%; height: 24px;\"><a href=\"https:\/\/ikf.ac.at\/en\/schwerpunkte\/sicherheit\/gewalt\/2002-folgestudie-evaluierung-bundesgesetz_schutz_vor_gewalt_in_der_familie\/\" target=\"_blank\" rel=\"noopener\">Folgestudie zur Evaluierung des Bundesgesetzes zum Schutz vor Gewalt in der Familie<\/a><\/td>\n<td style=\"width: 0.800915%; height: 24px;\"><\/td>\n<\/tr>\n<tr style=\"height: 24px;\">\n<td style=\"width: 7.74441%; height: 24px;\">2002:<\/td>\n<td style=\"width: 92.2557%; height: 24px;\"><a href=\"https:\/\/ikf.ac.at\/en\/schwerpunkte\/sicherheit\/sozialstaat\/2002-konfliktloesungsmodelle-fuer-grosswohnanlagen\/\" target=\"_blank\" rel=\"noopener\">Konfliktl\u00f6sungsmodelle f\u00fcr Gro\u00dfwohnanlagen<\/a><\/td>\n<td style=\"width: 0.800915%; height: 24px;\"><\/td>\n<\/tr>\n<tr style=\"height: 24px;\">\n<td style=\"width: 7.74441%; height: 24px;\">2002:<\/td>\n<td style=\"width: 92.2557%; height: 24px;\">\u00d6ffentlichkeitsarbeit in Krisensituationen<\/td>\n<td style=\"width: 0.800915%; height: 24px;\"><\/td>\n<\/tr>\n<tr style=\"height: 24px;\">\n<td style=\"width: 7.74441%; height: 24px;\">2001:<\/td>\n<td style=\"width: 92.2557%; height: 24px;\"><a href=\"https:\/\/ikf.ac.at\/en\/schwerpunkte\/sicherheit\/rechtsstaat\/2001-haltung-der-exekutive-zu-fremden-in-oesterreich\/\" target=\"_blank\" rel=\"noopener\">Wie ist die Haltung der Exekutive zu Fremden in \u00d6sterreich und wie geht sie mit ihnen um?<\/a><\/td>\n<td style=\"width: 0.800915%; height: 24px;\"><\/td>\n<\/tr>\n<tr style=\"height: 24px;\">\n<td style=\"width: 7.74441%; height: 24px;\">2001:<\/td>\n<td style=\"width: 92.2557%; height: 24px;\"><a href=\"https:\/\/ikf.ac.at\/en\/schwerpunkte\/sicherheit\/rechtsstaat\/2001-arbeitsgruppe-wehrpolitische-ausbildung\/\" target=\"_blank\" rel=\"noopener\">Arbeitsgruppe Wehrpolitische Ausbildung<\/a><\/td>\n<td style=\"width: 0.800915%; height: 24px;\"><\/td>\n<\/tr>\n<tr style=\"height: 24px;\">\n<td style=\"width: 7.74441%; height: 24px;\">2000:<\/td>\n<td style=\"width: 92.2557%; height: 24px;\"><a href=\"https:\/\/ikf.ac.at\/en\/schwerpunkte\/demokratie\/demokratieentwicklung\/2000-sozialisation-berufsbild-richterinnen-und-richter\/\" target=\"_blank\" rel=\"noopener\">Sozialisation und Berufsbild von Richterinnen und Richtern<\/a><\/td>\n<td style=\"width: 0.800915%; height: 24px;\"><\/td>\n<\/tr>\n<tr style=\"height: 24px;\">\n<td style=\"width: 7.74441%; height: 24px;\">2000:<\/td>\n<td style=\"width: 92.2557%; height: 24px;\"><a href=\"https:\/\/ikf.ac.at\/en\/2000-evaluierung-fonds-zur-integration-fluechtlinge\/\" target=\"_blank\" rel=\"noopener\">Evaluierung des Fonds zur Integration von Fl\u00fcchtlingen<\/a><\/td>\n<td style=\"width: 0.800915%; height: 24px;\"><\/td>\n<\/tr>\n<tr style=\"height: 24px;\">\n<td style=\"width: 7.74441%; height: 24px;\">2000:<\/td>\n<td style=\"width: 92.2557%; height: 24px;\">Koordinierung von nationalen Aktivit\u00e4ten, die in Zusammenhang mit der EU-Beobachtungsstelle f\u00fcr Rassismus und Fremdenfeindlichkeit anfallen<\/td>\n<td style=\"width: 0.800915%; height: 24px;\"><\/td>\n<\/tr>\n<tr style=\"height: 24px;\">\n<td style=\"width: 7.74441%; height: 24px;\">2000:<\/td>\n<td style=\"width: 92.2557%; height: 24px;\"><a href=\"https:\/\/ikf.ac.at\/en\/schwerpunkte\/sicherheit\/rechtsstaat\/2000-sicherheit-im-oeffentlichen-raum\/\" target=\"_blank\" rel=\"noopener\">Sicherheit im \u00f6ffentlichen Raum<\/a><\/td>\n<td style=\"width: 0.800915%; height: 24px;\"><\/td>\n<\/tr>\n<tr style=\"height: 24px;\">\n<td style=\"width: 7.74441%; height: 24px;\">1999:<\/td>\n<td style=\"width: 92.2557%; height: 24px;\"><a href=\"https:\/\/ikf.ac.at\/en\/schwerpunkte\/sicherheit\/gewalt\/1999-begleitstudie-implementierung-bundesgesetz-zum-schutz-vor-gewalt-in-der-familie\/\" target=\"_blank\" rel=\"noopener\">Begleitstudie zur Implementierung des Bundesgesetzes zum Schutz vor Gewalt in der Familie<\/a><\/td>\n<td style=\"width: 0.800915%; height: 24px;\"><\/td>\n<\/tr>\n<tr style=\"height: 24px;\">\n<td style=\"width: 7.74441%; height: 24px;\">1998:<\/td>\n<td style=\"width: 92.2557%; height: 24px;\"><a href=\"https:\/\/ikf.ac.at\/en\/schwerpunkte\/cleavages\/antisemitismus\/1998-nationalsozialistische-tendenzen-oesterreich-90er-jahre\/\" target=\"_blank\" rel=\"noopener\">Nationalsozialistische Tendenzen in \u00d6sterreich in den 90er Jahren<\/a><\/td>\n<td style=\"width: 0.800915%; height: 24px;\"><\/td>\n<\/tr>\n<tr style=\"height: 24px;\">\n<td style=\"width: 7.74441%; height: 24px;\">1998:<\/td>\n<td style=\"width: 92.2557%; height: 24px;\"><a href=\"https:\/\/ikf.ac.at\/en\/schwerpunkte\/cleavages\/antisemitismus\/1998-crossing-borders\/\" target=\"_blank\" rel=\"noopener\">&#8220;Crossing Borders&#8221;<\/a><\/td>\n<td style=\"width: 0.800915%; height: 24px;\"><\/td>\n<\/tr>\n<tr style=\"height: 24px;\">\n<td style=\"width: 7.74441%; height: 24px;\">1998:<\/td>\n<td style=\"width: 92.2557%; height: 24px;\"><a href=\"https:\/\/ikf.ac.at\/en\/schwerpunkte\/cleavages\/gender\/1998-managing-e-quality\/\" target=\"_blank\" rel=\"noopener\">Managing E-Quality. Pilot project for Equality Oriented Management<\/a><\/td>\n<td style=\"width: 0.800915%; height: 24px;\"><\/td>\n<\/tr>\n<tr style=\"height: 24px;\">\n<td style=\"width: 7.74441%; height: 24px;\">1997:<\/td>\n<td style=\"width: 92.2557%; height: 24px;\"><a href=\"https:\/\/ikf.ac.at\/en\/schwerpunkte\/cleavages\/integration-migration\/1997-wiener-modell-kommunale-interessenvertretung-fuer-zuwanderinnen\/\" target=\"_blank\" rel=\"noopener\">Umsetzung des Wiener Modells einer kommunalen Interessenvertretung f\u00fcr ZuwanderInnen \u2013 Internationale Erfahrungen<\/a><\/td>\n<td style=\"width: 0.800915%; height: 24px;\"><\/td>\n<\/tr>\n<tr style=\"height: 24px;\">\n<td style=\"width: 7.74441%; height: 24px;\">1996:<\/td>\n<td style=\"width: 92.2557%; height: 24px;\"><a href=\"https:\/\/ikf.ac.at\/en\/schwerpunkte\/sicherheit\/gewalt\/1996-gewalt-gegen-exekutivbeamte-und-beamtinnen\/\" target=\"_blank\" rel=\"noopener\">Gewalt gegen Exekutivbeamte und -beamtinnen<\/a><\/td>\n<td style=\"width: 0.800915%; height: 24px;\"><\/td>\n<\/tr>\n<tr style=\"height: 24px;\">\n<td style=\"width: 7.74441%; height: 24px;\">1996:<\/td>\n<td style=\"width: 92.2557%; height: 24px;\"><a href=\"https:\/\/ikf.ac.at\/en\/schwerpunkte\/demokratie\/demokratieentwicklung\/1996-graue-panther-wahrscheinlichkeit-und-intensitaet-politische-mobilisierung-aeltere-generation-in-oe\/\" target=\"_blank\" rel=\"noopener\">Graue Panther \u2013 Zur Wahrscheinlichkeit und Intensit\u00e4t der politischen Mobilisierung der \u00e4lteren Generation in \u00d6sterreich<\/a><\/td>\n<td style=\"width: 0.800915%; height: 24px;\"><\/td>\n<\/tr>\n<tr style=\"height: 24px;\">\n<td style=\"width: 7.74441%; height: 24px;\">1996:<\/td>\n<td style=\"width: 92.2557%; height: 24px;\"><a href=\"https:\/\/ikf.ac.at\/en\/schwerpunkte\/demokratie\/demokratieentwicklung\/1996-entwicklung-kursangebot-fuer-lehroffiziere-wehrpolitische-ausbildung\/\" target=\"_blank\" rel=\"noopener\">Entwicklung eines Kursangebotes f\u00fcr Lehroffiziere in der Wehrpolitischen Ausbildung<\/a><\/td>\n<td style=\"width: 0.800915%; height: 24px;\"><\/td>\n<\/tr>\n<tr style=\"height: 24px;\">\n<td style=\"width: 7.74441%; height: 24px;\">1995:<\/td>\n<td style=\"width: 92.2557%; height: 24px;\"><a href=\"https:\/\/ikf.ac.at\/en\/schwerpunkte\/cleavages\/gender\/1995-beyond-beijing\/\" target=\"_blank\" rel=\"noopener\">Beyond Beijing<\/a><\/td>\n<td style=\"width: 0.800915%; height: 24px;\"><\/td>\n<\/tr>\n<tr style=\"height: 24px;\">\n<td style=\"width: 7.74441%; height: 24px;\">1995:<\/td>\n<td style=\"width: 92.2557%; height: 24px;\"><a href=\"https:\/\/ikf.ac.at\/en\/schwerpunkte\/cleavages\/gender\/1995-eurofemmes\/\" target=\"_blank\" rel=\"noopener\">Eurofemmes<\/a><\/td>\n<td style=\"width: 0.800915%; height: 24px;\"><\/td>\n<\/tr>\n<tr style=\"height: 24px;\">\n<td style=\"width: 7.74441%; height: 24px;\">1995:<\/td>\n<td style=\"width: 92.2557%; height: 24px;\"><a href=\"https:\/\/ikf.ac.at\/en\/schwerpunkte\/demokratie\/demokratieentwicklung\/1995-moeglicheiten-der-sozialpartnerschaft-in-slowenien\/\" target=\"_blank\" rel=\"noopener\">M\u00f6glicheiten der Sozialpartnerschaft in Slowenien<\/a><\/td>\n<td style=\"width: 0.800915%; height: 24px;\"><\/td>\n<\/tr>\n<\/tbody>\n<\/table>\n<\/div>\n<\/div><\/div><\/div><\/div><\/div><\/div><\/div><\/div>\n\n\n\n<div style=\"color:#333\" class=\"wp-block-genesis-blocks-gb-spacer gb-block-spacer gb-divider-solid gb-spacer-divider gb-divider-size-1\"><hr style=\"height:120px\"\/><\/div>\n<\/div><\/div><\/div>","protected":false},"excerpt":{"rendered":"","protected":false},"author":2,"featured_media":0,"parent":0,"menu_order":0,"comment_status":"closed","ping_status":"closed","template":"","meta":{"footnotes":""},"class_list":["post-3933","page","type-page","status-publish","hentry","post"],"featured_image_src":null,"featured_image_src_square":null,"_links":{"self":[{"href":"https:\/\/ikf.ac.at\/en\/wp-json\/wp\/v2\/pages\/3933","targetHints":{"allow":["GET"]}}],"collection":[{"href":"https:\/\/ikf.ac.at\/en\/wp-json\/wp\/v2\/pages"}],"about":[{"href":"https:\/\/ikf.ac.at\/en\/wp-json\/wp\/v2\/types\/page"}],"author":[{"embeddable":true,"href":"https:\/\/ikf.ac.at\/en\/wp-json\/wp\/v2\/users\/2"}],"replies":[{"embeddable":true,"href":"https:\/\/ikf.ac.at\/en\/wp-json\/wp\/v2\/comments?post=3933"}],"version-history":[{"count":15,"href":"https:\/\/ikf.ac.at\/en\/wp-json\/wp\/v2\/pages\/3933\/revisions"}],"predecessor-version":[{"id":5624,"href":"https:\/\/ikf.ac.at\/en\/wp-json\/wp\/v2\/pages\/3933\/revisions\/5624"}],"wp:attachment":[{"href":"https:\/\/ikf.ac.at\/en\/wp-json\/wp\/v2\/media?parent=3933"}],"curies":[{"name":"wp","href":"https:\/\/api.w.org\/{rel}","templated":true}]}}