{"id":3892,"date":"2023-03-09T09:27:01","date_gmt":"2023-03-09T09:27:01","guid":{"rendered":"http:\/\/test-ikf.online\/?page_id=3892"},"modified":"2026-04-22T10:06:42","modified_gmt":"2026-04-22T10:06:42","slug":"projekte","status":"publish","type":"page","link":"https:\/\/ikf.ac.at\/en\/projekte","title":{"rendered":"PROJECTS"},"content":{"rendered":"<div class=\"wp-block-atomic-blocks-ab-container alignfull ab-block-container\"><div class=\"ab-container-inside\"><div class=\"ab-container-content\"><div id=\"pl-gb3892-69f2af28df466\"  class=\"panel-layout wp-block-siteorigin-panels-layout-block\" ><div id=\"pg-gb3892-69f2af28df466-0\"  class=\"panel-grid panel-no-style\" ><div id=\"pgc-gb3892-69f2af28df466-0-0\"  class=\"panel-grid-cell\" ><div id=\"panel-gb3892-69f2af28df466-0-0-0\" class=\"so-panel widget widget_media_image panel-first-child panel-last-child\" data-index=\"0\" ><img loading=\"lazy\" decoding=\"async\" width=\"2554\" height=\"10\" src=\"https:\/\/ikf.ac.at\/wp-content\/uploads\/2021\/01\/linie_IKF.jpg\" class=\"image wp-image-754  attachment-full size-full\" alt=\"\" style=\"max-width: 100%; height: auto;\" srcset=\"https:\/\/ikf.ac.at\/wp-content\/uploads\/2021\/01\/linie_IKF.jpg 2554w, https:\/\/ikf.ac.at\/wp-content\/uploads\/2021\/01\/linie_IKF-300x1.jpg 300w, https:\/\/ikf.ac.at\/wp-content\/uploads\/2021\/01\/linie_IKF-1024x4.jpg 1024w, https:\/\/ikf.ac.at\/wp-content\/uploads\/2021\/01\/linie_IKF-768x3.jpg 768w, https:\/\/ikf.ac.at\/wp-content\/uploads\/2021\/01\/linie_IKF-1536x6.jpg 1536w, https:\/\/ikf.ac.at\/wp-content\/uploads\/2021\/01\/linie_IKF-2048x8.jpg 2048w\" sizes=\"auto, (max-width: 2554px) 100vw, 2554px\" \/><\/div><\/div><\/div><\/div>\n\n\n<div style=\"color:#ddd\" class=\"wp-block-genesis-blocks-gb-spacer gb-block-spacer gb-divider-solid gb-divider-size-1\"><hr style=\"height:30px\"\/><\/div>\n<\/div><\/div><\/div>\n\n\n<div id=\"pl-gb3892-69f2af28dffc6\"  class=\"panel-layout wp-block-siteorigin-panels-layout-block\" ><div id=\"pg-gb3892-69f2af28dffc6-0\"  class=\"panel-grid panel-no-style\" ><div id=\"pgc-gb3892-69f2af28dffc6-0-0\"  class=\"panel-grid-cell panel-grid-cell-empty\" ><\/div><div id=\"pgc-gb3892-69f2af28dffc6-0-1\"  class=\"panel-grid-cell\" ><div id=\"panel-gb3892-69f2af28dffc6-0-1-0\" class=\"so-panel widget widget_sow-editor panel-first-child panel-last-child\" data-index=\"0\" ><div\n\t\t\t\n\t\t\tclass=\"so-widget-sow-editor so-widget-sow-editor-base\"\n\t\t\t\n\t\t>\n<div class=\"siteorigin-widget-tinymce textwidget\">\n\t<p><strong>ongoing projects:<\/strong><\/p>\n<\/div>\n<\/div><\/div><\/div><\/div><\/div>\n\n\n<div class=\"wp-block-atomic-blocks-ab-container ab-block-container\"><div class=\"ab-container-inside\"><div class=\"ab-container-content\"><div id=\"pl-gb3892-69f2af28e0b4e\"  class=\"panel-layout wp-block-siteorigin-panels-layout-block\" ><div id=\"pg-gb3892-69f2af28e0b4e-0\"  class=\"panel-grid panel-no-style\" ><div id=\"pgc-gb3892-69f2af28e0b4e-0-0\"  class=\"panel-grid-cell panel-grid-cell-empty\" ><\/div><div id=\"pgc-gb3892-69f2af28e0b4e-0-1\"  class=\"panel-grid-cell\" ><div id=\"panel-gb3892-69f2af28e0b4e-0-1-0\" class=\"so-panel widget widget_sow-editor panel-first-child panel-last-child\" data-index=\"0\" ><div\n\t\t\t\n\t\t\tclass=\"so-widget-sow-editor so-widget-sow-editor-base\"\n\t\t\t\n\t\t>\n<div class=\"siteorigin-widget-tinymce textwidget\">\n\t<p>&nbsp;<\/p>\n<p><a href=\"https:\/\/ikf.ac.at\/en\/antifeminismus-begegnen-toolbox-fuer-die-offene-jugendarbeit\/\" target=\"_blank\" rel=\"noopener\"><span style=\"font-size: 90%;\">Antifeminismus begegnen \u2013 Toolbox f\u00fcr die Offene Jugendarbeit<\/span><\/a><\/p>\n<p><a href=\"https:\/\/ikf.ac.at\/en\/bewirkt-wirkungsevaluation-der-oesterreichischen-bewaehrungshilfe\/\" target=\"_blank\" rel=\"noopener\"><span style=\"font-size: 90%;\">BeWirkt &#8211; Wirkungsevaluation der \u00f6sterreichischen Bew\u00e4hrungshilfe<\/span><\/a><\/p>\n<p><a href=\"https:\/\/ikf.ac.at\/en\/change-schueler-innen-erforschen-soziale-ungleichheit\/\" target=\"_blank\" rel=\"noopener\"><span style=\"font-size: 90%;\">CHANGE \u2013 Students research social inequality<\/span><\/a><\/p>\n<p><a href=\"https:\/\/ikf.ac.at\/en\/checkst-du-jugendliche-interventionen-in-dominante-krisennarrative-in-oesterreich\/\" target=\"_blank\" rel=\"noopener\"><span style=\"font-size: 90%;\">Checkst du? Jugendliche Interventionen in dominante Krisennarrative in \u00d6sterreich. Demokratiest\u00e4rkung als Beitrag zur Extremismuspr\u00e4vention<\/span><\/a><\/p>\n<p><a href=\"https:\/\/ikf.ac.at\/en\/conspire-verbreitung-verschwoerungsnarrative-oesterreichische-bevoelkerung\/\" target=\"_blank\" rel=\"noopener\"><span style=\"font-size: 90%;\">CONSPIRE - Conspiracy Narratives in Austria: Causes, Risk Factors, and Prevention<\/span><\/a><\/p>\n<p><a href=\"https:\/\/ikf.ac.at\/en\/gemeinsam-altern-unter-dem-regenbogen\/\" target=\"_blank\" rel=\"noopener\"><span style=\"font-size: 90%;\">\u201eGemeinsam altern unter dem Regenbogen\u201c \u2013 Wiener Pilotprojekt f\u00fcr \u00e4ltere LGBTIQ+ Personen (60+)<\/span><\/a><\/p>\n<p><a href=\"https:\/\/ikf.ac.at\/en\/psyge-interventionen-in-zusammenhang-mit-psychischen-erkrankungen-und-partnergewalt\/\" target=\"_blank\" rel=\"noopener\"><span style=\"font-size: 90%;\">PSYGE &#8211; Interventionen in Zusammenhang mit psychischen Erkrankungen und Partnergewalt<\/span><\/a><\/p>\n<p><a href=\"https:\/\/ikf.ac.at\/en\/bearbeitung-von-stalking-faellen-in-tatausgleich-und-bewaehrungshilfe\/\" target=\"_blank\" rel=\"noopener\"><span style=\"font-size: 90%;\">Bearbeitung von Stalking-F\u00e4llen in Tatausgleich und Bew\u00e4hrungshilfe<\/span><\/a><\/p>\n<\/div>\n<\/div><\/div><\/div><\/div><\/div>\n\n\n<div style=\"color:#ddd\" class=\"wp-block-genesis-blocks-gb-spacer gb-block-spacer gb-divider-solid gb-divider-size-1\"><hr style=\"height:30px\"\/><\/div>\n\n\n<div id=\"pl-gb3892-69f2af28e102e\"  class=\"panel-layout wp-block-siteorigin-panels-layout-block\" ><div id=\"pg-gb3892-69f2af28e102e-0\"  class=\"panel-grid panel-no-style\" ><div id=\"pgc-gb3892-69f2af28e102e-0-0\"  class=\"panel-grid-cell panel-grid-cell-empty\" ><\/div><div id=\"pgc-gb3892-69f2af28e102e-0-1\"  class=\"panel-grid-cell\" ><div id=\"panel-gb3892-69f2af28e102e-0-1-0\" class=\"so-panel widget widget_sow-editor panel-first-child panel-last-child\" data-index=\"0\" ><div\n\t\t\t\n\t\t\tclass=\"so-widget-sow-editor so-widget-sow-editor-base\"\n\t\t\t\n\t\t>\n<div class=\"siteorigin-widget-tinymce textwidget\">\n\t<p><strong>completed projects:<\/strong><\/p>\n<\/div>\n<\/div><\/div><\/div><\/div><\/div>\n\n<div id=\"pl-gb3892-69f2af28e13fe\"  class=\"panel-layout wp-block-siteorigin-panels-layout-block\" ><div id=\"pg-gb3892-69f2af28e13fe-0\"  class=\"panel-grid panel-no-style\" ><div id=\"pgc-gb3892-69f2af28e13fe-0-0\"  class=\"panel-grid-cell panel-grid-cell-empty\" ><\/div><div id=\"pgc-gb3892-69f2af28e13fe-0-1\"  class=\"panel-grid-cell\" ><div id=\"panel-gb3892-69f2af28e13fe-0-1-0\" class=\"so-panel widget widget_sow-editor panel-first-child panel-last-child\" data-index=\"0\" ><div\n\t\t\t\n\t\t\tclass=\"so-widget-sow-editor so-widget-sow-editor-base\"\n\t\t\t\n\t\t>\n<div class=\"siteorigin-widget-tinymce textwidget\">\n\t<table style=\"height: 6544px; width: 100%; border-collapse: collapse;\" border=\"1\">\n<tbody>\n<tr style=\"height: 24px;\">\n<td style=\"width: 7.55117%; height: 24px;\"><\/td>\n<td style=\"width: 92.4489%; height: 24px;\"><\/td>\n<\/tr>\n<tr>\n<td style=\"width: 7.55117%; height: 32px;\">2026:<\/td>\n<td style=\"width: 92.4489%; height: 32px;\"><a href=\"https:\/\/ikf.ac.at\/en\/viprom-victim-protection-in-medicine\/\" target=\"_blank\" rel=\"noopener\">VIPROM \u2013 Victim Protection in Medicine. Exploiting practial knowledge of medical staff to enhance the multi-professional contact with victims of domestic violence<\/a><\/td>\n<\/tr>\n<tr>\n<td style=\"width: 7.55117%;height: 32px\">2025:<\/td>\n<td style=\"width: 92.4489%;height: 32px\"><a href=\"https:\/\/ikf.ac.at\/en\/stop-4-0-stadtteile-ohne-partnergewalt\/\" target=\"_blank\" rel=\"noopener\">StoP 4.0 \u2013 Stadtteile ohne Partnergewalt<\/a><\/td>\n<\/tr>\n<tr>\n<td style=\"width: 7.55117%; height: 32px;\">2025:<\/td>\n<td style=\"width: 92.4489%;\"><a href=\"https:\/\/ikf.ac.at\/en\/digitale-jugendarbeit-im-kontext-antifeministischer-narrative\/\" target=\"_blank\" rel=\"noopener\">Digital Youth Work on Anti-Feminist Narratives<\/a><\/td>\n<\/tr>\n<tr>\n<td style=\"width: 7.55117%; height: 32px;\">2025:<\/td>\n<td style=\"width: 92.4489%;\"><a href=\"https:\/\/ikf.ac.at\/en\/antisemitismus-in-der-schule\/\" target=\"_blank\" rel=\"noopener\">Antisemitism in Schools \u2013 Perspectives of Jewish Students, Interventions and Case Management Strategies<\/a><\/td>\n<\/tr>\n<tr>\n<td style=\"width: 7.55117%; height: 32px;\">2025:<\/td>\n<td style=\"width: 92.4489%;\"><a href=\"https:\/\/ikf.ac.at\/en\/2025-femizidanalyse-morde-und-mordversuche-an-frauen-2023-steiermark\/\" target=\"_blank\" rel=\"noopener\">Femizidanalyse: Morde und Mordversuche an Frauen im Jahr 2023 in der Steiermark. Qualitative Studie zu Gef\u00e4hrdungswahrnehmung und Hilfesuche<\/a><\/td>\n<\/tr>\n<tr>\n<td style=\"width: 7.55117%; height: 32px;\">2025:<\/td>\n<td style=\"width: 92.4489%;\"><a href=\"https:\/\/ikf.ac.at\/en\/2024-femizide-und-femizidversuche-in-beziehungen-wien\/\" target=\"_blank\" rel=\"noopener\">Femizide und Femizidversuche in Beziehungen. Qualitative Studie zu Gef\u00e4hrdungswahrnehmung und Hilfesuche in Wien<\/a><\/td>\n<\/tr>\n<tr>\n<td style=\"width: 7.55117%; height: 32px;\">2025:<\/td>\n<td style=\"width: 92.4489%;\"><a href=\"https:\/\/ikf.ac.at\/en\/modus-operandi-tatgelegenheitsstrukturen-beim-wohnraumeinbruch\/\">Modus Operandi &#8211; Tatgelegenheitsstrukturen beim Wohnraumeinbruch<\/a><\/td>\n<\/tr>\n<tr>\n<td style=\"width: 7.55117%; height: 32px;\">2025:<\/td>\n<td style=\"width: 92.4489%; height: 32px;\"><a href=\"https:\/\/ikf.ac.at\/en\/evaluierung-der-stop-maennerarbeit\/\" target=\"_blank\" rel=\"noopener\">StoP - Disctricts without partner violence<\/a><\/td>\n<\/tr>\n<tr style=\"height: 32px;\">\n<td style=\"width: 7.55117%; height: 32px;\">2025:<\/td>\n<td style=\"width: 92.4489%; height: 32px;\"><a href=\"https:\/\/ikf.ac.at\/en\/verzaubert-sein-und-usambaraveilchen-lgbtiq-geschichten-in-wien\/\" target=\"_blank\" rel=\"noopener\">Verzaubert-Sein und Usambaraveilchen \u2013 Auf den Spuren des Regenbogens in Wien<\/a><\/td>\n<\/tr>\n<tr style=\"height: 24px;\">\n<td style=\"width: 7.55117%; height: 32px;\">2024:<\/td>\n<td style=\"width: 92.4489%; height: 32px;\"><a href=\"https:\/\/ikf.ac.at\/en\/buergerraete-und-andere-neue-formen-der-partizipation-in-der-politischen-bildung-manta\/\" target=\"_blank\" rel=\"noopener\">MANTA - Mini-publics and other new forms of participation in civic education<\/a><\/td>\n<\/tr>\n<tr>\n<td style=\"width: 7.55117%; height: 32px;\">2024:<\/td>\n<td style=\"width: 92.4489%; height: 32px;\"><a href=\"https:\/\/ikf.ac.at\/en\/2024-evaluation-zum-projekt-wir-alle-sind-wien\/\" target=\"_blank\" rel=\"noopener\">Evaluation zum Projekt \u201eWir alle sind Wien\u201c<\/a><\/td>\n<\/tr>\n<tr>\n<td style=\"width: 7.55117%; height: 32px;\">2024:<\/td>\n<td style=\"width: 92.4489%; height: 32px;\"><a href=\"https:\/\/ikf.ac.at\/en\/2024-equality-quadrennial-surveys-on-lgbti-rights\/\" target=\"_blank\" rel=\"noopener\">Equality Quadrennial Surveys on LGBTI+ Rights<\/a><\/td>\n<\/tr>\n<tr>\n<td style=\"width: 7.55117%; height: 32px;\">2024:<\/td>\n<td style=\"width: 92.4489%; height: 32px;\"><a href=\"https:\/\/ikf.ac.at\/en\/3g-gegen-verschwoerungstheorien-gesehen-geprueft-gekontert\/\" target=\"_blank\" rel=\"noopener\">3C Against Conspiracy Theories: Considered, Checked, Countered. Critical (Social-) Media Literacy in Adult Education in Vienna<\/a><\/td>\n<\/tr>\n<tr>\n<td style=\"width: 7.55117%; height: 32px;\">2024:<\/td>\n<td style=\"width: 92.4489%; height: 32px;\"><a href=\"https:\/\/ikf.ac.at\/en\/girlscan-mit-graffiti-gegen-gewalt-an-maedchen-und-frauen\/\" target=\"_blank\" rel=\"noopener\">#girlsCan \u2013 mit Graffiti gegen Gewalt an M\u00e4dchen und Frauen<\/a><\/td>\n<\/tr>\n<tr style=\"height: 32px;\">\n<td style=\"width: 7.55117%; height: 32px;\">2024:<\/td>\n<td style=\"width: 92.4489%; height: 32px;\"><a href=\"https:\/\/ikf.ac.at\/en\/2024-alleinerziehende\/\" target=\"_blank\" rel=\"noopener\">Single Parents: Social Perceptions, Self-Perception, and Pathways to Empowerment<\/a><\/td>\n<\/tr>\n<tr style=\"height: 32px;\">\n<td style=\"width: 7.55117%; height: 32px;\">2023:<\/td>\n<td style=\"width: 92.4489%; height: 32px;\"><a href=\"https:\/\/ikf.ac.at\/en\/netzbasierter-frauenhass-bei-jugendlichen-und-jungen-maennern-incels\/\" target=\"_blank\" rel=\"noopener\">Online-misogyny among adolescents and young men - an inventory of <i>Incels<\/i> in Austria <i>Incels<\/i> in \u00d6sterreich<\/a><\/td>\n<\/tr>\n<tr style=\"height: 32px;\">\n<td style=\"width: 7.55117%; height: 32px;\">2023:<\/td>\n<td style=\"width: 92.4489%; height: 32px;\"><a href=\"https:\/\/ikf.ac.at\/en\/girlscan-empowerment-von-maedchen-durch-graffiti\/\" target=\"_blank\" rel=\"noopener\">#girlsCan &#8211; Empowerment von M\u00e4dchen durch Graffiti<\/a><\/td>\n<\/tr>\n<tr style=\"height: 32px;\">\n<td style=\"width: 7.55117%; height: 32px;\">2023:<\/td>\n<td style=\"width: 92.4489%; height: 32px;\"><a href=\"https:\/\/ikf.ac.at\/en\/isrd-4-austria-international-self-report-delinquency-study\/\" target=\"_blank\" rel=\"noopener\">ISRD-4 Austria &#8211; International Self-Report Delinquency Study (ISRD 4th Sweep), Dunkelfeldstudie zu Jugenddelinquenz und Viktimisierung in \u00d6sterreich<\/a><\/td>\n<\/tr>\n<tr style=\"height: 32px;\">\n<td style=\"width: 7.55117%; height: 32px;\">2023:<\/td>\n<td style=\"width: 92.4489%; height: 32px;\"><a href=\"https:\/\/ikf.ac.at\/en\/schwerpunkte\/sicherheit\/rechtsstaat\/2022-untersuchung-frauenmorde\/\" target=\"_blank\" rel=\"noopener\">Investigation of killings of women \u2013 a quantitative and qualitative analysis<\/a><\/td>\n<\/tr>\n<tr style=\"height: 32px;\">\n<td style=\"width: 7.55117%; height: 32px;\">2023:<\/td>\n<td style=\"width: 92.4489%; height: 32px;\"><a href=\"https:\/\/ikf.ac.at\/en\/2023-die-kriminalpolizei-als-motor-zur-durchsetzung-der-nationalsozialistischen-volksgemeinschaft\/\" target=\"_blank\" rel=\"noopener\">Die Kriminalpolizei als Motor zur Durchsetzung der nationalsozialistischen \u201eVolksgemeinschaft\u201c. Eine Auswertung der \u201eKriminalpolizeilichen Strafakten\u201c der Kriminalpolizeistelle Graz<\/a><\/td>\n<\/tr>\n<tr style=\"height: 32px;\">\n<td style=\"width: 7.55117%; height: 32px;\">2022:<\/td>\n<td style=\"width: 92.4489%; height: 32px;\"><a href=\"https:\/\/ikf.ac.at\/en\/schwerpunkte\/hist-sozialforschung\/frauen-ns-verfolgung-2\/2022-anna-burger-kein-schicksal-wie-viele\/\" target=\"_blank\" rel=\"noopener\">Anna Burger \u2013 a Fate (un)like that of many Others. The Persecution of so called \u2018Asocials\u2019, and Family Memory<\/a><\/td>\n<\/tr>\n<tr style=\"height: 32px;\">\n<td style=\"width: 7.55117%; height: 32px;\">2022:<\/td>\n<td style=\"width: 92.4489%; height: 32px;\"><a href=\"https:\/\/ikf.ac.at\/en\/schwerpunkte\/sicherheit\/rechtsstaat\/2022-gewaltschutz-aktuell\/\" target=\"_blank\" rel=\"noopener\">Gewaltschutz aktuell<\/a><\/td>\n<\/tr>\n<tr style=\"height: 32px;\">\n<td style=\"width: 7.55117%; height: 32px;\">2022:<\/td>\n<td style=\"width: 92.4489%; height: 32px;\"><a href=\"https:\/\/ikf.ac.at\/en\/schwerpunkte\/cleavages\/gender\/2022-girlscan-goes-gemeindebau\/\" target=\"_blank\" rel=\"noopener\">#girlsCan goes Gemeindebau!<\/a><\/td>\n<\/tr>\n<tr style=\"height: 32px;\">\n<td style=\"width: 7.55117%; height: 32px;\">2022:<\/td>\n<td style=\"width: 92.4489%; height: 32px;\"><a href=\"https:\/\/ikf.ac.at\/en\/schwerpunkte\/cleavages\/gender\/2022-girlscan-empowerment-von-maedchen-durch-partizipative-graffitikunst\/\" target=\"_blank\" rel=\"noopener\">#girlsCan \u2013 Empowerment of girls through participatory graffiti art<\/a><\/td>\n<\/tr>\n<tr style=\"height: 32px;\">\n<td style=\"width: 7.55117%; height: 32px;\">2022:<\/td>\n<td style=\"width: 92.4489%; height: 32px;\"><a href=\"https:\/\/ikf.ac.at\/en\/schwerpunkte\/cleavages\/gender\/2022-the-needs-and-lived-experiences-of-older-lbti-non-binary-persons-in-the-eu\/\" target=\"_blank\" rel=\"noopener\">The needs and lived experiences of older L*BTI + non-binary persons in the EU<\/a><\/td>\n<\/tr>\n<tr style=\"height: 32px;\">\n<td style=\"width: 7.55117%; height: 32px;\">2022:<\/td>\n<td style=\"width: 92.4489%; height: 32px;\"><a href=\"https:\/\/ikf.ac.at\/en\/schwerpunkte\/sicherheit\/gewalt\/2022-dgfe-rolle-aufarbeitung-faelle-sexualisierter-gewalt-gegen-kinder-und-jugendliche-durch-paedagogische-professionelle\/\" target=\"_blank\" rel=\"noopener\">The German Educational Research Association and its role in dealing with cases of sexualized violence against children and adolescents by pedagogical professionals<\/a><\/td>\n<\/tr>\n<tr style=\"height: 32px;\">\n<td style=\"width: 7.55117%; height: 32px;\">2022:<\/td>\n<td style=\"width: 92.4489%; height: 32px;\"><a href=\"https:\/\/ikf.ac.at\/en\/schwerpunkte\/sicherheit\/rechtsstaat\/2022-zwangsheirat-in-oesterreich\/\" target=\"_blank\" rel=\"noopener\">Forced Marriage in Austria. Study on the Prevalence among Juveniles<\/a><\/td>\n<\/tr>\n<tr style=\"height: 32px;\">\n<td style=\"width: 7.55117%; height: 32px;\">2022:<\/td>\n<td style=\"width: 92.4489%; height: 32px;\"><a href=\"https:\/\/ikf.ac.at\/en\/schwerpunkte\/sicherheit\/rechtsstaat\/2022-schutz-der-sexuellen-integritaet\/\" target=\"_blank\" rel=\"noopener\">Protection of Sexual Integrity<\/a><\/td>\n<\/tr>\n<tr style=\"height: 24px;\">\n<td style=\"width: 7.55117%; height: 32px;\">2021:<\/td>\n<td style=\"width: 92.4489%; height: 32px;\"><a href=\"https:\/\/ikf.ac.at\/en\/schwerpunkte\/sicherheit\/rechtsstaat\/2021-opferzufriedenheit-im-tatausgleich\/\" target=\"_blank\" rel=\"noopener\">Victim Satisfaction with Victim-Offender Mediation <\/a><\/td>\n<\/tr>\n<tr style=\"height: 24px;\">\n<td style=\"width: 7.55117%; height: 32px;\">2021:<\/td>\n<td style=\"width: 92.4489%; height: 32px;\"><a href=\"https:\/\/ikf.ac.at\/en\/schwerpunkte\/sicherheit\/gewalt\/2021-if-i-cant-spray-its-not-my-revolution-global-citizenship-education-durch-partizipative-graffitiworkshops-mit-maedchen\/\" target=\"_blank\" rel=\"noopener\">\"If I can't spray, it's not my revolution!\" Global citizenship education through participatory graffiti workshops with girls <\/a><\/td>\n<\/tr>\n<tr style=\"height: 24px;\">\n<td style=\"width: 7.55117%; height: 32px;\">2021:<\/td>\n<td style=\"width: 92.4489%; height: 32px;\"><a href=\"https:\/\/ikf.ac.at\/en\/schwerpunkte\/sicherheit\/gewalt\/2021-evaluierung-von-stop-stadtteile-ohne-partnergewalt\/\" target=\"_blank\" rel=\"noopener\">Evaluation of \"StoP - Neighborhoods without Partner Violence\u201d <\/a><\/td>\n<\/tr>\n<tr style=\"height: 24px;\">\n<td style=\"width: 7.55117%; height: 32px;\">2021:<\/td>\n<td style=\"width: 92.4489%; height: 32px;\"><a href=\"https:\/\/ikf.ac.at\/en\/schwerpunkte\/sicherheit\/gewalt\/2021-staerkung-von-aelteren-frauen-gewaltpraevention-durch-aenderung-sozialer-normen-in-serbien-und-oesterreich\/\" target=\"_blank\" rel=\"noopener\">EmPreV \u2013 Empowerment of older women: preventing violence by challenging social norms in Serbia and Austria <\/a><\/td>\n<\/tr>\n<tr style=\"height: 24px;\">\n<td style=\"width: 7.55117%; height: 32px;\">2021:<\/td>\n<td style=\"width: 92.4489%; height: 32px;\"><a href=\"https:\/\/ikf.ac.at\/en\/schwerpunkte\/sicherheit\/gewalt\/2021-best-practice-gewaltschutz-im-zeichen-von-covid-19\/\" target=\"_blank\" rel=\"noopener\">Best practice: Protection against violence against women during COVID-19 <\/a><\/td>\n<\/tr>\n<tr style=\"height: 24px;\">\n<td style=\"width: 7.55117%; height: 32px;\">2021:<\/td>\n<td style=\"width: 92.4489%; height: 32px;\"><a href=\"https:\/\/ikf.ac.at\/en\/schwerpunkte\/cleavages\/gender\/2021-menschenleben\/\" target=\"_blank\" rel=\"noopener\">MenschenLeben<\/a><\/td>\n<\/tr>\n<tr style=\"height: 24px;\">\n<td style=\"width: 7.55117%; height: 32px;\">2021:<\/td>\n<td style=\"width: 92.4489%; height: 32px;\"><a href=\"https:\/\/ikf.ac.at\/en\/schwerpunkte\/sicherheit\/gewalt\/2021-wohnungslose-frauen-und-gewalt\/\" target=\"_blank\" rel=\"noopener\">Wohnungslose Frauen und Gewalt <\/a><\/td>\n<\/tr>\n<tr style=\"height: 24px;\">\n<td style=\"width: 7.55117%; height: 32px;\">2021:<\/td>\n<td style=\"width: 92.4489%; height: 32px;\"><a href=\"https:\/\/ikf.ac.at\/en\/schwerpunkte\/sicherheit\/gewalt\/2021-justizielle-verfahrenserledigung-bei-partnergewalt\/\" target=\"_blank\" rel=\"noopener\">Justizielle Verfahrenserledigung bei Partnergewalt <\/a><\/td>\n<\/tr>\n<tr style=\"height: 24px;\">\n<td style=\"width: 7.55117%; height: 32px;\">2020:<\/td>\n<td style=\"width: 92.4489%; height: 32px;\"><a href=\"https:\/\/ikf.ac.at\/en\/schwerpunkte\/cleavages\/gender\/2020-ehe-fuer-fast-alle-ein-jahr-gleichgeschlechtliche-ehe-in-wien\/\">\"Marriage for (almost) everyone\" \u2013 One year of same-sex marriage in Vienna<\/a><\/td>\n<\/tr>\n<tr style=\"height: 24px;\">\n<td style=\"width: 7.55117%; height: 32px;\">2020:<\/td>\n<td style=\"width: 92.4489%; height: 32px;\"><a href=\"https:\/\/ikf.ac.at\/en\/schwerpunkte\/hist-sozialforschung\/oral-history\/2020-erarbeitung-von-unterrichtsmaterialien-zur-wanderausstellung-asozial-ausgrenzung-gestern-und-heute\/\" target=\"_blank\" rel=\"noopener\">Development of Teaching Materials accompanying the Touring Exhibition <i>\"asocial\" \u2013 Exclusion Yesterday and Today<\/i> <\/a><\/td>\n<\/tr>\n<tr style=\"height: 24px;\">\n<td style=\"width: 7.55117%; height: 32px;\">2020:<\/td>\n<td style=\"width: 92.4489%; height: 32px;\"><a href=\"https:\/\/ikf.ac.at\/en\/schwerpunkte\/hist-sozialforschung\/frauen-ns-verfolgung-2\/2020-stigma-asozial-die-verfolgung-von-frauen-in-der-ostmark-strukturen-und-behoerdliche-routinen\/\" target=\"_blank\" rel=\"noopener\">Stigma \"asocial\". The Persecution of Women in the \"Ostmark\" - Structures and Official Routines<\/a><\/td>\n<\/tr>\n<tr style=\"height: 24px;\">\n<td style=\"width: 7.55117%; height: 32px;\">2020:<\/td>\n<td style=\"width: 92.4489%; height: 32px;\"><a href=\"https:\/\/ikf.ac.at\/en\/schwerpunkte\/sicherheit\/gewalt\/2019-gewaltschutzplan-tirol\/\" target=\"_blank\" rel=\"noopener\">Gewaltschutzplan Sozialer Nahraum des Landes Tirol<\/a><\/td>\n<\/tr>\n<tr style=\"height: 24px;\">\n<td style=\"width: 7.55117%; height: 32px;\">2020:<\/td>\n<td style=\"width: 92.4489%; height: 32px;\"><a href=\"https:\/\/ikf.ac.at\/en\/schwerpunkte\/sicherheit\/gewalt\/2019-familienbericht\/\" target=\"_blank\" rel=\"noopener\">Familienbericht: &#8220;Gewalt in der Familie&#8221;<\/a><\/td>\n<\/tr>\n<tr style=\"height: 24px;\">\n<td style=\"width: 7.55117%; height: 32px;\">2019:<\/td>\n<td style=\"width: 92.4489%; height: 32px;\"><a href=\"https:\/\/ikf.ac.at\/en\/schwerpunkte\/sicherheit\/gewalt\/gewalt-soehne-toechter-gegen-eltern\/\" target=\"_blank\" rel=\"noopener\">Violence of sons and daughters against their parents<\/a><\/td>\n<\/tr>\n<tr style=\"height: 24px;\">\n<td style=\"width: 7.55117%; height: 32px;\">2019:<\/td>\n<td style=\"width: 92.4489%; height: 32px;\"><a href=\"https:\/\/ikf.ac.at\/en\/schwerpunkte\/demokratie\/demokratieentwicklung\/2019-kundinnenbefragung-landesrechnungshof-steiermark\/\" target=\"_blank\" rel=\"noopener\">Customer Survey of the Court of Audit Styria<\/a><\/td>\n<\/tr>\n<tr style=\"height: 24px;\">\n<td style=\"width: 7.55117%; height: 32px;\">2019:<\/td>\n<td style=\"width: 92.4489%; height: 32px;\"><a href=\"https:\/\/ikf.ac.at\/en\/schwerpunkte\/demokratie\/demokratieentwicklung\/2019-politische-partizipation\/\" target=\"_blank\" rel=\"noopener\">Political Participation. Between Frustration and Commitment<\/a><\/td>\n<\/tr>\n<tr style=\"height: 24px;\">\n<td style=\"width: 7.55117%; height: 32px;\">2018:<\/td>\n<td style=\"width: 92.4489%; height: 32px;\"><a href=\"https:\/\/ikf.ac.at\/en\/schwerpunkte\/sicherheit\/gewalt\/2018-evaluierung-programme-opferschutzorientierte-taeterarbeit\/\" target=\"_blank\" rel=\"noopener\">Evaluation of victim-focused programs working with offenders<\/a><\/td>\n<\/tr>\n<tr style=\"height: 24px;\">\n<td style=\"width: 7.55117%; height: 32px;\">2018:<\/td>\n<td style=\"width: 92.4489%; height: 32px;\"><a href=\"https:\/\/ikf.ac.at\/en\/schwerpunkte\/hist-sozialforschung\/frauen-ns-verfolgung-2\/2018-meine-mama-war-widerstandskaempferin\/\" target=\"_blank\" rel=\"noopener\">\"My mom was a resistance fighter.\"<\/a><\/td>\n<\/tr>\n<tr style=\"height: 24px;\">\n<td style=\"width: 7.55117%; height: 32px;\">2018:<\/td>\n<td style=\"width: 92.4489%; height: 32px;\"><a href=\"https:\/\/ikf.ac.at\/en\/schwerpunkte\/sicherheit\/gewalt\/2018-oekonomisches-und-soziales-empowerment-gewaltbetroffene-frauen\/\" target=\"_blank\" rel=\"noopener\">&#8220;\u00d6konomisches und soziales Empowerment von gewaltbetroffenen Frauen&#8221; \u2013 Qualitative Evaluierung<\/a><\/td>\n<\/tr>\n<tr style=\"height: 24px;\">\n<td style=\"width: 7.55117%; height: 32px;\">2018:<\/td>\n<td style=\"width: 92.4489%; height: 32px;\"><a href=\"https:\/\/ikf.ac.at\/en\/schwerpunkte\/hist-sozialforschung\/frauen-ns-verfolgung-2\/2018-aktualisierung-webseite-ravensbrueckerinnen\/\" target=\"_blank\" rel=\"noopener\">Update of the website \"www.ravensbrueckerinnen.at\"<\/a><\/td>\n<\/tr>\n<tr style=\"height: 24px;\">\n<td style=\"width: 7.55117%; height: 32px;\">2018:<\/td>\n<td style=\"width: 92.4489%; height: 32px;\"><a href=\"https:\/\/ikf.ac.at\/en\/schwerpunkte\/sicherheit\/gewalt\/2018-evaluierung-sexualstraftaten\/\" target=\"_blank\" rel=\"noopener\">Court reactions on Sexual Offences<\/a><\/td>\n<\/tr>\n<tr style=\"height: 24px;\">\n<td style=\"width: 7.55117%; height: 32px;\">2018:<\/td>\n<td style=\"width: 92.4489%; height: 32px;\"><a href=\"https:\/\/ikf.ac.at\/en\/schwerpunkte\/sicherheit\/sozialstaat\/2018-verunsicherung-im-wohnumfeld\/\" target=\"_blank\" rel=\"noopener\">\"Uncertainty in the living environment\"<\/a><\/td>\n<\/tr>\n<tr style=\"height: 24px;\">\n<td style=\"width: 7.55117%; height: 32px;\">2018:<\/td>\n<td style=\"width: 92.4489%; height: 32px;\"><a href=\"https:\/\/ikf.ac.at\/en\/schwerpunkte\/hist-sozialforschung\/oral-history\/2017-wissenschaftliche-recherche-zum-dokumentarfilm-liebe-war-es-nie\/\" target=\"_blank\" rel=\"noopener\">Scientific research for the documentary \"Love it was not\"<\/a><\/td>\n<\/tr>\n<tr style=\"height: 24px;\">\n<td style=\"width: 7.55117%; height: 32px;\">2018:<\/td>\n<td style=\"width: 92.4489%; height: 32px;\"><a href=\"https:\/\/ikf.ac.at\/en\/schwerpunkte\/hist-sozialforschung\/frauen-ns-verfolgung-2\/2017-asozial-im-nationalsozialismus-und-die-fortschreibung-im-nachkriegsoesterreich\/\" target=\"_blank\" rel=\"noopener\">\"Asocial\" during National Socialism and the continuities of discrimination in post-war Austria. The female inmates of the concentration           camps Ravensbr\u00fcck and Uckermark<\/a><\/td>\n<\/tr>\n<tr style=\"height: 24px;\">\n<td style=\"width: 7.55117%; height: 32px;\">2017:<\/td>\n<td style=\"width: 92.4489%; height: 32px;\"><a href=\"https:\/\/ikf.ac.at\/en\/schwerpunkte\/sicherheit\/gewalt\/2017-opferschutzarbeit-im-krankenhaus\/\" target=\"_blank\" rel=\"noopener\">Victim protection in Viennese hospitals<\/a><\/td>\n<\/tr>\n<tr style=\"height: 24px;\">\n<td style=\"width: 7.55117%; height: 32px;\">2017:<\/td>\n<td style=\"width: 92.4489%; height: 32px;\"><a href=\"https:\/\/ikf.ac.at\/en\/schwerpunkte\/cleavages\/antisemitismus\/2017-just-safer-cities-for-all\/\" target=\"_blank\" rel=\"noopener\">Just &amp; Safer Cities for All \u2013 Prevention of discriminating violence on the local level: best practices and recommendations<\/a><\/td>\n<\/tr>\n<tr style=\"height: 24px;\">\n<td style=\"width: 7.55117%; height: 32px;\">2017:<\/td>\n<td style=\"width: 92.4489%; height: 32px;\"><a href=\"https:\/\/ikf.ac.at\/en\/schwerpunkte\/cleavages\/gender\/2017-vaeterkarenz-justiz\/\" target=\"_blank\" rel=\"noopener\">Paternity leave in judiciary and prosecution<\/a><\/td>\n<\/tr>\n<tr style=\"height: 24px;\">\n<td style=\"width: 7.55117%; height: 32px;\">2017:<\/td>\n<td style=\"width: 92.4489%; height: 32px;\"><a href=\"https:\/\/ikf.ac.at\/en\/schwerpunkte\/cleavages\/gender\/2017-expertinnentaetigkeit-eige\/\" target=\"_blank\" rel=\"noopener\">Expert function for the European Institute for Gender Equality (EIGE)<\/a><\/td>\n<\/tr>\n<tr style=\"height: 24px;\">\n<td style=\"width: 7.55117%; height: 32px;\">2016:<\/td>\n<td style=\"width: 92.4489%; height: 32px;\"><a href=\"https:\/\/ikf.ac.at\/en\/schwerpunkte\/sicherheit\/gewalt\/2016-snap-special-needs-and-protection-orders\/\" target=\"_blank\" rel=\"noopener\">SNaP \u2013 Special Needs and Protection orders.       Police and judicial protection in cases of violence in close social relationships \u2013 the situation of women with special needs<\/a><\/td>\n<\/tr>\n<tr style=\"height: 24px;\">\n<td style=\"width: 7.55117%; height: 32px;\">2016:<\/td>\n<td style=\"width: 92.4489%; height: 32px;\"><a href=\"https:\/\/ikf.ac.at\/en\/schwerpunkte\/sicherheit\/gewalt\/2016-junge-frauen-und-maenner-sexuelle-belaestigung-ausbildung-beruf\/\" target=\"_blank\" rel=\"noopener\">Young Women and Men Affected by Sexual Harassment during Professional Training and in the Workplace<\/a><\/td>\n<\/tr>\n<tr style=\"height: 24px;\">\n<td style=\"width: 7.55117%; height: 32px;\">2016:<\/td>\n<td style=\"width: 92.4489%; height: 32px;\"><a href=\"https:\/\/ikf.ac.at\/en\/schwerpunkte\/cleavages\/integration-migration\/2016-interkulturelle-paedagogik-noe-kindergaerten\/\" target=\"_blank\" rel=\"noopener\">Eine Untersuchung zur interkulturell-p\u00e4dagogischen Praxis in ausgew\u00e4hlten nieder\u00f6sterreichischen Kinderg\u00e4rten. Reflexion und Impulse<\/a><\/td>\n<\/tr>\n<tr style=\"height: 24px;\">\n<td style=\"width: 7.55117%; height: 32px;\">2016:<\/td>\n<td style=\"width: 92.4489%; height: 32px;\"><a href=\"https:\/\/ikf.ac.at\/en\/schwerpunkte\/sicherheit\/sozialstaat\/2016-reinhold-melas-in-der-oesterreichischen-sozialversicherung\/\" target=\"_blank\" rel=\"noopener\">Reinhold Melas and the Austrian Social Security<\/a><\/td>\n<\/tr>\n<tr style=\"height: 24px;\">\n<td style=\"width: 7.55117%; height: 32px;\">2015:<\/td>\n<td style=\"width: 92.4489%; height: 32px;\"><a href=\"https:\/\/ikf.ac.at\/en\/schwerpunkte\/sicherheit\/rechtsstaat\/2015-tacod\/\" target=\"_blank\" rel=\"noopener\">TACOD \u2013 Promoting Open Data as a Tool to Detect and Prevent Corruption in Europe. Analysis of law, practice, public perception and impact in four EU countries<\/a><\/td>\n<\/tr>\n<tr style=\"height: 24px;\">\n<td style=\"width: 7.55117%; height: 32px;\">2015:<\/td>\n<td style=\"width: 92.4489%; height: 32px;\"><a href=\"https:\/\/ikf.ac.at\/en\/schwerpunkte\/sicherheit\/sozialstaat\/2015-60-jahre-allgemeines-sozialversicherungsgesetz\/\" target=\"_blank\" rel=\"noopener\">60 Jahre Allgemeines Sozialversicherungsgesetz &#8220;Der Sozialstaat ist die wichtigste Erfindung des zwanzigsten Jahrhunderts&#8221;<\/a><\/td>\n<\/tr>\n<tr style=\"height: 24px;\">\n<td style=\"width: 7.55117%; height: 32px;\">2015:<\/td>\n<td style=\"width: 92.4489%; height: 32px;\"><a href=\"https:\/\/ikf.ac.at\/en\/schwerpunkte\/sicherheit\/gewalt\/2015-inasc-verbesserte-unterstuetzung-der-opfer-von-partnergewalt-durch-polizei-und-justiz\/\" target=\"_blank\" rel=\"noopener\">INASC \u2013 Improving needs assessment and victim\u2019s support in domestic violence related criminal proceedings<\/a><\/td>\n<\/tr>\n<tr style=\"height: 24px;\">\n<td style=\"width: 7.55117%; height: 32px;\">2015:<\/td>\n<td style=\"width: 92.4489%; height: 32px;\"><a href=\"https:\/\/ikf.ac.at\/en\/schwerpunkte\/sicherheit\/gewalt\/2015-restorative-justice\/\" target=\"_blank\" rel=\"noopener\">Restorative justice in cases of domestic violence. Best practice examples between increasing mutual understanding and awareness of specific protection needs<\/a><\/td>\n<\/tr>\n<tr style=\"height: 24px;\">\n<td style=\"width: 7.55117%; height: 32px;\">2014:<\/td>\n<td style=\"width: 92.4489%; height: 32px;\"><a href=\"https:\/\/ikf.ac.at\/en\/schwerpunkte\/hist-sozialforschung\/oral-history\/2014-vom-ueberschreiten-der-grenzen-das-leben-und-werk-von-herbert-steiner-1923-2001\/\" target=\"_blank\" rel=\"noopener\">Transcending Borders. Herbert Steiner (1923-2001)<\/a><\/td>\n<\/tr>\n<tr style=\"height: 24px;\">\n<td style=\"width: 7.55117%; height: 32px;\">2014:<\/td>\n<td style=\"width: 92.4489%; height: 32px;\"><a href=\"https:\/\/ikf.ac.at\/en\/schwerpunkte\/sicherheit\/sozialstaat\/2014-sozialminister-anton-proksch-und-die-oesterreichische-sozialversicherung\/\" target=\"_blank\" rel=\"noopener\">\"\u2026aus Almosenempf\u00e4ngern anspruchsberechtigte B\u00fcrger zu machen.\" (\"\u2026 to turn paupers into entitled citizens.\")<br>         Anton Proksch in Austrian social security system<\/a><\/td>\n<\/tr>\n<tr style=\"height: 24px;\">\n<td style=\"width: 7.55117%; height: 32px;\">2014:<\/td>\n<td style=\"width: 92.4489%; height: 32px;\"><a href=\"https:\/\/ikf.ac.at\/en\/schwerpunkte\/sicherheit\/gewalt\/2014-commun-aid\/\" target=\"_blank\" rel=\"noopener\">Increasing the capacity of domestic workers of different origins to respond to sexual violence through community-based interventions (COMMUN-AID)<\/a><\/td>\n<\/tr>\n<tr style=\"height: 24px;\">\n<td style=\"width: 7.55117%; height: 32px;\">2013:<\/td>\n<td style=\"width: 92.4489%; height: 32px;\"><a href=\"https:\/\/ikf.ac.at\/en\/schwerpunkte\/hist-sozialforschung\/oral-history\/2013-bewusstseinsregion-mauthausen-gusen-st-georgen\/\" target=\"_blank\" rel=\"noopener\">The \"Region of Consciousness\" Mauthausen \u2212 Gusen \u2212 St. Georgen. Space of Commemoration and Learning<\/a><\/td>\n<\/tr>\n<tr style=\"height: 24px;\">\n<td style=\"width: 7.55117%; height: 32px;\">2013:<\/td>\n<td style=\"width: 92.4489%; height: 32px;\"><a href=\"https:\/\/ikf.ac.at\/en\/schwerpunkte\/hist-sozialforschung\/frauen-ns-verfolgung-2\/2013-namentliche-erfassung-der-ehemals-inhaftierten-oesterreicherinnen-im-kz-ravensbrueck-erstellung-interaktive-website\/\" target=\"_blank\" rel=\"noopener\">Collection of Names of Austrian Inmates of the Ravensbr\u00fcck Concentration Camp \u2013 Analysis of the Data Bank and Creation of an Interactive Website<\/a><\/td>\n<\/tr>\n<tr style=\"height: 24px;\">\n<td style=\"width: 7.55117%; height: 32px;\">2013:<\/td>\n<td style=\"width: 92.4489%; height: 32px;\"><a href=\"https:\/\/ikf.ac.at\/en\/schwerpunkte\/sicherheit\/sozialstaat\/2013-sozialminister-josef-resch-und-die-oesterreichische-sozialversicherung-1918-1938\/\" target=\"_blank\" rel=\"noopener\">Social Insurance under the priority of the economy \u2013 Josef Resch and Austrian social insurance from 1918 to 1938<\/a><\/td>\n<\/tr>\n<tr style=\"height: 24px;\">\n<td style=\"width: 7.55117%; height: 32px;\">2013:<\/td>\n<td style=\"width: 92.4489%; height: 32px;\"><a href=\"https:\/\/ikf.ac.at\/en\/schwerpunkte\/sicherheit\/gewalt\/2013-schutz-vor-partnergewalt-in-der-republik-moldau\/\" target=\"_blank\" rel=\"noopener\">Protection against Partner Violence in the Republic of Moldova<\/a><\/td>\n<\/tr>\n<tr style=\"height: 24px;\">\n<td style=\"width: 7.55117%; height: 32px;\">2013:<\/td>\n<td style=\"width: 92.4489%; height: 32px;\"><a href=\"https:\/\/ikf.ac.at\/en\/schwerpunkte\/sicherheit\/gewalt\/2013-sexuelle-aggressionen-bei-jungen-maennern\/\" target=\"_blank\" rel=\"noopener\">Sexuelle Aggressionen bei jungen M\u00e4nnern<\/a><\/td>\n<\/tr>\n<tr style=\"height: 24px;\">\n<td style=\"width: 7.55117%; height: 32px;\">2013:<\/td>\n<td style=\"width: 92.4489%; height: 32px;\"><a href=\"https:\/\/ikf.ac.at\/en\/schwerpunkte\/sicherheit\/gewalt\/2013-mind-the-gap\/\" target=\"_blank\" rel=\"noopener\">Mind the Gap! Verbesserte Interventionen bei Partnergewalt gegen \u00e4ltere Frauen<\/a><\/td>\n<\/tr>\n<tr style=\"height: 24px;\">\n<td style=\"width: 7.55117%; height: 32px;\">2012:<\/td>\n<td style=\"width: 92.4489%; height: 32px;\"><a href=\"https:\/\/ikf.ac.at\/en\/schwerpunkte\/cleavages\/gender\/2012-effekte-prostitutionspolitik\/\" target=\"_blank\" rel=\"noopener\">International comparative study of the Effects of Prostitution Policy<\/a><\/td>\n<\/tr>\n<tr style=\"height: 24px;\">\n<td style=\"width: 7.55117%; height: 32px;\">2012:<\/td>\n<td style=\"width: 92.4489%; height: 32px;\"><a href=\"https:\/\/ikf.ac.at\/en\/schwerpunkte\/sicherheit\/sozialstaat\/2012-friedrich-hillegeist-in-der-oesterreichischen-sozialversicherung\/\" target=\"_blank\" rel=\"noopener\">Friedrich Hillegeist in der \u00f6sterreichischen Sozialversicherung<\/a><\/td>\n<\/tr>\n<tr style=\"height: 24px;\">\n<td style=\"width: 7.55117%; height: 32px;\">2012:<\/td>\n<td style=\"width: 92.4489%; height: 32px;\"><a href=\"https:\/\/ikf.ac.at\/en\/schwerpunkte\/sicherheit\/gewalt\/2012-fokusgruppen-gewalt\/\" target=\"_blank\" rel=\"noopener\">Fokusgruppen Gewalt<\/a><\/td>\n<\/tr>\n<tr style=\"height: 24px;\">\n<td style=\"width: 7.55117%; height: 32px;\">2012:<\/td>\n<td style=\"width: 92.4489%; height: 32px;\"><a href=\"https:\/\/ikf.ac.at\/en\/schwerpunkte\/hist-sozialforschung\/oral-history\/2012-geschichtsbuch-mitteleuropa\/\" target=\"_blank\" rel=\"noopener\">Geschichtsbuch Mitteleuropa<\/a><\/td>\n<\/tr>\n<tr style=\"height: 24px;\">\n<td style=\"width: 7.55117%; height: 32px;\">2012:<\/td>\n<td style=\"width: 92.4489%; height: 32px;\"><a href=\"https:\/\/ikf.ac.at\/en\/schwerpunkte\/hist-sozialforschung\/oral-history\/2012-ehemaliges-konzentrationslager-gusen-st-georgen-denkmale-und-standortentwicklung\/\" target=\"_blank\" rel=\"noopener\">Ehemaliges Konzentrationslager Gusen\/St. Georgen, Denkmale und Standortentwicklung<\/a><\/td>\n<\/tr>\n<tr style=\"height: 24px;\">\n<td style=\"width: 7.55117%; height: 32px;\">2011:<\/td>\n<td style=\"width: 92.4489%; height: 32px;\"><a href=\"https:\/\/ikf.ac.at\/en\/schwerpunkte\/hist-sozialforschung\/oral-history\/2011-zeitlebens-konsequent-hermann-langbein-1912-1995-eine-politische-biographie\/\" target=\"_blank\" rel=\"noopener\">Zeitlebens konsequent. Hermann Langbein (1912-1995). Eine politische Biographie<\/a><\/td>\n<\/tr>\n<tr style=\"height: 24px;\">\n<td style=\"width: 7.55117%; height: 32px;\">2011:<\/td>\n<td style=\"width: 92.4489%; height: 32px;\"><a href=\"https:\/\/ikf.ac.at\/en\/schwerpunkte\/hist-sozialforschung\/frauen-ns-verfolgung-2\/2011-namentliche-erfassung-ehemals-inhaftierte-oesterreicherinnen-kz-ravensbrueck-quantitative-auswertung-datenbank\/\" target=\"_blank\" rel=\"noopener\">Namentliche Erfassung der ehemals inhaftierten \u00d6sterreicherInnen im KZ Ravensbr\u00fcck \u2013 quantitative Auswertung der Datenbank<\/a><\/td>\n<\/tr>\n<tr style=\"height: 24px;\">\n<td style=\"width: 7.55117%; height: 32px;\">2011:<\/td>\n<td style=\"width: 92.4489%; height: 32px;\"><a href=\"https:\/\/ikf.ac.at\/en\/schwerpunkte\/sicherheit\/sozialstaat\/2011-der-sozialpolitiker-karl-maisel\/\" target=\"_blank\" rel=\"noopener\">Der Sozialpolitiker Karl Maisel<\/a><\/td>\n<\/tr>\n<tr style=\"height: 24px;\">\n<td style=\"width: 7.55117%; height: 32px;\">2011:<\/td>\n<td style=\"width: 92.4489%; height: 32px;\"><a href=\"https:\/\/ikf.ac.at\/en\/schwerpunkte\/sicherheit\/gewalt\/2011-high-risk-victims-toetungsdelikte-in-beziehungen-verurteilungen-2008-2010\/\" target=\"_blank\" rel=\"noopener\">&#8220;High-Risk Victims&#8221; T\u00f6tungsdelikte in Beziehungen: Verurteilungen 2008-2010<\/a><\/td>\n<\/tr>\n<tr style=\"height: 24px;\">\n<td style=\"width: 7.55117%; height: 32px;\">2011:<\/td>\n<td style=\"width: 92.4489%; height: 32px;\"><a href=\"https:\/\/ikf.ac.at\/en\/schwerpunkte\/cleavages\/integration-migration\/2011-communities-in-dialogue\/\" target=\"_blank\" rel=\"noopener\">Communities in Dialogue: How to bring People at the Margins into Policy Making<\/a><\/td>\n<\/tr>\n<tr style=\"height: 24px;\">\n<td style=\"width: 7.55117%; height: 32px;\">2011:<\/td>\n<td style=\"width: 92.4489%; height: 32px;\"><a href=\"https:\/\/ikf.ac.at\/en\/schwerpunkte\/cleavages\/integration-migration\/2011-integrationsimpulse-schwarzatal\/\" target=\"_blank\" rel=\"noopener\">Integrationsimpulse Schwarzatal<\/a><\/td>\n<\/tr>\n<tr style=\"height: 24px;\">\n<td style=\"width: 7.55117%; height: 32px;\">2011:<\/td>\n<td style=\"width: 92.4489%; height: 32px;\"><a href=\"https:\/\/ikf.ac.at\/en\/schwerpunkte\/cleavages\/antisemitismus\/2011-antisemitismus-finanzkrise\/\" target=\"_blank\" rel=\"noopener\">Antisemitismus und Finanzkrise: eine Untersuchung \u00f6sterreichischer Printmedien<\/a><\/td>\n<\/tr>\n<tr style=\"height: 24px;\">\n<td style=\"width: 7.55117%; height: 32px;\">2010:<\/td>\n<td style=\"width: 92.4489%; height: 32px;\"><a href=\"https:\/\/ikf.ac.at\/en\/schwerpunkte\/sicherheit\/gewalt\/2010-ipvow\/\" target=\"_blank\" rel=\"noopener\">Partnergewalt gegen \u00e4ltere Frauen (Intimate Partner Violence against elderly Women) \u2013 L\u00e4nderbericht \u00d6sterreich<\/a><\/td>\n<\/tr>\n<tr style=\"height: 24px;\">\n<td style=\"width: 7.55117%; height: 32px;\">2010:<\/td>\n<td style=\"width: 92.4489%; height: 32px;\"><a href=\"https:\/\/ikf.ac.at\/en\/schwerpunkte\/sicherheit\/gewalt\/2010-begleitforschung-zur-qualitaetssicherung-in-der-prozessbegleitung\/\" target=\"_blank\" rel=\"noopener\">Begleitforschung zur Qualit\u00e4tssicherung in der Prozessbegleitung<\/a><\/td>\n<\/tr>\n<tr style=\"height: 24px;\">\n<td style=\"width: 7.55117%; height: 32px;\">2010:<\/td>\n<td style=\"width: 92.4489%; height: 32px;\"><a href=\"https:\/\/ikf.ac.at\/en\/schwerpunkte\/cleavages\/integration-migration\/2010-integration-and-diversity-in-education-in-europe\/\" target=\"_blank\" rel=\"noopener\">&#8220;Integration and Diversity in Education in Europe&#8221; \u2013 International Overview<\/a><\/td>\n<\/tr>\n<tr style=\"height: 24px;\">\n<td style=\"width: 7.55117%; height: 32px;\">2010:<\/td>\n<td style=\"width: 92.4489%; height: 32px;\"><a href=\"https:\/\/ikf.ac.at\/en\/schwerpunkte\/sicherheit\/sozialstaat\/2010-johann-boehm-in-der-oesterreichischen-sozialversicherung\/\" target=\"_blank\" rel=\"noopener\">Johann B\u00f6hm in der \u00f6sterreichischen Sozialversicherung<\/a><\/td>\n<\/tr>\n<tr style=\"height: 24px;\">\n<td style=\"width: 7.55117%; height: 32px;\">2010:<\/td>\n<td style=\"width: 92.4489%; height: 32px;\"><a href=\"https:\/\/ikf.ac.at\/en\/schwerpunkte\/sicherheit\/korruption\/2010-korruption-in-oesterreich\/\" target=\"_blank\" rel=\"noopener\">Formen und Verbreitung von Korruption in \u00d6sterreich<\/a><\/td>\n<\/tr>\n<tr style=\"height: 24px;\">\n<td style=\"width: 7.55117%; height: 32px;\">2010:<\/td>\n<td style=\"width: 92.4489%; height: 32px;\"><a href=\"https:\/\/ikf.ac.at\/en\/schwerpunkte\/sicherheit\/gewalt\/2010-kooperation-von-oeffentlicher-jugendhilfe-und-strafjustiz-bei-sexualdelikten-gegen-kinder-oesterreich-teil\/\" target=\"_blank\" rel=\"noopener\">Kooperation von \u00f6ffentlicher Jugendhilfe und Strafjustiz bei Sexualdelikten gegen Kinder \u2013 \u00d6sterreich-Teil<\/a><\/td>\n<\/tr>\n<tr style=\"height: 24px;\">\n<td style=\"width: 7.55117%; height: 32px;\">2010:<\/td>\n<td style=\"width: 92.4489%; height: 32px;\"><a href=\"https:\/\/ikf.ac.at\/en\/schwerpunkte\/hist-sozialforschung\/frauen-ns-verfolgung-2\/2010-weibliche-haeftlinge-im-kz-mauthausen-und-seinen-aussenlagern-hauptstudie\/\" target=\"_blank\" rel=\"noopener\">Weibliche H\u00e4ftlinge im KZ Mauthausen und seinen Au\u00dfenlagern (Hauptstudie)<\/a><\/td>\n<\/tr>\n<tr style=\"height: 24px;\">\n<td style=\"width: 7.55117%; height: 32px;\">2010:<\/td>\n<td style=\"width: 92.4489%; height: 32px;\"><a href=\"https:\/\/ikf.ac.at\/en\/schwerpunkte\/cleavages\/gender\/2010-feasibility-study-gender-violence-and-violence-against-children\/\" target=\"_blank\" rel=\"noopener\">Feasibility Study: National legislation on gender violence and violence against children<\/a><\/td>\n<\/tr>\n<tr style=\"height: 24px;\">\n<td style=\"width: 7.55117%; height: 32px;\">2010:<\/td>\n<td style=\"width: 92.4489%; height: 32px;\"><a href=\"https:\/\/ikf.ac.at\/en\/schwerpunkte\/demokratie\/demokratieentwicklung\/2010-international-civic-and-civic-education-study-iccs\/\" target=\"_blank\" rel=\"noopener\">International Civic and Civic Education Study (ICCS)<\/a><\/td>\n<\/tr>\n<tr style=\"height: 24px;\">\n<td style=\"width: 7.55117%; height: 32px;\">2010:<\/td>\n<td style=\"width: 92.4489%; height: 32px;\"><a href=\"https:\/\/ikf.ac.at\/en\/schwerpunkte\/cleavages\/integration-migration\/2010-integrationspartnerschaft-steiermark-leitbild-und-strategieentwicklung\/\" target=\"_blank\" rel=\"noopener\">Integrationspartnerschaft Steiermark \u2013 Leitbild- und Strategieentwicklung<\/a><\/td>\n<\/tr>\n<tr style=\"height: 24px;\">\n<td style=\"width: 7.55117%; height: 32px;\">2010:<\/td>\n<td style=\"width: 92.4489%; height: 32px;\"><a href=\"https:\/\/ikf.ac.at\/en\/schwerpunkte\/sicherheit\/gewalt\/2010-frauenbericht-2010-beziehungsgewalt-gegen-frauen\/\" target=\"_blank\" rel=\"noopener\">Frauenbericht 2010: Beziehungsgewalt gegen Frauen<\/a><\/td>\n<\/tr>\n<tr style=\"height: 24px;\">\n<td style=\"width: 7.55117%; height: 32px;\">2009:<\/td>\n<td style=\"width: 92.4489%; height: 32px;\"><a href=\"https:\/\/ikf.ac.at\/en\/schwerpunkte\/cleavages\/integration-migration\/2009-beratungsangebot-szenarioentwicklung-kommunale-integrationspolitik\/\" target=\"_blank\" rel=\"noopener\">(Szenario:i) Ein Beratungsangebot zur Szenarioentwicklung in der kommunalen Integrationspolitik<\/a><\/td>\n<\/tr>\n<tr style=\"height: 24px;\">\n<td style=\"width: 7.55117%; height: 32px;\">2009:<\/td>\n<td style=\"width: 92.4489%; height: 32px;\"><a href=\"https:\/\/ikf.ac.at\/en\/schwerpunkte\/sicherheit\/gewalt\/2009-familienbericht-2009-gewalt-in-der-familie\/\" target=\"_blank\" rel=\"noopener\">Familienbericht 2009: Gewalt in der Familie<\/a><\/td>\n<\/tr>\n<tr style=\"height: 24px;\">\n<td style=\"width: 7.55117%; height: 32px;\">2009:<\/td>\n<td style=\"width: 92.4489%; height: 32px;\"><a href=\"https:\/\/ikf.ac.at\/en\/schwerpunkte\/demokratie\/demokratieentwicklung\/2009-indikatoren-fuer-demokratiequalitaet-reformdiskussionen-und-demokratiewahrnehmung-der-bevoelkerung\/\" target=\"_blank\" rel=\"noopener\">Indikatoren f\u00fcr Demokratiequalit\u00e4t: Reformdiskussionen und Demokratiewahrnehmung der Bev\u00f6lkerung<\/a><\/td>\n<\/tr>\n<tr style=\"height: 24px;\">\n<td style=\"width: 7.55117%; height: 32px;\">2009:<\/td>\n<td style=\"width: 92.4489%; height: 32px;\"><a href=\"https:\/\/ikf.ac.at\/en\/schwerpunkte\/cleavages\/gender\/2009-evaluierung-drittes-mentoringprogramm-universitaet-wien\/\" target=\"_blank\" rel=\"noopener\">Evaluierung des 3. Mentoringprogramms f\u00fcr Nachwuchswissenschafterinnen an der Universit\u00e4t Wien (muv3)<\/a><\/td>\n<\/tr>\n<tr style=\"height: 24px;\">\n<td style=\"width: 7.55117%; height: 32px;\">2009:<\/td>\n<td style=\"width: 92.4489%; height: 32px;\"><a href=\"https:\/\/ikf.ac.at\/en\/schwerpunkte\/hist-sozialforschung\/frauen-ns-verfolgung-2\/2009-namentliche-erfassung-inhaftierten-oesterreicherinnen-kz-ravensbrueck-ausweitung-archivrecherchen\/\" target=\"_blank\" rel=\"noopener\">Namentliche Erfassung der ehemals inhaftierten \u00d6sterreicherInnen im KZ Ravensbr\u00fcck \u2013 Ausweitung der Archivrecherchen<\/a><\/td>\n<\/tr>\n<tr style=\"height: 24px;\">\n<td style=\"width: 7.55117%; height: 32px;\">2009:<\/td>\n<td style=\"width: 92.4489%; height: 32px;\"><a href=\"https:\/\/ikf.ac.at\/en\/schwerpunkte\/cleavages\/saekularisierung\/2009-europa-und-das-andere-tagung-und-podiumsdiskussion\/\" target=\"_blank\" rel=\"noopener\">Europa und das Andere &#8211; Konflikte um Geschlecht und Religion &#8211; Tagung und Podiumsdiskussion<\/a><\/td>\n<\/tr>\n<tr style=\"height: 24px;\">\n<td style=\"width: 7.55117%; height: 32px;\">2008:<\/td>\n<td style=\"width: 92.4489%; height: 32px;\"><a href=\"https:\/\/ikf.ac.at\/en\/schwerpunkte\/cleavages\/saekularisierung\/2008-saekularisierung-geschlechtsspezifische-konstruktion-der-anderen-religion\/\" target=\"_blank\" rel=\"noopener\">S\u00e4kularisierung und geschlechtsspezifische Konstruktion der &#8220;anderen&#8221; Religion<\/a><\/td>\n<\/tr>\n<tr style=\"height: 24px;\">\n<td style=\"width: 7.55117%; height: 32px;\">2008:<\/td>\n<td style=\"width: 92.4489%; height: 32px;\"><a href=\"https:\/\/ikf.ac.at\/en\/schwerpunkte\/sicherheit\/sozialstaat\/2008-evaluation-der-gebietsbetreuung-fuer-den-bereich-staedtische-wohnhausanlagen\/\" target=\"_blank\" rel=\"noopener\">Evaluation der Gebietsbetreuung f\u00fcr den Bereich st\u00e4dtische Wohnhausanlagen<\/a><\/td>\n<\/tr>\n<tr style=\"height: 24px;\">\n<td style=\"width: 7.55117%; height: 32px;\">2008:<\/td>\n<td style=\"width: 92.4489%; height: 32px;\"><a href=\"https:\/\/ikf.ac.at\/en\/schwerpunkte\/sicherheit\/sozialstaat\/2008-evaluierung-von-sam-9\/\" target=\"_blank\" rel=\"noopener\">Evaluierung von &#8220;SAM 9 \u2013 sozial, sicher, aktiv, mobil&#8221;<\/a><\/td>\n<\/tr>\n<tr style=\"height: 24px;\">\n<td style=\"width: 7.55117%; height: 32px;\">2008:<\/td>\n<td style=\"width: 92.4489%; height: 32px;\"><a href=\"https:\/\/ikf.ac.at\/en\/2008-politische-bildung-umsetzung-und-perspektiven\/\" target=\"_blank\" rel=\"noopener\">Politische Bildung: Umsetzung und Perspektiven<\/a><\/td>\n<\/tr>\n<tr style=\"height: 24px;\">\n<td style=\"width: 7.55117%; height: 32px;\">2008:<\/td>\n<td style=\"width: 92.4489%; height: 32px;\"><a href=\"https:\/\/ikf.ac.at\/en\/schwerpunkte\/hist-sozialforschung\/frauen-ns-verfolgung-2\/2008-ehemalige-weibliche-haeftlinge-in-nebenlagern-des-kz-mauthausen-pilotstudie\/\" target=\"_blank\" rel=\"noopener\">Ehemalige weibliche H\u00e4ftlinge (in Nebenlagern) des KZ Mauthausen (Pilotstudie)<\/a><\/td>\n<\/tr>\n<tr style=\"height: 24px;\">\n<td style=\"width: 7.55117%; height: 32px;\">2008:<\/td>\n<td style=\"width: 92.4489%; height: 32px;\"><a href=\"https:\/\/ikf.ac.at\/en\/2008-demokratie-messen\/\" target=\"_blank\" rel=\"noopener\">&#8220;Demokratie messen?&#8221;<\/a><\/td>\n<\/tr>\n<tr style=\"height: 24px;\">\n<td style=\"width: 7.55117%; height: 32px;\">2008:<\/td>\n<td style=\"width: 92.4489%; height: 32px;\"><a href=\"https:\/\/ikf.ac.at\/en\/schwerpunkte\/sicherheit\/sozialstaat\/2008-hot-spots-sozialer-konflikte-und-gebietsbetreuung-in-wiener-wohnhausanlagen\/\" target=\"_blank\" rel=\"noopener\">&#8220;Hot spots&#8221; sozialer Konflikte und Gebietsbetreuung in Wiener Wohnhausanlagen<\/a><\/td>\n<\/tr>\n<tr style=\"height: 24px;\">\n<td style=\"width: 7.55117%; height: 32px;\">2008:<\/td>\n<td style=\"width: 92.4489%; height: 32px;\"><a href=\"https:\/\/ikf.ac.at\/en\/schwerpunkte\/sicherheit\/rechtsstaat\/2008-opferhilfe-fuer-seniorinnen-in-favoriten\/\" target=\"_blank\" rel=\"noopener\">Opferhilfe f\u00fcr Seniorinnen in Favoriten<\/a><\/td>\n<\/tr>\n<tr style=\"height: 24px;\">\n<td style=\"width: 7.55117%; height: 32px;\">2007:<\/td>\n<td style=\"width: 92.4489%; height: 32px;\"><a href=\"https:\/\/ikf.ac.at\/en\/schwerpunkte\/hist-sozialforschung\/frauen-ns-verfolgung-2\/2007-oesterreichische-lagergemeinschaft-ravensbrueck\/\" target=\"_blank\" rel=\"noopener\">\u00d6sterreichische Lagergemeinschaft Ravensbr\u00fcck<\/a><\/td>\n<\/tr>\n<tr style=\"height: 24px;\">\n<td style=\"width: 7.55117%; height: 32px;\">2007:<\/td>\n<td style=\"width: 92.4489%; height: 32px;\"><a href=\"https:\/\/ikf.ac.at\/en\/schwerpunkte\/cleavages\/antisemitismus\/2007-antisemitismus-antifeminismus\/\" target=\"_blank\" rel=\"noopener\">Antisemitismus und Antifeminismus: eine zeitdiagnostische Studie der Vermittlung von Vorurteilen<\/a><\/td>\n<\/tr>\n<tr style=\"height: 24px;\">\n<td style=\"width: 7.55117%; height: 32px;\">2007:<\/td>\n<td style=\"width: 92.4489%; height: 32px;\"><a href=\"https:\/\/ikf.ac.at\/en\/schwerpunkte\/cleavages\/integration-migration\/2007-integrationsleitbild-niederoesterreich\/\" target=\"_blank\" rel=\"noopener\">Integrationsleitbild Nieder\u00f6sterreich \u2013 Evaluierung und Grundlagenerhebung<\/a><\/td>\n<\/tr>\n<tr style=\"height: 24px;\">\n<td style=\"width: 7.55117%; height: 32px;\">2007:<\/td>\n<td style=\"width: 92.4489%; height: 32px;\"><a href=\"https:\/\/ikf.ac.at\/en\/schwerpunkte\/cleavages\/antisemitismus\/2007-handbuch-der-vorurteile\/\" target=\"_blank\" rel=\"noopener\">Handbuch der Vorurteile<\/a><\/td>\n<\/tr>\n<tr style=\"height: 24px;\">\n<td style=\"width: 7.55117%; height: 32px;\">2007:<\/td>\n<td style=\"width: 92.4489%; height: 32px;\"><a href=\"https:\/\/ikf.ac.at\/en\/schwerpunkte\/sicherheit\/gewalt\/2007-prozessbegleitung\/\" target=\"_blank\" rel=\"noopener\">Prozessbegleitung<\/a><\/td>\n<\/tr>\n<tr style=\"height: 24px;\">\n<td style=\"width: 7.55117%; height: 32px;\">2007:<\/td>\n<td style=\"width: 92.4489%; height: 32px;\"><a href=\"https:\/\/ikf.ac.at\/en\/schwerpunkte\/hist-sozialforschung\/frauen-ns-verfolgung-2\/2007-dokumentation-der-geschichte-der-oesterreichischen-lagergemeinschaft-ravensbrueck\/\" target=\"_blank\" rel=\"noopener\">Dokumentation der Geschichte der \u00d6sterreichischen Lagergemeinschaft Ravensbr\u00fcck<\/a><\/td>\n<\/tr>\n<tr style=\"height: 24px;\">\n<td style=\"width: 7.55117%; height: 32px;\">2007:<\/td>\n<td style=\"width: 92.4489%; height: 32px;\"><a href=\"https:\/\/ikf.ac.at\/en\/schwerpunkte\/cleavages\/antisemitismus\/2007-raxen-7\/\" target=\"_blank\" rel=\"noopener\">RAXEN 7 (Racism and Xenophobia Network)<\/a><\/td>\n<\/tr>\n<tr style=\"height: 24px;\">\n<td style=\"width: 7.55117%; height: 32px;\">2006:<\/td>\n<td style=\"width: 92.4489%; height: 32px;\"><a href=\"https:\/\/ikf.ac.at\/en\/schwerpunkte\/cleavages\/integration-migration\/2006-integration-als-kommunales-politikfeld\/\" target=\"_blank\" rel=\"noopener\">Integration als kommunales Politikfeld<\/a><\/td>\n<\/tr>\n<tr style=\"height: 32px;\">\n<td style=\"width: 7.55117%; height: 32px;\">2006:<\/td>\n<td style=\"width: 92.4489%; height: 32px;\"><a href=\"https:\/\/ikf.ac.at\/en\/2006-zwischen-industrie-und-politik-100-geburtstag-von-karl-waldbrunner\/\" target=\"_blank\" rel=\"noopener\">&#8220;Zwischen Industrie und Politik&#8221; \u2013 100. Geburtstag von Karl Waldbrunner<\/a><\/td>\n<\/tr>\n<tr style=\"height: 24px;\">\n<td style=\"width: 7.55117%; height: 32px;\">2006:<\/td>\n<td style=\"width: 92.4489%; height: 32px;\"><a href=\"https:\/\/ikf.ac.at\/en\/schwerpunkte\/cleavages\/integration-migration\/2006-affirmative-action-migrantinnen-oesterreich\/\" target=\"_blank\" rel=\"noopener\">Affirmative Action f\u00fcr MigrantInnen? Am Beispiel \u00d6sterreich.<\/a><\/td>\n<\/tr>\n<tr style=\"height: 24px;\">\n<td style=\"width: 7.55117%; height: 32px;\">2006:<\/td>\n<td style=\"width: 92.4489%; height: 32px;\"><a href=\"https:\/\/ikf.ac.at\/en\/schwerpunkte\/cleavages\/gender\/2006-evaluierung-zweites-mentoring-programm-universitaet-wien\/\" target=\"_blank\" rel=\"noopener\">Evaluierung des 2. Mentoringprogramms f\u00fcr Nachwuchswissenschafterinnen an der Universit\u00e4t Wien<\/a><\/td>\n<\/tr>\n<tr style=\"height: 24px;\">\n<td style=\"width: 7.55117%; height: 32px;\">2006:<\/td>\n<td style=\"width: 92.4489%; height: 32px;\"><a href=\"https:\/\/ikf.ac.at\/en\/schwerpunkte\/sicherheit\/sozialstaat\/2006-evaluierung-von-help-u-initiative-wiener-linien-und-fonds-soziales-wien\/\" target=\"_blank\" rel=\"noopener\">Evaluierung von &#8220;Help U. Eine Initiative der Wiener Linien und des Fonds Soziales Wien&#8221;<\/a><\/td>\n<\/tr>\n<tr style=\"height: 24px;\">\n<td style=\"width: 7.55117%; height: 32px;\">2006:<\/td>\n<td style=\"width: 92.4489%; height: 32px;\"><a href=\"https:\/\/ikf.ac.at\/en\/schwerpunkte\/sicherheit\/korruption\/2006-staatliche-politikfinanzierung-als-instrument-gegen-politische-korruption\/\" target=\"_blank\" rel=\"noopener\">Staatliche Politikfinanzierung als Instrument gegen politische Korruption?<\/a><\/td>\n<\/tr>\n<tr style=\"height: 24px;\">\n<td style=\"width: 7.55117%; height: 32px;\">2006:<\/td>\n<td style=\"width: 92.4489%; height: 32px;\"><a href=\"https:\/\/ikf.ac.at\/en\/schwerpunkte\/sicherheit\/gewalt\/2006-kosten-haeuslicher-gewalt-in-oesterreich\/\" target=\"_blank\" rel=\"noopener\">Kosten h\u00e4uslicher Gewalt in \u00d6sterreich<\/a><\/td>\n<\/tr>\n<tr style=\"height: 24px;\">\n<td style=\"width: 7.55117%; height: 32px;\">2006:<\/td>\n<td style=\"width: 92.4489%; height: 32px;\"><a href=\"https:\/\/ikf.ac.at\/en\/schwerpunkte\/sicherheit\/korruption\/2006-perspektiven-monitoring-und-bekaempfung-korruption-eu\/\" target=\"_blank\" rel=\"noopener\">Perspektiven des Monitoring und der Bek\u00e4mpfung von Korruption im Rahmen der EU<\/a><\/td>\n<\/tr>\n<tr style=\"height: 24px;\">\n<td style=\"width: 7.55117%; height: 32px;\">2006:<\/td>\n<td style=\"width: 92.4489%; height: 32px;\"><a href=\"https:\/\/ikf.ac.at\/en\/schwerpunkte\/cleavages\/antisemitismus\/2006-raxen-6\/\" target=\"_blank\" rel=\"noopener\">RAXEN 6 (Racism and Xenophobia Network)<\/a><\/td>\n<\/tr>\n<tr style=\"height: 24px;\">\n<td style=\"width: 7.55117%; height: 32px;\">2005:<\/td>\n<td style=\"width: 92.4489%; height: 32px;\"><a href=\"https:\/\/ikf.ac.at\/en\/schwerpunkte\/cleavages\/antisemitismus\/2005-privileg-der-unsichtbarkeit\/\" target=\"_blank\" rel=\"noopener\">Das Privileg der Unsichtbarkeit<\/a><\/td>\n<\/tr>\n<tr style=\"height: 24px;\">\n<td style=\"width: 7.55117%; height: 32px;\">2005:<\/td>\n<td style=\"width: 92.4489%; height: 32px;\"><a href=\"https:\/\/ikf.ac.at\/en\/schwerpunkte\/hist-sozialforschung\/frauen-ns-verfolgung-2\/2005-namentliche-erfassung-ehemalige-wiener-inhaftierten-frauenkonzentrationslager-ravensbrueck\/\" target=\"_blank\" rel=\"noopener\">Die namentliche Erfassung der ehemaligen Wiener Inhaftierten im Frauenkonzentrationslager Ravensbr\u00fcck<\/a><\/td>\n<\/tr>\n<tr style=\"height: 24px;\">\n<td style=\"width: 7.55117%; height: 32px;\">2005:<\/td>\n<td style=\"width: 92.4489%; height: 32px;\"><a href=\"https:\/\/ikf.ac.at\/en\/schwerpunkte\/sicherheit\/gewalt\/2005-gewalt-gegen-kinder\/\" target=\"_blank\" rel=\"noopener\">Gewalt gegen Kinder<\/a><\/td>\n<\/tr>\n<tr style=\"height: 24px;\">\n<td style=\"width: 7.55117%; height: 32px;\">2005:<\/td>\n<td style=\"width: 92.4489%; height: 32px;\"><a href=\"https:\/\/ikf.ac.at\/en\/schwerpunkte\/cleavages\/antisemitismus\/2005-verschiedene-herkunft-gemeinsame-zukunft-aktion-2-und-3\/\" target=\"_blank\" rel=\"noopener\">Verschiedene Herkunft \u2013 gemeinsame Zukunft. Strategien und Ma\u00dfnahmen gegen Rassismus und Fremdenfeindlichkeit \u2013 Aktion 2 und 3<\/a><\/td>\n<\/tr>\n<tr style=\"height: 24px;\">\n<td style=\"width: 7.55117%; height: 32px;\">2005:<\/td>\n<td style=\"width: 92.4489%; height: 32px;\"><a href=\"https:\/\/ikf.ac.at\/en\/schwerpunkte\/cleavages\/gender\/2005-gender-evaluierung-antirassistisches-arbeitsfeld\/\" target=\"_blank\" rel=\"noopener\">Gender-Evaluierung im antirassistischen Arbeitsfeld anhand ausgew\u00e4hlter Teile des Projekts &#8220;Verschiedene Herkunft &#8211; gemeinsame Zukunft. Strategien und Ma\u00dfnahmen gegen Rassismus und Fremdenfeindlichkeit&#8221;<\/a><\/td>\n<\/tr>\n<tr style=\"height: 24px;\">\n<td style=\"width: 7.55117%; height: 32px;\">2005:<\/td>\n<td style=\"width: 92.4489%; height: 32px;\"><a href=\"https:\/\/ikf.ac.at\/en\/schwerpunkte\/cleavages\/antisemitismus\/2005-identitaet-juedischer-frauen-in-oesterreich\/\" target=\"_blank\" rel=\"noopener\">Antisemitisch-misogyne Stereotype und deren Auswirkungen auf die Identit\u00e4t j\u00fcdischer Frauen in \u00d6sterreich<\/a><\/td>\n<\/tr>\n<tr style=\"height: 24px;\">\n<td style=\"width: 7.55117%; height: 32px;\">2005:<\/td>\n<td style=\"width: 92.4489%; height: 32px;\"><a href=\"https:\/\/ikf.ac.at\/en\/2005-soziale-gerechtigkeit\/\" target=\"_blank\" rel=\"noopener\">Soziale Gerechtigkeit<\/a><\/td>\n<\/tr>\n<tr style=\"height: 24px;\">\n<td style=\"width: 7.55117%; height: 32px;\">2005:<\/td>\n<td style=\"width: 92.4489%; height: 32px;\"><a href=\"https:\/\/ikf.ac.at\/en\/schwerpunkte\/demokratie\/demokratieentwicklung\/2005-das-neue-oesterreich-ausstellung-staatsvertragsjubilaeum-1955-2005\/\" target=\"_blank\" rel=\"noopener\">&#8220;Das neue \u00d6sterreich&#8221; \u2013 Die Ausstellung zum Staatsvertragsjubil\u00e4um 1955\/2005<\/a><\/td>\n<\/tr>\n<tr style=\"height: 24px;\">\n<td style=\"width: 7.55117%; height: 32px;\">2005:<\/td>\n<td style=\"width: 92.4489%; height: 32px;\"><a href=\"https:\/\/ikf.ac.at\/en\/schwerpunkte\/cleavages\/integration-migration\/2005-stimmungsbild-niederoesterreichische-gemeinden-integration\/\" target=\"_blank\" rel=\"noopener\">Stimmungsbild &#8211; Erhebung von Problem- und Bed\u00fcrfnislagen der nieder\u00f6sterreichischen Gemeinden in Bezug auf Integration<\/a><\/td>\n<\/tr>\n<tr style=\"height: 24px;\">\n<td style=\"width: 7.55117%; height: 32px;\">2005:<\/td>\n<td style=\"width: 92.4489%; height: 32px;\"><a href=\"https:\/\/ikf.ac.at\/en\/schwerpunkte\/cleavages\/antisemitismus\/2005-raxen-5\/\" target=\"_blank\" rel=\"noopener\">RAXEN 5 (Racism and Xenophobia Network)<\/a><\/td>\n<\/tr>\n<tr style=\"height: 24px;\">\n<td style=\"width: 7.55117%; height: 32px;\">2004:<\/td>\n<td style=\"width: 92.4489%; height: 32px;\"><a href=\"https:\/\/ikf.ac.at\/en\/schwerpunkte\/sicherheit\/sozialstaat\/2004-evaluation-der-gebietsbetreuung-neu\/\" target=\"_blank\" rel=\"noopener\">Evaluation der Gebietsbetreuung neu<\/a><\/td>\n<\/tr>\n<tr style=\"height: 24px;\">\n<td style=\"width: 7.55117%; height: 32px;\">2004:<\/td>\n<td style=\"width: 92.4489%; height: 32px;\"><a href=\"https:\/\/ikf.ac.at\/en\/2004-bezirkspolitik-in-wien\/\" target=\"_blank\" rel=\"noopener\">Bezirkspolitik in Wien<\/a><\/td>\n<\/tr>\n<tr style=\"height: 24px;\">\n<td style=\"width: 7.55117%; height: 32px;\">2004:<\/td>\n<td style=\"width: 92.4489%; height: 32px;\"><a href=\"https:\/\/ikf.ac.at\/en\/schwerpunkte\/demokratie\/demokratieentwicklung-eu\/2004-campaign-strategies-in-the-european-elections-2004\/\" target=\"_blank\" rel=\"noopener\">Campaign Strategies in the European Elections 2004<\/a><\/td>\n<\/tr>\n<tr style=\"height: 24px;\">\n<td style=\"width: 7.55117%; height: 32px;\">2004:<\/td>\n<td style=\"width: 92.4489%; height: 32px;\"><a href=\"https:\/\/ikf.ac.at\/en\/schwerpunkte\/cleavages\/gender\/2004-situation-lesben-schwule-transgender-transsexuelle-arbeitsplatz\/\" target=\"_blank\" rel=\"noopener\">Die Situation von Lesben, Schwulen und transgender\/transsexuellen Personen am Arbeitsplatz<\/a><\/td>\n<\/tr>\n<tr style=\"height: 24px;\">\n<td style=\"width: 7.55117%; height: 32px;\">2004:<\/td>\n<td style=\"width: 92.4489%; height: 32px;\"><a href=\"https:\/\/ikf.ac.at\/en\/schwerpunkte\/hist-sozialforschung\/oral-history\/2004-emigration-flucht-vertreibung-migrationsbewegungen-oesterreichischer-juedinnen-und-juden-nach-palaestina-1934-1948\/\" target=\"_blank\" rel=\"noopener\">Emigration \u2013 Flucht \u2013 Vertreibung. Migrationsbewegungen \u00f6sterreichischer J\u00fcdinnen und Juden nach Pal\u00e4stina 1934-1948<\/a><\/td>\n<\/tr>\n<tr style=\"height: 24px;\">\n<td style=\"width: 7.55117%; height: 32px;\">2004:<\/td>\n<td style=\"width: 92.4489%; height: 32px;\"><a href=\"https:\/\/ikf.ac.at\/en\/schwerpunkte\/sicherheit\/gewalt\/2004-gewaltpraevention-in-der-schule\/\" target=\"_blank\" rel=\"noopener\">Gewaltpr\u00e4vention in der Schule<\/a><\/td>\n<\/tr>\n<tr style=\"height: 24px;\">\n<td style=\"width: 7.55117%; height: 32px;\">2004:<\/td>\n<td style=\"width: 92.4489%; height: 32px;\"><a href=\"https:\/\/ikf.ac.at\/en\/schwerpunkte\/cleavages\/gender\/2004-praevention-postpartaler-depression\/\" target=\"_blank\" rel=\"noopener\">Pr\u00e4vention Postpartaler Depression<\/a><\/td>\n<\/tr>\n<tr style=\"height: 24px;\">\n<td style=\"width: 7.55117%; height: 32px;\">2004:<\/td>\n<td style=\"width: 92.4489%; height: 32px;\"><a href=\"https:\/\/ikf.ac.at\/en\/schwerpunkte\/sicherheit\/gewalt\/2004-aussenstellen-der-interventionsstellen-oberoesterreich-und-niederoesterreich\/\" target=\"_blank\" rel=\"noopener\">Au\u00dfenstellen der Interventionsstellen Ober\u00f6sterreich und Nieder\u00f6sterreich \u2013 eine erste Einsch\u00e4tzung von Erfolgen und Bed\u00fcrfnissen<\/a><\/td>\n<\/tr>\n<tr style=\"height: 24px;\">\n<td style=\"width: 7.55117%; height: 32px;\">2004:<\/td>\n<td style=\"width: 92.4489%; height: 32px;\"><a href=\"https:\/\/ikf.ac.at\/en\/2004-oesterreichische-und-juedische-identitaet\/\" target=\"_blank\" rel=\"noopener\">\u00d6sterreichische und j\u00fcdische Identit\u00e4t<\/a><\/td>\n<\/tr>\n<tr style=\"height: 24px;\">\n<td style=\"width: 7.55117%; height: 32px;\">2003:<\/td>\n<td style=\"width: 92.4489%; height: 32px;\"><a href=\"https:\/\/ikf.ac.at\/en\/schwerpunkte\/cleavages\/antisemitismus\/2003-raxen-4\/\" target=\"_blank\" rel=\"noopener\">RAXEN 4 (Racism and Xenophobia Network)<\/a><\/td>\n<\/tr>\n<tr style=\"height: 24px;\">\n<td style=\"width: 7.55117%; height: 32px;\">2003:<\/td>\n<td style=\"width: 92.4489%; height: 32px;\"><a href=\"https:\/\/ikf.ac.at\/en\/schwerpunkte\/cleavages\/integration-migration\/2003-verschuldung-von-migrantinnen-in-wien\/\" target=\"_blank\" rel=\"noopener\">Verschuldung von MigrantInnen in Wien. Ursachen, Ausma\u00df und Folgen<\/a><\/td>\n<\/tr>\n<tr style=\"height: 24px;\">\n<td style=\"width: 7.55117%; height: 32px;\">2003:<\/td>\n<td style=\"width: 92.4489%; height: 32px;\"><a href=\"https:\/\/ikf.ac.at\/en\/schwerpunkte\/hist-sozialforschung\/oral-history\/2003-zeitzeuginnenprojekt-kz-gedenkstaette-mauthausen-mauthausen-survivors-documentation-project\/\" target=\"_blank\" rel=\"noopener\">ZeitzeugInnenprojekt KZ-Gedenkst\u00e4tte Mauthausen \/ Mauthausen Survivors Documentation Project<\/a><\/td>\n<\/tr>\n<tr style=\"height: 24px;\">\n<td style=\"width: 7.55117%; height: 32px;\">2003:<\/td>\n<td style=\"width: 92.4489%; height: 32px;\"><a href=\"https:\/\/ikf.ac.at\/en\/schwerpunkte\/hist-sozialforschung\/frauen-ns-verfolgung-2\/2003-sexuelle-gewalt-gegen-verfolgte-des-nationalsozialismus\/\" target=\"_blank\" rel=\"noopener\">Sexuelle Gewalt gegen Verfolgte des Nationalsozialismus<\/a><\/td>\n<\/tr>\n<tr style=\"height: 24px;\">\n<td style=\"width: 7.55117%; height: 32px;\">2003:<\/td>\n<td style=\"width: 92.4489%; height: 32px;\"><a href=\"https:\/\/ikf.ac.at\/en\/2003-bezirksvorsteherinnen-und-bezirkspolitik\/\" target=\"_blank\" rel=\"noopener\">BezirksvorsteherInnen und Bezirkspolitik<\/a><\/td>\n<\/tr>\n<tr style=\"height: 24px;\">\n<td style=\"width: 7.55117%; height: 32px;\">2003:<\/td>\n<td style=\"width: 92.4489%; height: 32px;\"><a href=\"https:\/\/ikf.ac.at\/en\/schwerpunkte\/sicherheit\/rechtsstaat\/2003-wissenschaftliche-betreuung-entwicklung-kernlehrplan-grenzpolizei-im-europaeischen-raum\/\" target=\"_blank\" rel=\"noopener\">Wissenschaftliche Betreuung bei der Entwicklung eines Kernlehrplans f\u00fcr die Grenzpolizei im europ\u00e4ischen Raum<\/a><\/td>\n<\/tr>\n<tr style=\"height: 24px;\">\n<td style=\"width: 7.55117%; height: 32px;\">2002:<\/td>\n<td style=\"width: 92.4489%; height: 32px;\"><a href=\"https:\/\/ikf.ac.at\/en\/schwerpunkte\/cleavages\/antisemitismus\/2002-raxen-3\/\" target=\"_blank\" rel=\"noopener\">RAXEN 3 (Racism and Xenophobia Network)<\/a><\/td>\n<\/tr>\n<tr style=\"height: 24px;\">\n<td style=\"width: 7.55117%; height: 32px;\">2002:<\/td>\n<td style=\"width: 92.4489%; height: 32px;\"><a href=\"https:\/\/ikf.ac.at\/en\/schwerpunkte\/sicherheit\/sozialstaat\/2002-konfliktloesungsmodelle-fuer-grosswohnanlagen\/\" target=\"_blank\" rel=\"noopener\">Konfliktl\u00f6sungsmodelle f\u00fcr Gro\u00dfwohnanlagen<\/a><\/td>\n<\/tr>\n<tr style=\"height: 24px;\">\n<td style=\"width: 7.55117%; height: 32px;\">2002:<\/td>\n<td style=\"width: 92.4489%; height: 32px;\"><a href=\"https:\/\/ikf.ac.at\/en\/schwerpunkte\/sicherheit\/gewalt\/2002-folgestudie-evaluierung-bundesgesetz_schutz_vor_gewalt_in_der_familie\/\" target=\"_blank\" rel=\"noopener\">Folgestudie zur Evaluierung des Bundesgesetzes zum Schutz vor Gewalt in der Familie<\/a><\/td>\n<\/tr>\n<tr style=\"height: 24px;\">\n<td style=\"width: 7.55117%; height: 32px;\">2002:<\/td>\n<td style=\"width: 92.4489%; height: 32px;\"><a href=\"https:\/\/ikf.ac.at\/en\/schwerpunkte\/cleavages\/integration-migration\/2002-handbuch-bericht-ueber-migration-und-integration-in-oesterreich-kapitel-8\/\" target=\"_blank\" rel=\"noopener\">Handbuch &#8220;Bericht \u00fcber Migration und Integration in \u00d6sterreich&#8221; Kapitel 8: Gesundheit und medizinische Versorgung von MigrantInnen<\/a><\/td>\n<\/tr>\n<tr style=\"height: 24px;\">\n<td style=\"width: 7.55117%; height: 32px;\">2002:<\/td>\n<td style=\"width: 92.4489%; height: 32px;\"><a href=\"https:\/\/ikf.ac.at\/en\/schwerpunkte\/cleavages\/antisemitismus\/2002-verschiedene-herkunft-gemeinsame-zukunft-aktion-1\/\" target=\"_blank\" rel=\"noopener\">Verschiedene Herkunft &#8211; gemeinsame Zukunft. Strategien und Ma\u00dfnahmen gegen Rassismus und Fremdenfeindlichkeit &#8211; Aktion 1<\/a><\/td>\n<\/tr>\n<tr style=\"height: 32px;\">\n<td style=\"width: 7.55117%; height: 32px;\">2001:<\/td>\n<td style=\"width: 92.4489%; height: 32px;\"><a href=\"https:\/\/ikf.ac.at\/en\/schwerpunkte\/hist-sozialforschung\/oral-history\/2003-juedinnen-in-der-oesterreichischen-frauenbewegung-1890-1938\/\" target=\"_blank\" rel=\"noopener\">J\u00fcdinnen in der \u00f6sterreichischen Frauenbewegung 1890 \u2013 1938<\/a><\/td>\n<\/tr>\n<tr style=\"height: 24px;\">\n<td style=\"width: 7.55117%; height: 32px;\">2001:<\/td>\n<td style=\"width: 92.4489%; height: 32px;\"><a href=\"https:\/\/ikf.ac.at\/en\/schwerpunkte\/sicherheit\/rechtsstaat\/2001-arbeitsgruppe-wehrpolitische-ausbildung\/\" target=\"_blank\" rel=\"noopener\">Arbeitsgruppe Wehrpolitische Ausbildung<\/a><\/td>\n<\/tr>\n<tr style=\"height: 24px;\">\n<td style=\"width: 7.55117%; height: 32px;\">2001:<\/td>\n<td style=\"width: 92.4489%; height: 32px;\"><a href=\"https:\/\/ikf.ac.at\/en\/schwerpunkte\/cleavages\/antisemitismus\/2001-national-focal-point-austria\/\" target=\"_blank\" rel=\"noopener\">National Focal Point for Austria<\/a><\/td>\n<\/tr>\n<tr style=\"height: 24px;\">\n<td style=\"width: 7.55117%; height: 32px;\">2001:<\/td>\n<td style=\"width: 92.4489%; height: 32px;\"><a href=\"https:\/\/ikf.ac.at\/en\/schwerpunkte\/demokratie\/demokratieentwicklung\/2001-konflikt-kreisky-androsch\/\" target=\"_blank\" rel=\"noopener\">Der Konflikt Kreisky-Androsch: Zur Wahrnehmung und Gewichtung einer der zentralen Weichenstellungen der Zweiten Republik<\/a><\/td>\n<\/tr>\n<tr style=\"height: 24px;\">\n<td style=\"width: 7.55117%; height: 32px;\">2001:<\/td>\n<td style=\"width: 92.4489%; height: 32px;\"><a href=\"https:\/\/ikf.ac.at\/en\/schwerpunkte\/sicherheit\/rechtsstaat\/2001-politische-rahmenbedingungen-konsequenzen-liberalisierung-vorgelagerte-sektoren-industrie\/\" target=\"_blank\" rel=\"noopener\">Politische Rahmenbedingungen und Konsequenzen der Liberalisierung vorgelagerter Sektoren f\u00fcr die Industrie<\/a><\/td>\n<\/tr>\n<tr style=\"height: 24px;\">\n<td style=\"width: 7.55117%; height: 32px;\">2001:<\/td>\n<td style=\"width: 92.4489%; height: 32px;\"><a href=\"https:\/\/ikf.ac.at\/en\/schwerpunkte\/cleavages\/antisemitismus\/2001-forschungsdokumentation-fremdenfeindlichkeit-in-oesterreich-2\/\" target=\"_blank\" rel=\"noopener\">Forschungsdokumentation &#8220;Fremdenfeindlichkeit in \u00d6sterreich&#8221;\/2<\/a><\/td>\n<\/tr>\n<tr style=\"height: 24px;\">\n<td style=\"width: 7.55117%; height: 32px;\">2001:<\/td>\n<td style=\"width: 92.4489%; height: 32px;\"><a href=\"https:\/\/ikf.ac.at\/en\/schwerpunkte\/cleavages\/integration-migration\/2001-tuerkische-imame-in-wien\/\" target=\"_blank\" rel=\"noopener\">T\u00fcrkische Imame in Wien<\/a><\/td>\n<\/tr>\n<tr style=\"height: 24px;\">\n<td style=\"width: 7.55117%; height: 32px;\">2001:<\/td>\n<td style=\"width: 92.4489%; height: 32px;\"><a href=\"https:\/\/ikf.ac.at\/en\/schwerpunkte\/sicherheit\/sozialstaat\/2001-alleinerzieherinnen-in-wien\/\" target=\"_blank\" rel=\"noopener\">Alleinerzieherinnen in Wien<\/a><\/td>\n<\/tr>\n<tr style=\"height: 24px;\">\n<td style=\"width: 7.55117%; height: 32px;\">2001:<\/td>\n<td style=\"width: 92.4489%; height: 32px;\"><a href=\"https:\/\/ikf.ac.at\/en\/schwerpunkte\/cleavages\/integration-migration\/2001-zugewanderte-patientinnen-im-wiener-gesundheitssystem\/\" target=\"_blank\" rel=\"noopener\">Zugewanderte PatientInnen im Wiener Gesundheitssystem<\/a><\/td>\n<\/tr>\n<tr style=\"height: 24px;\">\n<td style=\"width: 7.55117%; height: 32px;\">2001:<\/td>\n<td style=\"width: 92.4489%; height: 32px;\"><a href=\"https:\/\/ikf.ac.at\/en\/schwerpunkte\/sicherheit\/rechtsstaat\/2001-haltung-der-exekutive-zu-fremden-in-oesterreich\/\" target=\"_blank\" rel=\"noopener\">Wie ist die Haltung der Exekutive zu Fremden in \u00d6sterreich und wie geht sie mit ihnen um?<\/a><\/td>\n<\/tr>\n<tr style=\"height: 24px;\">\n<td style=\"width: 7.55117%; height: 32px;\">2000:<\/td>\n<td style=\"width: 92.4489%; height: 32px;\"><a href=\"https:\/\/ikf.ac.at\/en\/schwerpunkte\/cleavages\/integration-migration\/2000-integrationsindikatoren-wien\/\" target=\"_blank\" rel=\"noopener\">Integrationsindikatoren. Zur Nachhaltigkeit der Wiener Integrationspolitik<\/a><\/td>\n<\/tr>\n<tr style=\"height: 24px;\">\n<td style=\"width: 7.55117%; height: 32px;\">2000:<\/td>\n<td style=\"width: 92.4489%; height: 32px;\"><a href=\"https:\/\/ikf.ac.at\/en\/schwerpunkte\/demokratie\/demokratieentwicklung\/2000-qualitaet-oesterreichische-demokratie-analysen-perspektiven-demokratiereform\/\" target=\"_blank\" rel=\"noopener\">Zur Qualit\u00e4t der \u00f6sterreichischen Demokratie: Ausgew\u00e4hlte Analysen &#8211; Perspektiven f\u00fcr Demokratiereform<\/a><\/td>\n<\/tr>\n<tr style=\"height: 24px;\">\n<td style=\"width: 7.55117%; height: 32px;\">2000:<\/td>\n<td style=\"width: 92.4489%; height: 32px;\"><a href=\"https:\/\/ikf.ac.at\/en\/schwerpunkte\/demokratie\/demokratieentwicklung\/2000-demokratie-in-der-kleinen-einheit-politische-graswurzeln-am-beispiel-des-ersten-wiener-gemeindebezirks\/\" target=\"_blank\" rel=\"noopener\">Demokratie in der kleinen Einheit: Politische Graswurzeln am Beispiel des Ersten Wiener Gemeindebezirks<\/a><\/td>\n<\/tr>\n<tr style=\"height: 24px;\">\n<td style=\"width: 7.55117%; height: 32px;\">2000:<\/td>\n<td style=\"width: 92.4489%; height: 32px;\"><a href=\"https:\/\/ikf.ac.at\/en\/schwerpunkte\/sicherheit\/korruption\/2000-korruption-in-oesterreich\/\" target=\"_blank\" rel=\"noopener\">Korruption in \u00d6sterreich: Verbreitung, Trends, Perspektiven der Pr\u00e4vention<\/a><\/td>\n<\/tr>\n<tr style=\"height: 24px;\">\n<td style=\"width: 7.55117%; height: 32px;\">2000:<\/td>\n<td style=\"width: 92.4489%; height: 32px;\"><a href=\"https:\/\/ikf.ac.at\/en\/schwerpunkte\/sicherheit\/rechtsstaat\/2000-sicherheit-im-oeffentlichen-raum\/\" target=\"_blank\" rel=\"noopener\">Sicherheit im \u00f6ffentlichen Raum<\/a><\/td>\n<\/tr>\n<tr style=\"height: 24px;\">\n<td style=\"width: 7.55117%; height: 32px;\">2000:<\/td>\n<td style=\"width: 92.4489%; height: 32px;\"><a href=\"https:\/\/ikf.ac.at\/en\/schwerpunkte\/hist-sozialforschung\/frauen-ns-verfolgung-2\/2000-lebenserinnerungen-dokumentation-ueber-inhaftierte-oesterreicherinnen-frauenkonzentrationslager-ravensbrueck\/\" target=\"_blank\" rel=\"noopener\">Lebenserinnerungen. Eine Dokumentation \u00fcber die inhaftierten \u00d6sterreicherinnen im Frauenkonzentrationslager Ravensbr\u00fcck<\/a><\/td>\n<\/tr>\n<tr style=\"height: 24px;\">\n<td style=\"width: 7.55117%; height: 32px;\">2000:<\/td>\n<td style=\"width: 92.4489%; height: 32px;\"><a href=\"https:\/\/ikf.ac.at\/en\/schwerpunkte\/demokratie\/demokratieentwicklung\/2000-politische-rahmenbedingungen-fuer-staatliches-eigentum\/\" target=\"_blank\" rel=\"noopener\">Politische Rahmenbedingungen f\u00fcr staatliches Eigentum<\/a><\/td>\n<\/tr>\n<tr style=\"height: 24px;\">\n<td style=\"width: 7.55117%; height: 32px;\">2000:<\/td>\n<td style=\"width: 92.4489%; height: 32px;\"><a href=\"https:\/\/ikf.ac.at\/en\/2000-evaluierung-fonds-zur-integration-fluechtlinge\/\" target=\"_blank\" rel=\"noopener\">Evaluierung des Fonds zur Integration von Fl\u00fcchtlingen<\/a><\/td>\n<\/tr>\n<tr style=\"height: 24px;\">\n<td style=\"width: 7.55117%; height: 32px;\">2000:<\/td>\n<td style=\"width: 92.4489%; height: 32px;\"><a href=\"https:\/\/ikf.ac.at\/en\/schwerpunkte\/cleavages\/gender\/2000-rechtsextreme-parteien-frauen\/\" target=\"_blank\" rel=\"noopener\">Rechtsextreme Parteien &#8211; eine m\u00f6gliche Heimat f\u00fcr Frauen?<\/a><\/td>\n<\/tr>\n<tr style=\"height: 24px;\">\n<td style=\"width: 7.55117%; height: 32px;\">2000:<\/td>\n<td style=\"width: 92.4489%; height: 32px;\"><a href=\"https:\/\/ikf.ac.at\/en\/schwerpunkte\/demokratie\/demokratieentwicklung\/2000-sozialisation-berufsbild-richterinnen-und-richter\/\" target=\"_blank\" rel=\"noopener\">Sozialisation und Berufsbild von Richterinnen und Richtern<\/a><\/td>\n<\/tr>\n<tr style=\"height: 24px;\">\n<td style=\"width: 7.55117%; height: 32px;\">2000:<\/td>\n<td style=\"width: 92.4489%; height: 32px;\"><a href=\"https:\/\/ikf.ac.at\/en\/schwerpunkte\/demokratie\/demokratieentwicklung\/2000-evaluierung-lehrgang-bildungsarbeit-1999-und-aufbaumodule-weiterbildung-1999\/\" target=\"_blank\" rel=\"noopener\">Evaluierung des Lehrganges der Bildungsarbeit 1999 und der Aufbaumodule Weiterbildung 1999<\/a><\/td>\n<\/tr>\n<tr style=\"height: 24px;\">\n<td style=\"width: 7.55117%; height: 32px;\">1999:<\/td>\n<td style=\"width: 92.4489%; height: 32px;\"><a href=\"https:\/\/ikf.ac.at\/en\/schwerpunkte\/cleavages\/gender\/1999-bedarfserhebung-massnahmen-weibliche-prostituierte-wien\/\" target=\"_blank\" rel=\"noopener\">Bedarfserhebung &#8211; Ma\u00dfnahmen f\u00fcr weibliche Prostituierte in Wien<\/a><\/td>\n<\/tr>\n<tr style=\"height: 24px;\">\n<td style=\"width: 7.55117%; height: 32px;\">1999:<\/td>\n<td style=\"width: 92.4489%; height: 32px;\"><a href=\"https:\/\/ikf.ac.at\/en\/schwerpunkte\/cleavages\/gender\/1999-handbuch-betriebliche-frauenfoerderung\/\" target=\"_blank\" rel=\"noopener\">Handbuch betriebliche Frauenf\u00f6rderung &#8211; betriebliche Gleichstellung<\/a><\/td>\n<\/tr>\n<tr style=\"height: 24px;\">\n<td style=\"width: 7.55117%; height: 32px;\">1999:<\/td>\n<td style=\"width: 92.4489%; height: 32px;\"><a href=\"https:\/\/ikf.ac.at\/en\/schwerpunkte\/sicherheit\/gewalt\/1999-begleitstudie-implementierung-bundesgesetz-zum-schutz-vor-gewalt-in-der-familie\/\" target=\"_blank\" rel=\"noopener\">Begleitstudie zur Implementierung des Bundesgesetzes zum Schutz vor Gewalt in der Familie<\/a><\/td>\n<\/tr>\n<tr style=\"height: 24px;\">\n<td style=\"width: 7.55117%; height: 32px;\">1999:<\/td>\n<td style=\"width: 92.4489%; height: 32px;\"><a href=\"https:\/\/ikf.ac.at\/en\/schwerpunkte\/cleavages\/integration-migration\/1999-managing-diversities\/\" target=\"_blank\" rel=\"noopener\">Managing Diversities<\/a><\/td>\n<\/tr>\n<tr style=\"height: 24px;\">\n<td style=\"width: 7.55117%; height: 32px;\">1999:<\/td>\n<td style=\"width: 92.4489%; height: 32px;\"><a href=\"https:\/\/ikf.ac.at\/en\/schwerpunkte\/cleavages\/antisemitismus\/1999-machbarkeitsstudie-haus-der-toleranz\/\" target=\"_blank\" rel=\"noopener\">Machbarkeitsstudie f\u00fcr ein &#8216;Haus der Toleranz&#8217;<\/a><\/td>\n<\/tr>\n<tr style=\"height: 24px;\">\n<td style=\"width: 7.55117%; height: 32px;\">1998:<\/td>\n<td style=\"width: 92.4489%; height: 32px;\"><a href=\"https:\/\/ikf.ac.at\/en\/schwerpunkte\/cleavages\/gender\/1998-reaktionen-maenner-gleichstellunginitiativen\/\" target=\"_blank\" rel=\"noopener\">Reaktionen von M\u00e4nnern in Organisationen auf Gleichstellungsinitiativen<\/a><\/td>\n<\/tr>\n<tr style=\"height: 24px;\">\n<td style=\"width: 7.55117%; height: 32px;\">1998:<\/td>\n<td style=\"width: 92.4489%; height: 32px;\"><a href=\"https:\/\/ikf.ac.at\/en\/schwerpunkte\/demokratie\/demokratieentwicklung-eu\/1998-sozialer-dialog-in-europa\/\" target=\"_blank\" rel=\"noopener\">Sozialer Dialog in Europa<\/a><\/td>\n<\/tr>\n<tr style=\"height: 24px;\">\n<td style=\"width: 7.55117%; height: 32px;\">1998:<\/td>\n<td style=\"width: 92.4489%; height: 32px;\"><a href=\"https:\/\/ikf.ac.at\/en\/schwerpunkte\/cleavages\/gender\/1998-managing-e-quality\/\" target=\"_blank\" rel=\"noopener\">Managing E-Quality. Pilot project for Equality Oriented Management<\/a><\/td>\n<\/tr>\n<tr style=\"height: 24px;\">\n<td style=\"width: 7.55117%; height: 32px;\">1998:<\/td>\n<td style=\"width: 92.4489%; height: 32px;\"><a href=\"https:\/\/ikf.ac.at\/en\/schwerpunkte\/sicherheit\/gewalt\/1998-literaturrecherche-und-analyse-zum-thema-arbeit-mit-gewalttaetern\/\" target=\"_blank\" rel=\"noopener\">Literaturrecherche und Analyse zum Thema Arbeit mit Gewaltt\u00e4tern<\/a><\/td>\n<\/tr>\n<tr style=\"height: 24px;\">\n<td style=\"width: 7.55117%; height: 32px;\">1998:<\/td>\n<td style=\"width: 92.4489%; height: 32px;\"><a href=\"https:\/\/ikf.ac.at\/en\/schwerpunkte\/cleavages\/integration-migration\/1998-wien-identitaet\/\" target=\"_blank\" rel=\"noopener\">Wien-Identit\u00e4t<\/a><\/td>\n<\/tr>\n<tr style=\"height: 24px;\">\n<td style=\"width: 7.55117%; height: 32px;\">1998:<\/td>\n<td style=\"width: 92.4489%; height: 32px;\"><a href=\"https:\/\/ikf.ac.at\/en\/schwerpunkte\/cleavages\/antisemitismus\/1998-nationalsozialistische-tendenzen-oesterreich-90er-jahre\/\" target=\"_blank\" rel=\"noopener\">Nationalsozialistische Tendenzen in \u00d6sterreich in den 90er Jahren. Eine soziodemographische Analyse von Tatverd\u00e4chtigen in Zusammenhang mit NS-Wiederbet\u00e4tigung, Fremdenfeindlichkeit und Antisemitismus<\/a><\/td>\n<\/tr>\n<tr style=\"height: 24px;\">\n<td style=\"width: 7.55117%; height: 32px;\">1998:<\/td>\n<td style=\"width: 92.4489%; height: 32px;\"><a href=\"https:\/\/ikf.ac.at\/en\/schwerpunkte\/cleavages\/antisemitismus\/1998-crossing-borders\/\" target=\"_blank\" rel=\"noopener\">&#8220;Crossing Borders&#8221; Evaluierung des Nahost Jugendfriedensforums des Bruno Kreisky Forums f\u00fcr Internationalen Dialog<\/a><\/td>\n<\/tr>\n<tr style=\"height: 24px;\">\n<td style=\"width: 7.55117%; height: 32px;\">1998:<\/td>\n<td style=\"width: 92.4489%; height: 32px;\"><a href=\"https:\/\/ikf.ac.at\/en\/schwerpunkte\/demokratie\/demokratieentwicklung\/1998-autonomie-im-bereich-des-hoeheren-bildungswesens\/\" target=\"_blank\" rel=\"noopener\">Autonomie im Bereich des h\u00f6heren Bildungswesens<\/a><\/td>\n<\/tr>\n<tr style=\"height: 24px;\">\n<td style=\"width: 7.55117%; height: 32px;\">1998:<\/td>\n<td style=\"width: 92.4489%; height: 32px;\"><a href=\"https:\/\/ikf.ac.at\/en\/schwerpunkte\/hist-sozialforschung\/oral-history\/1998-oesterreich-ist-nicht-gleich-oesterreich-ist-nicht-gleich-oesterreich\/\" target=\"_blank\" rel=\"noopener\">\u00d6sterreich ist nicht gleich \u00d6sterreich ist nicht gleich \u00d6sterreich<\/a><\/td>\n<\/tr>\n<tr style=\"height: 24px;\">\n<td style=\"width: 7.55117%; height: 32px;\">1997:<\/td>\n<td style=\"width: 92.4489%; height: 32px;\"><a href=\"https:\/\/ikf.ac.at\/en\/schwerpunkte\/cleavages\/integration-migration\/1997-gesellschaftliche-dynamik-grenzraum-oesterreich-slowakei\/\" target=\"_blank\" rel=\"noopener\">Gesellschaftliche Dynamik im Grenzraum \u00d6sterreich-Slowakei<\/a><\/td>\n<\/tr>\n<tr style=\"height: 24px;\">\n<td style=\"width: 7.55117%; height: 32px;\">1997:<\/td>\n<td style=\"width: 92.4489%; height: 32px;\"><a href=\"https:\/\/ikf.ac.at\/en\/schwerpunkte\/cleavages\/gender\/1997-karenzurlaub\/\" target=\"_blank\" rel=\"noopener\">Karenzurlaub<\/a><\/td>\n<\/tr>\n<tr style=\"height: 24px;\">\n<td style=\"width: 7.55117%; height: 32px;\">1997:<\/td>\n<td style=\"width: 92.4489%; height: 32px;\"><a href=\"https:\/\/ikf.ac.at\/en\/schwerpunkte\/demokratie\/demokratieentwicklung\/1997-demokratie-und-verfassungsreform-diskussion-in-oesterreich\/\" target=\"_blank\" rel=\"noopener\">Demokratie- und Verfassungs(reform)-Diskussion in \u00d6sterreich<\/a><\/td>\n<\/tr>\n<tr style=\"height: 24px;\">\n<td style=\"width: 7.55117%; height: 32px;\">1997:<\/td>\n<td style=\"width: 92.4489%; height: 32px;\"><a href=\"https:\/\/ikf.ac.at\/en\/schwerpunkte\/cleavages\/integration-migration\/1997-wiener-modell-kommunale-interessenvertretung-fuer-zuwanderinnen\/\" target=\"_blank\" rel=\"noopener\">Umsetzung des Wiener Modells einer kommunalen Interessenvertretung f\u00fcr ZuwanderInnen &#8211; Internationale Erfahrungen<\/a><\/td>\n<\/tr>\n<tr style=\"height: 24px;\">\n<td style=\"width: 7.55117%; height: 32px;\">1997:<\/td>\n<td style=\"width: 92.4489%; height: 32px;\"><a href=\"https:\/\/ikf.ac.at\/en\/schwerpunkte\/sicherheit\/sozialstaat\/1997-beduerfnisstrukturen-und-wohnrealitaet\/\" target=\"_blank\" rel=\"noopener\">Bed\u00fcrfnisstrukturen und Wohnrealit\u00e4t<\/a><\/td>\n<\/tr>\n<tr style=\"height: 24px;\">\n<td style=\"width: 7.55117%; height: 32px;\">1996:<\/td>\n<td style=\"width: 92.4489%; height: 32px;\"><a href=\"https:\/\/ikf.ac.at\/en\/schwerpunkte\/cleavages\/gender\/1996-nebenjob-vater-und-hausmann\/\" target=\"_blank\" rel=\"noopener\">&#8220;Nebenjob Vater und Hausmann?&#8221; Wie betriebliche Strukturen innerfamili\u00e4res Engagement von M\u00e4nnern behindern<\/a><\/td>\n<\/tr>\n<tr style=\"height: 24px;\">\n<td style=\"width: 7.55117%; height: 32px;\">1996:<\/td>\n<td style=\"width: 92.4489%; height: 32px;\"><a href=\"https:\/\/ikf.ac.at\/en\/schwerpunkte\/demokratie\/demokratieentwicklung\/1996-entwicklung-kursangebot-fuer-lehroffiziere-wehrpolitische-ausbildung\/\" target=\"_blank\" rel=\"noopener\">Entwicklung eines Kursangebotes f\u00fcr Lehroffiziere in der Wehrpolitischen Ausbildung<\/a><\/td>\n<\/tr>\n<tr style=\"height: 24px;\">\n<td style=\"width: 7.55117%; height: 32px;\">1996:<\/td>\n<td style=\"width: 92.4489%; height: 32px;\"><a href=\"https:\/\/ikf.ac.at\/en\/schwerpunkte\/demokratie\/demokratieentwicklung\/1996-graue-panther-wahrscheinlichkeit-und-intensitaet-politische-mobilisierung-aeltere-generation-in-oe\/\" target=\"_blank\" rel=\"noopener\">Graue Panther &#8211; Zur Wahrscheinlichkeit und Intensit\u00e4t der politischen Mobilisierung der \u00e4lteren Generation in \u00d6sterreich<\/a><\/td>\n<\/tr>\n<tr style=\"height: 24px;\">\n<td style=\"width: 7.55117%; height: 32px;\">1996:<\/td>\n<td style=\"width: 92.4489%; height: 32px;\"><a href=\"https:\/\/ikf.ac.at\/en\/schwerpunkte\/hist-sozialforschung\/oral-history\/1996-100-jahre-illustrierte-neue-welt-geschichte-einer-zeitschrift\/\" target=\"_blank\" rel=\"noopener\">100 Jahre Illustrierte Neue Welt. Geschichte einer Zeitschrift<\/a><\/td>\n<\/tr>\n<tr style=\"height: 24px;\">\n<td style=\"width: 7.55117%; height: 32px;\">1996:<\/td>\n<td style=\"width: 92.4489%; height: 32px;\"><a href=\"https:\/\/ikf.ac.at\/en\/schwerpunkte\/hist-sozialforschung\/oral-history\/1996-tausend-jahre-oesterreich-lebenswelten-kleiner-leute\/\" target=\"_blank\" rel=\"noopener\">Tausend Jahre \u00d6sterreich &#8211; Lebenswelten kleiner Leute<\/a><\/td>\n<\/tr>\n<tr style=\"height: 24px;\">\n<td style=\"width: 7.55117%; height: 32px;\">1996:<\/td>\n<td style=\"width: 92.4489%; height: 32px;\"><a href=\"https:\/\/ikf.ac.at\/en\/schwerpunkte\/cleavages\/integration-migration\/1996-soziopolitische-netzwerke-tuerkischer-migrantinnen-in-wien\/\" target=\"_blank\" rel=\"noopener\">Soziopolitische Netzwerke t\u00fcrkischer MigrantInnen in Wien<\/a><\/td>\n<\/tr>\n<tr style=\"height: 24px;\">\n<td style=\"width: 7.55117%; height: 32px;\">1996:<\/td>\n<td style=\"width: 92.4489%; height: 32px;\"><a href=\"https:\/\/ikf.ac.at\/en\/schwerpunkte\/cleavages\/antisemitismus\/1996-rassismen-feminismen-analysen-afrikanisch-amerikanischer-wissenschafterinnen-bedeutung-oesterreich\/\" target=\"_blank\" rel=\"noopener\">Rassismen &amp; Feminismen. Ausgew\u00e4hlte Analysen afrikanisch-amerikanischer Wissenschafterinnen und ihre Bedeutung f\u00fcr \u00d6sterreich<\/a><\/td>\n<\/tr>\n<tr style=\"height: 24px;\">\n<td style=\"width: 7.55117%; height: 32px;\">1996:<\/td>\n<td style=\"width: 92.4489%; height: 32px;\"><a href=\"https:\/\/ikf.ac.at\/en\/schwerpunkte\/demokratie\/demokratieentwicklung\/1996-der-nationalrat-auf-dem-weg-zum-arbeitsparlament\/\" target=\"_blank\" rel=\"noopener\">Der Nationalrat auf dem Weg zum Arbeitsparlament<\/a><\/td>\n<\/tr>\n<tr style=\"height: 24px;\">\n<td style=\"width: 7.55117%; height: 32px;\">1996:<\/td>\n<td style=\"width: 92.4489%; height: 32px;\"><a href=\"https:\/\/ikf.ac.at\/en\/schwerpunkte\/sicherheit\/gewalt\/1996-gewalt-gegen-exekutivbeamte-und-beamtinnen\/\" target=\"_blank\" rel=\"noopener\">Gewalt gegen Exekutivbeamte und -beamtinnen<\/a><\/td>\n<\/tr>\n<tr style=\"height: 24px;\">\n<td style=\"width: 7.55117%; height: 32px;\">1996:<\/td>\n<td style=\"width: 92.4489%; height: 32px;\"><a href=\"https:\/\/ikf.ac.at\/en\/schwerpunkte\/cleavages\/gender\/1996-wiedereinsteigerinnen-in-wien\/\" target=\"_blank\" rel=\"noopener\">Wiedereinsteigerinnen in Wien: Potential \u2013 Perspektiven \u2013 Ma\u00dfnahmen<\/a><\/td>\n<\/tr>\n<tr style=\"height: 32px;\">\n<td style=\"width: 7.55117%; height: 32px;\">1995:<\/td>\n<td style=\"width: 92.4489%; height: 32px;\"><a href=\"https:\/\/ikf.ac.at\/en\/schwerpunkte\/cleavages\/gender\/1995-beyond-beijing\/\" target=\"_blank\" rel=\"noopener\">Beyond Beijing<\/a><\/td>\n<\/tr>\n<tr style=\"height: 24px;\">\n<td style=\"width: 7.55117%; height: 32px;\">1995:<\/td>\n<td style=\"width: 92.4489%; height: 32px;\"><a href=\"https:\/\/ikf.ac.at\/en\/schwerpunkte\/cleavages\/gender\/1995-eurofemmes\/\" target=\"_blank\" rel=\"noopener\">Eurofemmes<\/a><\/td>\n<\/tr>\n<tr style=\"height: 32px;\">\n<td style=\"width: 7.55117%; height: 32px;\">1995:<\/td>\n<td style=\"width: 92.4489%; height: 32px;\"><a href=\"https:\/\/ikf.ac.at\/en\/schwerpunkte\/demokratie\/demokratieentwicklung\/1995-moeglicheiten-der-sozialpartnerschaft-in-slowenien\/\" target=\"_blank\" rel=\"noopener\">M\u00f6glicheiten der Sozialpartnerschaft in Slowenien<\/a><\/td>\n<\/tr>\n<tr style=\"height: 32px;\">\n<td style=\"width: 7.55117%; height: 32px;\">1995:<\/td>\n<td style=\"width: 92.4489%; height: 32px;\"><a href=\"https:\/\/ikf.ac.at\/en\/schwerpunkte\/cleavages\/integration-migration\/1995-grenzueberschreitung-wien-bratislava\/\" target=\"_blank\" rel=\"noopener\">Grenz\u00fcberschreitung Wien &#8211; Bratislava. Zur politischen Dynamik einer urbanen Zusammenarbeit<\/a><\/td>\n<\/tr>\n<tr style=\"height: 32px;\">\n<td style=\"width: 7.55117%; height: 32px;\">1995:<\/td>\n<td style=\"width: 92.4489%; height: 32px;\"><a href=\"https:\/\/ikf.ac.at\/en\/schwerpunkte\/cleavages\/gender\/1995-oesterreichischen-vorbereitungen-weltfrauenkonferenz-peking\/\" target=\"_blank\" rel=\"noopener\">Koordination der \u00f6sterreichischen Vorbereitungen zur Weltfrauenkonferenz in Peking 1995<\/a><\/td>\n<\/tr>\n<tr style=\"height: 32px;\">\n<td style=\"width: 7.55117%; height: 32px;\">1995:<\/td>\n<td style=\"width: 92.4489%; height: 32px;\"><a href=\"https:\/\/ikf.ac.at\/en\/schwerpunkte\/demokratie\/demokratieentwicklung\/1995-staedtische-autonomie-in-mitteleuropa-bratislava-budapest-prag-wien\/\" target=\"_blank\" rel=\"noopener\">St\u00e4dtische Autonomie in Mitteleuropa: Bratislava, Budapest, Prag, Wien<\/a><\/td>\n<\/tr>\n<tr style=\"height: 32px;\">\n<td style=\"width: 7.55117%; height: 32px;\">1995:<\/td>\n<td style=\"width: 92.4489%; height: 32px;\"><a href=\"https:\/\/ikf.ac.at\/en\/schwerpunkte\/cleavages\/integration-migration\/1995-situation-ersten-generation-arbeitsmigranten-wien\/\" target=\"_blank\" rel=\"noopener\">Situation der ersten Generation t\u00fcrkischer, serbischer und bosnischer Arbeitsmigranten in Wien &#8211; unter Ber\u00fccksichtigung der Akkulturation der zweiten Generation<\/a><\/td>\n<\/tr>\n<tr style=\"height: 24px;\">\n<td style=\"width: 7.55117%; height: 32px;\">1995:<\/td>\n<td style=\"width: 92.4489%; height: 32px;\"><a href=\"https:\/\/ikf.ac.at\/en\/schwerpunkte\/cleavages\/gender\/1995-weltfrauenkonferenz\/\" target=\"_blank\" rel=\"noopener\">Organisation und Administration der Umsetzung der vom \u00d6sterreichischen Nationalkomitee zur Vorbereitung der UNO-Weltfrauenkonferenz 1995 bzw. ihrer regionalen Vorbereitungsgruppen entwickelten Ideen und Vorschl\u00e4ge<\/a><\/td>\n<\/tr>\n<tr style=\"height: 32px;\">\n<td style=\"width: 7.55117%; height: 32px;\">1995:<\/td>\n<td style=\"width: 92.4489%; height: 32px;\"><a href=\"https:\/\/ikf.ac.at\/en\/schwerpunkte\/demokratie\/demokratieentwicklung\/1995-zukunftsperspektiven-der-arbeiterkammern\/\" target=\"_blank\" rel=\"noopener\">Zukunftsperspektiven der Arbeiterkammern<\/a><\/td>\n<\/tr>\n<tr style=\"height: 32px;\">\n<td style=\"width: 7.55117%; height: 32px;\">1995:<\/td>\n<td style=\"width: 92.4489%; height: 32px;\"><a href=\"https:\/\/ikf.ac.at\/en\/schwerpunkte\/cleavages\/integration-migration\/1995-polnische-migrantinnen-in-wien\/\" target=\"_blank\" rel=\"noopener\">Polnische MigrantInnen in Wien<\/a><\/td>\n<\/tr>\n<\/tbody>\n<\/table><\/div>\n<\/div><\/div><\/div><\/div><\/div><\/div><\/div><\/div>","protected":false},"excerpt":{"rendered":"","protected":false},"author":2,"featured_media":0,"parent":0,"menu_order":3,"comment_status":"closed","ping_status":"closed","template":"","meta":{"footnotes":""},"class_list":["post-3892","page","type-page","status-publish","hentry","post"],"featured_image_src":null,"featured_image_src_square":null,"_links":{"self":[{"href":"https:\/\/ikf.ac.at\/en\/wp-json\/wp\/v2\/pages\/3892","targetHints":{"allow":["GET"]}}],"collection":[{"href":"https:\/\/ikf.ac.at\/en\/wp-json\/wp\/v2\/pages"}],"about":[{"href":"https:\/\/ikf.ac.at\/en\/wp-json\/wp\/v2\/types\/page"}],"author":[{"embeddable":true,"href":"https:\/\/ikf.ac.at\/en\/wp-json\/wp\/v2\/users\/2"}],"replies":[{"embeddable":true,"href":"https:\/\/ikf.ac.at\/en\/wp-json\/wp\/v2\/comments?post=3892"}],"version-history":[{"count":74,"href":"https:\/\/ikf.ac.at\/en\/wp-json\/wp\/v2\/pages\/3892\/revisions"}],"predecessor-version":[{"id":5794,"href":"https:\/\/ikf.ac.at\/en\/wp-json\/wp\/v2\/pages\/3892\/revisions\/5794"}],"wp:attachment":[{"href":"https:\/\/ikf.ac.at\/en\/wp-json\/wp\/v2\/media?parent=3892"}],"curies":[{"name":"wp","href":"https:\/\/api.w.org\/{rel}","templated":true}]}}