{"id":3395,"date":"2021-07-28T11:00:06","date_gmt":"2021-07-28T11:00:06","guid":{"rendered":"http:\/\/test-ikf.online\/?page_id=3395"},"modified":"2023-05-09T12:42:52","modified_gmt":"2023-05-09T12:42:52","slug":"valeria-zenz","status":"publish","type":"page","link":"https:\/\/ikf.ac.at\/en\/mitarbeiterinnen\/mitarbeiterinnen-2\/valeria-zenz","title":{"rendered":"Valeria Zenz, MA"},"content":{"rendered":"<div class=\"wp-block-atomic-blocks-ab-container alignfull ab-block-container\"><div class=\"ab-container-inside\"><div class=\"ab-container-content\"><div id=\"pl-gb3395-69f23afdba8d3\"  class=\"panel-layout\" ><div id=\"pg-gb3395-69f23afdba8d3-0\"  class=\"panel-grid panel-no-style\" ><div id=\"pgc-gb3395-69f23afdba8d3-0-0\"  class=\"panel-grid-cell\" ><div id=\"panel-gb3395-69f23afdba8d3-0-0-0\" class=\"so-panel widget widget_media_image panel-first-child panel-last-child\" data-index=\"0\" ><img loading=\"lazy\" decoding=\"async\" width=\"2554\" height=\"10\" src=\"https:\/\/ikf.ac.at\/wp-content\/uploads\/2021\/01\/linie_IKF.jpg\" class=\"image wp-image-754  attachment-full size-full\" alt=\"\" style=\"max-width: 100%; height: auto;\" srcset=\"https:\/\/ikf.ac.at\/wp-content\/uploads\/2021\/01\/linie_IKF.jpg 2554w, https:\/\/ikf.ac.at\/wp-content\/uploads\/2021\/01\/linie_IKF-300x1.jpg 300w, https:\/\/ikf.ac.at\/wp-content\/uploads\/2021\/01\/linie_IKF-1024x4.jpg 1024w, https:\/\/ikf.ac.at\/wp-content\/uploads\/2021\/01\/linie_IKF-768x3.jpg 768w, https:\/\/ikf.ac.at\/wp-content\/uploads\/2021\/01\/linie_IKF-1536x6.jpg 1536w, https:\/\/ikf.ac.at\/wp-content\/uploads\/2021\/01\/linie_IKF-2048x8.jpg 2048w\" sizes=\"auto, (max-width: 2554px) 100vw, 2554px\" \/><\/div><\/div><\/div><\/div>\n\n\n<div style=\"color:#ddd\" class=\"wp-block-genesis-blocks-gb-spacer gb-block-spacer gb-divider-solid gb-divider-size-1\"><hr style=\"height:30px\"\/><\/div>\n\n\n\n<div class=\"wp-block-atomic-blocks-ab-container ab-block-container\"><div class=\"ab-container-inside\"><div class=\"ab-container-content\"><div id=\"pl-gb3395-69f23afdbb180\"  class=\"panel-layout\" ><div id=\"pg-gb3395-69f23afdbb180-0\"  class=\"panel-grid panel-no-style\" ><div id=\"pgc-gb3395-69f23afdbb180-0-0\"  class=\"panel-grid-cell panel-grid-cell-empty\" ><\/div><div id=\"pgc-gb3395-69f23afdbb180-0-1\"  class=\"panel-grid-cell\" ><div id=\"panel-gb3395-69f23afdbb180-0-1-0\" class=\"so-panel widget widget_sow-editor panel-first-child panel-last-child\" data-index=\"0\" ><div\n\t\t\t\n\t\t\tclass=\"so-widget-sow-editor so-widget-sow-editor-base\"\n\t\t\t\n\t\t>\n<div class=\"siteorigin-widget-tinymce textwidget\">\n\t<p align=\"justify\">2011-2018 Studium der Soziologie an der Universit\u00e4t Wien und an der Mimar-Sinan Fine Arts University in Istanbul; von Juli 2019 bis September 2021 wissenschaftliche Mitarbeiterin am IKF; 2019 Hilfswissenschaftlerin bei der Deutschen Gesellschaft f\u00fcr Soziologie (DGS); 2016-2018 studentische Mitarbeiterin am Institut f\u00fcr Soziologie an der Universit\u00e4t Wien; 2014-2015 Stipendiatin am Institut f\u00fcr H\u00f6here Studien (IHS) in Wien.<\/p>\n<p>Forschungsschwerpunkte: Gewalt an Frauen, Sexismus, politischer Extremismus, religi\u00f6ser Fundamentalismus, Radikalisierung von Jugendlichen<\/p>\n<p>Ehrenamtliches Engagement: Caritas (2015-2019)<\/p>\n<p>&nbsp;<\/p>\n<\/div>\n<\/div><\/div><\/div><\/div><\/div><\/div><\/div><\/div>\n\n\n\n<div style=\"color:#333\" class=\"wp-block-genesis-blocks-gb-spacer gb-block-spacer gb-divider-solid gb-spacer-divider gb-divider-size-1\"><hr style=\"height:50px\"\/><\/div>\n\n\n<div id=\"pl-gb3395-69f23afdbb830\"  class=\"panel-layout\" ><div id=\"pg-gb3395-69f23afdbb830-0\"  class=\"panel-grid panel-no-style\" ><div id=\"pgc-gb3395-69f23afdbb830-0-0\"  class=\"panel-grid-cell panel-grid-cell-empty\" ><\/div><div id=\"pgc-gb3395-69f23afdbb830-0-1\"  class=\"panel-grid-cell\" ><div id=\"panel-gb3395-69f23afdbb830-0-1-0\" class=\"so-panel widget widget_sow-editor panel-first-child\" data-index=\"0\" ><div\n\t\t\t\n\t\t\tclass=\"so-widget-sow-editor so-widget-sow-editor-base\"\n\t\t\t\n\t\t>\n<div class=\"siteorigin-widget-tinymce textwidget\">\n\t<p><b>Publications (in German):<\/b><\/p>\n<p align=\"justify\"><i>Fragmentierte Selbstbilder. Zwei Fallrekonstruktionen im Kontext jugendlicher Narrationen.<\/i>\u00a0Masterarbeit, Universit\u00e4t Wien, 2018.<\/p>\n<p align=\"justify\"><i>Wissenssoziologische Diskursanalyse von nahegelegten Subjektpositionen im Social Web.<\/i>\u00a0Ver\u00f6ffentlichung bei der Werkschau der Sozialwissenschaften im Volkskundemuseum, Wien, 2017.<\/p>\n<p align=\"justify\"><i>Zur Frage der Geschlechterkonstruktion in der SP\u00d6. Vorl\u00e4ufige Ergebnisse einer empirischen Studie.\u00a0<\/i>Ver\u00f6ffentlichung bei der Werkschau der Sozialwissenschaften im Volkskundemuseum, Wien, 2017.<\/p>\n<p align=\"justify\">Petra Wejwar\/ Berta Terzieva\/ Anna Dibiasi und Valeria Zenz.\u00a0<i>Diskriminierungserfahrungen von Studierenden.<\/i>\u00a0Projektbericht im Auftrag der \u00d6sterreichischen Hochsch\u00fclerInnenschaft (\u00d6H), Wien, 2016.<\/p>\n<\/div>\n<\/div><\/div><div id=\"panel-gb3395-69f23afdbb830-0-1-1\" class=\"so-panel widget widget_text panel-last-child\" data-index=\"1\" >\t\t\t<div class=\"textwidget\"><\/div>\n\t\t<\/div><\/div><\/div><\/div>\n\n\n<div style=\"color:#287765\" class=\"wp-block-genesis-blocks-gb-spacer gb-block-spacer gb-divider-dotted gb-spacer-divider gb-divider-size-1\"><hr style=\"height:50px\"\/><\/div>\n\n\n\n<div class=\"wp-block-atomic-blocks-ab-container ab-block-container\"><div class=\"ab-container-inside\"><div class=\"ab-container-content\"><div id=\"pl-gb3395-69f23afdbe137\"  class=\"panel-layout\" ><div id=\"pg-gb3395-69f23afdbe137-0\"  class=\"panel-grid panel-no-style\" ><div id=\"pgc-gb3395-69f23afdbe137-0-0\"  class=\"panel-grid-cell panel-grid-cell-empty\" ><\/div><div id=\"pgc-gb3395-69f23afdbe137-0-1\"  class=\"panel-grid-cell\" ><div id=\"panel-gb3395-69f23afdbe137-0-1-0\" class=\"so-panel widget widget_sow-editor panel-first-child panel-last-child\" data-index=\"0\" ><div\n\t\t\t\n\t\t\tclass=\"so-widget-sow-editor so-widget-sow-editor-base\"\n\t\t\t\n\t\t>\n<div class=\"siteorigin-widget-tinymce textwidget\">\n\t<table style=\"height: 100px; width: 100%; border-collapse: collapse;\" border=\"1\">\n<tbody>\n<tr style=\"height: 24px;\">\n<td style=\"width: 7.74441%; border-style: none; height: 24px;\"><\/td>\n<td style=\"width: 92.2557%; height: 24px;\"><strong>Abgeschlossene Projekte:<\/strong><\/td>\n<td style=\"width: 0.800915%; height: 24px;\"><\/td>\n<\/tr>\n<tr style=\"height: 24px;\">\n<td style=\"width: 7.74441%; height: 24px;\">2019:<\/td>\n<td style=\"width: 92.2557%; height: 24px;\"><a href=\"https:\/\/ikf.ac.at\/en\/schwerpunkte\/sicherheit\/gewalt\/2019-gewaltschutzplan-tirol\/\" target=\"_blank\" rel=\"noopener\">Gewaltschutzplan Sozialer Nahraum des Landes Tirol<\/a><\/td>\n<td style=\"width: 0.800915%; height: 24px;\"><\/td>\n<\/tr>\n<tr style=\"height: 24px;\">\n<td style=\"width: 7.74441%; height: 24px;\">2019:<\/td>\n<td style=\"width: 92.2557%; height: 24px;\"><a href=\"https:\/\/ikf.ac.at\/en\/schwerpunkte\/sicherheit\/gewalt\/gewalt-soehne-toechter-gegen-eltern\/\" target=\"_blank\" rel=\"noopener\">Violence of sons and daughters against their parents<\/a><\/td>\n<td style=\"width: 0.800915%; height: 24px;\"><\/td>\n<\/tr>\n<\/tbody>\n<\/table><\/div>\n<\/div><\/div><\/div><\/div><\/div><\/div><\/div><\/div>\n\n\n\n<div style=\"color:#ddd\" class=\"wp-block-genesis-blocks-gb-spacer gb-block-spacer gb-divider-solid gb-spacer-divider gb-divider-size-1\"><hr style=\"height:50px\"\/><\/div>\n\n\n\n<div style=\"color:#333\" class=\"wp-block-genesis-blocks-gb-spacer gb-block-spacer gb-divider-solid gb-spacer-divider gb-divider-size-1\"><hr style=\"height:120px\"\/><\/div>\n<\/div><\/div><\/div>","protected":false},"excerpt":{"rendered":"","protected":false},"author":2,"featured_media":0,"parent":3598,"menu_order":0,"comment_status":"closed","ping_status":"closed","template":"","meta":{"footnotes":""},"class_list":["post-3395","page","type-page","status-publish","hentry","post"],"featured_image_src":null,"featured_image_src_square":null,"_links":{"self":[{"href":"https:\/\/ikf.ac.at\/en\/wp-json\/wp\/v2\/pages\/3395","targetHints":{"allow":["GET"]}}],"collection":[{"href":"https:\/\/ikf.ac.at\/en\/wp-json\/wp\/v2\/pages"}],"about":[{"href":"https:\/\/ikf.ac.at\/en\/wp-json\/wp\/v2\/types\/page"}],"author":[{"embeddable":true,"href":"https:\/\/ikf.ac.at\/en\/wp-json\/wp\/v2\/users\/2"}],"replies":[{"embeddable":true,"href":"https:\/\/ikf.ac.at\/en\/wp-json\/wp\/v2\/comments?post=3395"}],"version-history":[{"count":17,"href":"https:\/\/ikf.ac.at\/en\/wp-json\/wp\/v2\/pages\/3395\/revisions"}],"predecessor-version":[{"id":4461,"href":"https:\/\/ikf.ac.at\/en\/wp-json\/wp\/v2\/pages\/3395\/revisions\/4461"}],"up":[{"embeddable":true,"href":"https:\/\/ikf.ac.at\/en\/wp-json\/wp\/v2\/pages\/3598"}],"wp:attachment":[{"href":"https:\/\/ikf.ac.at\/en\/wp-json\/wp\/v2\/media?parent=3395"}],"curies":[{"name":"wp","href":"https:\/\/api.w.org\/{rel}","templated":true}]}}