{"id":3159,"date":"2021-07-01T12:09:19","date_gmt":"2021-07-01T12:09:19","guid":{"rendered":"http:\/\/test-ikf.online\/?page_id=3159"},"modified":"2021-07-01T12:09:44","modified_gmt":"2021-07-01T12:09:44","slug":"1998-sozialer-dialog-in-europa","status":"publish","type":"page","link":"https:\/\/ikf.ac.at\/en\/schwerpunkte\/demokratie\/demokratieentwicklung-eu\/1998-sozialer-dialog-in-europa","title":{"rendered":"1998: Sozialer Dialog in Europa"},"content":{"rendered":"<div class=\"wp-block-atomic-blocks-ab-container alignfull ab-block-container\"><div class=\"ab-container-inside\"><div class=\"ab-container-content\"><div id=\"pl-gb3159-69f23ff02596f\"  class=\"panel-layout\" ><div id=\"pg-gb3159-69f23ff02596f-0\"  class=\"panel-grid panel-no-style\" ><div id=\"pgc-gb3159-69f23ff02596f-0-0\"  class=\"panel-grid-cell\" ><div id=\"panel-gb3159-69f23ff02596f-0-0-0\" class=\"so-panel widget widget_media_image panel-first-child panel-last-child\" data-index=\"0\" ><img loading=\"lazy\" decoding=\"async\" width=\"2554\" height=\"10\" src=\"https:\/\/ikf.ac.at\/wp-content\/uploads\/2021\/01\/linie_IKF.jpg\" class=\"image wp-image-754  attachment-full size-full\" alt=\"\" style=\"max-width: 100%; height: auto;\" srcset=\"https:\/\/ikf.ac.at\/wp-content\/uploads\/2021\/01\/linie_IKF.jpg 2554w, https:\/\/ikf.ac.at\/wp-content\/uploads\/2021\/01\/linie_IKF-300x1.jpg 300w, https:\/\/ikf.ac.at\/wp-content\/uploads\/2021\/01\/linie_IKF-1024x4.jpg 1024w, https:\/\/ikf.ac.at\/wp-content\/uploads\/2021\/01\/linie_IKF-768x3.jpg 768w, https:\/\/ikf.ac.at\/wp-content\/uploads\/2021\/01\/linie_IKF-1536x6.jpg 1536w, https:\/\/ikf.ac.at\/wp-content\/uploads\/2021\/01\/linie_IKF-2048x8.jpg 2048w\" sizes=\"auto, (max-width: 2554px) 100vw, 2554px\" \/><\/div><\/div><\/div><\/div>\n\n\n<div style=\"color:#ddd\" class=\"wp-block-genesis-blocks-gb-spacer gb-block-spacer gb-divider-solid gb-divider-size-1\"><hr style=\"height:30px\"\/><\/div>\n\n\n<div id=\"pl-gb3159-69f23ff025fe0\"  class=\"panel-layout\" ><div id=\"pg-gb3159-69f23ff025fe0-0\"  class=\"panel-grid panel-no-style\" ><div id=\"pgc-gb3159-69f23ff025fe0-0-0\"  class=\"panel-grid-cell panel-grid-cell-empty\" ><\/div><div id=\"pgc-gb3159-69f23ff025fe0-0-1\"  class=\"panel-grid-cell\" ><div id=\"panel-gb3159-69f23ff025fe0-0-1-0\" class=\"so-panel widget widget_sow-editor panel-first-child panel-last-child\" data-index=\"0\" ><div\n\t\t\t\n\t\t\tclass=\"so-widget-sow-editor so-widget-sow-editor-base\"\n\t\t\t\n\t\t>\n<div class=\"siteorigin-widget-tinymce textwidget\">\n\t<table style=\"height: 100px; width: 100%; border-collapse: collapse;\" border=\"1\" cellpadding=\"2\">\n<tbody>\n<tr style=\"height: 24px;\">\n<td style=\"width: 15.8421%; height: 24px;\">Project management:<\/td>\n<td style=\"width: 84.1578%; height: 24px;\" colspan=\"2\">Univ.-Prof. Dr. Anton Pelinka<\/td>\n<\/tr>\n<tr>\n<td style=\"width: 15.8421%;\">\n<hr \/>\n<\/td>\n<td style=\"width: 39.5713%;\">\n<hr \/>\n<\/td>\n<td style=\"width: 44.5865%; height: 24px;\"><\/td>\n<\/tr>\n<tr>\n<td style=\"width: 15.8421%;\">Implementation:<\/td>\n<td style=\"width: 84.1578%;\" colspan=\"2\">Univ.-Prof. Dr. Ferdinand Karlhofer<br \/>\nDr. Christian Schaller<br \/>\nDDr. Hubert Sickinger<br \/>\nUniv.-Prof. Dr. Brigitte Unger<\/td>\n<\/tr>\n<tr>\n<td style=\"width: 15.8421%;\">\n<hr \/>\n<\/td>\n<td style=\"width: 39.5713%;\">\n<hr \/>\n<\/td>\n<td style=\"width: 44.5865%;\"><\/td>\n<\/tr>\n<tr>\n<td style=\"width: 15.8421%;\">Funded by:<\/td>\n<td style=\"width: 84.1578%;\" colspan=\"2\">Bundesministerium f\u00fcr Arbeit, Gesundheit und Soziales<\/td>\n<\/tr>\n<tr>\n<td style=\"width: 15.8421%;\">\n<hr \/>\n<\/td>\n<td style=\"width: 39.5713%;\">\n<hr \/>\n<\/td>\n<td style=\"width: 44.5865%; height: 24px;\"><\/td>\n<\/tr>\n<tr style=\"height: 24px;\">\n<td style=\"width: 15.8421%; height: 24px;\">Completed in:<\/td>\n<td style=\"height: 24px; width: 84.1578%;\" colspan=\"2\">September 1998<\/td>\n<\/tr>\n<\/tbody>\n<\/table>\n<\/div>\n<\/div><\/div><\/div><\/div><\/div>\n\n\n<div style=\"color:#404168\" class=\"wp-block-genesis-blocks-gb-spacer gb-block-spacer gb-divider-solid gb-spacer-divider gb-divider-size-1\"><hr style=\"height:3px\"\/><\/div>\n\n\n\n<div style=\"color:#404168\" class=\"wp-block-genesis-blocks-gb-spacer gb-block-spacer gb-divider-solid gb-divider-size-1\"><hr style=\"height:10px\"\/><\/div>\n\n\n<div id=\"pl-gb3159-69f23ff026622\"  class=\"panel-layout\" ><div id=\"pg-gb3159-69f23ff026622-0\"  class=\"panel-grid panel-no-style\" ><div id=\"pgc-gb3159-69f23ff026622-0-0\"  class=\"panel-grid-cell panel-grid-cell-empty\" ><\/div><div id=\"pgc-gb3159-69f23ff026622-0-1\"  class=\"panel-grid-cell panel-grid-cell-mobile-last\" ><div id=\"panel-gb3159-69f23ff026622-0-1-0\" class=\"so-panel widget widget_text panel-first-child panel-last-child\" data-index=\"0\" >\t\t\t<div class=\"textwidget\"><p align=\"justify\">Die Studie umfa\u00dft folgende Bereiche: Erstens erfolgt eine konzise Darstellung der Entwicklung und aktuellen Situation der \u00f6sterreichischen Sozialpartnerschaft. Einerseits werden ausf\u00fchrlich die politischen Strukturen des \u00f6sterreichischen Korporatismus beschrieben und der Frage nachgegangen, inwiefern sich hier durch den \u00f6sterreichischen EU-Beitritt \u00c4nderungen ergeben haben. Ber\u00fccksichtigt wird in diesem Kontext wesentlich auch die Frage, inwiefern &#8220;Terrainverluste&#8221; durch \u00f6sterreichische Kompetenzabtretungen an die EU durch Mitwirkungsm\u00f6glichkeiten der Sozialpartner an der Politikformulierung der \u00f6sterreichischen Bundesregierung &#8220;in Br\u00fcssel&#8221; und durch die Mitwirkung in europ\u00e4ischen Verb\u00e4nden kompensiert werden konnten. Andererseits wird die Rolle der \u00f6sterreichischen Sozialpartner konkret hinsichtlich ihrer wirtschafts- und sozialpolitischen Resultate und Funktionen untersucht.<\/p>\n<p align=\"justify\">Zweitens wird der Frage nachgegangen, hinsichtlich welcher Aspekte das \u00f6sterreichische Modell der Sozialpartnerschaft ein Vorbild f\u00fcr den sozialen Dialog auf EU-Ebene darstellen k\u00f6nnte. Die Studie des Instituts f\u00fcr Konfliktforschung war hinsichtlich dieses Gesichtspunkts in ein breites Forschungsvorhaben eingebunden, dessen komparatistischer Teil zum gr\u00f6\u00dferen Teil von einem britischen Forscherteam erarbeitet wurde. Vom IKF wurden der aktuelle Stand des Sozialen Dialogs zusammengefa\u00dft und die Positionen \u00f6sterreichischer Sozialpartnerexperten zur Frage dieser potentiellen \u00dcbertragbarkeit erhoben. Erg\u00e4nzend wurde &#8211; auch zur Kontrastierung spezifisch \u00f6sterreichischer Sichtweisen &#8211; kurz die Entwicklung in den ebenfalls neu beigetretenen Mitgliedstaaten Schweden und Finnland beschrieben.<\/p>\n<\/div>\n\t\t<\/div><\/div><div id=\"pgc-gb3159-69f23ff026622-0-2\"  class=\"panel-grid-cell panel-grid-cell-empty\" ><\/div><\/div><\/div>\n\n\n<div style=\"color:#333\" class=\"wp-block-genesis-blocks-gb-spacer gb-block-spacer gb-divider-solid gb-spacer-divider gb-divider-size-1\"><hr style=\"height:100px\"\/><\/div>\n<\/div><\/div><\/div>","protected":false},"excerpt":{"rendered":"","protected":false},"author":2,"featured_media":0,"parent":411,"menu_order":22,"comment_status":"closed","ping_status":"closed","template":"","meta":{"footnotes":""},"class_list":["post-3159","page","type-page","status-publish","hentry","post"],"featured_image_src":null,"featured_image_src_square":null,"_links":{"self":[{"href":"https:\/\/ikf.ac.at\/en\/wp-json\/wp\/v2\/pages\/3159","targetHints":{"allow":["GET"]}}],"collection":[{"href":"https:\/\/ikf.ac.at\/en\/wp-json\/wp\/v2\/pages"}],"about":[{"href":"https:\/\/ikf.ac.at\/en\/wp-json\/wp\/v2\/types\/page"}],"author":[{"embeddable":true,"href":"https:\/\/ikf.ac.at\/en\/wp-json\/wp\/v2\/users\/2"}],"replies":[{"embeddable":true,"href":"https:\/\/ikf.ac.at\/en\/wp-json\/wp\/v2\/comments?post=3159"}],"version-history":[{"count":1,"href":"https:\/\/ikf.ac.at\/en\/wp-json\/wp\/v2\/pages\/3159\/revisions"}],"predecessor-version":[{"id":3160,"href":"https:\/\/ikf.ac.at\/en\/wp-json\/wp\/v2\/pages\/3159\/revisions\/3160"}],"up":[{"embeddable":true,"href":"https:\/\/ikf.ac.at\/en\/wp-json\/wp\/v2\/pages\/411"}],"wp:attachment":[{"href":"https:\/\/ikf.ac.at\/en\/wp-json\/wp\/v2\/media?parent=3159"}],"curies":[{"name":"wp","href":"https:\/\/api.w.org\/{rel}","templated":true}]}}