{"id":3053,"date":"2021-06-29T10:53:43","date_gmt":"2021-06-29T10:53:43","guid":{"rendered":"http:\/\/test-ikf.online\/?page_id=3053"},"modified":"2021-06-29T10:54:27","modified_gmt":"2021-06-29T10:54:27","slug":"2000-sozialisation-berufsbild-richterinnen-und-richter","status":"publish","type":"page","link":"https:\/\/ikf.ac.at\/en\/schwerpunkte\/demokratie\/demokratieentwicklung\/2000-sozialisation-berufsbild-richterinnen-und-richter","title":{"rendered":"2000: Sozialisation und Berufsbild von Richterinnen und Richtern"},"content":{"rendered":"<div class=\"wp-block-atomic-blocks-ab-container alignfull ab-block-container\"><div class=\"ab-container-inside\"><div class=\"ab-container-content\"><div id=\"pl-gb3053-69f23feca2dcf\"  class=\"panel-layout\" ><div id=\"pg-gb3053-69f23feca2dcf-0\"  class=\"panel-grid panel-no-style\" ><div id=\"pgc-gb3053-69f23feca2dcf-0-0\"  class=\"panel-grid-cell\" ><div id=\"panel-gb3053-69f23feca2dcf-0-0-0\" class=\"so-panel widget widget_media_image panel-first-child panel-last-child\" data-index=\"0\" ><img loading=\"lazy\" decoding=\"async\" width=\"2554\" height=\"10\" src=\"https:\/\/ikf.ac.at\/wp-content\/uploads\/2021\/01\/linie_IKF.jpg\" class=\"image wp-image-754  attachment-full size-full\" alt=\"\" style=\"max-width: 100%; height: auto;\" srcset=\"https:\/\/ikf.ac.at\/wp-content\/uploads\/2021\/01\/linie_IKF.jpg 2554w, https:\/\/ikf.ac.at\/wp-content\/uploads\/2021\/01\/linie_IKF-300x1.jpg 300w, https:\/\/ikf.ac.at\/wp-content\/uploads\/2021\/01\/linie_IKF-1024x4.jpg 1024w, https:\/\/ikf.ac.at\/wp-content\/uploads\/2021\/01\/linie_IKF-768x3.jpg 768w, https:\/\/ikf.ac.at\/wp-content\/uploads\/2021\/01\/linie_IKF-1536x6.jpg 1536w, https:\/\/ikf.ac.at\/wp-content\/uploads\/2021\/01\/linie_IKF-2048x8.jpg 2048w\" sizes=\"auto, (max-width: 2554px) 100vw, 2554px\" \/><\/div><\/div><\/div><\/div>\n\n\n<div style=\"color:#ddd\" class=\"wp-block-genesis-blocks-gb-spacer gb-block-spacer gb-divider-solid gb-divider-size-1\"><hr style=\"height:30px\"\/><\/div>\n\n\n<div id=\"pl-gb3053-69f23feca350e\"  class=\"panel-layout\" ><div id=\"pg-gb3053-69f23feca350e-0\"  class=\"panel-grid panel-no-style\" ><div id=\"pgc-gb3053-69f23feca350e-0-0\"  class=\"panel-grid-cell panel-grid-cell-empty\" ><\/div><div id=\"pgc-gb3053-69f23feca350e-0-1\"  class=\"panel-grid-cell\" ><div id=\"panel-gb3053-69f23feca350e-0-1-0\" class=\"so-panel widget widget_sow-editor panel-first-child panel-last-child\" data-index=\"0\" ><div\n\t\t\t\n\t\t\tclass=\"so-widget-sow-editor so-widget-sow-editor-base\"\n\t\t\t\n\t\t>\n<div class=\"siteorigin-widget-tinymce textwidget\">\n\t<table style=\"height: 220px; width: 100%; border-collapse: collapse;\" border=\"1\" cellpadding=\"2\">\n<tbody>\n<tr style=\"height: 24px;\">\n<td style=\"width: 15.8421%; height: 24px;\">Project management:<\/td>\n<td style=\"width: 84.1578%; height: 24px;\" colspan=\"2\">Univ.-Prof. Dr. Anton Pelinka<\/td>\n<\/tr>\n<tr style=\"height: 24px;\">\n<td style=\"width: 15.8421%; height: 24px;\">\n<hr \/>\n<\/td>\n<td style=\"width: 44.9154%; height: 24px;\">\n<hr \/>\n<\/td>\n<td style=\"width: 39.2424%; height: 24px;\"><\/td>\n<\/tr>\n<tr style=\"height: 24px;\">\n<td style=\"width: 15.8421%; height: 24px;\">Implementation:<\/td>\n<td style=\"width: 84.1578%; height: 24px;\" colspan=\"2\">Dr.<sup>in<\/sup> Birgitt Haller<br \/>\nDDr. Nikolaus Dimmel (Universit\u00e4t Salzburg)<\/td>\n<\/tr>\n<tr style=\"height: 24px;\">\n<td style=\"width: 15.8421%; height: 24px;\">\n<hr \/>\n<\/td>\n<td style=\"width: 44.9154%; height: 24px;\">\n<hr \/>\n<\/td>\n<td style=\"width: 39.2424%; height: 24px;\"><\/td>\n<\/tr>\n<tr style=\"height: 24px;\">\n<td style=\"width: 15.8421%; height: 24px;\">Funded by:<\/td>\n<td style=\"width: 84.1578%; height: 24px;\" colspan=\"2\">Federal Ministry of Finance<br \/>\nJubil\u00e4umsfonds der \u00d6sterreichischen Nationalbank, Projekt Nr. 6491<\/td>\n<\/tr>\n<tr style=\"height: 24px;\">\n<td style=\"width: 15.8421%; height: 24px;\">\n<hr \/>\n<\/td>\n<td style=\"width: 44.9154%; height: 24px;\">\n<hr \/>\n<\/td>\n<td style=\"width: 39.2424%; height: 24px;\"><\/td>\n<\/tr>\n<tr style=\"height: 24px;\">\n<td style=\"width: 15.8421%; height: 24px;\">Completed in:<\/td>\n<td style=\"height: 24px; width: 84.1578%;\" colspan=\"2\">J\u00e4nner 2000<\/td>\n<\/tr>\n<\/tbody>\n<\/table>\n<\/div>\n<\/div><\/div><\/div><\/div><\/div>\n\n\n<div style=\"color:#404168\" class=\"wp-block-genesis-blocks-gb-spacer gb-block-spacer gb-divider-solid gb-spacer-divider gb-divider-size-1\"><hr style=\"height:3px\"\/><\/div>\n\n\n\n<div style=\"color:#404168\" class=\"wp-block-genesis-blocks-gb-spacer gb-block-spacer gb-divider-solid gb-divider-size-1\"><hr style=\"height:10px\"\/><\/div>\n\n\n<div id=\"pl-gb3053-69f23fecb6f5a\"  class=\"panel-layout\" ><div id=\"pg-gb3053-69f23fecb6f5a-0\"  class=\"panel-grid panel-no-style\" ><div id=\"pgc-gb3053-69f23fecb6f5a-0-0\"  class=\"panel-grid-cell panel-grid-cell-empty\" ><\/div><div id=\"pgc-gb3053-69f23fecb6f5a-0-1\"  class=\"panel-grid-cell panel-grid-cell-mobile-last\" ><div id=\"panel-gb3053-69f23fecb6f5a-0-1-0\" class=\"so-panel widget widget_text panel-first-child panel-last-child\" data-index=\"0\" >\t\t\t<div class=\"textwidget\"><p align=\"justify\">Da es in \u00d6sterreich bislang keine breiter angelegten justizsoziologischen Untersuchungen \u00fcber die Richterschaft gibt, sollten im Zuge dieses Forschungsprojektes m\u00f6glichst viele Fragestellungen angesprochen werden. Der Bogen der Untersuchung spannt sich daher von der Prim\u00e4rsozialisation \u00fcber Studium, Berufssozialisation und Berufsverst\u00e4ndnis bis zu Einstellungen gegen\u00fcber rechtspolitischen Fragen und der Diskriminierung von Frauen im Justizdienst. Mittels qualitativer leitfadenorientierter Interviews wurden diese Themenbereiche in den beiden Oberlandesgerichtssprengeln Wien und Innsbruck untersucht.<\/p>\n<p align=\"justify\">In beiden OLG-Sprengeln wurden im Laufe des Jahres 1999, und zwar \u00fcberwiegend im Fr\u00fchsommer, jeweils zwanzig Interviews mit Richterinnen und Richtern gef\u00fchrt, die nach den Kriterien Alter, Geschlecht, T\u00e4tigkeit an Bezirksgerichten\/Gerichtsh\u00f6fen erster Instanz und T\u00e4tigkeit im Zivil- bzw. Strafbereich gestreut wurden. Auch wurden sowohl die erste Instanz als auch die Rechtsmittelinstanz einbezogen. Im OLG-Sprengel Wien konzentrierten wir uns aus forschungs\u00f6konomischen Gr\u00fcnden ausschlie\u00dflich auf in Wien ans\u00e4ssige Gerichte, w\u00e4hrend im OLG-Sprengel Innsbruck auch ausw\u00e4rtige Gerichte in Tirol und Vorarlberg einbezogen wurden. Um zu gew\u00e4hrleisten, dass die Auswahl unserer InterviewpartnerInnen die Struktur der jeweiligen Untersuchungseinheit widerspiegelt, ersuchten wir die Justizverwaltung um eine Aufstellung s\u00e4mtlicher dort t\u00e4tiger RichterInnen.<\/p>\n<p align=\"justify\">Um m\u00f6glichst deutlich zwischen der \u00e4lteren und der j\u00fcngeren Generation innerhalb der Richterschaft unterscheiden zu k\u00f6nnen, verstanden wir als J\u00fcngere die Geburtsjahrg\u00e4nge 1964 bis 1968, bei den \u00c4lteren strebten wir f\u00fcr die M\u00e4nner die Zugeh\u00f6rigkeit zu den Geburtsjahrg\u00e4ngen 1933 bis 1938 an, f\u00fcr die Frauen die Jahrg\u00e4nge 1939 bis 1943. Gelegentlich mussten diese Altersgruppen etwas nach unten erweitert werden, da zum Beispiel an den Bezirksgerichten kaum RichterInnen aus diesen Geburtsjahrg\u00e4ngen t\u00e4tig sind. Beim Kriterium Geschlecht ber\u00fccksichtigten wir, dass in Wien die Zahl der Richterinnen deutlich h\u00f6her ist als in West\u00f6sterreich.<\/p>\n<p align=\"justify\">Neben der Gruppe der RichterInnen wurden auch VertreterInnen der Justizverwaltung einerseits sowie der Richtervereinigung und der Gewerkschaft andererseits befragt. In Wien wurden zehn und in Innsbruck f\u00fcnf solcher Interviews durchgef\u00fchrt. In beiden OLG-Sprengeln wurden der Pr\u00e4sident und der Vizepr\u00e4sident sowie ein\/e weitere\/r MitarbeiterIn des Oberlandesgerichtes befragt. Im Bundesministerium f\u00fcr Justiz konnten Gespr\u00e4che mit den beiden f\u00fcr Personalfragen in den jeweiligen untersuchten Sprengeln zust\u00e4ndigen ReferentInnen gef\u00fchrt werden. Vier RichterInnen wurden als VertreterInnen der Richtervereinigung angesprochen, zwei als Gewerkschaftsfunktion\u00e4rInnen. Und schlie\u00dflich erfolgte ein Interview mit der stellvertretenden Vorsitzenden der Arbeitsgruppe f\u00fcr Gleichbehandlungsfragen beim Bundesministerium f\u00fcr Justiz.<\/p>\n<p align=\"justify\">Die Richterschaft erwies sich bei dieser Untersuchung als \u00fcberraschend uniform. Die erw\u00e4hnten Variablen, die als m\u00f6gliche Differenzierungskategorien eingef\u00fchrt worden waren, erm\u00f6glichten kaum das Herausarbeiten von strukturellen Unterschieden innerhalb der Befragtengruppe. Im Bericht wurde ein Richter zitiert, der in Zusammenhang mit der sozialen Herkunft seiner BerufskollegInnen meinte, diesbez\u00fcgliche Unterschiede k\u00e4men nicht zum Tragen, &#8220;das schleift sich ab, wenn die erst einmal Richter sind&#8221;. Diese Aussage trifft tats\u00e4chlich zu, und zwar nicht nur hinsichtlich des Herkunftsmilieus, sondern sehr umfassend. Einzig das Kriterium der Generationszugeh\u00f6rigkeit spielte bei manchen Themenbereichen eine Rolle. Der Erwerb eines professionellen Habitus wird wesentlich durch Mechanismen der beruflichen und sozialen Konformit\u00e4t beeinflusst. Das mag im Sinne der Rechtssicherheit von gro\u00dfer Wichtigkeit sein, trotzdem war diese Uniformit\u00e4t innerhalb der Richterschaft \u00fcberraschend, vor allem weil die InterviewpartnerInnen immer wieder betonten, dass Richterinnen und Richter ausgepr\u00e4gte Individualisten w\u00e4ren.<\/p>\n<\/div>\n\t\t<\/div><\/div><div id=\"pgc-gb3053-69f23fecb6f5a-0-2\"  class=\"panel-grid-cell panel-grid-cell-empty\" ><\/div><\/div><\/div>\n\n\n<div style=\"color:#333\" class=\"wp-block-genesis-blocks-gb-spacer gb-block-spacer gb-divider-solid gb-spacer-divider gb-divider-size-1\"><hr style=\"height:100px\"\/><\/div>\n<\/div><\/div><\/div>","protected":false},"excerpt":{"rendered":"","protected":false},"author":2,"featured_media":0,"parent":633,"menu_order":38,"comment_status":"closed","ping_status":"closed","template":"","meta":{"footnotes":""},"class_list":["post-3053","page","type-page","status-publish","hentry","post"],"featured_image_src":null,"featured_image_src_square":null,"_links":{"self":[{"href":"https:\/\/ikf.ac.at\/en\/wp-json\/wp\/v2\/pages\/3053","targetHints":{"allow":["GET"]}}],"collection":[{"href":"https:\/\/ikf.ac.at\/en\/wp-json\/wp\/v2\/pages"}],"about":[{"href":"https:\/\/ikf.ac.at\/en\/wp-json\/wp\/v2\/types\/page"}],"author":[{"embeddable":true,"href":"https:\/\/ikf.ac.at\/en\/wp-json\/wp\/v2\/users\/2"}],"replies":[{"embeddable":true,"href":"https:\/\/ikf.ac.at\/en\/wp-json\/wp\/v2\/comments?post=3053"}],"version-history":[{"count":1,"href":"https:\/\/ikf.ac.at\/en\/wp-json\/wp\/v2\/pages\/3053\/revisions"}],"predecessor-version":[{"id":3054,"href":"https:\/\/ikf.ac.at\/en\/wp-json\/wp\/v2\/pages\/3053\/revisions\/3054"}],"up":[{"embeddable":true,"href":"https:\/\/ikf.ac.at\/en\/wp-json\/wp\/v2\/pages\/633"}],"wp:attachment":[{"href":"https:\/\/ikf.ac.at\/en\/wp-json\/wp\/v2\/media?parent=3053"}],"curies":[{"name":"wp","href":"https:\/\/api.w.org\/{rel}","templated":true}]}}