{"id":2828,"date":"2021-04-29T12:58:50","date_gmt":"2021-04-29T12:58:50","guid":{"rendered":"http:\/\/test-ikf.online\/?page_id=2828"},"modified":"2021-04-29T12:59:16","modified_gmt":"2021-04-29T12:59:16","slug":"2002-konfliktloesungsmodelle-fuer-grosswohnanlagen","status":"publish","type":"page","link":"https:\/\/ikf.ac.at\/en\/schwerpunkte\/sicherheit\/sozialstaat\/2002-konfliktloesungsmodelle-fuer-grosswohnanlagen","title":{"rendered":"2002: Konfliktl\u00f6sungsmodelle f\u00fcr Gro\u00dfwohnanlagen"},"content":{"rendered":"<div class=\"wp-block-atomic-blocks-ab-container alignfull ab-block-container\"><div class=\"ab-container-inside\"><div class=\"ab-container-content\"><div id=\"pl-gb2828-69f23ffc7030c\"  class=\"panel-layout\" ><div id=\"pg-gb2828-69f23ffc7030c-0\"  class=\"panel-grid panel-no-style\" ><div id=\"pgc-gb2828-69f23ffc7030c-0-0\"  class=\"panel-grid-cell\" ><div id=\"panel-gb2828-69f23ffc7030c-0-0-0\" class=\"so-panel widget widget_media_image panel-first-child panel-last-child\" data-index=\"0\" ><img loading=\"lazy\" decoding=\"async\" width=\"2554\" height=\"10\" src=\"https:\/\/ikf.ac.at\/wp-content\/uploads\/2021\/01\/linie_IKF.jpg\" class=\"image wp-image-754  attachment-full size-full\" alt=\"\" style=\"max-width: 100%; height: auto;\" srcset=\"https:\/\/ikf.ac.at\/wp-content\/uploads\/2021\/01\/linie_IKF.jpg 2554w, https:\/\/ikf.ac.at\/wp-content\/uploads\/2021\/01\/linie_IKF-300x1.jpg 300w, https:\/\/ikf.ac.at\/wp-content\/uploads\/2021\/01\/linie_IKF-1024x4.jpg 1024w, https:\/\/ikf.ac.at\/wp-content\/uploads\/2021\/01\/linie_IKF-768x3.jpg 768w, https:\/\/ikf.ac.at\/wp-content\/uploads\/2021\/01\/linie_IKF-1536x6.jpg 1536w, https:\/\/ikf.ac.at\/wp-content\/uploads\/2021\/01\/linie_IKF-2048x8.jpg 2048w\" sizes=\"auto, (max-width: 2554px) 100vw, 2554px\" \/><\/div><\/div><\/div><\/div>\n\n\n<div style=\"color:#ddd\" class=\"wp-block-genesis-blocks-gb-spacer gb-block-spacer gb-divider-solid gb-divider-size-1\"><hr style=\"height:30px\"\/><\/div>\n\n\n<div id=\"pl-gb2828-69f23ffc70806\"  class=\"panel-layout\" ><div id=\"pg-gb2828-69f23ffc70806-0\"  class=\"panel-grid panel-no-style\" ><div id=\"pgc-gb2828-69f23ffc70806-0-0\"  class=\"panel-grid-cell panel-grid-cell-empty\" ><\/div><div id=\"pgc-gb2828-69f23ffc70806-0-1\"  class=\"panel-grid-cell\" ><div id=\"panel-gb2828-69f23ffc70806-0-1-0\" class=\"so-panel widget widget_sow-editor panel-first-child panel-last-child\" data-index=\"0\" ><div\n\t\t\t\n\t\t\tclass=\"so-widget-sow-editor so-widget-sow-editor-base\"\n\t\t\t\n\t\t>\n<div class=\"siteorigin-widget-tinymce textwidget\">\n\t<table style=\"height: 100px; width: 100%; border-collapse: collapse;\" border=\"1\" cellpadding=\"2\">\n<tbody>\n<tr style=\"height: 24px;\">\n<td style=\"width: 15.8421%; height: 24px;\">Project management:<\/td>\n<td style=\"width: 84.1578%; height: 24px;\" colspan=\"2\" class=\"translation-block\"><span style=\"font-size: x-large\">Dr. Birgitt Haller<\/span><\/td>\n<\/tr>\n<tr>\n<td style=\"width: 15.8421%;\">\n<hr \/>\n<\/td>\n<td style=\"width: 55.6269%;\">\n<hr \/>\n<\/td>\n<td style=\"width: 28.5309%; height: 24px;\"><\/td>\n<\/tr>\n<tr>\n<td style=\"width: 15.8421%;\">Implementation:<\/td>\n<td style=\"width: 84.1578%;\" colspan=\"2\">Dr.<sup>in<\/sup> Birgitt Haller<br \/>\nDr.<sup>in<\/sup> Inge Karazman-Morawetz (Institut f\u00fcr Rechts- und Kriminalsoziologie)<\/td>\n<\/tr>\n<tr>\n<td style=\"width: 15.8421%;\">\n<hr \/>\n<\/td>\n<td style=\"width: 55.6269%;\">\n<hr \/>\n<\/td>\n<td style=\"width: 28.5309%;\"><\/td>\n<\/tr>\n<tr>\n<td style=\"width: 15.8421%;\">Funded by:<\/td>\n<td style=\"width: 84.1578%;\" colspan=\"2\">Amt der Wiener Landesregierung \u2013 MA 50<\/td>\n<\/tr>\n<tr>\n<td style=\"width: 15.8421%;\">\n<hr \/>\n<\/td>\n<td style=\"width: 55.6269%;\">\n<hr \/>\n<\/td>\n<td style=\"width: 28.5309%; height: 24px;\"><\/td>\n<\/tr>\n<tr style=\"height: 24px;\">\n<td style=\"width: 15.8421%; height: 24px;\">Completed in:<\/td>\n<td style=\"height: 24px; width: 84.1578%;\" colspan=\"2\">Oktober 2002<\/td>\n<\/tr>\n<\/tbody>\n<\/table>\n<\/div>\n<\/div><\/div><\/div><\/div><\/div>\n\n\n<div style=\"color:#404168\" class=\"wp-block-genesis-blocks-gb-spacer gb-block-spacer gb-divider-solid gb-spacer-divider gb-divider-size-1\"><hr style=\"height:3px\"\/><\/div>\n\n\n\n<div style=\"color:#404168\" class=\"wp-block-genesis-blocks-gb-spacer gb-block-spacer gb-divider-solid gb-divider-size-1\"><hr style=\"height:10px\"\/><\/div>\n\n\n<div id=\"pl-gb2828-69f23ffc70c2c\"  class=\"panel-layout\" ><div id=\"pg-gb2828-69f23ffc70c2c-0\"  class=\"panel-grid panel-no-style\" ><div id=\"pgc-gb2828-69f23ffc70c2c-0-0\"  class=\"panel-grid-cell panel-grid-cell-empty\" ><\/div><div id=\"pgc-gb2828-69f23ffc70c2c-0-1\"  class=\"panel-grid-cell panel-grid-cell-mobile-last\" ><div id=\"panel-gb2828-69f23ffc70c2c-0-1-0\" class=\"so-panel widget widget_text panel-first-child panel-last-child\" data-index=\"0\" >\t\t\t<div class=\"textwidget\"><p align=\"justify\">Im Rahmen dieser Untersuchung wurden international erprobte Modelle f\u00fcr Konfliktl\u00f6sungen in Gro\u00dfwohnanlagen bzw. diesen vorgelagerte Modelle der Konfliktpr\u00e4vention recherchiert. Der erste der vier Berichtteile befasst sich mit der Literatur zur Sicht von Wohnanlagen als Problemsiedlungen und beschreibt deren gemeinsame Charakteristika im europ\u00e4ischen Raum. Weiters werden verschiedene Muster von Interventionen, mit denen in westeurop\u00e4ischen Staaten auf die problematische Entwicklung vieler Gro\u00dfwohnsiedlungen reagiert wurde, und deren Konsequenzen dargestellt. Daran schlie\u00dft ein Kapitel \u00fcber zentrale Konfliktquellen und -arten im Nachbarschaftsbereich an, in dem auch auf aktuelle Wien-bezogene empirische Untersuchungen eingegangen wird. Es folgen \u00dcberlegungen zur Konfliktpr\u00e4vention in Nachbarschaften bzw. Wohnanlagen, die sich sowohl auf die bauliche, raumplanerische und Instandhaltungsebene als auch auf die soziale Ebene beziehen. Im abschlie\u00dfenden Kapitel werden verschiedene ausl\u00e4ndische Modelle der Konfliktl\u00f6sung und -pr\u00e4vention in Nachbarschaften vorgestellt, und zwar Modelle der Konfliktbearbeitung\/ -schlichtung und der Pr\u00e4vention generell sowie zwei wohnanlagenspezifische Beispiele f\u00fcr Konfliktmanagement und -pr\u00e4vention.<\/p>\n<p align=\"justify\">Grunds\u00e4tzlich ist festzuhalten, dass f\u00fcr den Umgang mit Konflikten im Wohnbereich singul\u00e4re Ma\u00dfnahmen nicht ausreichen. Am erfolgreichsten scheint die Ber\u00fccksichtigung unterschiedlicher Problemlagen durch einen &#8220;Patchwork&#8221;-Ansatz zu sein, der verschiedene Ebenen \u2013 etwa die der MieterInnen ebenso wie die der Hausverwaltungen \u2013 einbezieht. Gleichzeitig darf der Bereich der Wohnpolitik nicht isoliert betrachtet werden: Gruppen, die sich im Zusammenleben als problematisch erweisen, sind h\u00e4ufig gesellschaftlich marginalisiert. Nachhaltige Ver\u00e4nderungen k\u00f6nnen also nicht allein im Rahmen der Wohnpolitik erzielt werden, sondern bed\u00fcrfen politischer Ma\u00dfnahmen in den unterschiedlichsten Bereichen.<\/p>\n<\/div>\n\t\t<\/div><\/div><div id=\"pgc-gb2828-69f23ffc70c2c-0-2\"  class=\"panel-grid-cell panel-grid-cell-empty\" ><\/div><\/div><\/div>\n\n\n<div style=\"color:#333\" class=\"wp-block-genesis-blocks-gb-spacer gb-block-spacer gb-divider-solid gb-spacer-divider gb-divider-size-1\"><hr style=\"height:100px\"\/><\/div>\n<\/div><\/div><\/div>","protected":false},"excerpt":{"rendered":"","protected":false},"author":2,"featured_media":0,"parent":961,"menu_order":40,"comment_status":"closed","ping_status":"closed","template":"","meta":{"footnotes":""},"class_list":["post-2828","page","type-page","status-publish","hentry","post"],"featured_image_src":null,"featured_image_src_square":null,"_links":{"self":[{"href":"https:\/\/ikf.ac.at\/en\/wp-json\/wp\/v2\/pages\/2828","targetHints":{"allow":["GET"]}}],"collection":[{"href":"https:\/\/ikf.ac.at\/en\/wp-json\/wp\/v2\/pages"}],"about":[{"href":"https:\/\/ikf.ac.at\/en\/wp-json\/wp\/v2\/types\/page"}],"author":[{"embeddable":true,"href":"https:\/\/ikf.ac.at\/en\/wp-json\/wp\/v2\/users\/2"}],"replies":[{"embeddable":true,"href":"https:\/\/ikf.ac.at\/en\/wp-json\/wp\/v2\/comments?post=2828"}],"version-history":[{"count":2,"href":"https:\/\/ikf.ac.at\/en\/wp-json\/wp\/v2\/pages\/2828\/revisions"}],"predecessor-version":[{"id":2830,"href":"https:\/\/ikf.ac.at\/en\/wp-json\/wp\/v2\/pages\/2828\/revisions\/2830"}],"up":[{"embeddable":true,"href":"https:\/\/ikf.ac.at\/en\/wp-json\/wp\/v2\/pages\/961"}],"wp:attachment":[{"href":"https:\/\/ikf.ac.at\/en\/wp-json\/wp\/v2\/media?parent=2828"}],"curies":[{"name":"wp","href":"https:\/\/api.w.org\/{rel}","templated":true}]}}