{"id":2766,"date":"2021-04-28T09:06:06","date_gmt":"2021-04-28T09:06:06","guid":{"rendered":"http:\/\/test-ikf.online\/?page_id=2766"},"modified":"2021-04-28T09:07:14","modified_gmt":"2021-04-28T09:07:14","slug":"2001-politische-rahmenbedingungen-konsequenzen-liberalisierung-vorgelagerte-sektoren-industrie","status":"publish","type":"page","link":"https:\/\/ikf.ac.at\/en\/schwerpunkte\/sicherheit\/rechtsstaat\/2001-politische-rahmenbedingungen-konsequenzen-liberalisierung-vorgelagerte-sektoren-industrie","title":{"rendered":"2001: Politische Rahmenbedingungen und Konsequenzen der Liberalisierung vorgelagerter Sektoren f\u00fcr die Industrie"},"content":{"rendered":"<div class=\"wp-block-atomic-blocks-ab-container alignfull ab-block-container\"><div class=\"ab-container-inside\"><div class=\"ab-container-content\"><div id=\"pl-gb2766-69f2403c24409\"  class=\"panel-layout\" ><div id=\"pg-gb2766-69f2403c24409-0\"  class=\"panel-grid panel-no-style\" ><div id=\"pgc-gb2766-69f2403c24409-0-0\"  class=\"panel-grid-cell\" ><div id=\"panel-gb2766-69f2403c24409-0-0-0\" class=\"so-panel widget widget_media_image panel-first-child panel-last-child\" data-index=\"0\" ><img loading=\"lazy\" decoding=\"async\" width=\"2554\" height=\"10\" src=\"https:\/\/ikf.ac.at\/wp-content\/uploads\/2021\/01\/linie_IKF.jpg\" class=\"image wp-image-754  attachment-full size-full\" alt=\"\" style=\"max-width: 100%; height: auto;\" srcset=\"https:\/\/ikf.ac.at\/wp-content\/uploads\/2021\/01\/linie_IKF.jpg 2554w, https:\/\/ikf.ac.at\/wp-content\/uploads\/2021\/01\/linie_IKF-300x1.jpg 300w, https:\/\/ikf.ac.at\/wp-content\/uploads\/2021\/01\/linie_IKF-1024x4.jpg 1024w, https:\/\/ikf.ac.at\/wp-content\/uploads\/2021\/01\/linie_IKF-768x3.jpg 768w, https:\/\/ikf.ac.at\/wp-content\/uploads\/2021\/01\/linie_IKF-1536x6.jpg 1536w, https:\/\/ikf.ac.at\/wp-content\/uploads\/2021\/01\/linie_IKF-2048x8.jpg 2048w\" sizes=\"auto, (max-width: 2554px) 100vw, 2554px\" \/><\/div><\/div><\/div><\/div>\n\n\n<div style=\"color:#ddd\" class=\"wp-block-genesis-blocks-gb-spacer gb-block-spacer gb-divider-solid gb-divider-size-1\"><hr style=\"height:30px\"\/><\/div>\n\n\n<div id=\"pl-gb2766-69f2403c24971\"  class=\"panel-layout\" ><div id=\"pg-gb2766-69f2403c24971-0\"  class=\"panel-grid panel-no-style\" ><div id=\"pgc-gb2766-69f2403c24971-0-0\"  class=\"panel-grid-cell panel-grid-cell-empty\" ><\/div><div id=\"pgc-gb2766-69f2403c24971-0-1\"  class=\"panel-grid-cell\" ><div id=\"panel-gb2766-69f2403c24971-0-1-0\" class=\"so-panel widget widget_sow-editor panel-first-child panel-last-child\" data-index=\"0\" ><div\n\t\t\t\n\t\t\tclass=\"so-widget-sow-editor so-widget-sow-editor-base\"\n\t\t\t\n\t\t>\n<div class=\"siteorigin-widget-tinymce textwidget\">\n\t<table style=\"height: 100px; width: 100%; border-collapse: collapse;\" border=\"1\" cellpadding=\"2\">\n<tbody>\n<tr style=\"height: 24px;\">\n<td style=\"width: 15.8421%; height: 24px;\">Project management:<\/td>\n<td style=\"width: 84.1578%; height: 24px;\" colspan=\"2\">Univ.-Prof. Dr. Anton Pelinka<\/td>\n<\/tr>\n<tr>\n<td style=\"width: 15.8421%;\">\n<hr \/>\n<\/td>\n<td style=\"width: 52.6944%;\">\n<hr \/>\n<\/td>\n<td style=\"width: 31.4634%; height: 24px;\"><\/td>\n<\/tr>\n<tr>\n<td style=\"width: 15.8421%;\">Implementation:<\/td>\n<td style=\"width: 84.1578%;\" colspan=\"2\">Mag. Dr. Stefanie Mayer<sup>a<\/sup> Barbara Liegl<br \/>\nDDr. Hubert Sickinger<\/td>\n<\/tr>\n<tr>\n<td style=\"width: 15.8421%;\">\n<hr \/>\n<\/td>\n<td style=\"width: 52.6944%;\">\n<hr \/>\n<\/td>\n<td style=\"width: 31.4634%;\"><\/td>\n<\/tr>\n<tr>\n<td style=\"width: 15.8421%;\">Funded by:<\/td>\n<td style=\"width: 84.1578%;\" colspan=\"2\">Gesellschaft des Bundes f\u00fcr industriepolitische Ma\u00dfnahmen Ges.m.b.H.<\/td>\n<\/tr>\n<tr>\n<td style=\"width: 15.8421%;\">\n<hr \/>\n<\/td>\n<td style=\"width: 52.6944%;\">\n<hr \/>\n<\/td>\n<td style=\"width: 31.4634%; height: 24px;\"><\/td>\n<\/tr>\n<tr style=\"height: 24px;\">\n<td style=\"width: 15.8421%; height: 24px;\">Completed in:<\/td>\n<td style=\"height: 24px; width: 84.1578%;\" colspan=\"2\">September 2001<\/td>\n<\/tr>\n<\/tbody>\n<\/table>\n<\/div>\n<\/div><\/div><\/div><\/div><\/div>\n\n\n<div style=\"color:#404168\" class=\"wp-block-genesis-blocks-gb-spacer gb-block-spacer gb-divider-solid gb-spacer-divider gb-divider-size-1\"><hr style=\"height:3px\"\/><\/div>\n\n\n\n<div style=\"color:#404168\" class=\"wp-block-genesis-blocks-gb-spacer gb-block-spacer gb-divider-solid gb-divider-size-1\"><hr style=\"height:10px\"\/><\/div>\n\n\n<div id=\"pl-gb2766-69f2403c24e2c\"  class=\"panel-layout\" ><div id=\"pg-gb2766-69f2403c24e2c-0\"  class=\"panel-grid panel-no-style\" ><div id=\"pgc-gb2766-69f2403c24e2c-0-0\"  class=\"panel-grid-cell panel-grid-cell-empty\" ><\/div><div id=\"pgc-gb2766-69f2403c24e2c-0-1\"  class=\"panel-grid-cell panel-grid-cell-mobile-last\" ><div id=\"panel-gb2766-69f2403c24e2c-0-1-0\" class=\"so-panel widget widget_text panel-first-child panel-last-child\" data-index=\"0\" >\t\t\t<div class=\"textwidget\"><p align=\"justify\">Das Forschungsprojekt arbeitet Konsequenzen der Liberalisierung und Privatisierung von Versorgungs- und Infrastruktureinrichtungen anhand der Beispiele Stromversorgung, Abfallwirtschaft, Eisenbahnen und Telekommunikation auf Basis eines internationalen Vergleichs heraus. Haupts\u00e4chliche Fragestellungen sind die politischen Entscheidungsprozesse vor der jeweiligen Reform, die Inhalte der Reformstrategie selbst, die Auswirkungen auf die Beziehungen zwischen dem politischen System und diesen privatisierten bzw. ausgegliederten Unternehmen und die \u00c4nderungen, die sich dadurch f\u00fcr schon zuvor privatwirtschaftlich t\u00e4tige Industrieunternehmen ergeben haben.<\/p>\n<p align=\"justify\">Auswahlkriterium f\u00fcr die genannten Sektoren war neben ihrer Bedeutung f\u00fcr die Wettbewerbsf\u00e4higkeit des industriellen Sektors auch der Gesichtspunkt, die Komplexit\u00e4t politischer Mehrebenensysteme zu ber\u00fccksichtigen, weil diese Sektoren auf unterschiedlichen politischen Ebenen \u2013 auf kommunaler wie auch auf nationalstaatlicher (oder sogar internationaler \u2013 EU) Ebene, im Falle f\u00f6deralistischer Systeme auch auf Ebene der Bundesstaaten \u2013 reguliert werden. Dies wird in L\u00e4nderfallstudien zu den USA (mit Kalifornien als spezieller Fallstudie), Gro\u00dfbritannien, Frankreich, Deutschland, Schweden, der Schweiz und \u00d6sterreich herausgearbeitet. Die Ergebnisse der Fallstudien werden in einem international vergleichenden Teil zusammengefasst.<\/p>\n<\/div>\n\t\t<\/div><\/div><div id=\"pgc-gb2766-69f2403c24e2c-0-2\"  class=\"panel-grid-cell panel-grid-cell-empty\" ><\/div><\/div><\/div>\n\n\n<div style=\"color:#333\" class=\"wp-block-genesis-blocks-gb-spacer gb-block-spacer gb-divider-solid gb-spacer-divider gb-divider-size-1\"><hr style=\"height:100px\"\/><\/div>\n<\/div><\/div><\/div>","protected":false},"excerpt":{"rendered":"","protected":false},"author":2,"featured_media":0,"parent":959,"menu_order":29,"comment_status":"closed","ping_status":"closed","template":"","meta":{"footnotes":""},"class_list":["post-2766","page","type-page","status-publish","hentry","post"],"featured_image_src":null,"featured_image_src_square":null,"_links":{"self":[{"href":"https:\/\/ikf.ac.at\/en\/wp-json\/wp\/v2\/pages\/2766","targetHints":{"allow":["GET"]}}],"collection":[{"href":"https:\/\/ikf.ac.at\/en\/wp-json\/wp\/v2\/pages"}],"about":[{"href":"https:\/\/ikf.ac.at\/en\/wp-json\/wp\/v2\/types\/page"}],"author":[{"embeddable":true,"href":"https:\/\/ikf.ac.at\/en\/wp-json\/wp\/v2\/users\/2"}],"replies":[{"embeddable":true,"href":"https:\/\/ikf.ac.at\/en\/wp-json\/wp\/v2\/comments?post=2766"}],"version-history":[{"count":1,"href":"https:\/\/ikf.ac.at\/en\/wp-json\/wp\/v2\/pages\/2766\/revisions"}],"predecessor-version":[{"id":2767,"href":"https:\/\/ikf.ac.at\/en\/wp-json\/wp\/v2\/pages\/2766\/revisions\/2767"}],"up":[{"embeddable":true,"href":"https:\/\/ikf.ac.at\/en\/wp-json\/wp\/v2\/pages\/959"}],"wp:attachment":[{"href":"https:\/\/ikf.ac.at\/en\/wp-json\/wp\/v2\/media?parent=2766"}],"curies":[{"name":"wp","href":"https:\/\/api.w.org\/{rel}","templated":true}]}}