{"id":2698,"date":"2021-04-26T13:01:01","date_gmt":"2021-04-26T13:01:01","guid":{"rendered":"http:\/\/test-ikf.online\/?page_id=2698"},"modified":"2021-04-28T09:32:46","modified_gmt":"2021-04-28T09:32:46","slug":"2010-begleitforschung-zur-qualitaetssicherung-in-der-prozessbegleitung","status":"publish","type":"page","link":"https:\/\/ikf.ac.at\/en\/schwerpunkte\/sicherheit\/gewalt\/2010-begleitforschung-zur-qualitaetssicherung-in-der-prozessbegleitung","title":{"rendered":"2010: Begleitforschung zur Qualit\u00e4tssicherung in der Prozessbegleitung"},"content":{"rendered":"<div class=\"wp-block-atomic-blocks-ab-container alignfull ab-block-container\"><div class=\"ab-container-inside\"><div class=\"ab-container-content\"><div id=\"pl-gb2698-69f24018124bc\"  class=\"panel-layout\" ><div id=\"pg-gb2698-69f24018124bc-0\"  class=\"panel-grid panel-no-style\" ><div id=\"pgc-gb2698-69f24018124bc-0-0\"  class=\"panel-grid-cell\" ><div id=\"panel-gb2698-69f24018124bc-0-0-0\" class=\"so-panel widget widget_media_image panel-first-child panel-last-child\" data-index=\"0\" ><img loading=\"lazy\" decoding=\"async\" width=\"2554\" height=\"10\" src=\"https:\/\/ikf.ac.at\/wp-content\/uploads\/2021\/01\/linie_IKF.jpg\" class=\"image wp-image-754  attachment-full size-full\" alt=\"\" style=\"max-width: 100%; height: auto;\" srcset=\"https:\/\/ikf.ac.at\/wp-content\/uploads\/2021\/01\/linie_IKF.jpg 2554w, https:\/\/ikf.ac.at\/wp-content\/uploads\/2021\/01\/linie_IKF-300x1.jpg 300w, https:\/\/ikf.ac.at\/wp-content\/uploads\/2021\/01\/linie_IKF-1024x4.jpg 1024w, https:\/\/ikf.ac.at\/wp-content\/uploads\/2021\/01\/linie_IKF-768x3.jpg 768w, https:\/\/ikf.ac.at\/wp-content\/uploads\/2021\/01\/linie_IKF-1536x6.jpg 1536w, https:\/\/ikf.ac.at\/wp-content\/uploads\/2021\/01\/linie_IKF-2048x8.jpg 2048w\" sizes=\"auto, (max-width: 2554px) 100vw, 2554px\" \/><\/div><\/div><\/div><\/div>\n\n\n<div style=\"color:#ddd\" class=\"wp-block-genesis-blocks-gb-spacer gb-block-spacer gb-divider-solid gb-divider-size-1\"><hr style=\"height:30px\"\/><\/div>\n\n\n<div id=\"pl-gb2698-69f240181295a\"  class=\"panel-layout\" ><div id=\"pg-gb2698-69f240181295a-0\"  class=\"panel-grid panel-no-style\" ><div id=\"pgc-gb2698-69f240181295a-0-0\"  class=\"panel-grid-cell panel-grid-cell-empty\" ><\/div><div id=\"pgc-gb2698-69f240181295a-0-1\"  class=\"panel-grid-cell\" ><div id=\"panel-gb2698-69f240181295a-0-1-0\" class=\"so-panel widget widget_sow-editor panel-first-child panel-last-child\" data-index=\"0\" ><div\n\t\t\t\n\t\t\tclass=\"so-widget-sow-editor so-widget-sow-editor-base\"\n\t\t\t\n\t\t>\n<div class=\"siteorigin-widget-tinymce textwidget\">\n\t<table style=\"height: 244px; width: 100%; border-collapse: collapse;\" border=\"1\" cellpadding=\"2\">\n<tbody>\n<tr style=\"height: 24px;\">\n<td style=\"width: 15.8421%; height: 24px;\">Project management:<\/td>\n<td style=\"width: 84.1578%; height: 24px;\" colspan=\"2\" class=\"translation-block\"><span style=\"font-size: x-large\">Dr. Birgitt Haller<\/span><\/td>\n<\/tr>\n<tr style=\"height: 24px;\">\n<td style=\"width: 15.8421%; height: 24px;\">\n<hr \/>\n<\/td>\n<td style=\"width: 41.8115%; height: 24px;\">\n<hr \/>\n<\/td>\n<td style=\"width: 42.3463%; height: 24px;\"><\/td>\n<\/tr>\n<tr style=\"height: 48px;\">\n<td style=\"width: 15.8421%; height: 48px;\">Funded by:<\/td>\n<td style=\"width: 84.1578%; height: 48px;\" colspan=\"2\">Bundesministerium f\u00fcr Wirtschaft, Familie und Jugend<br \/>\n\u00fcber Bundeskoordinatorin f\u00fcr Prozessbegleitung<\/td>\n<\/tr>\n<tr style=\"height: 24px;\">\n<td style=\"width: 15.8421%; height: 24px;\">\n<hr \/>\n<\/td>\n<td style=\"width: 41.8115%; height: 24px;\">\n<hr \/>\n<\/td>\n<td style=\"width: 42.3463%; height: 24px;\"><\/td>\n<\/tr>\n<tr style=\"height: 24px;\">\n<td style=\"width: 15.8421%; height: 24px;\">Completed in:<\/td>\n<td style=\"height: 24px; width: 84.1578%;\" colspan=\"2\">Dezember 2010<\/td>\n<\/tr>\n<\/tbody>\n<\/table>\n<\/div>\n<\/div><\/div><\/div><\/div><\/div>\n\n\n<div style=\"color:#404168\" class=\"wp-block-genesis-blocks-gb-spacer gb-block-spacer gb-divider-solid gb-spacer-divider gb-divider-size-1\"><hr style=\"height:3px\"\/><\/div>\n\n\n\n<div style=\"color:#404168\" class=\"wp-block-genesis-blocks-gb-spacer gb-block-spacer gb-divider-solid gb-divider-size-1\"><hr style=\"height:10px\"\/><\/div>\n\n\n<div id=\"pl-gb2698-69f2401812e30\"  class=\"panel-layout\" ><div id=\"pg-gb2698-69f2401812e30-0\"  class=\"panel-grid panel-no-style\" ><div id=\"pgc-gb2698-69f2401812e30-0-0\"  class=\"panel-grid-cell panel-grid-cell-empty\" ><\/div><div id=\"pgc-gb2698-69f2401812e30-0-1\"  class=\"panel-grid-cell panel-grid-cell-mobile-last\" ><div id=\"panel-gb2698-69f2401812e30-0-1-0\" class=\"so-panel widget widget_text panel-first-child panel-last-child\" data-index=\"0\" >\t\t\t<div class=\"textwidget\"><p align=\"justify\">Von der Bundeskoordinatorin der Prozessbegleitung f\u00fcr Kinder und Jugendliche werden im Rahmen der Qualit\u00e4tssicherung seit 2005 Basisdaten bei den in diesem Feld t\u00e4tigen Einrichtungen erhoben: J\u00e4hrlich werden mit einem einseitigen Erhebungsblatt die im Kalenderjahr abgeschlossenen Prozessbegleitungen dokumentiert, im Rahmen der Begleitforschung ausgewertet und im Zeitverlauf (2005 bis 2008) analysiert.<\/p>\n<\/div>\n\t\t<\/div><\/div><div id=\"pgc-gb2698-69f2401812e30-0-2\"  class=\"panel-grid-cell panel-grid-cell-empty\" ><\/div><\/div><\/div>\n\n\n<div style=\"color:#333\" class=\"wp-block-genesis-blocks-gb-spacer gb-block-spacer gb-divider-solid gb-spacer-divider gb-divider-size-1\"><hr style=\"height:100px\"\/><\/div>\n<\/div><\/div><\/div>","protected":false},"excerpt":{"rendered":"","protected":false},"author":2,"featured_media":0,"parent":1561,"menu_order":45,"comment_status":"closed","ping_status":"closed","template":"","meta":{"footnotes":""},"class_list":["post-2698","page","type-page","status-publish","hentry","post"],"featured_image_src":null,"featured_image_src_square":null,"_links":{"self":[{"href":"https:\/\/ikf.ac.at\/en\/wp-json\/wp\/v2\/pages\/2698","targetHints":{"allow":["GET"]}}],"collection":[{"href":"https:\/\/ikf.ac.at\/en\/wp-json\/wp\/v2\/pages"}],"about":[{"href":"https:\/\/ikf.ac.at\/en\/wp-json\/wp\/v2\/types\/page"}],"author":[{"embeddable":true,"href":"https:\/\/ikf.ac.at\/en\/wp-json\/wp\/v2\/users\/2"}],"replies":[{"embeddable":true,"href":"https:\/\/ikf.ac.at\/en\/wp-json\/wp\/v2\/comments?post=2698"}],"version-history":[{"count":5,"href":"https:\/\/ikf.ac.at\/en\/wp-json\/wp\/v2\/pages\/2698\/revisions"}],"predecessor-version":[{"id":3032,"href":"https:\/\/ikf.ac.at\/en\/wp-json\/wp\/v2\/pages\/2698\/revisions\/3032"}],"up":[{"embeddable":true,"href":"https:\/\/ikf.ac.at\/en\/wp-json\/wp\/v2\/pages\/1561"}],"wp:attachment":[{"href":"https:\/\/ikf.ac.at\/en\/wp-json\/wp\/v2\/media?parent=2698"}],"curies":[{"name":"wp","href":"https:\/\/api.w.org\/{rel}","templated":true}]}}