{"id":2688,"date":"2021-04-26T12:47:11","date_gmt":"2021-04-26T12:47:11","guid":{"rendered":"http:\/\/test-ikf.online\/?page_id=2688"},"modified":"2023-05-31T11:57:26","modified_gmt":"2023-05-31T11:57:26","slug":"2010-ipvow","status":"publish","type":"page","link":"https:\/\/ikf.ac.at\/en\/schwerpunkte\/sicherheit\/gewalt\/2010-ipvow","title":{"rendered":"2010: Partnergewalt gegen \u00e4ltere Frauen (Intimate Partner Violence against elderly Women) \u2013 L\u00e4nderbericht \u00d6sterreich"},"content":{"rendered":"<div class=\"wp-block-atomic-blocks-ab-container alignfull ab-block-container\"><div class=\"ab-container-inside\"><div class=\"ab-container-content\"><div id=\"pl-gb2688-69f23ff8b6eb7\"  class=\"panel-layout\" ><div id=\"pg-gb2688-69f23ff8b6eb7-0\"  class=\"panel-grid panel-no-style\" ><div id=\"pgc-gb2688-69f23ff8b6eb7-0-0\"  class=\"panel-grid-cell\" ><div id=\"panel-gb2688-69f23ff8b6eb7-0-0-0\" class=\"so-panel widget widget_media_image panel-first-child panel-last-child\" data-index=\"0\" ><img loading=\"lazy\" decoding=\"async\" width=\"2554\" height=\"10\" src=\"https:\/\/ikf.ac.at\/wp-content\/uploads\/2021\/01\/linie_IKF.jpg\" class=\"image wp-image-754  attachment-full size-full\" alt=\"\" style=\"max-width: 100%; height: auto;\" srcset=\"https:\/\/ikf.ac.at\/wp-content\/uploads\/2021\/01\/linie_IKF.jpg 2554w, https:\/\/ikf.ac.at\/wp-content\/uploads\/2021\/01\/linie_IKF-300x1.jpg 300w, https:\/\/ikf.ac.at\/wp-content\/uploads\/2021\/01\/linie_IKF-1024x4.jpg 1024w, https:\/\/ikf.ac.at\/wp-content\/uploads\/2021\/01\/linie_IKF-768x3.jpg 768w, https:\/\/ikf.ac.at\/wp-content\/uploads\/2021\/01\/linie_IKF-1536x6.jpg 1536w, https:\/\/ikf.ac.at\/wp-content\/uploads\/2021\/01\/linie_IKF-2048x8.jpg 2048w\" sizes=\"auto, (max-width: 2554px) 100vw, 2554px\" \/><\/div><\/div><\/div><\/div>\n\n\n<div style=\"color:#ddd\" class=\"wp-block-genesis-blocks-gb-spacer gb-block-spacer gb-divider-solid gb-divider-size-1\"><hr style=\"height:30px\"\/><\/div>\n\n\n<div id=\"pl-gb2688-69f23ff8b76d9\"  class=\"panel-layout\" ><div id=\"pg-gb2688-69f23ff8b76d9-0\"  class=\"panel-grid panel-no-style\" ><div id=\"pgc-gb2688-69f23ff8b76d9-0-0\"  class=\"panel-grid-cell panel-grid-cell-empty\" ><\/div><div id=\"pgc-gb2688-69f23ff8b76d9-0-1\"  class=\"panel-grid-cell\" ><div id=\"panel-gb2688-69f23ff8b76d9-0-1-0\" class=\"so-panel widget widget_sow-editor panel-first-child panel-last-child\" data-index=\"0\" ><div\n\t\t\t\n\t\t\tclass=\"so-widget-sow-editor so-widget-sow-editor-base\"\n\t\t\t\n\t\t>\n<div class=\"siteorigin-widget-tinymce textwidget\">\n\t<table style=\"height: 100px; width: 100%; border-collapse: collapse;\" border=\"1\" cellpadding=\"2\">\n<tbody>\n<tr style=\"height: 24px;\">\n<td style=\"width: 15.8421%; height: 24px;\">Project management:<\/td>\n<td style=\"width: 84.1578%; height: 24px;\" colspan=\"2\" class=\"translation-block\"><span style=\"font-size: x-large\">Dr. Birgitt Haller<\/span><\/td>\n<\/tr>\n<tr>\n<td style=\"width: 15.8421%;\">\n<hr \/>\n<\/td>\n<td style=\"width: 53.5082%;\">\n<hr \/>\n<\/td>\n<td style=\"width: 30.6496%; height: 24px;\"><\/td>\n<\/tr>\n<tr>\n<td style=\"width: 15.8421%;\">Implementation:<\/td>\n<td style=\"width: 84.1578%;\" colspan=\"2\">Mag. Dr. Stefanie Mayer<sup>a<\/sup> Dr.<sup>in<\/sup> Helga Amesberger<br \/>\nDr.<sup>in<\/sup> Birgitt Haller<\/td>\n<\/tr>\n<tr>\n<td style=\"width: 15.8421%;\">\n<hr \/>\n<\/td>\n<td style=\"width: 53.5082%;\">\n<hr \/>\n<\/td>\n<td style=\"width: 30.6496%;\"><\/td>\n<\/tr>\n<tr>\n<td style=\"width: 15.8421%;\">Funded by:<\/td>\n<td style=\"width: 84.1578%;\" colspan=\"2\">Europ\u00e4ische Kommission \u00fcber Deutsche Hochschule der Polizei<br \/>\nFederal Ministry of Labour, Social Affairs and Consumer's Protection<br \/>\nBundeskanzleramt\/ Bundesministerin f\u00fcr Frauen und \u00f6ffentlichen Dienst<\/td>\n<\/tr>\n<tr>\n<td style=\"width: 15.8421%;\">\n<hr \/>\n<\/td>\n<td style=\"width: 53.5082%;\">\n<hr \/>\n<\/td>\n<td style=\"width: 30.6496%; height: 24px;\"><\/td>\n<\/tr>\n<tr style=\"height: 24px;\">\n<td style=\"width: 15.8421%; height: 24px;\">Website:<\/td>\n<td style=\"height: 24px; width: 84.1578%;\" colspan=\"2\"><a href=\"http:\/\/www.ipvow.org\/\">http:\/\/www.ipvow.org\/ <\/a><\/td>\n<\/tr>\n<tr>\n<td style=\"width: 15.8421%;\">\n<hr \/>\n<\/td>\n<td style=\"width: 53.5082%;\">\n<hr \/>\n<\/td>\n<td style=\"width: 30.6496%;\"><\/td>\n<\/tr>\n<tr>\n<td style=\"width: 15.8421%;\"><\/td>\n<td style=\"width: 53.5082%;\" valign=\"top\" width=\"80%\"><img loading=\"lazy\" decoding=\"async\" src=\"https:\/\/ikf.ac.at\/wp-content\/uploads\/2021\/03\/Document-Folder-e1615278415108.png\" width=\"28\" height=\"28\" align=\"left\" \/> <a href=\"https:\/\/ikf.ac.at\/wp-content\/uploads\/2021\/04\/IPVOW_Austria_Deutsch_final.pdf\" target=\"_blank\" rel=\"noopener\">Final Report (german)<\/a><\/td>\n<td style=\"width: 30.6496%;\"><\/td>\n<\/tr>\n<\/tbody>\n<\/table>\n<\/div>\n<\/div><\/div><\/div><\/div><\/div>\n\n\n<div style=\"color:#404168\" class=\"wp-block-genesis-blocks-gb-spacer gb-block-spacer gb-divider-solid gb-spacer-divider gb-divider-size-1\"><hr style=\"height:3px\"\/><\/div>\n\n\n\n<div style=\"color:#404168\" class=\"wp-block-genesis-blocks-gb-spacer gb-block-spacer gb-divider-solid gb-divider-size-1\"><hr style=\"height:10px\"\/><\/div>\n\n\n<div id=\"pl-gb2688-69f23ff8b7e1c\"  class=\"panel-layout\" ><div id=\"pg-gb2688-69f23ff8b7e1c-0\"  class=\"panel-grid panel-no-style\" ><div id=\"pgc-gb2688-69f23ff8b7e1c-0-0\"  class=\"panel-grid-cell panel-grid-cell-empty\" ><\/div><div id=\"pgc-gb2688-69f23ff8b7e1c-0-1\"  class=\"panel-grid-cell panel-grid-cell-mobile-last\" ><div id=\"panel-gb2688-69f23ff8b7e1c-0-1-0\" class=\"so-panel widget widget_text panel-first-child panel-last-child\" data-index=\"0\" >\t\t\t<div class=\"textwidget\"><p align=\"justify\">Das zweij\u00e4hrige Forschungsprojekt nimmt die Situation \u00e4lterer Frauen, die Opfer von Gewalt in Partnerschaften wurden, in den Blick. Sieben Forschungseinrichtungen (aus sechs L\u00e4ndern \u2013 neben dem Institut f\u00fcr Konfliktforschung die Deutsche Hochschule der Polizei und Zoom \u2013 Gesellschaft f\u00fcr prospektive Entwicklungen e.V. in Deutschland, die Universit\u00e4t Bialystok in Polen, die Akademie der Wissenschaften in Ungarn, die Universit\u00e4t Sheffield im UK sowie das Institut CESIS in Portugal \u2013 forschten in den Jahren 2009 und 2010 zum Thema.<\/p>\n<p align=\"justify\">Als methodologischen Zugang w\u00e4hlten wir einen Methodenmix, der sich zusammensetzte aus einer Literaturanalyse sowie der Erhebung bereits existierender Daten, einer Fragebogenerhebung in Einrichtungen, die potentiell mit dem Thema konfrontiert sein k\u00f6nnten, sowie Leitfadeninterviews mit ExpertInnen verschiedenster Organisationen und weiblichen Opfern von Partnergewalt.<\/p>\n<p align=\"justify\">Die Literaturanalyse und die Auswertung vorliegender Daten zeigte, dass die \u00f6sterreichische Datenlage zu Partnergewalt gegen \u00e4ltere Frauen sehr l\u00fcckenhaft ist, es existieren nahezu keine Daten. Zudem besteht das Problem, dass die wenigen Studien und Statistiken teilweise unterschiedliche Kategorisierungen (z.B. bei Altersgruppen oder T\u00e4tern) vornehmen, auf nur eine Region beschr\u00e4nkt sind, explorativen Charakter haben und\/oder keine Differenzierungen nach Geschlecht oder der Beziehung zum\/zur T\u00e4terIn vorgenommen werden.<\/p>\n<p align=\"justify\">Die meisten Organisationen (insgesamt 111), die sich an der Fragebogenerhebung im Herbst 2009 beteiligten, haben einen Arbeitsschwerpunkt bei famili\u00e4rer Gewalt, weitere Schwerpunkte lagen bei Gewalt gegen Frauen und M\u00e4dchen oder bei psychosozialen Problemlagen von Frauen. Insgesamt war rund die H\u00e4lfte der antwortenden Einrichtungen in den Jahren 2006 bis 2009 mit Partnergewalt gegen \u00e4ltere Frauen konfrontiert (bei mehrheitlich gleich bleibenden Fallzahlen). Die RespondentInnen sind mit der Qualit\u00e4t der eigenen Angebote f\u00fcr \u00e4ltere Frauen als Opfer von Partnergewalt wegen der zu geringen Ressourcenausstattung, aber auch wegen der bestehenden sozialen Rahmenbedingungen nur wenig zufrieden. Ihren Erfahrungen zufolge erfordere die Arbeit mit \u00e4lteren Personen eine wesentlich intensivere Befassung, als ihnen m\u00f6glich sei.<\/p>\n<p align=\"justify\">In Bezug auf Partnergewalt im Alter vertreten die 30 interviewten ExpertInnen zwei unterschiedliche Positionen. Die Mehrheit nimmt einen R\u00fcckgang von k\u00f6rperlicher und sexueller Gewalt wahr, bei gleich bleibender oder verst\u00e4rkter psychischer und \u00f6konomischer Gewalt, wobei aber k\u00f6rperliche \u00dcbergriffe nie g\u00e4nzlich aufh\u00f6ren w\u00fcrden. Von anderen wird dagegen eine Zunahme von Gewalt hinsichtlich Intensit\u00e4t und H\u00e4ufigkeit konstatiert, was damit zusammenh\u00e4nge, dass (negative) Charakterz\u00fcge im Alter st\u00e4rker zutage treten w\u00fcrden. Au\u00dferdem gehe f\u00fcr M\u00e4nner mit der Pensionierung oft der Lebensinhalt verloren, die soziale Position ver\u00e4ndere sich, k\u00f6rperliche Probleme w\u00fcrden verst\u00e4rkt wahrgenommen \u2013 all dies werde von manchen schwer verkraftet und mit Gewalt kompensiert.<\/p>\n<p align=\"justify\">Zu den sozialen Merkmalen, die die \u00e4lteren Klientinnen teilen, geh\u00f6ren insbesondere die \u00f6konomische Abh\u00e4ngigkeit vom Partner und ein eher niedriges Bildungsniveau. Die Interviews legen allerdings nahe, dass in Hinblick auf Einkommen und Schulbildung weiter differenziert werden muss zwischen &#8220;j\u00fcngeren \u00c4lteren&#8221;, die 60- bis 70-J\u00e4hrigen, und &#8220;alten \u00c4lteren&#8221;.<\/p>\n<p align=\"justify\">\u00c4ltere Frauen suchen bei Partnergewalt selten Hilfe und wenn, dann nur bei schwereren k\u00f6rperlichen Gewalterfahrungen. Das soziale Umfeld wei\u00df meist \u00fcber die Gewalt Bescheid, erweist sich aber oftmals als &#8220;hilfloser Helfer&#8221;. Die wichtigsten AnsprechpartnerInnen f\u00fcr Gewaltopfer sind den ExpertInnen zufolge \u00c4rztInnen, denen jedoch ebenfalls zum \u00fcberwiegenden Teil Ignoranz und zu langes Zuwarten vorgeworfen wird.<\/p>\n<p align=\"justify\">Die f\u00fcr diese Studie interviewten zehn Frauen lebten Jahrzehnte lang in gewaltt\u00e4tigen Beziehungen, bevor sie professionelle Hilfe suchten. W\u00fcrde die Polizei Vorf\u00e4lle von h\u00e4uslicher Gewalt nicht den Gewaltschutzzentren melden und w\u00fcrden letztere nicht von sich aus mit den Gewaltopfern Kontakt aufnehmen, f\u00e4nden deutlich weniger Frauen Unterst\u00fctzung bei Opferschutzeinrichtungen. Eine wichtige Rolle beim Verbleib in der Beziehung spielten vor allem \u00f6konomische Abh\u00e4ngigkeiten, aber auch Weltbilder und gesellschaftliche Normen betreffend die Familie und die Rolle von Frauen und M\u00e4nnern sowie fehlende Perspektiven f\u00fcr den Lebensabend. Schlie\u00dflich verst\u00e4rkten das Alter des Opfers wie die lange Dauer der Beziehung die Abh\u00e4ngigkeit der Frauen; eine mit dem Alter einhergehende Gebrechlichkeit spielte in den Interviews ausschlie\u00dflich in Hinblick auf die Ehem\u00e4nner eine Rolle.<\/p>\n<p align=\"justify\">Alle Frauen berichteten von psychischer und physischer, die meisten au\u00dferdem von finanzieller Gewalt. Die Erfahrung sexueller Gewalt machten drei Befragte, zwei weitere deuteten eine solche an. Mit einer Ausnahme stellten alle Interviewpartnerinnen fest, dass die H\u00e4ufigkeit der \u00dcbergriffe im Verlaufe der Ehe kontinuierlich zugenommen hatte, und fast alle hatten eine Zunahme der Gewalt nach der Pensionierung des Partners erlebt.<\/p>\n<p align=\"justify\">Auch die Interviews mit den Opfern von Partnergewalt ergaben, dass nur wenige \u00c4rztInnen ernsthafte Interventionsversuche setzten (und statt dessen manchen Frauen jahrelang Psychopharmaka verschrieben wurden) und bei Untersuchungen immer wieder wahrgenommene K\u00f6rperverletzungen erst sehr sp\u00e4t zur Anzeige gebracht wurden.<\/p>\n<p align=\"justify\">Die zentralen Vorschl\u00e4ge der befragten ExpertInnen zielen auf einen m\u00f6glichst raschen Zugang zu Beratungs- und Hilfseinrichtungen sowie auf altersad\u00e4quate Unterst\u00fctzungskonzepte und -angebote. Weiters wird eine Sensibilisierung und Schulung von \u00c4rztInnen und Pflegepersonal f\u00fcr die Fr\u00fcherkennung von Gewalt als notwendig erachtet. Insbesondere bed\u00fc\u00fcrfe es einer besseren Kooperation zwischen den in der Betreuung involvierten Einrichtungen; so k\u00f6nne etwa durch die Installierung eines Case-Managements den Klientinnen effektiver und wirtschaftlicher geholfen werden. Auch fehle es an altersentsprechenden und leistbaren Unterbringungs-\/Wohnm\u00f6glichkeiten f\u00fcr Opfer wie f\u00fcr T\u00e4ter (und dabei insbesondere f\u00fcr psychisch kranke Gewaltt\u00e4ter). Da das Empowerment der Gewaltopfer ein Bewusstsein \u00fcber Gewalt, aber auch weitgehende (\u00f6konomische) Eigenst\u00e4ndigkeit voraussetze, m\u00fcssten in der Beratung\/Betreuung L\u00f6sungen gesucht werden, die altersad\u00e4quat seien und den Lebensumst\u00e4nden bzw. -vorstellungen der \u00e4lteren Frauen gerecht w\u00fcrden.<\/p>\n<p align=\"justify\">Die Ergebnisse des Forschungsprojektes sind in sechs nationalen Berichten (auf Englisch und in den Landessprachen) und einem zusammenfassenden Bericht (Englisch) nachzulesen und stehen\u00a0<a href=\"http:\/\/www.ipvow.org\/de\/forschungsberichte\" target=\"_blank\" rel=\"noopener\"><strong>hier<\/strong><\/a>\u00a0zum Download zur Verf\u00fcgung.<\/p>\n<\/div>\n\t\t<\/div><\/div><div id=\"pgc-gb2688-69f23ff8b7e1c-0-2\"  class=\"panel-grid-cell panel-grid-cell-empty\" ><\/div><\/div><\/div>\n\n\n<div style=\"color:#333\" class=\"wp-block-genesis-blocks-gb-spacer gb-block-spacer gb-divider-solid gb-spacer-divider gb-divider-size-1\"><hr style=\"height:100px\"\/><\/div>\n<\/div><\/div><\/div>","protected":false},"excerpt":{"rendered":"","protected":false},"author":2,"featured_media":0,"parent":1561,"menu_order":43,"comment_status":"closed","ping_status":"closed","template":"","meta":{"footnotes":""},"class_list":["post-2688","page","type-page","status-publish","hentry","post"],"featured_image_src":null,"featured_image_src_square":null,"_links":{"self":[{"href":"https:\/\/ikf.ac.at\/en\/wp-json\/wp\/v2\/pages\/2688","targetHints":{"allow":["GET"]}}],"collection":[{"href":"https:\/\/ikf.ac.at\/en\/wp-json\/wp\/v2\/pages"}],"about":[{"href":"https:\/\/ikf.ac.at\/en\/wp-json\/wp\/v2\/types\/page"}],"author":[{"embeddable":true,"href":"https:\/\/ikf.ac.at\/en\/wp-json\/wp\/v2\/users\/2"}],"replies":[{"embeddable":true,"href":"https:\/\/ikf.ac.at\/en\/wp-json\/wp\/v2\/comments?post=2688"}],"version-history":[{"count":4,"href":"https:\/\/ikf.ac.at\/en\/wp-json\/wp\/v2\/pages\/2688\/revisions"}],"predecessor-version":[{"id":4481,"href":"https:\/\/ikf.ac.at\/en\/wp-json\/wp\/v2\/pages\/2688\/revisions\/4481"}],"up":[{"embeddable":true,"href":"https:\/\/ikf.ac.at\/en\/wp-json\/wp\/v2\/pages\/1561"}],"wp:attachment":[{"href":"https:\/\/ikf.ac.at\/en\/wp-json\/wp\/v2\/media?parent=2688"}],"curies":[{"name":"wp","href":"https:\/\/api.w.org\/{rel}","templated":true}]}}