{"id":2666,"date":"2021-04-26T12:21:33","date_gmt":"2021-04-26T12:21:33","guid":{"rendered":"http:\/\/test-ikf.online\/?page_id=2666"},"modified":"2021-04-26T12:22:16","modified_gmt":"2021-04-26T12:22:16","slug":"2013-mind-the-gap","status":"publish","type":"page","link":"https:\/\/ikf.ac.at\/en\/schwerpunkte\/sicherheit\/gewalt\/2013-mind-the-gap","title":{"rendered":"2013: Mind the Gap! Verbesserte Interventionen bei Partnergewalt gegen \u00e4ltere Frauen"},"content":{"rendered":"<div class=\"wp-block-atomic-blocks-ab-container alignfull ab-block-container\"><div class=\"ab-container-inside\"><div class=\"ab-container-content\"><div id=\"pl-gb2666-69f25288e62d9\"  class=\"panel-layout\" ><div id=\"pg-gb2666-69f25288e62d9-0\"  class=\"panel-grid panel-no-style\" ><div id=\"pgc-gb2666-69f25288e62d9-0-0\"  class=\"panel-grid-cell\" ><div id=\"panel-gb2666-69f25288e62d9-0-0-0\" class=\"so-panel widget widget_media_image panel-first-child panel-last-child\" data-index=\"0\" ><img loading=\"lazy\" decoding=\"async\" width=\"2554\" height=\"10\" src=\"https:\/\/ikf.ac.at\/wp-content\/uploads\/2021\/01\/linie_IKF.jpg\" class=\"image wp-image-754  attachment-full size-full\" alt=\"\" style=\"max-width: 100%; height: auto;\" srcset=\"https:\/\/ikf.ac.at\/wp-content\/uploads\/2021\/01\/linie_IKF.jpg 2554w, https:\/\/ikf.ac.at\/wp-content\/uploads\/2021\/01\/linie_IKF-300x1.jpg 300w, https:\/\/ikf.ac.at\/wp-content\/uploads\/2021\/01\/linie_IKF-1024x4.jpg 1024w, https:\/\/ikf.ac.at\/wp-content\/uploads\/2021\/01\/linie_IKF-768x3.jpg 768w, https:\/\/ikf.ac.at\/wp-content\/uploads\/2021\/01\/linie_IKF-1536x6.jpg 1536w, https:\/\/ikf.ac.at\/wp-content\/uploads\/2021\/01\/linie_IKF-2048x8.jpg 2048w\" sizes=\"auto, (max-width: 2554px) 100vw, 2554px\" \/><\/div><\/div><\/div><\/div>\n\n\n<div style=\"color:#ddd\" class=\"wp-block-genesis-blocks-gb-spacer gb-block-spacer gb-divider-solid gb-divider-size-1\"><hr style=\"height:30px\"\/><\/div>\n\n\n<div id=\"pl-gb2666-69f25288e69f2\"  class=\"panel-layout\" ><div id=\"pg-gb2666-69f25288e69f2-0\"  class=\"panel-grid panel-no-style\" ><div id=\"pgc-gb2666-69f25288e69f2-0-0\"  class=\"panel-grid-cell panel-grid-cell-empty\" ><\/div><div id=\"pgc-gb2666-69f25288e69f2-0-1\"  class=\"panel-grid-cell\" ><div id=\"panel-gb2666-69f25288e69f2-0-1-0\" class=\"so-panel widget widget_sow-editor panel-first-child panel-last-child\" data-index=\"0\" ><div\n\t\t\t\n\t\t\tclass=\"so-widget-sow-editor so-widget-sow-editor-base\"\n\t\t\t\n\t\t>\n<div class=\"siteorigin-widget-tinymce textwidget\">\n\t<table style=\"height: 428px; width: 98.1896%; border-collapse: collapse;\" border=\"1\" cellpadding=\"2\">\n<tbody>\n<tr style=\"height: 24px;\">\n<td style=\"width: 15.8421%; height: 24px;\">Project management:<\/td>\n<td style=\"width: 84.5063%; height: 24px;\" colspan=\"2\" class=\"translation-block\"><span style=\"font-size: x-large\">Dr. Birgitt Haller<\/span><\/td>\n<\/tr>\n<tr style=\"height: 24px;\">\n<td style=\"width: 15.8421%; height: 24px;\">\n<hr \/>\n<\/td>\n<td style=\"width: 83.4526%; height: 24px;\">\n<hr \/>\n<\/td>\n<td style=\"width: 1.05374%; height: 24px;\"><\/td>\n<\/tr>\n<tr style=\"height: 24px;\">\n<td style=\"width: 15.8421%; height: 24px;\">Implementation:<\/td>\n<td style=\"width: 83.4526%; height: 24px;\" valign=\"top\" width=\"80%\">Mag. Dr. Stefanie Mayer<sup>a<\/sup> Dr.<sup>in<\/sup> Helga Amesberger<br \/>\nDr.<sup>in<\/sup> Birgitt Haller<br \/>\nMag. Dr. Stefanie Mayer<sup>a<\/sup> Sandra Messner (ZSW)<\/td>\n<td style=\"width: 1.05374%; height: 24px;\"><\/td>\n<\/tr>\n<tr style=\"height: 24px;\">\n<td style=\"width: 15.8421%; height: 24px;\">\n<hr \/>\n<\/td>\n<td style=\"width: 83.4526%; height: 24px;\">\n<hr \/>\n<\/td>\n<td style=\"width: 1.05374%; height: 24px;\"><\/td>\n<\/tr>\n<tr style=\"height: 24px;\">\n<td style=\"width: 15.8421%; height: 24px;\">Funded by:<\/td>\n<td style=\"width: 84.5063%; height: 24px;\" colspan=\"2\">Daphne III\/ Europ\u00e4ische Kommission \u00fcber Zoom \u2013 Gesellschaft f\u00fcr prospektive Entwicklungen e.V., G\u00f6ttingen<br \/>\nBundeskanzleramt\/ Bundesministerin f\u00fcr Frauen und \u00f6ffentlichen Dienst<\/td>\n<\/tr>\n<tr style=\"height: 24px;\">\n<td style=\"width: 15.8421%; height: 24px;\">\n<hr \/>\n<\/td>\n<td style=\"width: 83.4526%; height: 24px;\">\n<hr \/>\n<\/td>\n<td style=\"width: 1.05374%; height: 24px;\"><\/td>\n<\/tr>\n<tr style=\"height: 24px;\">\n<td style=\"width: 15.8421%; height: 24px;\">Completed in:<\/td>\n<td style=\"height: 24px; width: 84.5063%;\" colspan=\"2\">Februar 2013<\/td>\n<\/tr>\n<tr style=\"height: 24px;\">\n<td style=\"width: 15.8421%; height: 24px;\">\n<hr \/>\n<\/td>\n<td style=\"width: 83.4526%; height: 24px;\">\n<hr \/>\n<\/td>\n<td style=\"width: 1.05374%; height: 24px;\"><\/td>\n<\/tr>\n<tr style=\"height: 24px;\">\n<td style=\"width: 15.8421%; height: 24px;\">Website:<\/td>\n<td style=\"width: 83.4526%; height: 24px;\"><a href=\"http:\/\/www.ipvow.org\/de\/projekte\/mind-the-gap\" target=\"_blank\" rel=\"noopener\">http:\/\/www.ipvow.org\/de\/projekte\/mind-the-gap<\/a><\/td>\n<td style=\"width: 1.05374%; height: 24px;\"><\/td>\n<\/tr>\n<tr style=\"height: 24px;\">\n<td style=\"width: 15.8421%; height: 24px;\">\n<hr \/>\n<\/td>\n<td style=\"width: 83.4526%; height: 24px;\">\n<hr \/>\n<\/td>\n<td style=\"width: 1.05374%; height: 24px;\"><\/td>\n<\/tr>\n<tr style=\"height: 28px;\">\n<td style=\"width: 15.8421%; height: 28px;\"><\/td>\n<td style=\"width: 83.4526%; height: 28px;\" valign=\"top\" width=\"80%\"><img loading=\"lazy\" decoding=\"async\" src=\"https:\/\/ikf.ac.at\/wp-content\/uploads\/2021\/03\/Document-Folder-e1615278415108.png\" width=\"28\" height=\"28\" align=\"left\" \/> &nbsp;<a href=\"https:\/\/ikf.ac.at\/wp-content\/uploads\/2021\/04\/GAP_Gesamtbericht_Oesterreich_deutsch.pdf\" target=\"_blank\" rel=\"noopener\">Gesamtbericht \u00d6sterreich<\/a><\/td>\n<td style=\"width: 1.05374%; height: 28px;\"><\/td>\n<\/tr>\n<tr style=\"height: 28px;\">\n<td style=\"width: 15.8421%; height: 28px;\"><\/td>\n<td style=\"width: 83.4526%; height: 28px;\"><img loading=\"lazy\" decoding=\"async\" src=\"https:\/\/ikf.ac.at\/wp-content\/uploads\/2021\/03\/Document-Folder-e1615278415108.png\" width=\"28\" height=\"28\" align=\"left\" \/> &nbsp;<a href=\"https:\/\/ikf.ac.at\/wp-content\/uploads\/2021\/04\/GAP_international_summary_english.pdf\" target=\"_blank\" rel=\"noopener\">International Summary<\/a><\/td>\n<td style=\"width: 1.05374%; height: 28px;\"><\/td>\n<\/tr>\n<tr style=\"height: 28px;\">\n<td style=\"width: 15.8421%; height: 28px;\"><\/td>\n<td style=\"width: 83.4526%; height: 28px;\" valign=\"top\" width=\"80%\">&nbsp;<a href=\"https:\/\/ikf.ac.at\/wp-content\/uploads\/2021\/04\/GAP_Manual_A5_Frauenbroschuere.pdf\" target=\"_blank\" rel=\"noopener\">Frauenbrosch\u00fcre &#8220;Wenn Beziehungen untragbar werden&#8230;&#8221;<\/a><img loading=\"lazy\" decoding=\"async\" src=\"https:\/\/ikf.ac.at\/wp-content\/uploads\/2021\/03\/Document-Folder-e1615278415108.png\" width=\"28\" height=\"28\" align=\"left\" \/><\/td>\n<td style=\"width: 1.05374%; height: 28px;\"><\/td>\n<\/tr>\n<tr style=\"height: 28px;\">\n<td style=\"width: 15.8421%; height: 28px;\"><\/td>\n<td style=\"width: 83.4526%; height: 28px;\" valign=\"top\" width=\"80%\">&nbsp;<a href=\"https:\/\/ikf.ac.at\/wp-content\/uploads\/2021\/04\/GAP_Manual_A5_Polizeibroschuere.pdf\" target=\"_blank\" rel=\"noopener\">Polizeibrosch\u00fcre<\/a><img loading=\"lazy\" decoding=\"async\" src=\"https:\/\/ikf.ac.at\/wp-content\/uploads\/2021\/03\/Document-Folder-e1615278415108.png\" width=\"28\" height=\"28\" align=\"left\" \/><\/td>\n<td style=\"width: 1.05374%; height: 28px;\"><\/td>\n<\/tr>\n<tr style=\"height: 28px;\">\n<td style=\"width: 15.8421%; height: 28px;\"><\/td>\n<td style=\"width: 83.4526%; height: 28px;\" valign=\"top\" width=\"80%\"><img loading=\"lazy\" decoding=\"async\" src=\"https:\/\/ikf.ac.at\/wp-content\/uploads\/2021\/03\/Document-Folder-e1615278415108.png\" width=\"28\" height=\"28\" align=\"left\" \/> &nbsp;<a href=\"https:\/\/ikf.ac.at\/wp-content\/uploads\/2021\/04\/GAP_Tainingsmodul.pdf\" target=\"_blank\" rel=\"noopener\">Trainingsmodul f\u00fcr die Polizei<\/a><\/td>\n<td style=\"width: 1.05374%; height: 28px;\"><\/td>\n<\/tr>\n<tr style=\"height: 28px;\">\n<td style=\"width: 15.8421%; height: 28px;\"><\/td>\n<td style=\"width: 83.4526%; height: 28px;\" valign=\"top\" width=\"80%\"><img loading=\"lazy\" decoding=\"async\" src=\"https:\/\/ikf.ac.at\/wp-content\/uploads\/2021\/03\/Document-Folder-e1615278415108.png\" width=\"28\" height=\"28\" align=\"left\" \/> &nbsp;<a href=\"https:\/\/ikf.ac.at\/wp-content\/uploads\/2021\/04\/GAP_Plakat.pdf\" target=\"_blank\" rel=\"noopener\">Plakat<\/a><\/td>\n<td style=\"width: 1.05374%; height: 28px;\"><\/td>\n<\/tr>\n<\/tbody>\n<\/table>\n<\/div>\n<\/div><\/div><\/div><\/div><\/div>\n\n\n<div style=\"color:#404168\" class=\"wp-block-genesis-blocks-gb-spacer gb-block-spacer gb-divider-solid gb-spacer-divider gb-divider-size-1\"><hr style=\"height:3px\"\/><\/div>\n\n\n\n<div style=\"color:#404168\" class=\"wp-block-genesis-blocks-gb-spacer gb-block-spacer gb-divider-solid gb-divider-size-1\"><hr style=\"height:10px\"\/><\/div>\n\n\n<div id=\"pl-gb2666-69f25288e71a6\"  class=\"panel-layout\" ><div id=\"pg-gb2666-69f25288e71a6-0\"  class=\"panel-grid panel-no-style\" ><div id=\"pgc-gb2666-69f25288e71a6-0-0\"  class=\"panel-grid-cell panel-grid-cell-empty\" ><\/div><div id=\"pgc-gb2666-69f25288e71a6-0-1\"  class=\"panel-grid-cell panel-grid-cell-mobile-last\" ><div id=\"panel-gb2666-69f25288e71a6-0-1-0\" class=\"so-panel widget widget_text panel-first-child panel-last-child\" data-index=\"0\" >\t\t\t<div class=\"textwidget\"><p align=\"justify\">Aufbauend auf den Ergebnissen des Projekts &#8220;Partnergewalt gegen \u00e4ltere Frauen&#8221; (IPVoW), das im Dezember 2010 abgeschlossen wurde, zielte &#8220;Mind the Gap!&#8221; auf die Verbesserung von Interventionen bei Partnergewalt gegen \u00e4ltere Frauen. An dem Projekt beteiligten sich sieben Forschungseinrichtungen aus sechs L\u00e4ndern \u2013 neben dem Institut f\u00fcr Konfliktforschung sind dies Zoom \u2013 Gesellschaft f\u00fcr prospektive Entwicklungen e.V. und die Deutsche Hochschule der Polizei in Deutschland, die Universit\u00e4t Bia\u0142ystok in Polen, die Akademie der Wissenschaften in Ungarn, die Universit\u00e4t Norwich im UK sowie das Institut CESIS in Portugal.<\/p>\n<p align=\"justify\">Der Schwerpunkt lag bei der Optimierung von Einschreitungen der Polizei, wof\u00fcr in \u00d6sterreich 82 Fallakten analysiert wurden, die \u00e4ltere Frauen (60+) als Opfer von Partnergewalt betrafen. Von Interesse war, wie die Polizei von den F\u00e4llen erfuhr, ob und in welcher Weise soziale Einrichtungen bei der Betreuung der Opfer bereits eingebunden waren, wie die Polizei mit anderen Institutionen kooperierte und wie diese Faktoren die weitere Fallentwicklung beeinflussten.<\/p>\n<p align=\"justify\">Die Aktenanalyse zeigte, dass altersspezifische Aspekte von der Polizei oftmals nicht wahrgenommen werden und das ohnehin bereits sehr komplexe Einschreiten bei h\u00e4uslicher Gewalt weiter erschweren. Auf Basis dieser Ergebnisse wurde unter Einbindung von PolizeibeamtInnen ein Manual f\u00fcr die Exekutive entwickelt, das insbesondere auf die Spezifika von Partnergewalt bei \u00e4lteren Frauen eingeht und bei den BeamtInnen ein Bewusstsein f\u00fcr altersspezifische Gewaltformen und f\u00fcr die Wirkungsweisen von (vielfach verfestigter) Gewalt schaffen soll. Dar\u00fcber hinaus wird auf die daraus resultierenden Herausforderungen f\u00fcr und die Anforderungen an polizeiliche Interventionen bei Beziehungsgewalt gegen \u00e4ltere Frauen eingegangen. Der Informationsteil listet eine Reihe von Einrichtungen auf, die auf Gewalt gegen Frauen spezialisiert sind und diesen Unterst\u00fctzung bieten, was den PolizistInnen dabei helfen soll, die Betreuung der Opfer durch Sozialeinrichtungen rasch in die Wege zu leiten. Des Weiteren wurde auf Grundlage der Ergebnisse von IPVoW und der Fallanalyse ein Trainingsmodul f\u00fcr die Polizei mit dem Fokus auf Partnergewalt gegen \u00e4ltere Frauen entwickelt und erprobt.<\/p>\n<p align=\"justify\">Da sich \u00e4ltere Gewaltopfer selten an (psycho-)soziale Einrichtungen und Gewaltschutzzentren\/ Interventionsstellen wenden, wurde im Rahmen des Projekts in Kooperation mit verschiedenen Wiener Gewaltschutz- und Fraueneinrichtungen eine Brosch\u00fcre verfasst, die \u00e4ltere von Gewalt betroffene Frauen direkt anspricht und diese ermutigen soll, Unterst\u00fctzung zu suchen. Mit Hilfe eines Plakates, das ebenfalls im Rahmen des Projektes entwickelt wurde, soll eine breitere \u00d6ffentlichkeit auf diese Thematik aufmerksam gemacht und Bewusstsein daf\u00fcr geschaffen werden, dass auch \u00e4ltere Frauen Opfer von Partnergewalt werden. Die Brosch\u00fcre sowie das Plakat stehen Unterst\u00fctzungseinrichtungen f\u00fcr die \u00d6ffentlichkeitsarbeit zur Verf\u00fcgung (gedruckt und als Download).<\/p>\n<\/div>\n\t\t<\/div><\/div><div id=\"pgc-gb2666-69f25288e71a6-0-2\"  class=\"panel-grid-cell panel-grid-cell-empty\" ><\/div><\/div><\/div>\n\n\n<div style=\"color:#333\" class=\"wp-block-genesis-blocks-gb-spacer gb-block-spacer gb-divider-solid gb-spacer-divider gb-divider-size-1\"><hr style=\"height:82px\"\/><\/div>\n<\/div><\/div><\/div>","protected":false},"excerpt":{"rendered":"","protected":false},"author":2,"featured_media":0,"parent":1561,"menu_order":40,"comment_status":"closed","ping_status":"closed","template":"","meta":{"footnotes":""},"class_list":["post-2666","page","type-page","status-publish","hentry","post"],"featured_image_src":null,"featured_image_src_square":null,"_links":{"self":[{"href":"https:\/\/ikf.ac.at\/en\/wp-json\/wp\/v2\/pages\/2666","targetHints":{"allow":["GET"]}}],"collection":[{"href":"https:\/\/ikf.ac.at\/en\/wp-json\/wp\/v2\/pages"}],"about":[{"href":"https:\/\/ikf.ac.at\/en\/wp-json\/wp\/v2\/types\/page"}],"author":[{"embeddable":true,"href":"https:\/\/ikf.ac.at\/en\/wp-json\/wp\/v2\/users\/2"}],"replies":[{"embeddable":true,"href":"https:\/\/ikf.ac.at\/en\/wp-json\/wp\/v2\/comments?post=2666"}],"version-history":[{"count":8,"href":"https:\/\/ikf.ac.at\/en\/wp-json\/wp\/v2\/pages\/2666\/revisions"}],"predecessor-version":[{"id":2680,"href":"https:\/\/ikf.ac.at\/en\/wp-json\/wp\/v2\/pages\/2666\/revisions\/2680"}],"up":[{"embeddable":true,"href":"https:\/\/ikf.ac.at\/en\/wp-json\/wp\/v2\/pages\/1561"}],"wp:attachment":[{"href":"https:\/\/ikf.ac.at\/en\/wp-json\/wp\/v2\/media?parent=2666"}],"curies":[{"name":"wp","href":"https:\/\/api.w.org\/{rel}","templated":true}]}}