{"id":2589,"date":"2021-04-19T08:21:28","date_gmt":"2021-04-19T08:21:28","guid":{"rendered":"http:\/\/test-ikf.online\/?page_id=2589"},"modified":"2023-02-16T10:58:44","modified_gmt":"2023-02-16T10:58:44","slug":"2019-gewaltschutzplan-tirol","status":"publish","type":"page","link":"https:\/\/ikf.ac.at\/en\/schwerpunkte\/sicherheit\/gewalt\/2019-gewaltschutzplan-tirol","title":{"rendered":"2020: Gewaltschutzplan Sozialer Nahraum des Landes Tirol"},"content":{"rendered":"<div class=\"wp-block-atomic-blocks-ab-container alignfull ab-block-container\"><div class=\"ab-container-inside\"><div class=\"ab-container-content\"><div id=\"pl-gb2589-69f24017724e1\"  class=\"panel-layout\" ><div id=\"pg-gb2589-69f24017724e1-0\"  class=\"panel-grid panel-no-style\" ><div id=\"pgc-gb2589-69f24017724e1-0-0\"  class=\"panel-grid-cell\" ><div id=\"panel-gb2589-69f24017724e1-0-0-0\" class=\"so-panel widget widget_media_image panel-first-child panel-last-child\" data-index=\"0\" ><img loading=\"lazy\" decoding=\"async\" width=\"2554\" height=\"10\" src=\"https:\/\/ikf.ac.at\/wp-content\/uploads\/2021\/01\/linie_IKF.jpg\" class=\"image wp-image-754  attachment-full size-full\" alt=\"\" style=\"max-width: 100%; height: auto;\" srcset=\"https:\/\/ikf.ac.at\/wp-content\/uploads\/2021\/01\/linie_IKF.jpg 2554w, https:\/\/ikf.ac.at\/wp-content\/uploads\/2021\/01\/linie_IKF-300x1.jpg 300w, https:\/\/ikf.ac.at\/wp-content\/uploads\/2021\/01\/linie_IKF-1024x4.jpg 1024w, https:\/\/ikf.ac.at\/wp-content\/uploads\/2021\/01\/linie_IKF-768x3.jpg 768w, https:\/\/ikf.ac.at\/wp-content\/uploads\/2021\/01\/linie_IKF-1536x6.jpg 1536w, https:\/\/ikf.ac.at\/wp-content\/uploads\/2021\/01\/linie_IKF-2048x8.jpg 2048w\" sizes=\"auto, (max-width: 2554px) 100vw, 2554px\" \/><\/div><\/div><\/div><\/div>\n\n\n<div style=\"color:#ddd\" class=\"wp-block-genesis-blocks-gb-spacer gb-block-spacer gb-divider-solid gb-divider-size-1\"><hr style=\"height:30px\"\/><\/div>\n\n\n<div id=\"pl-gb2589-69f2401772978\"  class=\"panel-layout\" ><div id=\"pg-gb2589-69f2401772978-0\"  class=\"panel-grid panel-no-style\" ><div id=\"pgc-gb2589-69f2401772978-0-0\"  class=\"panel-grid-cell panel-grid-cell-empty\" ><\/div><div id=\"pgc-gb2589-69f2401772978-0-1\"  class=\"panel-grid-cell\" ><div id=\"panel-gb2589-69f2401772978-0-1-0\" class=\"so-panel widget widget_sow-editor panel-first-child panel-last-child\" data-index=\"0\" ><div\n\t\t\t\n\t\t\tclass=\"so-widget-sow-editor so-widget-sow-editor-base\"\n\t\t\t\n\t\t>\n<div class=\"siteorigin-widget-tinymce textwidget\">\n\t<table style=\"height: 100px; width: 100%; border-collapse: collapse;\" border=\"1\" cellpadding=\"2\">\n<tbody>\n<tr style=\"height: 24px;\">\n<td style=\"width: 15.8421%; height: 24px;\">Project management:<\/td>\n<td style=\"width: 84.1578%; height: 24px;\" colspan=\"2\" class=\"translation-block\"><span style=\"font-size: x-large\">Dr. Birgitt Haller<\/span><\/td>\n<\/tr>\n<tr>\n<td style=\"width: 15.8421%;\">\n<hr \/>\n<\/td>\n<td style=\"width: 43.9145%;\">\n<hr \/>\n<\/td>\n<td style=\"width: 40.2433%; height: 24px;\"><\/td>\n<\/tr>\n<tr>\n<td style=\"width: 15.8421%;\">Implementation:<\/td>\n<td style=\"width: 84.1578%;\" colspan=\"2\">Dr.<sup> in<\/sup> Birgitt Haller<br \/>\nValeria Zenz, MA<\/td>\n<\/tr>\n<tr>\n<td style=\"width: 15.8421%;\">\n<hr \/>\n<\/td>\n<td style=\"width: 43.9145%;\">\n<hr \/>\n<\/td>\n<td style=\"width: 40.2433%;\"><\/td>\n<\/tr>\n<tr>\n<td style=\"width: 15.8421%;\">Funded by:<\/td>\n<td style=\"width: 84.1578%;\" colspan=\"2\">Amt der Tiroler Landesregierung, Abt. Gesellschaft und Arbeit<\/td>\n<\/tr>\n<tr>\n<td style=\"width: 15.8421%;\">\n<hr \/>\n<\/td>\n<td style=\"width: 43.9145%;\">\n<hr \/>\n<\/td>\n<td style=\"width: 40.2433%; height: 24px;\"><\/td>\n<\/tr>\n<tr style=\"height: 24px;\">\n<td style=\"width: 15.8421%; height: 24px;\">Completed in:<\/td>\n<td style=\"height: 24px; width: 84.1578%;\" colspan=\"2\">Februar 2020<\/td>\n<\/tr>\n<\/tbody>\n<\/table>\n<\/div>\n<\/div><\/div><\/div><\/div><\/div>\n\n\n<div style=\"color:#404168\" class=\"wp-block-genesis-blocks-gb-spacer gb-block-spacer gb-divider-solid gb-spacer-divider gb-divider-size-1\"><hr style=\"height:3px\"\/><\/div>\n\n\n\n<div style=\"color:#404168\" class=\"wp-block-genesis-blocks-gb-spacer gb-block-spacer gb-divider-solid gb-divider-size-1\"><hr style=\"height:10px\"\/><\/div>\n\n\n<div id=\"pl-gb2589-69f2401772da5\"  class=\"panel-layout\" ><div id=\"pg-gb2589-69f2401772da5-0\"  class=\"panel-grid panel-no-style\" ><div id=\"pgc-gb2589-69f2401772da5-0-0\"  class=\"panel-grid-cell panel-grid-cell-empty\" ><\/div><div id=\"pgc-gb2589-69f2401772da5-0-1\"  class=\"panel-grid-cell panel-grid-cell-mobile-last\" ><div id=\"panel-gb2589-69f2401772da5-0-1-0\" class=\"so-panel widget widget_text panel-first-child panel-last-child\" data-index=\"0\" >\t\t\t<div class=\"textwidget\"><p align=\"justify\">Hintergrund f\u00fcr die Beauftragung des IKF durch das Land Tirol war die Landtagsentschlie\u00dfung vom 5. Oktober 2017, die die Landesregierung aufforderte, den Gewaltschutz in Tirol zu evaluieren und daraus Ma\u00dfnahmen zur Verbesserung der Situation abzuleiten. Die Studie fokussiert daher auf Gewalt gegen Frauen (mit Kindern) im famili\u00e4ren Umfeld, was eine thematische Engf\u00fchrung bedeutet und Themen wie Cybermobbing, traditionelle Gewalt oder Gewalt in der Pflege ausschloss.<\/p>\n<p align=\"justify\">Die Untersuchung ist in f\u00fcnf inhaltliche Bl\u00f6cke gegliedert. Einleitend wurden die aktuellen gesetzlichen Grundlagen f\u00fcr den Gewaltschutz in Tirol bzw. in \u00d6sterreich bis zum Gewaltschutzgesetz 2019 (Inkrafttreten am 1.1.2020) zusammengefasst sowie tirolbezogene Statistiken zu themenrelevanten Strafrechtsdelikten dargestellt. Daran schlie\u00dft die Auswertung einer Befragung von im Gewaltschutz t\u00e4tigen Einrichtungen an. Das dritte Kapitel widmet sich den Angeboten der opferschutzorientierten T\u00e4terarbeit, das vierte Polizei und Justiz mit Blick sowohl auf das jeweilige Aufgabenverst\u00e4ndnis als auch auf die Kooperation mit Opferschutzeinrichtungen. Schlie\u00dflich wird die T\u00e4tigkeit der Opferschutzgruppen in Tiroler Krankenh\u00e4usern analysiert. Am Schluss stehen aus den Forschungsergebnissen abgeleitete Empfehlungen an Politik und Verwaltung.<\/p>\n<\/div>\n\t\t<\/div><\/div><div id=\"pgc-gb2589-69f2401772da5-0-2\"  class=\"panel-grid-cell panel-grid-cell-empty\" ><\/div><\/div><\/div>\n\n\n<div style=\"color:#333\" class=\"wp-block-genesis-blocks-gb-spacer gb-block-spacer gb-divider-solid gb-spacer-divider gb-divider-size-1\"><hr style=\"height:100px\"\/><\/div>\n<\/div><\/div><\/div>","protected":false},"excerpt":{"rendered":"","protected":false},"author":2,"featured_media":0,"parent":1561,"menu_order":25,"comment_status":"closed","ping_status":"closed","template":"","meta":{"footnotes":""},"class_list":["post-2589","page","type-page","status-publish","hentry","post"],"featured_image_src":null,"featured_image_src_square":null,"_links":{"self":[{"href":"https:\/\/ikf.ac.at\/en\/wp-json\/wp\/v2\/pages\/2589","targetHints":{"allow":["GET"]}}],"collection":[{"href":"https:\/\/ikf.ac.at\/en\/wp-json\/wp\/v2\/pages"}],"about":[{"href":"https:\/\/ikf.ac.at\/en\/wp-json\/wp\/v2\/types\/page"}],"author":[{"embeddable":true,"href":"https:\/\/ikf.ac.at\/en\/wp-json\/wp\/v2\/users\/2"}],"replies":[{"embeddable":true,"href":"https:\/\/ikf.ac.at\/en\/wp-json\/wp\/v2\/comments?post=2589"}],"version-history":[{"count":4,"href":"https:\/\/ikf.ac.at\/en\/wp-json\/wp\/v2\/pages\/2589\/revisions"}],"predecessor-version":[{"id":3793,"href":"https:\/\/ikf.ac.at\/en\/wp-json\/wp\/v2\/pages\/2589\/revisions\/3793"}],"up":[{"embeddable":true,"href":"https:\/\/ikf.ac.at\/en\/wp-json\/wp\/v2\/pages\/1561"}],"wp:attachment":[{"href":"https:\/\/ikf.ac.at\/en\/wp-json\/wp\/v2\/media?parent=2589"}],"curies":[{"name":"wp","href":"https:\/\/api.w.org\/{rel}","templated":true}]}}