{"id":2581,"date":"2021-04-15T13:26:26","date_gmt":"2021-04-15T13:26:26","guid":{"rendered":"http:\/\/test-ikf.online\/?page_id=2581"},"modified":"2021-07-01T11:33:35","modified_gmt":"2021-07-01T11:33:35","slug":"2008-saekularisierung-geschlechtsspezifische-konstruktion-der-anderen-religion","status":"publish","type":"page","link":"https:\/\/ikf.ac.at\/en\/schwerpunkte\/cleavages\/saekularisierung\/2008-saekularisierung-geschlechtsspezifische-konstruktion-der-anderen-religion","title":{"rendered":"2008: S\u00e4kularisierung und geschlechtsspezifische Konstruktion der &#8220;anderen&#8221; Religion"},"content":{"rendered":"<div class=\"wp-block-atomic-blocks-ab-container alignfull ab-block-container\"><div class=\"ab-container-inside\"><div class=\"ab-container-content\"><div id=\"pl-gb2581-69f24013d021e\"  class=\"panel-layout\" ><div id=\"pg-gb2581-69f24013d021e-0\"  class=\"panel-grid panel-no-style\" ><div id=\"pgc-gb2581-69f24013d021e-0-0\"  class=\"panel-grid-cell\" ><div id=\"panel-gb2581-69f24013d021e-0-0-0\" class=\"so-panel widget widget_media_image panel-first-child panel-last-child\" data-index=\"0\" ><img loading=\"lazy\" decoding=\"async\" width=\"2554\" height=\"10\" src=\"https:\/\/ikf.ac.at\/wp-content\/uploads\/2021\/01\/linie_IKF.jpg\" class=\"image wp-image-754  attachment-full size-full\" alt=\"\" style=\"max-width: 100%; height: auto;\" srcset=\"https:\/\/ikf.ac.at\/wp-content\/uploads\/2021\/01\/linie_IKF.jpg 2554w, https:\/\/ikf.ac.at\/wp-content\/uploads\/2021\/01\/linie_IKF-300x1.jpg 300w, https:\/\/ikf.ac.at\/wp-content\/uploads\/2021\/01\/linie_IKF-1024x4.jpg 1024w, https:\/\/ikf.ac.at\/wp-content\/uploads\/2021\/01\/linie_IKF-768x3.jpg 768w, https:\/\/ikf.ac.at\/wp-content\/uploads\/2021\/01\/linie_IKF-1536x6.jpg 1536w, https:\/\/ikf.ac.at\/wp-content\/uploads\/2021\/01\/linie_IKF-2048x8.jpg 2048w\" sizes=\"auto, (max-width: 2554px) 100vw, 2554px\" \/><\/div><\/div><\/div><\/div>\n\n\n<div style=\"color:#ddd\" class=\"wp-block-genesis-blocks-gb-spacer gb-block-spacer gb-divider-solid gb-divider-size-1\"><hr style=\"height:10px\"\/><\/div>\n\n\n<div id=\"pl-gb2581-69f24013d08fa\"  class=\"panel-layout\" ><div id=\"pg-gb2581-69f24013d08fa-0\"  class=\"panel-grid panel-no-style\" ><div id=\"pgc-gb2581-69f24013d08fa-0-0\"  class=\"panel-grid-cell panel-grid-cell-empty\" ><\/div><div id=\"pgc-gb2581-69f24013d08fa-0-1\"  class=\"panel-grid-cell\" ><div id=\"panel-gb2581-69f24013d08fa-0-1-0\" class=\"so-panel widget widget_sow-editor panel-first-child panel-last-child\" data-index=\"0\" ><div\n\t\t\t\n\t\t\tclass=\"so-widget-sow-editor so-widget-sow-editor-base\"\n\t\t\t\n\t\t>\n<div class=\"siteorigin-widget-tinymce textwidget\">\n\t<table style=\"height: 100px; width: 100%; border-collapse: collapse;\" border=\"1\" cellpadding=\"2\">\n<tbody>\n<tr style=\"height: 24px;\">\n<td style=\"width: 15.8421%; height: 24px;\">Project management:<\/td>\n<td style=\"width: 80%;\" valign=\"top\" width=\"80%\">Univ.-Prof. Dr.<sup>in<\/sup> Erika Thurner<\/td>\n<td style=\"width: 4.21314%;\"><\/td>\n<\/tr>\n<tr>\n<td style=\"width: 15.8421%;\">\n<hr \/>\n<\/td>\n<td style=\"width: 80%;\">\n<hr \/>\n<\/td>\n<td style=\"width: 4.21314%; height: 24px;\"><\/td>\n<\/tr>\n<tr>\n<td style=\"width: 15.8421%;\">Implementation:<\/td>\n<td style=\"width: 80%;\" valign=\"top\" width=\"80%\">Mag. Dr. Stefanie Mayer<sup>a<\/sup> Karin Bischof<br \/>\nMMag.<sup>a<\/sup> Dr. <sup>in<\/sup> Karin St\u00f6gner<\/td>\n<td style=\"width: 4.21314%;\"><\/td>\n<\/tr>\n<tr>\n<td style=\"width: 15.8421%;\">\n<hr \/>\n<\/td>\n<td style=\"width: 80%;\">\n<hr \/>\n<\/td>\n<td style=\"width: 4.21314%;\"><\/td>\n<\/tr>\n<tr>\n<td style=\"width: 15.8421%;\">ProjektpartnerInnen:<\/td>\n<td style=\"width: 80%;\">Dr. Ir\u00e8ne Bellier (CNRS, Paris)<br \/>\nDr. Nacira Gu\u00e9nif-Souilamas (Universit\u00e9 Paris 13 &#8211; Villetaneuse)<br \/>\nDoz. Dr. Friedhelm Kr\u00f6ll (Universit\u00e4t Wien, Institut f\u00fcr Soziologie)<br \/>\nDr. Florian Oberhuber (Forschungszentrum &#8220;Diskurs, Politik, Identit\u00e4t&#8221;)<\/td>\n<td style=\"width: 4.21314%;\"><\/td>\n<\/tr>\n<tr>\n<td style=\"width: 15.8421%;\">\n<hr \/>\n<\/td>\n<td style=\"width: 80%;\">\n<hr \/>\n<\/td>\n<td style=\"width: 4.21314%;\"><\/td>\n<\/tr>\n<tr>\n<td style=\"width: 15.8421%;\">Funded by:<\/td>\n<td style=\"width: 84.2131%;\" colspan=\"2\">Bundesministerium f\u00fcr Bildung, Wissenschaft und Kultur<\/td>\n<\/tr>\n<tr>\n<td style=\"width: 15.8421%;\">\n<hr \/>\n<\/td>\n<td style=\"width: 80%;\">\n<hr \/>\n<\/td>\n<td style=\"width: 4.21314%; height: 24px;\"><\/td>\n<\/tr>\n<tr style=\"height: 24px;\">\n<td style=\"width: 15.8421%; height: 24px;\">Completed in:<\/td>\n<td style=\"height: 24px; width: 84.2131%;\" colspan=\"2\">Dezember 2008<\/td>\n<\/tr>\n<tr>\n<td style=\"width: 15.8421%;\">\n<hr \/>\n<\/td>\n<td style=\"width: 80%;\">\n<hr \/>\n<\/td>\n<td style=\"width: 4.21314%;\"><\/td>\n<\/tr>\n<tr>\n<td style=\"width: 15.8421%;\"><\/td>\n<td style=\"width: 80%;\" valign=\"top\" width=\"80%\"><img loading=\"lazy\" decoding=\"async\" src=\"http:\/\/www.ikf.ac.at\/design\/images\/Document%20Folder.png\" width=\"28\" height=\"28\" align=\"left\" \/> <a href=\"https:\/\/ikf.ac.at\/wp-content\/uploads\/2021\/04\/Kurzfassung_Saekular.pdf\" target=\"_blank\" rel=\"noopener\">Kurzzusammenfassung<\/a><\/td>\n<td style=\"width: 4.21314%;\"><\/td>\n<\/tr>\n<\/tbody>\n<\/table>\n<\/div>\n<\/div><\/div><\/div><\/div><\/div>\n\n\n<div style=\"color:#404168\" class=\"wp-block-genesis-blocks-gb-spacer gb-block-spacer gb-divider-solid gb-spacer-divider gb-divider-size-1\"><hr style=\"height:3px\"\/><\/div>\n<\/div><\/div><\/div>","protected":false},"excerpt":{"rendered":"","protected":false},"author":2,"featured_media":0,"parent":459,"menu_order":11,"comment_status":"closed","ping_status":"closed","template":"","meta":{"footnotes":""},"class_list":["post-2581","page","type-page","status-publish","hentry","post"],"featured_image_src":null,"featured_image_src_square":null,"_links":{"self":[{"href":"https:\/\/ikf.ac.at\/en\/wp-json\/wp\/v2\/pages\/2581","targetHints":{"allow":["GET"]}}],"collection":[{"href":"https:\/\/ikf.ac.at\/en\/wp-json\/wp\/v2\/pages"}],"about":[{"href":"https:\/\/ikf.ac.at\/en\/wp-json\/wp\/v2\/types\/page"}],"author":[{"embeddable":true,"href":"https:\/\/ikf.ac.at\/en\/wp-json\/wp\/v2\/users\/2"}],"replies":[{"embeddable":true,"href":"https:\/\/ikf.ac.at\/en\/wp-json\/wp\/v2\/comments?post=2581"}],"version-history":[{"count":5,"href":"https:\/\/ikf.ac.at\/en\/wp-json\/wp\/v2\/pages\/2581\/revisions"}],"predecessor-version":[{"id":3147,"href":"https:\/\/ikf.ac.at\/en\/wp-json\/wp\/v2\/pages\/2581\/revisions\/3147"}],"up":[{"embeddable":true,"href":"https:\/\/ikf.ac.at\/en\/wp-json\/wp\/v2\/pages\/459"}],"wp:attachment":[{"href":"https:\/\/ikf.ac.at\/en\/wp-json\/wp\/v2\/media?parent=2581"}],"curies":[{"name":"wp","href":"https:\/\/api.w.org\/{rel}","templated":true}]}}