{"id":2520,"date":"2021-04-15T09:17:33","date_gmt":"2021-04-15T09:17:33","guid":{"rendered":"http:\/\/test-ikf.online\/?page_id=2520"},"modified":"2021-04-15T09:18:01","modified_gmt":"2021-04-15T09:18:01","slug":"1998-wien-identitaet","status":"publish","type":"page","link":"https:\/\/ikf.ac.at\/en\/schwerpunkte\/cleavages\/integration-migration\/1998-wien-identitaet","title":{"rendered":"1998: Wien-Identit\u00e4t"},"content":{"rendered":"<div class=\"wp-block-atomic-blocks-ab-container alignfull ab-block-container\"><div class=\"ab-container-inside\"><div class=\"ab-container-content\"><div id=\"pl-gb2520-69f23ffc5cbdd\"  class=\"panel-layout\" ><div id=\"pg-gb2520-69f23ffc5cbdd-0\"  class=\"panel-grid panel-no-style\" ><div id=\"pgc-gb2520-69f23ffc5cbdd-0-0\"  class=\"panel-grid-cell\" ><div id=\"panel-gb2520-69f23ffc5cbdd-0-0-0\" class=\"so-panel widget widget_media_image panel-first-child panel-last-child\" data-index=\"0\" ><img loading=\"lazy\" decoding=\"async\" width=\"2554\" height=\"10\" src=\"https:\/\/ikf.ac.at\/wp-content\/uploads\/2021\/01\/linie_IKF.jpg\" class=\"image wp-image-754  attachment-full size-full\" alt=\"\" style=\"max-width: 100%; height: auto;\" srcset=\"https:\/\/ikf.ac.at\/wp-content\/uploads\/2021\/01\/linie_IKF.jpg 2554w, https:\/\/ikf.ac.at\/wp-content\/uploads\/2021\/01\/linie_IKF-300x1.jpg 300w, https:\/\/ikf.ac.at\/wp-content\/uploads\/2021\/01\/linie_IKF-1024x4.jpg 1024w, https:\/\/ikf.ac.at\/wp-content\/uploads\/2021\/01\/linie_IKF-768x3.jpg 768w, https:\/\/ikf.ac.at\/wp-content\/uploads\/2021\/01\/linie_IKF-1536x6.jpg 1536w, https:\/\/ikf.ac.at\/wp-content\/uploads\/2021\/01\/linie_IKF-2048x8.jpg 2048w\" sizes=\"auto, (max-width: 2554px) 100vw, 2554px\" \/><\/div><\/div><\/div><\/div>\n\n\n<div style=\"color:#ddd\" class=\"wp-block-genesis-blocks-gb-spacer gb-block-spacer gb-divider-solid gb-divider-size-1\"><hr style=\"height:30px\"\/><\/div>\n\n\n<div id=\"pl-gb2520-69f23ffc5d290\"  class=\"panel-layout\" ><div id=\"pg-gb2520-69f23ffc5d290-0\"  class=\"panel-grid panel-no-style\" ><div id=\"pgc-gb2520-69f23ffc5d290-0-0\"  class=\"panel-grid-cell panel-grid-cell-empty\" ><\/div><div id=\"pgc-gb2520-69f23ffc5d290-0-1\"  class=\"panel-grid-cell\" ><div id=\"panel-gb2520-69f23ffc5d290-0-1-0\" class=\"so-panel widget widget_sow-editor panel-first-child panel-last-child\" data-index=\"0\" ><div\n\t\t\t\n\t\t\tclass=\"so-widget-sow-editor so-widget-sow-editor-base\"\n\t\t\t\n\t\t>\n<div class=\"siteorigin-widget-tinymce textwidget\">\n\t<table style=\"height: 100px; width: 100%; border-collapse: collapse;\" border=\"1\" cellpadding=\"2\">\n<tbody>\n<tr style=\"height: 24px;\">\n<td style=\"width: 15.5937%; height: 24px;\">Project management:<\/td>\n<td style=\"width: 84.4062%; height: 24px;\" colspan=\"2\">Univ.-Prof. Dr. Anton Pelinka<\/td>\n<\/tr>\n<tr>\n<td style=\"width: 15.5937%;\">\n<hr \/>\n<\/td>\n<td style=\"width: 25.0239%;\">\n<hr \/>\n<\/td>\n<td style=\"width: 59.3823%; height: 24px;\"><\/td>\n<\/tr>\n<tr>\n<td style=\"width: 15.5937%;\">Implementation:<\/td>\n<td style=\"width: 25.0239%;\" valign=\"top\" width=\"20%\">Mag. Susanne Breuss<br \/>\nMag. Karin Liebhart<\/td>\n<td style=\"width: 59.3823%;\" valign=\"top\" width=\"80%\"><\/td>\n<\/tr>\n<tr>\n<td style=\"width: 15.5937%;\">\n<hr \/>\n<\/td>\n<td style=\"width: 25.0239%;\">\n<hr \/>\n<\/td>\n<td style=\"width: 59.3823%;\"><\/td>\n<\/tr>\n<tr>\n<td style=\"width: 15.5937%;\">Funded by:<\/td>\n<td style=\"width: 84.4062%;\" colspan=\"2\">Magistrat der Stadt Wien &#8211; MA 18<\/td>\n<\/tr>\n<tr>\n<td style=\"width: 15.5937%;\">\n<hr \/>\n<\/td>\n<td style=\"width: 25.0239%;\">\n<hr \/>\n<\/td>\n<td style=\"width: 59.3823%; height: 24px;\"><\/td>\n<\/tr>\n<tr style=\"height: 24px;\">\n<td style=\"width: 15.5937%; height: 24px;\">Completed in:<\/td>\n<td style=\"height: 24px; width: 84.4062%;\" colspan=\"2\">J\u00e4nner 1998<\/td>\n<\/tr>\n<\/tbody>\n<\/table>\n<\/div>\n<\/div><\/div><\/div><\/div><\/div>\n\n\n<div style=\"color:#404168\" class=\"wp-block-genesis-blocks-gb-spacer gb-block-spacer gb-divider-solid gb-spacer-divider gb-divider-size-1\"><hr style=\"height:3px\"\/><\/div>\n\n\n\n<div style=\"color:#404168\" class=\"wp-block-genesis-blocks-gb-spacer gb-block-spacer gb-divider-solid gb-divider-size-1\"><hr style=\"height:10px\"\/><\/div>\n\n\n<div id=\"pl-gb2520-69f23ffc5d898\"  class=\"panel-layout\" ><div id=\"pg-gb2520-69f23ffc5d898-0\"  class=\"panel-grid panel-no-style\" ><div id=\"pgc-gb2520-69f23ffc5d898-0-0\"  class=\"panel-grid-cell panel-grid-cell-empty\" ><\/div><div id=\"pgc-gb2520-69f23ffc5d898-0-1\"  class=\"panel-grid-cell panel-grid-cell-mobile-last\" ><div id=\"panel-gb2520-69f23ffc5d898-0-1-0\" class=\"so-panel widget widget_text panel-first-child panel-last-child\" data-index=\"0\" >\t\t\t<div class=\"textwidget\"><p align=\"justify\">Auf Basis einer Literaturrecherche, die sowohl wissenschaftliche Literatur als auch Belletristik umfa\u00dft, wird einigen zentralen Fragestellungen nachgegangen: Gibt es &#8220;die&#8221; Wien-Identit\u00e4t schlechthin? Wenn ja: Was macht sie aus, wodurch wird sie bestimmt? Dabei k\u00f6nnen verschiedene Merkmale der Stadt eine bestimmende Rolle spielen: Wien als Bundeshauptstadt, Wien als kulturelles Zentrum, Wien als Wirtschaftsstandort, das imperiale Wien, &#8220;Wien modern&#8221;. Wenn man Wien als l\u00e4nder\u00fcbergreifende Region fa\u00dft, stellt sich die Frage, inwieweit die Wien-Identit\u00e4t in das zu Nieder\u00f6sterreich geh\u00f6rende Umfeld hineinspielt.<\/p>\n<p align=\"justify\">Ein weiterer Aspekt der Wien-Identit\u00e4t ist die Frage nach der Au\u00dfensicht, nach dem Fremdbild. Die Konstruktion von Identit\u00e4t bedeutet das Herstellen einer Relation zwischen Selbstwahrnehmung und Fremdwahrnehmung; die Stabilit\u00e4t von Identit\u00e4t h\u00e4ngt u.a. davon ab, wie und ob diese beiden Ebenen miteinander in Einklang gebracht werden k\u00f6nnen.<\/p>\n<p align=\"justify\">Diese Studie geht auf drei Ebenen vor: der Erhebung der vorliegenden aktuellen wissenschaftlichen Literatur, der Sekund\u00e4ranalyse vorhandener empirischer Untersuchungen und der Analyse von Wien-Bildern in der Belletristik. Dabei wurden die Ergebnisse partiell auch mit Untersuchungen \u00fcber die nationale \u00f6sterreichische Identit\u00e4t in Beziehung gesetzt.<\/p>\n<p>\n<\/div>\n\t\t<\/div><\/div><div id=\"pgc-gb2520-69f23ffc5d898-0-2\"  class=\"panel-grid-cell panel-grid-cell-empty\" ><\/div><\/div><\/div>\n\n\n<div style=\"color:#333\" class=\"wp-block-genesis-blocks-gb-spacer gb-block-spacer gb-divider-solid gb-spacer-divider gb-divider-size-1\"><hr style=\"height:100px\"\/><\/div>\n<\/div><\/div><\/div>","protected":false},"excerpt":{"rendered":"","protected":false},"author":2,"featured_media":0,"parent":457,"menu_order":42,"comment_status":"closed","ping_status":"closed","template":"","meta":{"footnotes":""},"class_list":["post-2520","page","type-page","status-publish","hentry","post"],"featured_image_src":null,"featured_image_src_square":null,"_links":{"self":[{"href":"https:\/\/ikf.ac.at\/en\/wp-json\/wp\/v2\/pages\/2520","targetHints":{"allow":["GET"]}}],"collection":[{"href":"https:\/\/ikf.ac.at\/en\/wp-json\/wp\/v2\/pages"}],"about":[{"href":"https:\/\/ikf.ac.at\/en\/wp-json\/wp\/v2\/types\/page"}],"author":[{"embeddable":true,"href":"https:\/\/ikf.ac.at\/en\/wp-json\/wp\/v2\/users\/2"}],"replies":[{"embeddable":true,"href":"https:\/\/ikf.ac.at\/en\/wp-json\/wp\/v2\/comments?post=2520"}],"version-history":[{"count":6,"href":"https:\/\/ikf.ac.at\/en\/wp-json\/wp\/v2\/pages\/2520\/revisions"}],"predecessor-version":[{"id":2526,"href":"https:\/\/ikf.ac.at\/en\/wp-json\/wp\/v2\/pages\/2520\/revisions\/2526"}],"up":[{"embeddable":true,"href":"https:\/\/ikf.ac.at\/en\/wp-json\/wp\/v2\/pages\/457"}],"wp:attachment":[{"href":"https:\/\/ikf.ac.at\/en\/wp-json\/wp\/v2\/media?parent=2520"}],"curies":[{"name":"wp","href":"https:\/\/api.w.org\/{rel}","templated":true}]}}