{"id":2482,"date":"2021-04-07T13:30:32","date_gmt":"2021-04-07T13:30:32","guid":{"rendered":"http:\/\/test-ikf.online\/?page_id=2482"},"modified":"2021-04-07T13:31:08","modified_gmt":"2021-04-07T13:31:08","slug":"2006-affirmative-action-migrantinnen-oesterreich","status":"publish","type":"page","link":"https:\/\/ikf.ac.at\/en\/schwerpunkte\/cleavages\/integration-migration\/2006-affirmative-action-migrantinnen-oesterreich","title":{"rendered":"2006: Affirmative Action f\u00fcr MigrantInnen? Am Beispiel \u00d6sterreich."},"content":{"rendered":"<div class=\"wp-block-atomic-blocks-ab-container alignfull ab-block-container\"><div class=\"ab-container-inside\"><div class=\"ab-container-content\"><div id=\"pl-gb2482-69f23fd95733f\"  class=\"panel-layout\" ><div id=\"pg-gb2482-69f23fd95733f-0\"  class=\"panel-grid panel-no-style\" ><div id=\"pgc-gb2482-69f23fd95733f-0-0\"  class=\"panel-grid-cell\" ><div id=\"panel-gb2482-69f23fd95733f-0-0-0\" class=\"so-panel widget widget_media_image panel-first-child panel-last-child\" data-index=\"0\" ><img loading=\"lazy\" decoding=\"async\" width=\"2554\" height=\"10\" src=\"https:\/\/ikf.ac.at\/wp-content\/uploads\/2021\/01\/linie_IKF.jpg\" class=\"image wp-image-754  attachment-full size-full\" alt=\"\" style=\"max-width: 100%; height: auto;\" srcset=\"https:\/\/ikf.ac.at\/wp-content\/uploads\/2021\/01\/linie_IKF.jpg 2554w, https:\/\/ikf.ac.at\/wp-content\/uploads\/2021\/01\/linie_IKF-300x1.jpg 300w, https:\/\/ikf.ac.at\/wp-content\/uploads\/2021\/01\/linie_IKF-1024x4.jpg 1024w, https:\/\/ikf.ac.at\/wp-content\/uploads\/2021\/01\/linie_IKF-768x3.jpg 768w, https:\/\/ikf.ac.at\/wp-content\/uploads\/2021\/01\/linie_IKF-1536x6.jpg 1536w, https:\/\/ikf.ac.at\/wp-content\/uploads\/2021\/01\/linie_IKF-2048x8.jpg 2048w\" sizes=\"auto, (max-width: 2554px) 100vw, 2554px\" \/><\/div><\/div><\/div><\/div>\n\n\n<div style=\"color:#ddd\" class=\"wp-block-genesis-blocks-gb-spacer gb-block-spacer gb-divider-solid gb-divider-size-1\"><hr style=\"height:30px\"\/><\/div>\n\n\n<div id=\"pl-gb2482-69f23fd957bbb\"  class=\"panel-layout\" ><div id=\"pg-gb2482-69f23fd957bbb-0\"  class=\"panel-grid panel-no-style\" ><div id=\"pgc-gb2482-69f23fd957bbb-0-0\"  class=\"panel-grid-cell panel-grid-cell-empty\" ><\/div><div id=\"pgc-gb2482-69f23fd957bbb-0-1\"  class=\"panel-grid-cell\" ><div id=\"panel-gb2482-69f23fd957bbb-0-1-0\" class=\"so-panel widget widget_sow-editor panel-first-child panel-last-child\" data-index=\"0\" ><div\n\t\t\t\n\t\t\tclass=\"so-widget-sow-editor so-widget-sow-editor-base\"\n\t\t\t\n\t\t>\n<div class=\"siteorigin-widget-tinymce textwidget\">\n\t<table style=\"height: 172px; width: 100%; border-collapse: collapse;\" border=\"1\" cellpadding=\"2\">\n<tbody>\n<tr style=\"height: 24px;\">\n<td style=\"width: 15.8421%; height: 24px;\">Implementation:<\/td>\n<td style=\"width: 84.1579%; height: 24px;\" colspan=\"2\">Dr. Radostin Kaloianov<\/td>\n<\/tr>\n<tr style=\"height: 24px;\">\n<td style=\"width: 15.8421%; height: 24px;\">\n<hr \/>\n<\/td>\n<td style=\"width: 38.9126%; height: 24px;\">\n<hr \/>\n<\/td>\n<td style=\"width: 45.2453%; height: 24px;\"><\/td>\n<\/tr>\n<tr style=\"height: 24px;\">\n<td style=\"width: 15.8421%; height: 24px;\">Funded by:<\/td>\n<td style=\"width: 84.1579%; height: 24px;\" colspan=\"2\">Bundesministerium f\u00fcr Bildung, Wissenschaft und Kultur<br \/>\n(Post-doc Fellowship GSK)<\/td>\n<\/tr>\n<tr style=\"height: 24px;\">\n<td style=\"width: 15.8421%; height: 24px;\">\n<hr \/>\n<\/td>\n<td style=\"width: 38.9126%; height: 24px;\">\n<hr \/>\n<\/td>\n<td style=\"width: 45.2453%; height: 24px;\"><\/td>\n<\/tr>\n<tr style=\"height: 24px;\">\n<td style=\"width: 15.8421%; height: 24px;\">Completed in:<\/td>\n<td style=\"height: 24px; width: 84.1579%;\" colspan=\"2\">Oktober 2006<\/td>\n<\/tr>\n<\/tbody>\n<\/table>\n<\/div>\n<\/div><\/div><\/div><\/div><\/div>\n\n\n<div style=\"color:#404168\" class=\"wp-block-genesis-blocks-gb-spacer gb-block-spacer gb-divider-solid gb-spacer-divider gb-divider-size-1\"><hr style=\"height:3px\"\/><\/div>\n\n\n\n<div style=\"color:#404168\" class=\"wp-block-genesis-blocks-gb-spacer gb-block-spacer gb-divider-solid gb-divider-size-1\"><hr style=\"height:10px\"\/><\/div>\n\n\n<div id=\"pl-gb2482-69f23fd958303\"  class=\"panel-layout\" ><div id=\"pg-gb2482-69f23fd958303-0\"  class=\"panel-grid panel-no-style\" ><div id=\"pgc-gb2482-69f23fd958303-0-0\"  class=\"panel-grid-cell panel-grid-cell-empty\" ><\/div><div id=\"pgc-gb2482-69f23fd958303-0-1\"  class=\"panel-grid-cell panel-grid-cell-mobile-last\" ><div id=\"panel-gb2482-69f23fd958303-0-1-0\" class=\"so-panel widget widget_text panel-first-child panel-last-child\" data-index=\"0\" >\t\t\t<div class=\"textwidget\"><p align=\"justify\">Unter den Bedingungen zunehmender Drittl\u00e4nderimmigration nach \u00d6sterreich, der damit verbundenen demographischen und normativen Diversifizierung der Gesellschaft, der Virulenz der politischen Instrumentalisierbarkeit der &#8220;Ausl\u00e4nderfrage&#8221; in Wahlkampfzeiten sowie den vereinzelten Versuchen von Einrichtungen der \u00f6ffentlichen Verwaltung wie der Stadt Wien, affirmativ-integrative Angebote an die migrantische Bev\u00f6lkerung zu richten, geht die Forschungsarbeit der Beantwortung von drei Fragen nach: Was ist Affirmative Action-Politik? Welche normativen Notwendigkeiten sprechen f\u00fcr den Einsatz von Affirmative Action-Politik? Welche praktischen Gestaltungsm\u00f6glichkeiten haben solche politischen Ma\u00dfnahmen?<\/p>\n<p align=\"justify\">Im ersten Teil der Arbeit werden Affirmative Action-Politiken als zeitlich limitierte Politiken der aufwertungsorientierten Berichtigung von diskriminierungsmotivierten Benachteiligungen von Personen und Gruppen vorgestellt, die sich einer zweifach paradoxen Aufgabe stellen m\u00fcssen: eine Revolutionierung der Diskriminierungs- und Benachteiligungsverh\u00e4ltnisse einer Gesellschaft vorzunehmen, die (1) ohne Revolutionen auskommen muss und Revoltenpr\u00e4vention bezweckt und die (2) die Machtstellung derjenigen Akteure unterminiert, die erst dank ihrer Machtstellung Affirmative Action-Politiken f\u00fcr diskriminierte und benachteiligte soziale Gruppen in die Wege leiten.<\/p>\n<p align=\"justify\">Im zweiten Teil werden die drei distinkten Begr\u00fcndungswege von Affirmative Action-Politik vorgestellt und die Frage beantwortet, mit welchen normativen Mitteln solche Ma\u00dfnahmen geltend gemacht werden k\u00f6nnen. In diesem Zusammenhang erweist sich jener Begr\u00fcndungsweg, der sich auf die normative Idee sozialer Diversit\u00e4t st\u00fctzt, als besonders aussichtsreich zur Einforderung von Affirmative Action-Politik. Dennoch sollen Affirmative Action-Politiken, die in Hinblick auf die Tatsache der Abwertung und Unterdr\u00fcckung von soziokultureller Diversit\u00e4t und ausgehend vom anerkennungsmoralischen Verst\u00e4ndnis von sozialer Diversit\u00e4t als Diversit\u00e4tspolitiken zustande kommen, den aufwertungspraktischen Kern von Affirmative Action-Politik nicht aus den Augen verlieren und nicht zu reinen Verwertungsma\u00dfnahmen verkommen, die nur mehr die Interessen der Aufnahmegesellschaft bedienen und das Empowerment der Betroffenen durch Diskriminierung und Benachteiligung zur Nebensache verkommen lassen.<\/p>\n<p align=\"justify\">Im dritten Teil wird die praktische M\u00f6glichkeit von Affirmative Action-Politik untersucht und anhand von zwei zusammenh\u00e4ngenden Praktikabilit\u00e4tsproblemen &#8211; die Identifikation der Problemlagen und der Betroffenen &#8211; die Frage behandelt, ob Affirmative Action-Politiken, wenn sie als normativ notwendig erkannt und argumentiert werden k\u00f6nnen, dann doch nicht an der Unm\u00f6glichkeit ihrer praktischen Umsetzung scheitern.<\/p>\n<\/div>\n\t\t<\/div><\/div><div id=\"pgc-gb2482-69f23fd958303-0-2\"  class=\"panel-grid-cell panel-grid-cell-empty\" ><\/div><\/div><\/div>\n\n\n<div style=\"color:#333\" class=\"wp-block-genesis-blocks-gb-spacer gb-block-spacer gb-divider-solid gb-spacer-divider gb-divider-size-1\"><hr style=\"height:100px\"\/><\/div>\n<\/div><\/div><\/div>","protected":false},"excerpt":{"rendered":"","protected":false},"author":2,"featured_media":0,"parent":457,"menu_order":33,"comment_status":"closed","ping_status":"closed","template":"","meta":{"footnotes":""},"class_list":["post-2482","page","type-page","status-publish","hentry","post"],"featured_image_src":null,"featured_image_src_square":null,"_links":{"self":[{"href":"https:\/\/ikf.ac.at\/en\/wp-json\/wp\/v2\/pages\/2482","targetHints":{"allow":["GET"]}}],"collection":[{"href":"https:\/\/ikf.ac.at\/en\/wp-json\/wp\/v2\/pages"}],"about":[{"href":"https:\/\/ikf.ac.at\/en\/wp-json\/wp\/v2\/types\/page"}],"author":[{"embeddable":true,"href":"https:\/\/ikf.ac.at\/en\/wp-json\/wp\/v2\/users\/2"}],"replies":[{"embeddable":true,"href":"https:\/\/ikf.ac.at\/en\/wp-json\/wp\/v2\/comments?post=2482"}],"version-history":[{"count":3,"href":"https:\/\/ikf.ac.at\/en\/wp-json\/wp\/v2\/pages\/2482\/revisions"}],"predecessor-version":[{"id":2485,"href":"https:\/\/ikf.ac.at\/en\/wp-json\/wp\/v2\/pages\/2482\/revisions\/2485"}],"up":[{"embeddable":true,"href":"https:\/\/ikf.ac.at\/en\/wp-json\/wp\/v2\/pages\/457"}],"wp:attachment":[{"href":"https:\/\/ikf.ac.at\/en\/wp-json\/wp\/v2\/media?parent=2482"}],"curies":[{"name":"wp","href":"https:\/\/api.w.org\/{rel}","templated":true}]}}