{"id":2448,"date":"2021-04-07T09:59:47","date_gmt":"2021-04-07T09:59:47","guid":{"rendered":"http:\/\/test-ikf.online\/?page_id=2448"},"modified":"2023-05-31T11:48:15","modified_gmt":"2023-05-31T11:48:15","slug":"2016-interkulturelle-paedagogik-noe-kindergaerten","status":"publish","type":"page","link":"https:\/\/ikf.ac.at\/en\/schwerpunkte\/cleavages\/integration-migration\/2016-interkulturelle-paedagogik-noe-kindergaerten","title":{"rendered":"2016: Eine Untersuchung zur interkulturell-p\u00e4dagogischen Praxis in ausgew\u00e4hlten nieder\u00f6sterreichischen Kinderg\u00e4rten. Reflexion und Impulse"},"content":{"rendered":"<div class=\"wp-block-atomic-blocks-ab-container alignfull ab-block-container\"><div class=\"ab-container-inside\"><div class=\"ab-container-content\"><div id=\"pl-gb2448-69f25481b0841\"  class=\"panel-layout\" ><div id=\"pg-gb2448-69f25481b0841-0\"  class=\"panel-grid panel-no-style\" ><div id=\"pgc-gb2448-69f25481b0841-0-0\"  class=\"panel-grid-cell\" ><div id=\"panel-gb2448-69f25481b0841-0-0-0\" class=\"so-panel widget widget_media_image panel-first-child panel-last-child\" data-index=\"0\" ><img loading=\"lazy\" decoding=\"async\" width=\"2554\" height=\"10\" src=\"https:\/\/ikf.ac.at\/wp-content\/uploads\/2021\/01\/linie_IKF.jpg\" class=\"image wp-image-754  attachment-full size-full\" alt=\"\" style=\"max-width: 100%; height: auto;\" srcset=\"https:\/\/ikf.ac.at\/wp-content\/uploads\/2021\/01\/linie_IKF.jpg 2554w, https:\/\/ikf.ac.at\/wp-content\/uploads\/2021\/01\/linie_IKF-300x1.jpg 300w, https:\/\/ikf.ac.at\/wp-content\/uploads\/2021\/01\/linie_IKF-1024x4.jpg 1024w, https:\/\/ikf.ac.at\/wp-content\/uploads\/2021\/01\/linie_IKF-768x3.jpg 768w, https:\/\/ikf.ac.at\/wp-content\/uploads\/2021\/01\/linie_IKF-1536x6.jpg 1536w, https:\/\/ikf.ac.at\/wp-content\/uploads\/2021\/01\/linie_IKF-2048x8.jpg 2048w\" sizes=\"auto, (max-width: 2554px) 100vw, 2554px\" \/><\/div><\/div><\/div><\/div>\n\n\n<div style=\"color:#ddd\" class=\"wp-block-genesis-blocks-gb-spacer gb-block-spacer gb-divider-solid gb-divider-size-1\"><hr style=\"height:13px\"\/><\/div>\n\n\n<div id=\"pl-gb2448-69f25481b0da9\"  class=\"panel-layout\" ><div id=\"pg-gb2448-69f25481b0da9-0\"  class=\"panel-grid panel-no-style\" ><div id=\"pgc-gb2448-69f25481b0da9-0-0\"  class=\"panel-grid-cell panel-grid-cell-empty\" ><\/div><div id=\"pgc-gb2448-69f25481b0da9-0-1\"  class=\"panel-grid-cell\" ><div id=\"panel-gb2448-69f25481b0da9-0-1-0\" class=\"so-panel widget widget_sow-editor panel-first-child panel-last-child\" data-index=\"0\" ><div\n\t\t\t\n\t\t\tclass=\"so-widget-sow-editor so-widget-sow-editor-base\"\n\t\t\t\n\t\t>\n<div class=\"siteorigin-widget-tinymce textwidget\">\n\t<table style=\"height: 100px; width: 97.8508%; border-collapse: collapse;\" border=\"1\" cellpadding=\"2\">\n<tbody>\n<tr style=\"height: 24px;\">\n<td style=\"width: 15.8421%; height: 24px;\">Project management:<\/td>\n<td style=\"width: 84.1578%; height: 24px;\" colspan=\"2\">Mag.a Dr.in Karin Bischof<\/td>\n<\/tr>\n<tr>\n<td style=\"width: 15.8421%;\">\n<hr \/>\n<\/td>\n<td style=\"width: 69.1152%;\">\n<hr \/>\n<\/td>\n<td style=\"width: 15.0426%; height: 24px;\"><\/td>\n<\/tr>\n<tr>\n<td style=\"width: 15.8421%;\">Implementation:<\/td>\n<td style=\"width: 84.1578%;\" colspan=\"2\">Mag.a Dr.in Karin Bischof (IKF)<br \/>\nMag.a Elke Rajal (IKF)<br \/>\nMag.a Maria F\u00fcrstaller (Institut f\u00fcr psychoanalytische P\u00e4dagogik, Universit\u00e4t Wien)<br \/>\nMag.a Ines Garnitschnig (Verein Zeit!Raum)<br \/>\nMag.a Dr.in M\u00fcrvet \u00d6za\u011fac \u00d6z\u00e7elik (Institut f\u00fcr psychoanalytische P\u00e4dagogik, Universit\u00e4t Wien)<br \/>\nMag.a Dr.in Judith Purkarthofer (Institut f\u00fcr Sprachwissenschaft, Universit\u00e4t Wien)<\/td>\n<\/tr>\n<tr>\n<td style=\"width: 15.8421%;\">\n<hr \/>\n<\/td>\n<td style=\"width: 69.1152%;\">\n<hr \/>\n<\/td>\n<td style=\"width: 15.0426%;\"><\/td>\n<\/tr>\n<tr>\n<td style=\"width: 15.8421%;\">Kooperation:<\/td>\n<td style=\"width: 84.1578%;\" colspan=\"2\">IFES Institut f\u00fcr empirische Sozialforschung GmbH, Wien<\/td>\n<\/tr>\n<tr>\n<td style=\"width: 15.8421%;\">\n<hr \/>\n<\/td>\n<td style=\"width: 69.1152%;\">\n<hr \/>\n<\/td>\n<td style=\"width: 15.0426%;\"><\/td>\n<\/tr>\n<tr>\n<td style=\"width: 15.8421%;\">Funded by:<\/td>\n<td style=\"width: 84.1578%;\" colspan=\"2\">Amt der Nieder\u00f6sterreichischen Landesregierung, Abteilung Kinderg\u00e4rten<\/td>\n<\/tr>\n<tr>\n<td style=\"width: 15.8421%;\">\n<hr \/>\n<\/td>\n<td style=\"width: 69.1152%;\">\n<hr \/>\n<\/td>\n<td style=\"width: 15.0426%; height: 24px;\"><\/td>\n<\/tr>\n<tr style=\"height: 24px;\">\n<td style=\"width: 15.8421%; height: 24px;\">Completed in:<\/td>\n<td style=\"height: 24px; width: 84.1578%;\" colspan=\"2\">September 2016<\/td>\n<\/tr>\n<tr>\n<td style=\"width: 15.8421%;\">\n<hr \/>\n<\/td>\n<td style=\"width: 69.1152%;\">\n<hr \/>\n<\/td>\n<td style=\"width: 15.0426%;\"><\/td>\n<\/tr>\n<tr>\n<td style=\"width: 15.8421%;\"><\/td>\n<td style=\"width: 69.1152%;\" valign=\"top\" width=\"80%\"><img loading=\"lazy\" decoding=\"async\" src=\"https:\/\/ikf.ac.at\/wp-content\/uploads\/2021\/03\/Document-Folder-e1615278415108.png\" width=\"28\" height=\"28\" align=\"left\" \/> <a href=\"https:\/\/ikf.ac.at\/wp-content\/uploads\/2021\/04\/Projektbericht_Interkulturelle_Paedagogik_Kindergaerten_NOE.pdf\" target=\"_blank\" rel=\"noopener\">Final Report (german)<\/a><\/td>\n<td style=\"width: 15.0426%;\"><\/td>\n<\/tr>\n<\/tbody>\n<\/table>\n<\/div>\n<\/div><\/div><\/div><\/div><\/div>\n\n\n<div style=\"color:#404168\" class=\"wp-block-genesis-blocks-gb-spacer gb-block-spacer gb-divider-solid gb-spacer-divider gb-divider-size-1\"><hr style=\"height:3px\"\/><\/div>\n\n\n\n<div style=\"color:#404168\" class=\"wp-block-genesis-blocks-gb-spacer gb-block-spacer gb-divider-solid gb-divider-size-1\"><hr style=\"height:10px\"\/><\/div>\n\n\n<div id=\"pl-gb2448-69f25481b1305\"  class=\"panel-layout\" ><div id=\"pg-gb2448-69f25481b1305-0\"  class=\"panel-grid panel-no-style\" ><div id=\"pgc-gb2448-69f25481b1305-0-0\"  class=\"panel-grid-cell panel-grid-cell-empty\" ><\/div><div id=\"pgc-gb2448-69f25481b1305-0-1\"  class=\"panel-grid-cell panel-grid-cell-mobile-last\" ><div id=\"panel-gb2448-69f25481b1305-0-1-0\" class=\"so-panel widget widget_text panel-first-child panel-last-child\" data-index=\"0\" >\t\t\t<div class=\"textwidget\"><p align=\"justify\">Seit \u00fcber 25 Jahren wird in nieder\u00f6sterreichischen Kinderg\u00e4rten Interkulturelle P\u00e4dagogik praktiziert. Im Rahmen der Evaluierungsstudie &#8220;Interkulturelle P\u00e4dagogik in Nieder\u00f6sterreich&#8221; (2013-2016) wurden mithilfe von qualitativen und quantitativen Verfahren Akzeptanz, Wirkungen und Weiterentwicklungspotentiale von interkultureller Elementarp\u00e4dagogik in nieder\u00f6sterreichischen Kinderg\u00e4rten untersucht.<\/p>\n<p align=\"justify\">Die interdisziplin\u00e4re, qualitativ ausgerichtete Teilstudie dieser Evaluierung richtete das Hauptaugenmerk auf die p\u00e4dagogische Praxis ausgew\u00e4hlter Fokuseinrichtungen. Dies war mit dem Ziel verbunden, Aspekte interkultureller p\u00e4dagogischer Praxis \u2013 verstanden als differenzsensible P\u00e4dagogik \u2013 zu identifizieren sowie zu beschreiben und im Hinblick auf ihre positiven Wirkungen f\u00fcr die p\u00e4dagogische Praxisgestaltung zu analysieren und auf m\u00f6gliche Entwicklungspotentiale hin zu reflektieren. Der Umgang in der Interaktion mit Mehrsprachigkeit, Sprachf\u00f6rderung, aber auch ganz allgemein mit Differenz stand dabei im Mittelpunkt des Interesses. Die Teilstudie untersucht Interaktionen und Beziehungen in Kinderg\u00e4rten aus interdisziplin\u00e4rer Perspektive und wie daraus, durch das Aufzeigen von Spannungsfeldern sowie anhand von Reflexionsfragen, Impulse f\u00fcr die p\u00e4dagogische Arbeit abgeleitet werden k\u00f6nnen.<\/p>\n<p align=\"justify\">Der methodische Zugang verband die Auseinandersetzung mit literaturbasierten theoretischen Diskussionen und die Entwicklung von (potentiellen) Kategorien aus dem theoretischen Vorwissen mit einer ethnographischen Herangehensweise, f\u00fcr die Offenheit gegen\u00fcber dem Feld und seinen praktischen Erfahrungen kennzeichnend ist. Die Untersuchung setzte zudem auf eine multiperspektivische und multimodale Triangulation von qualitativen Daten: Verschiedene AkteurInnen erhielten \u00fcber unterschiedliche Methoden die M\u00f6glichkeit, an der Erhebung teilzuhaben und in Kooperation mit den Forschenden Daten zu produzieren bzw. ihre Einsch\u00e4tzungen zu den erhobenen Daten einzubringen. Mit verschiedenen Erhebungsinstrumenten, wie teilnehmender Beobachtung, Videographie, Kommentierung von Videos, Interviews und linguistic landscapes, wurde versucht, den Anforderungen der Einbindung dieser vielf\u00e4ltigen Perspektiven gerecht zu werden.<\/p>\n<p align=\"justify\">Die Analyse p\u00e4dagogischer Praxis erfolgte aus mehreren theoretischen\/disziplin\u00e4ren Perspektiven. Im Zentrum der bildungswissenschaftlichen bzw. psychoanalytisch-p\u00e4dagogischen sowie psychologischen Perspektive stand die Interaktions- und Beziehungsqualit\u00e4t zwischen Interkulturellen MitarbeiterInnen (IKM) sowie P\u00e4dagogInnen und Kindern, aber auch die Gestaltung von Interaktionen und Beziehungen der MitarbeiterInnen untereinander. Dabei war die Annahme leitend, dass \u2013 in Anlehnung an den aktuellen Diskurs zur Qualit\u00e4t in fr\u00fchp\u00e4dagogischen Einrichtungen \u2013 die p\u00e4dagogische Interaktions- und Beziehungsqualit\u00e4t des Personals der Kinderg\u00e4rten mit den Kindern, aber auch der Teammitglieder untereinander, bestimmende Merkmale differenzsensibler interkultureller P\u00e4dagogik darstellen. Mit dem sprachwissenschaftlichen Zugang wurde insbesondere die Gestaltung der sprachlichen Umgebung in den ausgew\u00e4hlten Einrichtungen untersucht und im Hinblick auf Einstellungen zum Aneignen, Lernen und Verwenden von Sprachen und Haltungen gegen\u00fcber Sprachen und ihren SprecherInnen analysiert und reflektiert. Aus politikwissenschaftlich-soziologischer Perspektive war von Interesse, wie in den ausgew\u00e4hlten Fokuseinrichtungen gesellschaftlich bedingte Zuordnungskategorien sichtbar werden und wie damit umgegangen wird. Es wurde z.B. danach gefragt, ob und auf welche Weise solche Zuordnungskategorien, wie etwa sprachliche, ethnisch- nationale oder auch geschlechtsspezifische, die p\u00e4dagogische Praxis pr\u00e4gen. Es wurde untersucht, inwieweit solche Zuschreibungen flexibel gehalten und reflektiert sowie darauf basierende Festschreibungen vermieden werden.<\/p>\n<p align=\"justify\">Als Hauptergebnisse der Teilstudie lassen sich einerseits die zentrale Bedeutung der Teamzusammenarbeit f\u00fcr eine gelungene interkulturelle, differenzsensible p\u00e4dagogische Praxis im Kindergarten hervorheben, beispielsweise eine klare, aber flexible Aufgabenteilung, kein &#8220;Oben&#8221; und &#8220;Unten&#8221; im Team oder die Wahrnehmung von interkultureller P\u00e4dagogik als Querschnittsaufgabe f\u00fcr alle MitarbeiterInnen. Andererseits erweisen sich bestimmte Aspekte p\u00e4dagogischer Professionalit\u00e4t als besonders ausschlaggebend, unter anderem Offenheit und Differenzfreundlichkeit als p\u00e4dagogische Haltung, eine positive Fehlerkultur und Reflexionsf\u00e4higkeit.<\/p>\n<\/div>\n\t\t<\/div><\/div><div id=\"pgc-gb2448-69f25481b1305-0-2\"  class=\"panel-grid-cell panel-grid-cell-empty\" ><\/div><\/div><\/div>\n\n\n<div style=\"color:#333\" class=\"wp-block-genesis-blocks-gb-spacer gb-block-spacer gb-divider-solid gb-spacer-divider gb-divider-size-1\"><hr style=\"height:100px\"\/><\/div>\n<\/div><\/div><\/div>","protected":false},"excerpt":{"rendered":"","protected":false},"author":2,"featured_media":0,"parent":457,"menu_order":25,"comment_status":"closed","ping_status":"closed","template":"","meta":{"footnotes":""},"class_list":["post-2448","page","type-page","status-publish","hentry","post"],"featured_image_src":null,"featured_image_src_square":null,"_links":{"self":[{"href":"https:\/\/ikf.ac.at\/en\/wp-json\/wp\/v2\/pages\/2448","targetHints":{"allow":["GET"]}}],"collection":[{"href":"https:\/\/ikf.ac.at\/en\/wp-json\/wp\/v2\/pages"}],"about":[{"href":"https:\/\/ikf.ac.at\/en\/wp-json\/wp\/v2\/types\/page"}],"author":[{"embeddable":true,"href":"https:\/\/ikf.ac.at\/en\/wp-json\/wp\/v2\/users\/2"}],"replies":[{"embeddable":true,"href":"https:\/\/ikf.ac.at\/en\/wp-json\/wp\/v2\/comments?post=2448"}],"version-history":[{"count":10,"href":"https:\/\/ikf.ac.at\/en\/wp-json\/wp\/v2\/pages\/2448\/revisions"}],"predecessor-version":[{"id":4475,"href":"https:\/\/ikf.ac.at\/en\/wp-json\/wp\/v2\/pages\/2448\/revisions\/4475"}],"up":[{"embeddable":true,"href":"https:\/\/ikf.ac.at\/en\/wp-json\/wp\/v2\/pages\/457"}],"wp:attachment":[{"href":"https:\/\/ikf.ac.at\/en\/wp-json\/wp\/v2\/media?parent=2448"}],"curies":[{"name":"wp","href":"https:\/\/api.w.org\/{rel}","templated":true}]}}