{"id":2359,"date":"2021-03-25T13:15:23","date_gmt":"2021-03-25T13:15:23","guid":{"rendered":"http:\/\/test-ikf.online\/?page_id=2359"},"modified":"2021-07-01T10:56:27","modified_gmt":"2021-07-01T10:56:27","slug":"2001-national-focal-point-austria","status":"publish","type":"page","link":"https:\/\/ikf.ac.at\/en\/schwerpunkte\/cleavages\/antisemitismus\/2001-national-focal-point-austria","title":{"rendered":"2001: National Focal Point for Austria"},"content":{"rendered":"<div class=\"wp-block-atomic-blocks-ab-container alignfull ab-block-container\"><div class=\"ab-container-inside\"><div class=\"ab-container-content\"><div id=\"pl-gb2359-69f254cd96328\"  class=\"panel-layout\" ><div id=\"pg-gb2359-69f254cd96328-0\"  class=\"panel-grid panel-no-style\" ><div id=\"pgc-gb2359-69f254cd96328-0-0\"  class=\"panel-grid-cell\" ><div id=\"panel-gb2359-69f254cd96328-0-0-0\" class=\"so-panel widget widget_media_image panel-first-child panel-last-child\" data-index=\"0\" ><img loading=\"lazy\" decoding=\"async\" width=\"2554\" height=\"10\" src=\"https:\/\/ikf.ac.at\/wp-content\/uploads\/2021\/01\/linie_IKF.jpg\" class=\"image wp-image-754  attachment-full size-full\" alt=\"\" style=\"max-width: 100%; height: auto;\" srcset=\"https:\/\/ikf.ac.at\/wp-content\/uploads\/2021\/01\/linie_IKF.jpg 2554w, https:\/\/ikf.ac.at\/wp-content\/uploads\/2021\/01\/linie_IKF-300x1.jpg 300w, https:\/\/ikf.ac.at\/wp-content\/uploads\/2021\/01\/linie_IKF-1024x4.jpg 1024w, https:\/\/ikf.ac.at\/wp-content\/uploads\/2021\/01\/linie_IKF-768x3.jpg 768w, https:\/\/ikf.ac.at\/wp-content\/uploads\/2021\/01\/linie_IKF-1536x6.jpg 1536w, https:\/\/ikf.ac.at\/wp-content\/uploads\/2021\/01\/linie_IKF-2048x8.jpg 2048w\" sizes=\"auto, (max-width: 2554px) 100vw, 2554px\" \/><\/div><\/div><\/div><\/div>\n\n\n<div style=\"color:#ddd\" class=\"wp-block-genesis-blocks-gb-spacer gb-block-spacer gb-divider-solid gb-divider-size-1\"><hr style=\"height:13px\"\/><\/div>\n\n\n<div id=\"pl-gb2359-69f254cd967a9\"  class=\"panel-layout\" ><div id=\"pg-gb2359-69f254cd967a9-0\"  class=\"panel-grid panel-no-style\" ><div id=\"pgc-gb2359-69f254cd967a9-0-0\"  class=\"panel-grid-cell panel-grid-cell-empty\" ><\/div><div id=\"pgc-gb2359-69f254cd967a9-0-1\"  class=\"panel-grid-cell\" ><div id=\"panel-gb2359-69f254cd967a9-0-1-0\" class=\"so-panel widget widget_sow-editor panel-first-child panel-last-child\" data-index=\"0\" ><div\n\t\t\t\n\t\t\tclass=\"so-widget-sow-editor so-widget-sow-editor-base\"\n\t\t\t\n\t\t>\n<div class=\"siteorigin-widget-tinymce textwidget\">\n\t<table style=\"height: 220px; width: 100%; border-collapse: collapse;\" border=\"1\" cellpadding=\"2\">\n<tbody>\n<tr style=\"height: 24px;\">\n<td style=\"width: 15.8421%; height: 24px;\">Project management:<\/td>\n<td style=\"width: 84.1578%; height: 24px;\" colspan=\"2\">Univ.-Prof. Dr. Anton Pelinka<br \/>\nUniv.-Prof. Dr. Hannes Tretter<br \/>\nUniv.-Prof.<sup>in<\/sup> Ruth Wodak<\/td>\n<\/tr>\n<tr style=\"height: 24px;\">\n<td style=\"width: 15.8421%; height: 24px;\">\n<hr \/>\n<\/td>\n<td style=\"width: 67.5779%; height: 24px;\">\n<hr \/>\n<\/td>\n<td style=\"width: 16.5799%; height: 24px;\"><\/td>\n<\/tr>\n<tr style=\"height: 24px;\">\n<td style=\"width: 15.8421%; height: 24px;\">Implementation:<\/td>\n<td style=\"width: 84.1578%; height: 24px;\" colspan=\"2\">Mag. Dr. Stefanie Mayer<sup>a<\/sup> Barbara Liegl<br \/>\nMag. Martin Reisigl (\u00d6AW)<br \/>\nMag. Dieter Schindlauer (BIM)<\/td>\n<\/tr>\n<tr style=\"height: 24px;\">\n<td style=\"width: 15.8421%; height: 24px;\">\n<hr \/>\n<\/td>\n<td style=\"width: 67.5779%; height: 24px;\">\n<hr \/>\n<\/td>\n<td style=\"width: 16.5799%; height: 24px;\"><\/td>\n<\/tr>\n<tr style=\"height: 24px;\">\n<td style=\"width: 15.8421%; height: 24px;\">Funded by:<\/td>\n<td style=\"width: 84.1578%; height: 24px;\" colspan=\"2\">Europ\u00e4ische Stelle zur Beobachtung von Rassismus und Fremdenfeindlichkeit (EUMC) \u00fcber \u00d6AW<\/td>\n<\/tr>\n<tr style=\"height: 24px;\">\n<td style=\"width: 15.8421%; height: 24px;\">\n<hr \/>\n<\/td>\n<td style=\"width: 67.5779%; height: 24px;\">\n<hr \/>\n<\/td>\n<td style=\"width: 16.5799%; height: 24px;\"><\/td>\n<\/tr>\n<tr style=\"height: 24px;\">\n<td style=\"width: 15.8421%; height: 24px;\">Completed in:<\/td>\n<td style=\"height: 24px; width: 84.1578%;\" colspan=\"2\">Dezember 2001<\/td>\n<\/tr>\n<\/tbody>\n<\/table>\n<\/div>\n<\/div><\/div><\/div><\/div><\/div>\n\n\n<div style=\"color:#404168\" class=\"wp-block-genesis-blocks-gb-spacer gb-block-spacer gb-divider-solid gb-spacer-divider gb-divider-size-1\"><hr style=\"height:3px\"\/><\/div>\n\n\n\n<div style=\"color:#404168\" class=\"wp-block-genesis-blocks-gb-spacer gb-block-spacer gb-divider-solid gb-divider-size-1\"><hr style=\"height:10px\"\/><\/div>\n\n\n<div id=\"pl-gb2359-69f254cd96bee\"  class=\"panel-layout\" ><div id=\"pg-gb2359-69f254cd96bee-0\"  class=\"panel-grid panel-no-style\" ><div id=\"pgc-gb2359-69f254cd96bee-0-0\"  class=\"panel-grid-cell panel-grid-cell-empty\" ><\/div><div id=\"pgc-gb2359-69f254cd96bee-0-1\"  class=\"panel-grid-cell panel-grid-cell-mobile-last\" ><div id=\"panel-gb2359-69f254cd96bee-0-1-0\" class=\"so-panel widget widget_text panel-first-child panel-last-child\" data-index=\"0\" >\t\t\t<div class=\"textwidget\"><p align=\"justify\">Die 1997 von der EU eingerichtete Europ\u00e4ische Stelle zur Beobachtung von Rassismus und Fremdenfeindlichkeit (EUMC) ist f\u00fcr den Aufbau des europ\u00e4ischen Informationsnetzwerkes &#8220;RAXEN&#8221; (Racism and Xenophobia) verantwortlich. RAXEN vernetzt nichtstaatliche und staatliche Organisationen sowie Forschungseinrichtungen und hat die Aufgabe, Informationen und Daten \u00fcber Rassismus, Fremdenfeindlichkeit und Antisemitismus zu sammeln, zu verarbeiten und an das EUMC weiterzuleiten. Um diesen transnationalen Informationsaustausch zu erleichtern und die Vergleichbarkeit der in den jeweiligen Mitgliedstaaten erhobenen Daten auf EU-Ebene zu garantieren, wurden vom EUMC National Focal Points als innerstaatliche Koordinationsstellen eingesetzt. Sie koordinieren den Informationsfluss sowohl zwischen den auf einzelstaatlicher Ebene agierenden spezialisierten Institutionen, den sogenannten &#8220;key actors&#8221;, als auch zwischen diesen HauptakteurInnen und der Europ\u00e4ischen Beobachtungsstelle.<\/p>\n<p align=\"justify\">Zum National Focal Point f\u00fcr \u00d6sterreich wurde im Dezember 2000 ein interdisziplin\u00e4res Team aus drei Forschungseinrichtungen bestellt: dem Forschungsschwerpunkt &#8220;Diskurs, Politik, Identit\u00e4t&#8221; der \u00f6sterreichischen Akademie der Wissenschaften, dem Ludwig Boltzmann Institut f\u00fcr Menschenrechte und dem Institut f\u00fcr Konfliktforschung. Im Rahmen einer zweimonatigen Projekteinstiegsphase (RAXEN 1) wurden Vorarbeiten f\u00fcr die Koordinierung und Institutionalisierung eines inner\u00f6sterreichischen Informationsnetzwerkes geleistet. Um die \u00f6sterreichischen HauptakteurInnen, die sich gegen Rassismus, Fremdenfeindlichkeit und Antisemitismus engagieren, zu identifizieren, wurden im Rahmen einer &#8220;mapping exercise&#8221; etwa 280 wissenschaftliche, staatliche und nicht-staatliche ebenso wie sozialpartnerschaftliche Organisationen und Institutionen kontaktiert. Sie wurden mittels eines EU-weit abgestimmten Fragebogens in die Erhebung eingebunden und letztendlich konnten 109 Organisationen bzw. Einzelpersonen (dies entspricht einer R\u00fccklaufquote von fast 40 Prozent) in die Dokumentation von Forschungsarbeiten, Datenbanken und &#8220;best practice&#8221; Beispielen aufgenommen werden. Diese Pilotphase wurde im M\u00e4rz 2001 abgeschlossen.<\/p>\n<p align=\"justify\">Im Juli 2001 konnte der \u00f6sterreichische Focal Point seine T\u00e4tigkeit im Rahmen der Phase RAXEN 2 wieder aufnehmen. F\u00fcr diese Phase wurden vom EUMC vier Themenbereiche ausgew\u00e4hlt, zu denen Statistiken, deskriptives und analytisches Datenmaterial ebenso wie Informationen \u00fcber die f\u00fcnf wichtigsten Kampagnen und Konferenzen f\u00fcr den Zeitraum 2000 bis 2001 gesammelt wurden. Die vier Bereiche umfassten (1) \u00c4nderungen in der Gesetzgebung, die zugewanderte und autochthone Minderheiten betrafen, (2) rassistisch und fremdenfeindlich motivierte \u00dcbergriffe, (3) Diskriminierung\/Rassismus im Bildungsbereich ebenso wie (4) Diskriminierung\/Rassismus im Arbeitsbereich. Ziel war es, die wichtigsten quantitativen und qualitativen Daten f\u00fcr diese vier Bereiche zu erfassen, etwaige Nicht\u00fcbereinstimmungen von statistischem Material aufzuzeigen, auf Schw\u00e4chen in den von staatlichen und nicht-staatlichen Einrichtungen gesammelten Daten hinzuweisen und einen \u00dcberblick \u00fcber die Strukturen und AkteurInnen in den jeweiligen Bereichen zu geben.<\/p>\n<\/div>\n\t\t<\/div><\/div><div id=\"pgc-gb2359-69f254cd96bee-0-2\"  class=\"panel-grid-cell panel-grid-cell-empty\" ><\/div><\/div><\/div>\n\n\n<div style=\"color:#333\" class=\"wp-block-genesis-blocks-gb-spacer gb-block-spacer gb-divider-solid gb-spacer-divider gb-divider-size-1\"><hr style=\"height:100px\"\/><\/div>\n<\/div><\/div><\/div>","protected":false},"excerpt":{"rendered":"","protected":false},"author":2,"featured_media":0,"parent":486,"menu_order":41,"comment_status":"closed","ping_status":"closed","template":"","meta":{"footnotes":""},"class_list":["post-2359","page","type-page","status-publish","hentry","post"],"featured_image_src":null,"featured_image_src_square":null,"_links":{"self":[{"href":"https:\/\/ikf.ac.at\/en\/wp-json\/wp\/v2\/pages\/2359","targetHints":{"allow":["GET"]}}],"collection":[{"href":"https:\/\/ikf.ac.at\/en\/wp-json\/wp\/v2\/pages"}],"about":[{"href":"https:\/\/ikf.ac.at\/en\/wp-json\/wp\/v2\/types\/page"}],"author":[{"embeddable":true,"href":"https:\/\/ikf.ac.at\/en\/wp-json\/wp\/v2\/users\/2"}],"replies":[{"embeddable":true,"href":"https:\/\/ikf.ac.at\/en\/wp-json\/wp\/v2\/comments?post=2359"}],"version-history":[{"count":5,"href":"https:\/\/ikf.ac.at\/en\/wp-json\/wp\/v2\/pages\/2359\/revisions"}],"predecessor-version":[{"id":3138,"href":"https:\/\/ikf.ac.at\/en\/wp-json\/wp\/v2\/pages\/2359\/revisions\/3138"}],"up":[{"embeddable":true,"href":"https:\/\/ikf.ac.at\/en\/wp-json\/wp\/v2\/pages\/486"}],"wp:attachment":[{"href":"https:\/\/ikf.ac.at\/en\/wp-json\/wp\/v2\/media?parent=2359"}],"curies":[{"name":"wp","href":"https:\/\/api.w.org\/{rel}","templated":true}]}}