{"id":2272,"date":"2021-03-17T13:22:16","date_gmt":"2021-03-17T13:22:16","guid":{"rendered":"http:\/\/test-ikf.online\/?page_id=2272"},"modified":"2021-07-01T10:54:15","modified_gmt":"2021-07-01T10:54:15","slug":"1996-nebenjob-vater-und-hausmann","status":"publish","type":"page","link":"https:\/\/ikf.ac.at\/en\/schwerpunkte\/cleavages\/gender\/1996-nebenjob-vater-und-hausmann","title":{"rendered":"1996: &#8220;Nebenjob Vater und Hausmann?&#8221; Wie betriebliche Strukturen innerfamili\u00e4res Engagement von M\u00e4nnern behindern"},"content":{"rendered":"<div class=\"wp-block-atomic-blocks-ab-container alignfull ab-block-container\"><div class=\"ab-container-inside\"><div class=\"ab-container-content\"><div id=\"pl-gb2272-69f25260b107a\"  class=\"panel-layout\" ><div id=\"pg-gb2272-69f25260b107a-0\"  class=\"panel-grid panel-no-style\" ><div id=\"pgc-gb2272-69f25260b107a-0-0\"  class=\"panel-grid-cell\" ><div id=\"panel-gb2272-69f25260b107a-0-0-0\" class=\"so-panel widget widget_media_image panel-first-child panel-last-child\" data-index=\"0\" ><img loading=\"lazy\" decoding=\"async\" width=\"2554\" height=\"10\" src=\"https:\/\/ikf.ac.at\/wp-content\/uploads\/2021\/01\/linie_IKF.jpg\" class=\"image wp-image-754  attachment-full size-full\" alt=\"\" style=\"max-width: 100%; height: auto;\" srcset=\"https:\/\/ikf.ac.at\/wp-content\/uploads\/2021\/01\/linie_IKF.jpg 2554w, https:\/\/ikf.ac.at\/wp-content\/uploads\/2021\/01\/linie_IKF-300x1.jpg 300w, https:\/\/ikf.ac.at\/wp-content\/uploads\/2021\/01\/linie_IKF-1024x4.jpg 1024w, https:\/\/ikf.ac.at\/wp-content\/uploads\/2021\/01\/linie_IKF-768x3.jpg 768w, https:\/\/ikf.ac.at\/wp-content\/uploads\/2021\/01\/linie_IKF-1536x6.jpg 1536w, https:\/\/ikf.ac.at\/wp-content\/uploads\/2021\/01\/linie_IKF-2048x8.jpg 2048w\" sizes=\"auto, (max-width: 2554px) 100vw, 2554px\" \/><\/div><\/div><\/div><\/div>\n\n\n<div style=\"color:#ddd\" class=\"wp-block-genesis-blocks-gb-spacer gb-block-spacer gb-divider-solid gb-divider-size-1\"><hr style=\"height:14px\"\/><\/div>\n\n\n<div id=\"pl-gb2272-69f25260b14bd\"  class=\"panel-layout\" ><div id=\"pg-gb2272-69f25260b14bd-0\"  class=\"panel-grid panel-no-style\" ><div id=\"pgc-gb2272-69f25260b14bd-0-0\"  class=\"panel-grid-cell panel-grid-cell-empty\" ><\/div><div id=\"pgc-gb2272-69f25260b14bd-0-1\"  class=\"panel-grid-cell\" ><div id=\"panel-gb2272-69f25260b14bd-0-1-0\" class=\"so-panel widget widget_sow-editor panel-first-child panel-last-child\" data-index=\"0\" ><div\n\t\t\t\n\t\t\tclass=\"so-widget-sow-editor so-widget-sow-editor-base\"\n\t\t\t\n\t\t>\n<div class=\"siteorigin-widget-tinymce textwidget\">\n\t<table style=\"height: 100px; width: 100%; border-collapse: collapse;\" border=\"1\" cellpadding=\"2\">\n<tbody>\n<tr style=\"height: 24px;\">\n<td style=\"width: 15.8421%; height: 24px;\">Project management:<\/td>\n<td style=\"width: 84.1578%; height: 24px;\" colspan=\"2\">Univ.-Prof. Dr. Anton Pelinka<\/td>\n<\/tr>\n<tr>\n<td style=\"width: 15.8421%;\">\n<hr \/>\n<\/td>\n<td style=\"width: 40.4475%;\">\n<hr \/>\n<\/td>\n<td style=\"width: 43.7103%; height: 24px;\"><\/td>\n<\/tr>\n<tr>\n<td style=\"width: 15.8421%;\">Implementation:<\/td>\n<td style=\"width: 84.1578%;\" colspan=\"2\">Mag. Helga Amesberger<br \/>\nMag. Katharina Demel<br \/>\nDr. Ilse K\u00f6nig<br \/>\nDSA Christina Radner<\/td>\n<\/tr>\n<tr>\n<td style=\"width: 15.8421%;\">\n<hr \/>\n<\/td>\n<td style=\"width: 40.4475%;\">\n<hr \/>\n<\/td>\n<td style=\"width: 43.7103%;\"><\/td>\n<\/tr>\n<tr>\n<td style=\"width: 15.8421%;\">Funded by:<\/td>\n<td style=\"width: 84.1578%;\" colspan=\"2\">Bundesministerium f\u00fcr Jugend und Familie<br \/>\nBundesministerin f\u00fcr Frauenangelegenheiten<\/td>\n<\/tr>\n<tr>\n<td style=\"width: 15.8421%;\">\n<hr \/>\n<\/td>\n<td style=\"width: 40.4475%;\">\n<hr \/>\n<\/td>\n<td style=\"width: 43.7103%; height: 24px;\"><\/td>\n<\/tr>\n<tr style=\"height: 24px;\">\n<td style=\"width: 15.8421%; height: 24px;\">Completed in:<\/td>\n<td style=\"height: 24px; width: 84.1578%;\" colspan=\"2\">Dezember 1996<\/td>\n<\/tr>\n<tr>\n<td style=\"width: 15.8421%;\">\n<hr \/>\n<\/td>\n<td style=\"width: 40.4475%;\">\n<hr \/>\n<\/td>\n<td style=\"width: 43.7103%;\"><\/td>\n<\/tr>\n<tr>\n<td style=\"width: 15.8421%;\"><\/td>\n<td style=\"width: 40.4475%;\" valign=\"top\" width=\"80%\"><img loading=\"lazy\" decoding=\"async\" src=\"http:\/\/www.ikf.ac.at\/design\/images\/Document%20Folder.png\" width=\"28\" height=\"28\" align=\"left\" \/>\u00a0 <a href=\"https:\/\/ikf.ac.at\/wp-content\/uploads\/2021\/03\/hausmann_kurzfass.pdf\" target=\"_blank\" rel=\"noopener\">Projektbericht (Kurzfassung) zum Download<\/a><\/td>\n<td style=\"width: 43.7103%;\"><\/td>\n<\/tr>\n<\/tbody>\n<\/table>\n<\/div>\n<\/div><\/div><\/div><\/div><\/div>\n\n\n<div style=\"color:#404168\" class=\"wp-block-genesis-blocks-gb-spacer gb-block-spacer gb-divider-solid gb-spacer-divider gb-divider-size-1\"><hr style=\"height:3px\"\/><\/div>\n\n\n\n<div style=\"color:#404168\" class=\"wp-block-genesis-blocks-gb-spacer gb-block-spacer gb-divider-solid gb-divider-size-1\"><hr style=\"height:10px\"\/><\/div>\n\n\n<div id=\"pl-gb2272-69f25260b191a\"  class=\"panel-layout\" ><div id=\"pg-gb2272-69f25260b191a-0\"  class=\"panel-grid panel-no-style\" ><div id=\"pgc-gb2272-69f25260b191a-0-0\"  class=\"panel-grid-cell panel-grid-cell-empty\" ><\/div><div id=\"pgc-gb2272-69f25260b191a-0-1\"  class=\"panel-grid-cell panel-grid-cell-mobile-last\" ><div id=\"panel-gb2272-69f25260b191a-0-1-0\" class=\"so-panel widget widget_text panel-first-child panel-last-child\" data-index=\"0\" >\t\t\t<div class=\"textwidget\"><p align=\"justify\">Ausgangspunkt der Studie ist, da\u00df es neben einem fehlenden Bewu\u00dftsein seitens der M\u00e4nner eine Reihe struktureller Faktoren gibt, die eine aktive Mitarbeit im Haushalt und in der Familie behindern. Einen solchen strukturellen Faktor stellen sicherlich die arbeitsorganisatorischen Rahmenbedingungen der Berufswelt dar. Diese \u2013 bislang in bezug auf M\u00e4nner kaum beachtet und untersucht \u2013 stehen im Mittelpunkt des Forschungsprojektes. Ausgehend von der Annahme, da\u00df bei einem &#8220;Normalarbeitsverhalten&#8221; aufgrund von Arbeitszeitverteilung, \u00dcberstunden, Weiterbildung au\u00dferhalb der Arbeitszeit etc. auch f\u00fcr M\u00e4nner Beruf und Familie nur schwer zu vereinbaren sind, ergeben sich insbesondere zwei thematische Schwerpunkte:<\/p>\n<ul>\n<li>\n<p align=\"justify\">Erfassung bestehender betrieblicher Strukturen und deren \u00dcberpr\u00fcfung in Hinblick auf ihre Vereinbarkeit mit Familienarbeit sowie das Problembewu\u00dftsein seitens des Personalmanagements, der Personalvertretung und der m\u00e4nnlichen Besch\u00e4ftigten.<\/p>\n<p>\n<\/li>\n<li>\n<p align=\"justify\">W\u00fcnsche, Vorstellungen und Erwartungen der m\u00e4nnlichen Besch\u00e4ftigten in bezug auf die Arbeitszeitorganisation.<\/p>\n<\/li>\n<\/ul>\n<p>Als methodischen Zugang w\u00e4hlten wir einen Methodenmix:<\/p>\n<ul>\n<li>\n<p align=\"justify\">Erhebung firmenspezifischer Daten (z.B. Anzahl der m\u00e4nnlichen und weiblichen Besch\u00e4ftigten, Karenzierungen nach Geschlecht, Angaben zur Arbeitszeit). 15 Wiener Firmen aus verschiedensten Branchen (elf aus dem Dienstleistungsbereich und vier Gewerbebetriebe) konnten f\u00fcr die Mitarbeit an der Studie gewonnen werden.<\/p>\n<p><\/li>\n<li>\n<p align=\"justify\">Quantitative Erhebung. Es wurde eine standardisierte Fragebogenerhebung unter m\u00e4nnlichen Besch\u00e4ftigten mit Kindern zwischen 0 und 15 Jahren durchgef\u00fchrt; 603 Frageb\u00f6gen wurden verteilt und 140 bis zum Stichtag beantwortet.<\/p>\n<p>\n<\/li>\n<li>\n<p align=\"justify\">Qualitative Erhebung. Insgesamt f\u00fchrten wir 41 Interviews mit VertreterInnen des Personalmanagements und der Personalvertretung sowie mit m\u00e4nnlichen Besch\u00e4ftigten der untersuchten Betriebe.<\/p>\n<p><\/li>\n<li>\n<p align=\"justify\">ExpertInnenworkshop. Geladen zu diesem Arbeitskreis waren ExpertInnen aus verschiedenen Ministerien, diverser Interessensvertretungen, aus dem Wissenschaftsbereich und den Betrieben. 15 ExpertInnen nahmen daran teil.<\/p>\n<\/li>\n<\/ul>\n<p align=\"justify\">Viele ArbeitgeberInnen glauben, da\u00df die Besch\u00e4ftigten ihrer Unternehmen keine allzu gro\u00dfen Schwierigkeiten haben, Berufs- und Familienarbeit miteinander zu vereinbaren. Aber ca. drei Viertel der befragten Arbeitnehmer geben an, manchmal oder h\u00e4ufig Schwierigkeiten damit zu haben. Als ein wesentlicher Faktor f\u00fcr die Vereinbarkeit von Berufs- und Familienarbeit stellt sich das Vorhandensein von Gestaltungsm\u00f6glichkeiten bei der Arbeitszeit heraus. Zusammenfassend kann gesagt werden, da\u00df flexible Arbeitszeitregelungen, wie wir sie in den untersuchten Firmen vorgefunden haben, tendenziell eher die Vereinbarkeit von Beruf und Familie erm\u00f6glichen als der Wechsel- oder Schichtdienst. Jedoch gibt es auch bei einer relativ freien Gestaltungsm\u00f6glichkeit der Arbeitszeit einige intervenierende Variablen, die Vereinbarungsleistungen erschweren bzw. behindern. Eine solche ist die, in manchen Firmen anzutreffende, Erwartung der jederzeitigen Verf\u00fcgbarkeit der ArbeitnehmerInnen oder die Erwartung, da\u00df die Besch\u00e4ftigten die Arbeitszeit prim\u00e4r nach den Bed\u00fcrfnissen des Betriebes einteilen. Eine Personalpolitik, die mit der geringstm\u00f6glichen Anzahl von Besch\u00e4ftigten zu arbeiten versucht, spielt dabei ebenfalls eine wesentliche Rolle, da\u00df Familie und Beruf schwer miteinander zu vereinbaren sind. Au\u00dferdem tr\u00e4gt das starre Rollenverhalten der M\u00e4nner dazu bei, da\u00df sie Freir\u00e4ume in der Arbeitszeitgestaltung nicht wahrnehmen.<\/p>\n<\/div>\n\t\t<\/div><\/div><div id=\"pgc-gb2272-69f25260b191a-0-2\"  class=\"panel-grid-cell panel-grid-cell-empty\" ><\/div><\/div><\/div>\n\n\n<div style=\"color:#333\" class=\"wp-block-genesis-blocks-gb-spacer gb-block-spacer gb-divider-solid gb-spacer-divider gb-divider-size-1\"><hr style=\"height:100px\"\/><\/div>\n<\/div><\/div><\/div>","protected":false},"excerpt":{"rendered":"","protected":false},"author":2,"featured_media":0,"parent":454,"menu_order":41,"comment_status":"closed","ping_status":"closed","template":"","meta":{"footnotes":""},"class_list":["post-2272","page","type-page","status-publish","hentry","post"],"featured_image_src":null,"featured_image_src_square":null,"_links":{"self":[{"href":"https:\/\/ikf.ac.at\/en\/wp-json\/wp\/v2\/pages\/2272","targetHints":{"allow":["GET"]}}],"collection":[{"href":"https:\/\/ikf.ac.at\/en\/wp-json\/wp\/v2\/pages"}],"about":[{"href":"https:\/\/ikf.ac.at\/en\/wp-json\/wp\/v2\/types\/page"}],"author":[{"embeddable":true,"href":"https:\/\/ikf.ac.at\/en\/wp-json\/wp\/v2\/users\/2"}],"replies":[{"embeddable":true,"href":"https:\/\/ikf.ac.at\/en\/wp-json\/wp\/v2\/comments?post=2272"}],"version-history":[{"count":5,"href":"https:\/\/ikf.ac.at\/en\/wp-json\/wp\/v2\/pages\/2272\/revisions"}],"predecessor-version":[{"id":3137,"href":"https:\/\/ikf.ac.at\/en\/wp-json\/wp\/v2\/pages\/2272\/revisions\/3137"}],"up":[{"embeddable":true,"href":"https:\/\/ikf.ac.at\/en\/wp-json\/wp\/v2\/pages\/454"}],"wp:attachment":[{"href":"https:\/\/ikf.ac.at\/en\/wp-json\/wp\/v2\/media?parent=2272"}],"curies":[{"name":"wp","href":"https:\/\/api.w.org\/{rel}","templated":true}]}}