{"id":2262,"date":"2021-03-17T13:02:45","date_gmt":"2021-03-17T13:02:45","guid":{"rendered":"http:\/\/test-ikf.online\/?page_id=2262"},"modified":"2021-03-17T13:03:29","modified_gmt":"2021-03-17T13:03:29","slug":"1998-managing-e-quality","status":"publish","type":"page","link":"https:\/\/ikf.ac.at\/en\/schwerpunkte\/cleavages\/gender\/1998-managing-e-quality","title":{"rendered":"1998: Managing E-Quality. Pilot project for Equality Oriented Management"},"content":{"rendered":"<div class=\"wp-block-atomic-blocks-ab-container alignfull ab-block-container\"><div class=\"ab-container-inside\"><div class=\"ab-container-content\"><div id=\"pl-gb2262-69f2403c2f590\"  class=\"panel-layout\" ><div id=\"pg-gb2262-69f2403c2f590-0\"  class=\"panel-grid panel-no-style\" ><div id=\"pgc-gb2262-69f2403c2f590-0-0\"  class=\"panel-grid-cell\" ><div id=\"panel-gb2262-69f2403c2f590-0-0-0\" class=\"so-panel widget widget_media_image panel-first-child panel-last-child\" data-index=\"0\" ><img loading=\"lazy\" decoding=\"async\" width=\"2554\" height=\"10\" src=\"https:\/\/ikf.ac.at\/wp-content\/uploads\/2021\/01\/linie_IKF.jpg\" class=\"image wp-image-754  attachment-full size-full\" alt=\"\" style=\"max-width: 100%; height: auto;\" srcset=\"https:\/\/ikf.ac.at\/wp-content\/uploads\/2021\/01\/linie_IKF.jpg 2554w, https:\/\/ikf.ac.at\/wp-content\/uploads\/2021\/01\/linie_IKF-300x1.jpg 300w, https:\/\/ikf.ac.at\/wp-content\/uploads\/2021\/01\/linie_IKF-1024x4.jpg 1024w, https:\/\/ikf.ac.at\/wp-content\/uploads\/2021\/01\/linie_IKF-768x3.jpg 768w, https:\/\/ikf.ac.at\/wp-content\/uploads\/2021\/01\/linie_IKF-1536x6.jpg 1536w, https:\/\/ikf.ac.at\/wp-content\/uploads\/2021\/01\/linie_IKF-2048x8.jpg 2048w\" sizes=\"auto, (max-width: 2554px) 100vw, 2554px\" \/><\/div><\/div><\/div><\/div>\n\n\n<div style=\"color:#ddd\" class=\"wp-block-genesis-blocks-gb-spacer gb-block-spacer gb-divider-solid gb-divider-size-1\"><hr style=\"height:30px\"\/><\/div>\n\n\n<div id=\"pl-gb2262-69f2403c2fbb5\"  class=\"panel-layout\" ><div id=\"pg-gb2262-69f2403c2fbb5-0\"  class=\"panel-grid panel-no-style\" ><div id=\"pgc-gb2262-69f2403c2fbb5-0-0\"  class=\"panel-grid-cell panel-grid-cell-empty\" ><\/div><div id=\"pgc-gb2262-69f2403c2fbb5-0-1\"  class=\"panel-grid-cell\" ><div id=\"panel-gb2262-69f2403c2fbb5-0-1-0\" class=\"so-panel widget widget_sow-editor panel-first-child panel-last-child\" data-index=\"0\" ><div\n\t\t\t\n\t\t\tclass=\"so-widget-sow-editor so-widget-sow-editor-base\"\n\t\t\t\n\t\t>\n<div class=\"siteorigin-widget-tinymce textwidget\">\n\t<table style=\"height: 100px; width: 100%; border-collapse: collapse;\" border=\"1\" cellpadding=\"2\">\n<tbody>\n<tr style=\"height: 24px;\">\n<td style=\"width: 15.8421%; height: 24px;\">Project management:<\/td>\n<td style=\"width: 84.1578%; height: 24px;\" colspan=\"2\">Dr. Ilse K\u00f6nig<\/td>\n<\/tr>\n<tr>\n<td style=\"width: 15.8421%;\">\n<hr \/>\n<\/td>\n<td style=\"width: 66.2858%;\">\n<hr \/>\n<\/td>\n<td style=\"width: 17.872%; height: 24px;\"><\/td>\n<\/tr>\n<tr>\n<td style=\"width: 15.8421%;\">Implementation:<\/td>\n<td style=\"width: 84.1578%;\" colspan=\"2\">Mag. Karin Eitel<br \/>\nDr. Birgitt Haller<\/td>\n<\/tr>\n<tr>\n<td style=\"width: 15.8421%;\">\n<hr \/>\n<\/td>\n<td style=\"width: 66.2858%;\">\n<hr \/>\n<\/td>\n<td style=\"width: 17.872%;\"><\/td>\n<\/tr>\n<tr>\n<td style=\"width: 15.8421%;\">Kooperation:<\/td>\n<td style=\"width: 66.2858%;\">GenderLink, Salzburg<br \/>\nInterface Europe, Gueret\/Frankreich<br \/>\nFrankfurter Institut f\u00fcr Frauenforschung e.V., Frankfurt\/Main<\/td>\n<td style=\"width: 17.872%;\"><\/td>\n<\/tr>\n<tr>\n<td style=\"width: 15.8421%;\">\n<hr \/>\n<\/td>\n<td style=\"width: 66.2858%;\">\n<hr \/>\n<\/td>\n<td style=\"width: 17.872%;\"><\/td>\n<\/tr>\n<tr>\n<td style=\"width: 15.8421%;\">Funded by:<\/td>\n<td style=\"width: 84.1578%;\" colspan=\"2\">Europ\u00e4ische Kommission, Generaldirektion V<br \/>\nBundeskanzleramt\/Bundesministerin f\u00fcr Frauengelegenheiten und Verbraucherschutz<br \/>\nBundesministerium f\u00fcr Arbeit, Gesundheit und Soziales<br \/>\nArbeitsmarktservice \u00d6sterreich (Public Employment Service Austria)<br \/>\nMA 57\/Frauenb\u00fcro der Stadt Wien<\/td>\n<\/tr>\n<tr>\n<td style=\"width: 15.8421%;\">\n<hr \/>\n<\/td>\n<td style=\"width: 66.2858%;\">\n<hr \/>\n<\/td>\n<td style=\"width: 17.872%; height: 24px;\"><\/td>\n<\/tr>\n<tr style=\"height: 24px;\">\n<td style=\"width: 15.8421%; height: 24px;\">Completed in:<\/td>\n<td style=\"height: 24px; width: 84.1578%;\" colspan=\"2\">September 1998<\/td>\n<\/tr>\n<\/tbody>\n<\/table>\n<\/div>\n<\/div><\/div><\/div><\/div><\/div>\n\n\n<div style=\"color:#404168\" class=\"wp-block-genesis-blocks-gb-spacer gb-block-spacer gb-divider-solid gb-spacer-divider gb-divider-size-1\"><hr style=\"height:3px\"\/><\/div>\n\n\n\n<div style=\"color:#404168\" class=\"wp-block-genesis-blocks-gb-spacer gb-block-spacer gb-divider-solid gb-divider-size-1\"><hr style=\"height:10px\"\/><\/div>\n\n\n<div id=\"pl-gb2262-69f2403c30192\"  class=\"panel-layout\" ><div id=\"pg-gb2262-69f2403c30192-0\"  class=\"panel-grid panel-no-style\" ><div id=\"pgc-gb2262-69f2403c30192-0-0\"  class=\"panel-grid-cell panel-grid-cell-empty\" ><\/div><div id=\"pgc-gb2262-69f2403c30192-0-1\"  class=\"panel-grid-cell panel-grid-cell-mobile-last\" ><div id=\"panel-gb2262-69f2403c30192-0-1-0\" class=\"so-panel widget widget_text panel-first-child panel-last-child\" data-index=\"0\" >\t\t\t<div class=\"textwidget\"><p align=\"justify\">&#8220;Managing E-Quality&#8221; ist ein Projekt im Rahmen des 4. Mittelfristigen Aktionsprogramms Chancengleichheit f\u00fcr Frauen und M\u00e4nner der Europ\u00e4ischen Kommission. Das Projekt wurde transnational durchf\u00fchrt, Partnerstaaten waren Frankreich und Deutschland.<\/p>\n<p align=\"justify\">Zentrales Anliegen dieses Pilotprojektes war es, neben grundlegenden Ma\u00dfnahmen zur betrieblichen Gleichstellung ein neues Verst\u00e4ndnis von Vereinbarkeit von Beruf und Familie in den Staaten der Europ\u00e4ischen Union zu implementieren. Sein wichtigstes Charakteristikum bestand darin, die prim\u00e4re Zielgruppe des Projekts &#8211; ressourcenstarke und mit Personalkompetenzen ausgestattete F\u00fchrungskr\u00e4fte in \u00f6ffentlichen und privaten Organisationen &#8211; mittels F\u00fchrungskr\u00e4fteschulungen sowohl in bezug auf die Sensibilisierung f\u00fcr Fragen der Vereinbarkeit als auch hinsichtlich innerbetrieblich zu entwickelnder Vereinbarkeitsma\u00dfnahmen zu motivieren. Die Sensibilisierung der betrieblichen Schl\u00fcsselfiguren soll &#8220;top-down&#8221;- Ver\u00e4nderungen erm\u00f6glichen bzw. initiieren. F\u00fcr die Realisierung dieses umfassend angelegten Gleichstellungs- und Vereinbarkeitsverst\u00e4ndnisses sind demnach Unternehmenskulturen und Arbeitsorganisation ebenso wichtige Ansatzpunkte wie Fragen des Managementstils, der Unternehmensstrategie und der Personalentwicklung. Aber auch das Initiieren neuer kultureller Verhaltens- und Kommunikationsmuster zwischen F\u00fchrung und MitarbeiterInnen einerseits und zwischen Mitarbeiterinnen und Mitarbeitern andererseits stehen hier zur Disposition.<\/p>\n<p align=\"justify\">Mit dieser Vorgangsweise wird den zwei Zielen des 4. Aktionsprogrammes der Gemeinschaft f\u00fcr die Chancengleichheit unmittelbar entsprochen. Im Sinn des Ansatzes &#8220;Mainstreaming&#8221;, der die Gleichstellung der Geschlechter nicht als &#8220;Frauenfrage&#8221;, also als Randerscheinung, sondern als eine Frage begreift, die alle gesellschaftlichen Bereiche betrifft, werden die Aktivit\u00e4ten auf eine andere Ebene gelegt, n\u00e4mlich auf die Ebene der Arbeits- und Geschlechterorganisation im Unternehmen und der im Unternehmen daf\u00fcr verantwortlichen Personen. Ein zweites Ziel des Aktionsprogramms betrifft &#8220;Besch\u00e4ftigung und Berufsleben&#8221;, das folgenderma\u00dfen tangiert wird: Durch Ver\u00e4nderungen in der Organisations- und Arbeitskultur im Betrieb, z.B. durch Einf\u00fchrung von neuen Arbeitszeitmodellen (wie etwa Teilzeit f\u00fcr F\u00fchrungskr\u00e4fte oder die Inanspruchnahme von Karenzzeiten durch berufst\u00e4tige V\u00e4ter), k\u00f6nnen Frauen bei ihren famili\u00e4ren Zust\u00e4ndigkeiten in zeitlicher und arbeitsm\u00e4\u00dfiger Hinsicht entlastet werden, dies erleichtert ihnen in Folge die Aus\u00fcbung der Erwerbst\u00e4tigkeit und erh\u00f6ht ihre Chancen am Arbeitsmarkt.<\/p>\n<p align=\"justify\">Zu Projektbeginn fand im Herbst 1997 ein das transnationale Projektteam konstituierender Workshop in Wien statt. Bei diesem Workshop wurden die l\u00e4nderspezifischen Gemeinsamkeiten sowie Unterschiede (etwa in bezug auf den jeweiligen Stand der Gleichstellungspolitik oder auf das kulturelle Klima bez\u00fcglich Vereinbarkeitsma\u00dfnahmen) zwischen den einzelnen Staaten, sowie die Implementierungsschritte hinsichtlich der Pilotseminare gekl\u00e4rt. In der Folge wurden das Seminarcurriculum und aktivierende Arbeitsmaterialien f\u00fcr die F\u00fchrungskr\u00e4fteschulungen zur betrieblichen Implementierung von Gleichstellungs- und Vereinbarkeitsma\u00dfnahmen entwickelt. Dieses Curriculum wurde \u00fcberwiegend vom interdisziplin\u00e4r zusammengesetzten Projektteam (Sozialwissenschaftlerinnen, Unternehmensberaterinnen, Trainerinnen) aus \u00d6sterreich und Deutschland erarbeitet; das franz\u00f6sische Team brachte Erg\u00e4nzungen zur Situation in Frankreich ein.<\/p>\n<p align=\"justify\">Parallel dazu fand die Akquisition von Unternehmen\/Organisationen f\u00fcr die Teilnahme an den Pilotseminaren statt. Geplant war, Unternehmen mit unterschiedlichen Standards hinsichtlich Gleichstellungs- und Vereinbarkeitsma\u00dfnahmen f\u00fcr die Teilnahme zu gewinnen. So sollten einerseits &#8220;vorsensibilisierte&#8221; Unternehmen\/Institutionen einbezogen werden, die bereits diverse Ma\u00dfnahmen zur Frauen- oder Familienf\u00f6rderung entwickelt haben oder sich in diesem Entwicklungsproze\u00df befinden. Der zweite Typus sollten jene Unternehmen\/Institutionen sein, in denen bislang noch keine diesbez\u00fcglichen Ma\u00dfnahmen vorhanden sind bzw. auch &#8220;familienfreundliche&#8221; Personalf\u00fchrung noch kein Bestandteil der Unternehmenskultur ist. Die interessierten Partnerunternehmen sollten ein ausgew\u00e4hltes F\u00fchrungskr\u00e4fteteam &#8211; bestehend aus sechs bis zw\u00f6lf Personen &#8211; zusammenstellen, wobei die Teilnahme von M\u00e4nnern von ausdr\u00fccklichem Interesse war. Schlie\u00dflich konnten im Fr\u00fchling 1998 in allen drei Staaten insgesamt vier Pilotseminare von vier verschiedenen TrainerInnenpaaren durchgef\u00fchrt werden.<\/p>\n<p align=\"justify\">Nach Abschlu\u00df der Seminare wurde das Manual zu &#8220;Managing E-Quality &#8211; F\u00fchrungskr\u00e4fteschulung f\u00fcr ein gleichstellungsorientiertes Management&#8221; als ein zentrales Ergebnis des Pilotprojekts erarbeitet. Das Manual liegt in gedruckter Fassung in deutscher und in englischer Sprache vor. Es versteht sich als Orientierungshilfe f\u00fcr die Durchf\u00fchrung von MEQ-F\u00fchrungskr\u00e4fteseminaren und kann von Beratungsorganisationen, Betriebsr\u00e4ten, Verwaltungsakademien und anderen Schulungseinrichtungen sowie interessierten Schl\u00fcsselpersonen in \u00f6ffentlichen und privaten Organisationen genutzt werden.<\/p>\n<p align=\"justify\">Das MEQ-Konzept ist innovativ. Es bietet die M\u00f6glichkeit, Gleichstellung und Vereinbarkeit f\u00fcr Frauen und M\u00e4nner im Betrieb zu f\u00f6rdern, ohne die geschlechtsspezifische Rollenteilung zu verfestigen. Das Durchlaufen eines MEQ-Prozesses kommt f\u00fcr jeden Betrieb, unabh\u00e4ngig vom Diskussions- und Erfahrungsstand hinsichtlich Gleichstellung und Vereinbarkeit, von Gr\u00f6\u00dfe und Standort, in Frage. Unternehmen k\u00f6nnen &#8211; ohne \u00e4u\u00dferlichen Zwang &#8211; daf\u00fcr gewonnen werden, ein MEQ-Seminar durchzuf\u00fchren, wenn sie davon \u00fcberzeugt werden k\u00f6nnen, da\u00df die Erm\u00f6glichung von Vereinbarkeit von Beruf und Familie auch f\u00fcr M\u00e4nner umsatz- und gewinnf\u00f6rdernd ist. Hierbei kann das Wissen \u00fcber Erfahrungen von Modellunternehmen in der gleichen Region oder einer \u00e4hnlichen Branche ausschlaggebend sein.<\/p>\n<p align=\"justify\">Das &#8220;top-down&#8221; Konzept erm\u00f6glicht es, Unternehmen und Institutionen auch innerhalb ihres Betriebes rasch Vorbilder zu schaffen. Allgemeine Flexibilisierungsma\u00dfnahmen, Teilzeit f\u00fcr F\u00fchrungskr\u00e4fte, &#8220;job sharing&#8221; und Telearbeit etc. erlauben erwerbst\u00e4tigen V\u00e4tern &#8211; bei entsprechender Ermutigung seitens ihrer Arbeitgeber &#8211; zus\u00e4tzliche Verantwortung f\u00fcr Haus-, Familien- und Betreuungsarbeit zu \u00fcbernehmen. Somit k\u00f6nnen beide Elternteile ihr Engagement im Beruf und im h\u00e4uslichen Bereich auf einander abstimmen; vorausgesetzt, da\u00df dies f\u00fcr Frau und Mann ein Ziel darstellt.<\/p>\n<\/div>\n\t\t<\/div><\/div><div id=\"pgc-gb2262-69f2403c30192-0-2\"  class=\"panel-grid-cell panel-grid-cell-empty\" ><\/div><\/div><\/div>\n\n\n<div style=\"color:#333\" class=\"wp-block-genesis-blocks-gb-spacer gb-block-spacer gb-divider-solid gb-spacer-divider gb-divider-size-1\"><hr style=\"height:100px\"\/><\/div>\n<\/div><\/div><\/div>","protected":false},"excerpt":{"rendered":"","protected":false},"author":2,"featured_media":0,"parent":454,"menu_order":38,"comment_status":"closed","ping_status":"closed","template":"","meta":{"footnotes":""},"class_list":["post-2262","page","type-page","status-publish","hentry","post"],"featured_image_src":null,"featured_image_src_square":null,"_links":{"self":[{"href":"https:\/\/ikf.ac.at\/en\/wp-json\/wp\/v2\/pages\/2262","targetHints":{"allow":["GET"]}}],"collection":[{"href":"https:\/\/ikf.ac.at\/en\/wp-json\/wp\/v2\/pages"}],"about":[{"href":"https:\/\/ikf.ac.at\/en\/wp-json\/wp\/v2\/types\/page"}],"author":[{"embeddable":true,"href":"https:\/\/ikf.ac.at\/en\/wp-json\/wp\/v2\/users\/2"}],"replies":[{"embeddable":true,"href":"https:\/\/ikf.ac.at\/en\/wp-json\/wp\/v2\/comments?post=2262"}],"version-history":[{"count":4,"href":"https:\/\/ikf.ac.at\/en\/wp-json\/wp\/v2\/pages\/2262\/revisions"}],"predecessor-version":[{"id":3098,"href":"https:\/\/ikf.ac.at\/en\/wp-json\/wp\/v2\/pages\/2262\/revisions\/3098"}],"up":[{"embeddable":true,"href":"https:\/\/ikf.ac.at\/en\/wp-json\/wp\/v2\/pages\/454"}],"wp:attachment":[{"href":"https:\/\/ikf.ac.at\/en\/wp-json\/wp\/v2\/media?parent=2262"}],"curies":[{"name":"wp","href":"https:\/\/api.w.org\/{rel}","templated":true}]}}