{"id":1561,"date":"2021-03-01T18:09:12","date_gmt":"2021-03-01T18:09:12","guid":{"rendered":"http:\/\/test-ikf.online\/?page_id=1561"},"modified":"2026-04-22T09:47:05","modified_gmt":"2026-04-22T09:47:05","slug":"gewalt","status":"publish","type":"page","link":"https:\/\/ikf.ac.at\/en\/schwerpunkte\/sicherheit\/gewalt","title":{"rendered":"Violence"},"content":{"rendered":"<div class=\"wp-block-atomic-blocks-ab-container alignfull ab-block-container\"><div class=\"ab-container-inside\"><div class=\"ab-container-content\"><div id=\"pl-gb1561-69f22babe68a9\"  class=\"panel-layout wp-block-siteorigin-panels-layout-block\" ><div id=\"pg-gb1561-69f22babe68a9-0\"  class=\"panel-grid panel-no-style\" ><div id=\"pgc-gb1561-69f22babe68a9-0-0\"  class=\"panel-grid-cell\" ><div id=\"panel-gb1561-69f22babe68a9-0-0-0\" class=\"so-panel widget widget_media_image panel-first-child panel-last-child\" data-index=\"0\" ><img loading=\"lazy\" decoding=\"async\" width=\"2554\" height=\"10\" src=\"https:\/\/ikf.ac.at\/wp-content\/uploads\/2021\/01\/linie_IKF.jpg\" class=\"image wp-image-754  attachment-full size-full\" alt=\"\" style=\"max-width: 100%; height: auto;\" srcset=\"https:\/\/ikf.ac.at\/wp-content\/uploads\/2021\/01\/linie_IKF.jpg 2554w, https:\/\/ikf.ac.at\/wp-content\/uploads\/2021\/01\/linie_IKF-300x1.jpg 300w, https:\/\/ikf.ac.at\/wp-content\/uploads\/2021\/01\/linie_IKF-1024x4.jpg 1024w, https:\/\/ikf.ac.at\/wp-content\/uploads\/2021\/01\/linie_IKF-768x3.jpg 768w, https:\/\/ikf.ac.at\/wp-content\/uploads\/2021\/01\/linie_IKF-1536x6.jpg 1536w, https:\/\/ikf.ac.at\/wp-content\/uploads\/2021\/01\/linie_IKF-2048x8.jpg 2048w\" sizes=\"auto, (max-width: 2554px) 100vw, 2554px\" \/><\/div><\/div><\/div><\/div>\n\n\n<div style=\"color:#ddd\" class=\"wp-block-genesis-blocks-gb-spacer gb-block-spacer gb-divider-solid gb-divider-size-1\"><hr style=\"height:30px\"\/><\/div>\n\n\n<div id=\"pl-gb1561-69f22babe71f0\"  class=\"panel-layout wp-block-siteorigin-panels-layout-block\" ><div id=\"pg-gb1561-69f22babe71f0-0\"  class=\"panel-grid panel-no-style\" ><div id=\"pgc-gb1561-69f22babe71f0-0-0\"  class=\"panel-grid-cell\" ><div id=\"panel-gb1561-69f22babe71f0-0-0-0\" class=\"so-panel widget widget_text panel-first-child panel-last-child\" data-index=\"0\" ><div class=\"panel-widget-style panel-widget-style-for-gb1561-69f22babe71f0-0-0-0\" >\t\t\t<div class=\"textwidget\"><p><a href=\"https:\/\/ikf.ac.at\/en\/forschungsschwerpunkte\/sicherheit\/\"><strong>Security<\/strong><\/a><\/p>\n<p><strong><a href=\"https:\/\/ikf.ac.at\/en\/schwerpunkte\/sicherheit\/gewalt\/\">Violence<\/a><\/strong><\/p>\n<p><a href=\"https:\/\/ikf.ac.at\/en\/schwerpunkte\/sicherheit\/rechtsstaat\/\">Rule of Law<\/a><\/p>\n<p><a href=\"https:\/\/ikf.ac.at\/en\/schwerpunkte\/sicherheit\/sozialstaat\/\">Welfare State<\/a><\/p>\n<p><a href=\"https:\/\/ikf.ac.at\/en\/schwerpunkte\/sicherheit\/korruption\/\">Corruption<\/a><\/p>\n<\/div>\n\t\t<\/div><\/div><\/div><div id=\"pgc-gb1561-69f22babe71f0-0-1\"  class=\"panel-grid-cell\" ><div id=\"panel-gb1561-69f22babe71f0-0-1-0\" class=\"so-panel widget widget_text panel-first-child panel-last-child\" data-index=\"1\" ><div class=\"block-it panel-widget-style panel-widget-style-for-gb1561-69f22babe71f0-0-1-0\" >\t\t\t<div class=\"textwidget\"><\/div>\n\t\t<\/div><\/div><\/div><\/div><\/div>\n\n\n<div style=\"color:#333\" class=\"wp-block-genesis-blocks-gb-spacer gb-block-spacer gb-divider-solid gb-spacer-divider gb-divider-size-1\"><hr style=\"height:70px\"\/><\/div>\n\n\n<div id=\"pl-gb1561-69f22babea222\"  class=\"panel-layout wp-block-siteorigin-panels-layout-block\" ><div id=\"pg-gb1561-69f22babea222-0\"  class=\"panel-grid panel-no-style\" ><div id=\"pgc-gb1561-69f22babea222-0-0\"  class=\"panel-grid-cell panel-grid-cell-empty\" ><\/div><div id=\"pgc-gb1561-69f22babea222-0-1\"  class=\"panel-grid-cell\" ><div id=\"panel-gb1561-69f22babea222-0-1-0\" class=\"so-panel widget widget_sow-editor panel-first-child panel-last-child\" data-index=\"0\" ><div\n\t\t\t\n\t\t\tclass=\"so-widget-sow-editor so-widget-sow-editor-base\"\n\t\t\t\n\t\t>\n<div class=\"siteorigin-widget-tinymce textwidget\">\n\t<table style=\"height: 1248px; width: 98.928%; border-collapse: collapse;\" border=\"1\">\n<tbody>\n<tr>\n<td style=\"width: 7.74441%;height: 32px;\">2026:<\/td>\n<td style=\"width: 92.2557%;height: 32px;\"><a href=\"https:\/\/ikf.ac.at\/en\/viprom-victim-protection-in-medicine\/\" target=\"_blank\" rel=\"noopener\">VIPROM \u2013 Victim Protection in Medicine. Exploiting practial knowledge of medical staff to enhance the multi-professional contact with victims of domestic violence<\/a><\/td>\n<\/tr>\n<tr>\n<td style=\"width: 7.74441%; height: 32px;\">2025:<\/td>\n<td style=\"width: 92.2557%; height: 32px;\"><a href=\"https:\/\/ikf.ac.at\/en\/2025-femizidanalyse-morde-und-mordversuche-an-frauen-2023-steiermark\/\" target=\"_blank\" rel=\"noopener\">Femizidanalyse: Morde und Mordversuche an Frauen im Jahr 2023 in der Steiermark. Qualitative Studie zu Gef\u00e4hrdungswahrnehmung und Hilfesuche<\/a><\/td>\n<\/tr>\n<tr>\n<td style=\"width: 7.74441%; height: 32px;\">2025:<\/td>\n<td style=\"width: 92.2557%; height: 32px;\"><a href=\"https:\/\/ikf.ac.at\/en\/2024-femizide-und-femizidversuche-in-beziehungen-wien\/\" target=\"_blank\" rel=\"noopener\">Femizide und Femizidversuche in Beziehungen. Qualitative Studie zu Gef\u00e4hrdungswahrnehmung und Hilfesuche in Wien<\/a><\/td>\n<\/tr>\n<tr>\n<td style=\"width: 7.74441%; height: 32px;\">2025:<\/td>\n<td style=\"width: 92.2557%; height: 32px;\"><a href=\"https:\/\/ikf.ac.at\/en\/evaluierung-der-stop-maennerarbeit\/\" target=\"_blank\" rel=\"noopener\">StoP - Disctricts without partner violence<\/a><\/td>\n<\/tr>\n<tr>\n<td style=\"width: 7.74441%; height: 32px;\">2024:<\/td>\n<td style=\"width: 92.2557%; height: 32px;\"><a href=\"https:\/\/ikf.ac.at\/en\/girlscan-mit-graffiti-gegen-gewalt-an-maedchen-und-frauen\/\" target=\"_blank\" rel=\"noopener\">#girlsCan \u2013 mit Graffiti gegen Gewalt an M\u00e4dchen und Frauen<\/a><\/td>\n<\/tr>\n<tr>\n<td style=\"width: 7.74441%; height: 32px;\">2023:<\/td>\n<td style=\"width: 92.2557%; height: 32px;\"><a href=\"https:\/\/ikf.ac.at\/en\/schwerpunkte\/sicherheit\/rechtsstaat\/2022-untersuchung-frauenmorde\/\" target=\"_blank\" rel=\"noopener\">Investigation of killings of women \u2013 a quantitative and qualitative analysis<\/a><\/td>\n<\/tr>\n<tr>\n<td style=\"width: 7.74441%; height: 32px;\">2022:<\/td>\n<td style=\"width: 92.2557%; height: 32px;\"><a href=\"https:\/\/ikf.ac.at\/en\/schwerpunkte\/sicherheit\/rechtsstaat\/2022-gewaltschutz-aktuell\/\" target=\"_blank\" rel=\"noopener\">Gewaltschutz aktuell<\/a><\/td>\n<\/tr>\n<tr>\n<td style=\"width: 7.74441%; height: 32px;\">2022:<\/td>\n<td style=\"width: 92.2557%; height: 32px;\"><a href=\"https:\/\/ikf.ac.at\/en\/schwerpunkte\/cleavages\/gender\/2022-girlscan-goes-gemeindebau\/\" target=\"_blank\" rel=\"noopener\">#girlsCan goes Gemeindebau!<\/a><\/td>\n<\/tr>\n<tr>\n<td style=\"width: 7.74441%; height: 32px;\">2022:<\/td>\n<td style=\"width: 92.2557%; height: 32px;\"><a href=\"https:\/\/ikf.ac.at\/en\/schwerpunkte\/cleavages\/gender\/2022-girlscan-empowerment-von-maedchen-durch-partizipative-graffitikunst\/\" target=\"_blank\" rel=\"noopener\">#girlsCan \u2013 Empowerment of girls through participatory graffiti art<\/a><\/td>\n<\/tr>\n<tr>\n<td style=\"width: 7.74441%; height: 32px;\">2022:<\/td>\n<td style=\"width: 92.2557%; height: 32px;\"><a href=\"https:\/\/ikf.ac.at\/en\/schwerpunkte\/cleavages\/gender\/2022-the-needs-and-lived-experiences-of-older-lbti-non-binary-persons-in-the-eu\/\" target=\"_blank\" rel=\"noopener\">The needs and lived experiences of older L*BTI + non-binary persons in the EU<\/a><\/td>\n<\/tr>\n<tr>\n<td style=\"width: 7.74441%; height: 32px;\">2022:<\/td>\n<td style=\"width: 92.2557%; height: 32px;\"><a href=\"https:\/\/ikf.ac.at\/en\/schwerpunkte\/sicherheit\/gewalt\/2022-dgfe-rolle-aufarbeitung-faelle-sexualisierter-gewalt-gegen-kinder-und-jugendliche-durch-paedagogische-professionelle\/\" target=\"_blank\" rel=\"noopener\">The German Educational Research Association and its role in dealing with cases of sexualized violence against children and adolescents by pedagogical professionals<\/a><\/td>\n<\/tr>\n<tr>\n<td style=\"width: 7.74441%; height: 32px;\">2022:<\/td>\n<td style=\"width: 92.2557%; height: 32px;\"><a href=\"https:\/\/ikf.ac.at\/en\/schwerpunkte\/sicherheit\/rechtsstaat\/2022-zwangsheirat-in-oesterreich\/\" target=\"_blank\" rel=\"noopener\">Forced Marriage in Austria. Study on the Prevalence among Juveniles<\/a><\/td>\n<\/tr>\n<tr>\n<td style=\"width: 7.74441%; height: 32px;\">2022:<\/td>\n<td style=\"width: 92.2557%; height: 32px;\"><a href=\"https:\/\/ikf.ac.at\/en\/schwerpunkte\/sicherheit\/rechtsstaat\/2022-schutz-der-sexuellen-integritaet\/\" target=\"_blank\" rel=\"noopener\">Protection of Sexual Integrity<\/a><\/td>\n<\/tr>\n<tr style=\"height: 24px;\">\n<td style=\"width: 7.74441%; height: 32px;\">2021:<\/td>\n<td style=\"width: 92.2557%; height: 32px;\"><a href=\"https:\/\/ikf.ac.at\/en\/schwerpunkte\/sicherheit\/gewalt\/2021-if-i-cant-spray-its-not-my-revolution-global-citizenship-education-durch-partizipative-graffitiworkshops-mit-maedchen\/\" target=\"_blank\" rel=\"noopener\">\u201eIf I can\u2019t spray, it\u2019s not my revolution!\u201c Global citizenship education durch partizipative Graffitiworkshops mit M\u00e4dchen<\/a><\/td>\n<\/tr>\n<tr style=\"height: 24px;\">\n<td style=\"width: 7.74441%; height: 32px;\">2021:<\/td>\n<td style=\"width: 92.2557%; height: 32px;\"><a href=\"https:\/\/ikf.ac.at\/en\/schwerpunkte\/sicherheit\/gewalt\/2021-evaluierung-von-stop-stadtteile-ohne-partnergewalt\/\" target=\"_blank\" rel=\"noopener\">Evaluation of \"StoP - Neighborhoods without Partner Violence\u201d<\/a><\/td>\n<\/tr>\n<tr style=\"height: 24px;\">\n<td style=\"width: 7.74441%; height: 32px;\">2021:<\/td>\n<td style=\"width: 92.2557%; height: 32px;\"><a href=\"https:\/\/ikf.ac.at\/en\/schwerpunkte\/sicherheit\/gewalt\/2021-staerkung-von-aelteren-frauen-gewaltpraevention-durch-aenderung-sozialer-normen-in-serbien-und-oesterreich\/\" target=\"_blank\" rel=\"noopener\">EmPreV \u2013 Empowerment of older women: preventing violence by challenging social norms in Serbia and Austria<\/a><\/td>\n<\/tr>\n<tr style=\"height: 24px;\">\n<td style=\"width: 7.74441%; height: 32px;\">2021:<\/td>\n<td style=\"width: 92.2557%; height: 32px;\"><a href=\"https:\/\/ikf.ac.at\/en\/schwerpunkte\/sicherheit\/gewalt\/2021-best-practice-gewaltschutz-im-zeichen-von-covid-19\/\" target=\"_blank\" rel=\"noopener\">Best practice: Protection against violence against women during COVID-19<\/a><\/td>\n<\/tr>\n<tr style=\"height: 24px;\">\n<td style=\"width: 7.74441%; height: 32px;\">2021:<\/td>\n<td style=\"width: 92.2557%; height: 32px;\"><a href=\"https:\/\/ikf.ac.at\/en\/schwerpunkte\/sicherheit\/gewalt\/2021-wohnungslose-frauen-und-gewalt\/\" target=\"_blank\" rel=\"noopener\">Wohnungslose Frauen und Gewalt<\/a><\/td>\n<\/tr>\n<tr style=\"height: 24px;\">\n<td style=\"width: 7.74441%; height: 32px;\">2021:<\/td>\n<td style=\"width: 92.2557%; height: 32px;\"><a href=\"https:\/\/ikf.ac.at\/en\/schwerpunkte\/sicherheit\/gewalt\/2021-justizielle-verfahrenserledigung-bei-partnergewalt\/\" target=\"_blank\" rel=\"noopener\">Justizielle Verfahrenserledigung bei Partnergewalt<\/a><\/td>\n<\/tr>\n<tr style=\"height: 24px;\">\n<td style=\"width: 7.74441%; height: 32px;\">2019:<\/td>\n<td style=\"width: 92.2557%; height: 32px;\"><a href=\"https:\/\/ikf.ac.at\/en\/schwerpunkte\/sicherheit\/gewalt\/2019-gewaltschutzplan-tirol\/\" target=\"_blank\" rel=\"noopener\">Gewaltschutzplan Sozialer Nahraum des Landes Tirol<\/a><\/td>\n<\/tr>\n<tr style=\"height: 24px;\">\n<td style=\"width: 7.74441%; height: 32px;\">2019:<\/td>\n<td style=\"width: 92.2557%; height: 32px;\"><a href=\"https:\/\/ikf.ac.at\/en\/schwerpunkte\/sicherheit\/gewalt\/2019-familienbericht\/\" target=\"_blank\" rel=\"noopener\">Familienbericht: &#8220;Gewalt in der Familie&#8221;<\/a><\/td>\n<\/tr>\n<tr style=\"height: 24px;\">\n<td style=\"width: 7.74441%; height: 32px;\">2019:<\/td>\n<td style=\"width: 92.2557%; height: 32px;\"><a href=\"https:\/\/ikf.ac.at\/en\/schwerpunkte\/sicherheit\/gewalt\/gewalt-soehne-toechter-gegen-eltern\/\" target=\"_blank\" rel=\"noopener\">Violence of sons and daughters against their parents<\/a><\/td>\n<\/tr>\n<tr style=\"height: 24px;\">\n<td style=\"width: 7.74441%; height: 32px;\">2018:<\/td>\n<td style=\"width: 92.2557%; height: 32px;\"><a href=\"https:\/\/ikf.ac.at\/en\/schwerpunkte\/sicherheit\/gewalt\/2018-evaluierung-programme-opferschutzorientierte-taeterarbeit\/\" target=\"_blank\" rel=\"noopener\">Evaluation of victim-focused programs working with offenders<\/a><\/td>\n<\/tr>\n<tr style=\"height: 24px;\">\n<td style=\"width: 7.74441%; height: 32px;\">2018:<\/td>\n<td style=\"width: 92.2557%; height: 32px;\"><a href=\"https:\/\/ikf.ac.at\/en\/schwerpunkte\/sicherheit\/gewalt\/2018-oekonomisches-und-soziales-empowerment-gewaltbetroffene-frauen\/\" target=\"_blank\" rel=\"noopener\">&#8220;\u00d6konomisches und soziales Empowerment von gewaltbetroffenen Frauen&#8221; \u2013 Qualitative Evaluierung<\/a><\/td>\n<\/tr>\n<tr style=\"height: 24px;\">\n<td style=\"width: 7.74441%; height: 32px;\">2018:<\/td>\n<td style=\"width: 92.2557%; height: 32px;\"><a href=\"https:\/\/ikf.ac.at\/en\/schwerpunkte\/sicherheit\/gewalt\/2018-evaluierung-sexualstraftaten\/\" target=\"_blank\" rel=\"noopener\">Court reactions on Sexual Offences<\/a><\/td>\n<\/tr>\n<tr style=\"height: 24px;\">\n<td style=\"width: 7.74441%; height: 32px;\">2017:<\/td>\n<td style=\"width: 92.2557%; height: 32px;\"><a href=\"https:\/\/ikf.ac.at\/en\/schwerpunkte\/sicherheit\/gewalt\/2017-opferschutzarbeit-im-krankenhaus\/\" target=\"_blank\" rel=\"noopener\">Victim protection in Viennese hospitals<\/a><\/td>\n<\/tr>\n<tr style=\"height: 24px;\">\n<td style=\"width: 7.74441%; height: 32px;\">2017:<\/td>\n<td style=\"width: 92.2557%; height: 32px;\"><a href=\"https:\/\/ikf.ac.at\/en\/schwerpunkte\/sicherheit\/gewalt\/2017-expertinnentaetigkeit-eige\/\" target=\"_blank\" rel=\"noopener\">Expert function for the European Institute for Gender Equality (EIGE)<\/a><\/td>\n<\/tr>\n<tr style=\"height: 24px;\">\n<td style=\"width: 7.74441%; height: 32px;\">2016:<\/td>\n<td style=\"width: 92.2557%; height: 32px;\"><a href=\"https:\/\/ikf.ac.at\/en\/schwerpunkte\/sicherheit\/gewalt\/2016-junge-frauen-und-maenner-sexuelle-belaestigung-ausbildung-beruf\/\" target=\"_blank\" rel=\"noopener\">Young Women and Men Affected by Sexual Harassment during Professional Training and in the Workplace<\/a><\/td>\n<\/tr>\n<tr style=\"height: 24px;\">\n<td style=\"width: 7.74441%; height: 32px;\">2016:<\/td>\n<td style=\"width: 92.2557%; height: 32px;\"><a href=\"https:\/\/ikf.ac.at\/en\/schwerpunkte\/sicherheit\/gewalt\/2016-snap-special-needs-and-protection-orders\/\" target=\"_blank\" rel=\"noopener\">SNaP \u2013 Special Needs and Protection orders.     Police and judicial protection in cases of violence in close social relationships \u2013 the situation of women with special needs<\/a><\/td>\n<\/tr>\n<tr style=\"height: 24px;\">\n<td style=\"width: 7.74441%; height: 32px;\">2015:<\/td>\n<td style=\"width: 92.2557%; height: 32px;\"><a href=\"https:\/\/ikf.ac.at\/en\/schwerpunkte\/sicherheit\/gewalt\/2015-inasc-verbesserte-unterstuetzung-der-opfer-von-partnergewalt-durch-polizei-und-justiz\/\" target=\"_blank\" rel=\"noopener\">INASC \u2013 Improving needs assessment and victim\u2019s support in domestic violence related criminal proceedings<\/a><\/td>\n<\/tr>\n<tr style=\"height: 24px;\">\n<td style=\"width: 7.74441%; height: 32px;\">2015:<\/td>\n<td style=\"width: 92.2557%; height: 32px;\"><a href=\"https:\/\/ikf.ac.at\/en\/schwerpunkte\/sicherheit\/gewalt\/2015-restorative-justice\/\" target=\"_blank\" rel=\"noopener\">Restorative justice in cases of domestic violence. Best practice examples between increasing mutual understanding and awareness of specific protection needs<\/a><\/td>\n<\/tr>\n<tr style=\"height: 24px;\">\n<td style=\"width: 7.74441%; height: 32px;\">2014:<\/td>\n<td style=\"width: 92.2557%; height: 32px;\"><a href=\"https:\/\/ikf.ac.at\/en\/schwerpunkte\/sicherheit\/gewalt\/2014-commun-aid\/\" target=\"_blank\" rel=\"noopener\">Increasing the capacity of domestic workers of different origins to respond to sexual violence through community-based interventions (COMMUN-AID)<\/a><\/td>\n<\/tr>\n<tr style=\"height: 24px;\">\n<td style=\"width: 7.74441%; height: 32px;\">2013:<\/td>\n<td style=\"width: 92.2557%; height: 32px;\"><a href=\"https:\/\/ikf.ac.at\/en\/schwerpunkte\/sicherheit\/gewalt\/2013-schutz-vor-partnergewalt-in-der-republik-moldau\/\" target=\"_blank\" rel=\"noopener\">Protection against Partner Violence in the Republic of Moldova<\/a><\/td>\n<\/tr>\n<tr style=\"height: 24px;\">\n<td style=\"width: 7.74441%; height: 32px;\">2013:<\/td>\n<td style=\"width: 92.2557%; height: 32px;\"><a href=\"https:\/\/ikf.ac.at\/en\/schwerpunkte\/sicherheit\/gewalt\/2013-sexuelle-aggressionen-bei-jungen-maennern\/\" target=\"_blank\" rel=\"noopener\">Sexuelle Aggressionen bei jungen M\u00e4nnern<\/a><\/td>\n<\/tr>\n<tr style=\"height: 24px;\">\n<td style=\"width: 7.74441%; height: 32px;\">2013:<\/td>\n<td style=\"width: 92.2557%; height: 32px;\"><a href=\"https:\/\/ikf.ac.at\/en\/schwerpunkte\/sicherheit\/gewalt\/2013-mind-the-gap\/\" target=\"_blank\" rel=\"noopener\">Mind the Gap! Verbesserte Interventionen bei Partnergewalt gegen \u00e4ltere Frauen<\/a><\/td>\n<\/tr>\n<tr style=\"height: 24px;\">\n<td style=\"width: 7.74441%; height: 32px;\">2012:<\/td>\n<td style=\"width: 92.2557%; height: 32px;\"><a href=\"https:\/\/ikf.ac.at\/en\/schwerpunkte\/sicherheit\/gewalt\/2012-fokusgruppen-gewalt\/\" target=\"_blank\" rel=\"noopener\">Fokusgruppen Gewalt<\/a><\/td>\n<\/tr>\n<tr style=\"height: 24px;\">\n<td style=\"width: 7.74441%; height: 32px;\">2011:<\/td>\n<td style=\"width: 92.2557%; height: 32px;\"><a href=\"https:\/\/ikf.ac.at\/en\/schwerpunkte\/sicherheit\/gewalt\/2011-high-risk-victims-toetungsdelikte-in-beziehungen-verurteilungen-2008-2010\/\" target=\"_blank\" rel=\"noopener\">&#8220;High-Risk Victims&#8221; T\u00f6tungsdelikte in Beziehungen: Verurteilungen 2008-2010<\/a><\/td>\n<\/tr>\n<tr style=\"height: 24px;\">\n<td style=\"width: 7.74441%; height: 32px;\">2010:<\/td>\n<td style=\"width: 92.2557%; height: 32px;\"><a href=\"https:\/\/ikf.ac.at\/en\/schwerpunkte\/sicherheit\/gewalt\/2010-ipvow\/\" target=\"_blank\" rel=\"noopener\">Partnergewalt gegen \u00e4ltere Frauen (Intimate Partner Violence against elderly Women) \u2013 L\u00e4nderbericht \u00d6sterreich<\/a><\/td>\n<\/tr>\n<tr style=\"height: 24px;\">\n<td style=\"width: 7.74441%; height: 32px;\">2010:<\/td>\n<td style=\"width: 92.2557%; height: 32px;\"><a href=\"https:\/\/ikf.ac.at\/en\/schwerpunkte\/sicherheit\/gewalt\/2010-frauenbericht-2010-beziehungsgewalt-gegen-frauen\/\" target=\"_blank\" rel=\"noopener\">Frauenbericht 2010: Beziehungsgewalt gegen Frauen<\/a><\/td>\n<\/tr>\n<tr style=\"height: 24px;\">\n<td style=\"width: 7.74441%; height: 32px;\">2010:<\/td>\n<td style=\"width: 92.2557%; height: 32px;\"><a href=\"https:\/\/ikf.ac.at\/en\/schwerpunkte\/sicherheit\/gewalt\/2010-begleitforschung-zur-qualitaetssicherung-in-der-prozessbegleitung\/\" target=\"_blank\" rel=\"noopener\">Begleitforschung zur Qualit\u00e4tssicherung in der Prozessbegleitung<\/a><\/td>\n<\/tr>\n<tr style=\"height: 24px;\">\n<td style=\"width: 7.74441%; height: 32px;\">2010:<\/td>\n<td style=\"width: 92.2557%; height: 32px;\"><a href=\"https:\/\/ikf.ac.at\/en\/schwerpunkte\/sicherheit\/gewalt\/2010-kooperation-von-oeffentlicher-jugendhilfe-und-strafjustiz-bei-sexualdelikten-gegen-kinder-oesterreich-teil\/\" target=\"_blank\" rel=\"noopener\">Kooperation von \u00f6ffentlicher Jugendhilfe und Strafjustiz bei Sexualdelikten gegen Kinder \u2013 \u00d6sterreich-Teil<\/a><\/td>\n<\/tr>\n<tr style=\"height: 24px;\">\n<td style=\"width: 7.74441%; height: 32px;\">2010:<\/td>\n<td style=\"width: 92.2557%; height: 32px;\"><a href=\"https:\/\/ikf.ac.at\/en\/schwerpunkte\/cleavages\/gender\/2010-feasibility-study-gender-violence-and-violence-against-children\/\" target=\"_blank\" rel=\"noopener\">Feasibility Study: National legislation on gender violence and violence against children<\/a><\/td>\n<\/tr>\n<tr style=\"height: 24px;\">\n<td style=\"width: 7.74441%; height: 32px;\">2009:<\/td>\n<td style=\"width: 92.2557%; height: 32px;\"><a href=\"https:\/\/ikf.ac.at\/en\/schwerpunkte\/sicherheit\/gewalt\/2009-familienbericht-2009-gewalt-in-der-familie\/\" target=\"_blank\" rel=\"noopener\">Familienbericht 2009: Gewalt in der Familie<\/a><\/td>\n<\/tr>\n<tr style=\"height: 24px;\">\n<td style=\"width: 7.74441%; height: 32px;\">2007:<\/td>\n<td style=\"width: 92.2557%; height: 32px;\"><a href=\"https:\/\/ikf.ac.at\/en\/schwerpunkte\/sicherheit\/gewalt\/2007-prozessbegleitung\/\" target=\"_blank\" rel=\"noopener\">Prozessbegleitung<\/a><\/td>\n<\/tr>\n<tr style=\"height: 24px;\">\n<td style=\"width: 7.74441%; height: 32px;\">2006:<\/td>\n<td style=\"width: 92.2557%; height: 32px;\"><a href=\"https:\/\/ikf.ac.at\/en\/schwerpunkte\/sicherheit\/gewalt\/2006-kosten-haeuslicher-gewalt-in-oesterreich\/\" target=\"_blank\" rel=\"noopener\">Kosten h\u00e4uslicher Gewalt in \u00d6sterreich<\/a><\/td>\n<\/tr>\n<tr style=\"height: 24px;\">\n<td style=\"width: 7.74441%; height: 32px;\">2005:<\/td>\n<td style=\"width: 92.2557%; height: 32px;\"><a href=\"https:\/\/ikf.ac.at\/en\/schwerpunkte\/sicherheit\/gewalt\/2005-gewalt-gegen-kinder\/\" target=\"_blank\" rel=\"noopener\">Gewalt gegen Kinder<\/a><\/td>\n<\/tr>\n<tr style=\"height: 24px;\">\n<td style=\"width: 7.74441%; height: 32px;\">2004:<\/td>\n<td style=\"width: 92.2557%; height: 32px;\"><a href=\"https:\/\/ikf.ac.at\/en\/schwerpunkte\/sicherheit\/gewalt\/2004-aussenstellen-der-interventionsstellen-oberoesterreich-und-niederoesterreich\/\" target=\"_blank\" rel=\"noopener\">Au\u00dfenstellen der Interventionsstellen Ober\u00f6sterreich und Nieder\u00f6sterreich \u2013 eine erste Einsch\u00e4tzung von Erfolgen und Bed\u00fcrfnissen<\/a><\/td>\n<\/tr>\n<tr style=\"height: 24px;\">\n<td style=\"width: 7.74441%; height: 32px;\">2004:<\/td>\n<td style=\"width: 92.2557%; height: 32px;\"><a href=\"https:\/\/ikf.ac.at\/en\/schwerpunkte\/sicherheit\/gewalt\/2004-gewaltpraevention-in-der-schule\/\" target=\"_blank\" rel=\"noopener\">Gewaltpr\u00e4vention in der Schule<\/a><\/td>\n<\/tr>\n<tr style=\"height: 24px;\">\n<td style=\"width: 7.74441%; height: 32px;\">2002:<\/td>\n<td style=\"width: 92.2557%; height: 32px;\"><a href=\"https:\/\/ikf.ac.at\/en\/schwerpunkte\/sicherheit\/gewalt\/2002-folgestudie-evaluierung-bundesgesetz_schutz_vor_gewalt_in_der_familie\/\" target=\"_blank\" rel=\"noopener\">Folgestudie zur Evaluierung des Bundesgesetzes zum Schutz vor Gewalt in der Familie<\/a><\/td>\n<\/tr>\n<tr style=\"height: 24px;\">\n<td style=\"width: 7.74441%; height: 32px;\">1998:<\/td>\n<td style=\"width: 92.2557%; height: 32px;\"><a href=\"https:\/\/ikf.ac.at\/en\/schwerpunkte\/sicherheit\/gewalt\/1999-begleitstudie-implementierung-bundesgesetz-zum-schutz-vor-gewalt-in-der-familie\/\" target=\"_blank\" rel=\"noopener\">Begleitstudie zur Implementierung des Bundesgesetzes zum Schutz vor Gewalt in der Familie<\/a><\/td>\n<\/tr>\n<tr style=\"height: 24px;\">\n<td style=\"width: 7.74441%; height: 32px;\">1998:<\/td>\n<td style=\"width: 92.2557%; height: 32px;\"><a href=\"https:\/\/ikf.ac.at\/en\/schwerpunkte\/sicherheit\/gewalt\/1998-literaturrecherche-und-analyse-zum-thema-arbeit-mit-gewalttaetern\/\" target=\"_blank\" rel=\"noopener\">Literaturrecherche und Analyse zum Thema Arbeit mit Gewaltt\u00e4tern<\/a><\/td>\n<\/tr>\n<tr style=\"height: 24px;\">\n<td style=\"width: 7.74441%; height: 32px;\">1996:<\/td>\n<td style=\"width: 92.2557%; height: 32px;\"><a href=\"https:\/\/ikf.ac.at\/en\/schwerpunkte\/sicherheit\/gewalt\/1996-gewalt-gegen-exekutivbeamte-und-beamtinnen\/\" target=\"_blank\" rel=\"noopener\">Gewalt gegen Exekutivbeamte und -beamtinnen<\/a><\/td>\n<\/tr>\n<\/tbody>\n<\/table>\n<\/div>\n<\/div><\/div><\/div><\/div><\/div>\n\n\n<div style=\"color:#333\" class=\"wp-block-genesis-blocks-gb-spacer gb-block-spacer gb-divider-solid gb-spacer-divider gb-divider-size-1\"><hr style=\"height:100px\"\/><\/div>\n<\/div><\/div><\/div>","protected":false},"excerpt":{"rendered":"","protected":false},"author":1,"featured_media":0,"parent":1739,"menu_order":1,"comment_status":"closed","ping_status":"closed","template":"","meta":{"footnotes":""},"class_list":["post-1561","page","type-page","status-publish","hentry","post"],"featured_image_src":null,"featured_image_src_square":null,"_links":{"self":[{"href":"https:\/\/ikf.ac.at\/en\/wp-json\/wp\/v2\/pages\/1561","targetHints":{"allow":["GET"]}}],"collection":[{"href":"https:\/\/ikf.ac.at\/en\/wp-json\/wp\/v2\/pages"}],"about":[{"href":"https:\/\/ikf.ac.at\/en\/wp-json\/wp\/v2\/types\/page"}],"author":[{"embeddable":true,"href":"https:\/\/ikf.ac.at\/en\/wp-json\/wp\/v2\/users\/1"}],"replies":[{"embeddable":true,"href":"https:\/\/ikf.ac.at\/en\/wp-json\/wp\/v2\/comments?post=1561"}],"version-history":[{"count":38,"href":"https:\/\/ikf.ac.at\/en\/wp-json\/wp\/v2\/pages\/1561\/revisions"}],"predecessor-version":[{"id":5786,"href":"https:\/\/ikf.ac.at\/en\/wp-json\/wp\/v2\/pages\/1561\/revisions\/5786"}],"up":[{"embeddable":true,"href":"https:\/\/ikf.ac.at\/en\/wp-json\/wp\/v2\/pages\/1739"}],"wp:attachment":[{"href":"https:\/\/ikf.ac.at\/en\/wp-json\/wp\/v2\/media?parent=1561"}],"curies":[{"name":"wp","href":"https:\/\/api.w.org\/{rel}","templated":true}]}}