{"id":138,"date":"2021-01-05T22:57:48","date_gmt":"2021-01-05T22:57:48","guid":{"rendered":"http:\/\/test-ikf.online\/?page_id=138"},"modified":"2026-04-22T08:36:22","modified_gmt":"2026-04-22T08:36:22","slug":"aktuelles","status":"publish","type":"page","link":"https:\/\/ikf.ac.at\/en\/aktuelles","title":{"rendered":"AKTUELLES"},"content":{"rendered":"<div class=\"wp-block-atomic-blocks-ab-container alignfull ab-block-container\"><div class=\"ab-container-inside\"><div class=\"ab-container-content\"><div id=\"pl-gb138-69f22baea60f4\"  class=\"panel-layout wp-block-siteorigin-panels-layout-block\" ><div id=\"pg-gb138-69f22baea60f4-0\"  class=\"panel-grid panel-no-style\" ><div id=\"pgc-gb138-69f22baea60f4-0-0\"  class=\"panel-grid-cell\" ><div id=\"panel-gb138-69f22baea60f4-0-0-0\" class=\"so-panel widget widget_media_image panel-first-child panel-last-child\" data-index=\"0\" ><img loading=\"lazy\" decoding=\"async\" width=\"2554\" height=\"10\" src=\"https:\/\/ikf.ac.at\/wp-content\/uploads\/2021\/01\/linie_IKF.jpg\" class=\"image wp-image-754  attachment-full size-full\" alt=\"\" style=\"max-width: 100%; height: auto;\" srcset=\"https:\/\/ikf.ac.at\/wp-content\/uploads\/2021\/01\/linie_IKF.jpg 2554w, https:\/\/ikf.ac.at\/wp-content\/uploads\/2021\/01\/linie_IKF-300x1.jpg 300w, https:\/\/ikf.ac.at\/wp-content\/uploads\/2021\/01\/linie_IKF-1024x4.jpg 1024w, https:\/\/ikf.ac.at\/wp-content\/uploads\/2021\/01\/linie_IKF-768x3.jpg 768w, https:\/\/ikf.ac.at\/wp-content\/uploads\/2021\/01\/linie_IKF-1536x6.jpg 1536w, https:\/\/ikf.ac.at\/wp-content\/uploads\/2021\/01\/linie_IKF-2048x8.jpg 2048w\" sizes=\"auto, (max-width: 2554px) 100vw, 2554px\" \/><\/div><\/div><\/div><\/div>\n\n\n<div style=\"height:25px\" aria-hidden=\"true\" class=\"wp-block-spacer\"><\/div>\n\n\n\n<div style=\"color:#ddd\" class=\"wp-block-genesis-blocks-gb-spacer gb-block-spacer gb-divider-solid gb-divider-size-1\"><hr style=\"height:30px\"\/><\/div>\n\n\n<div id=\"pl-gb138-69f22baea65e4\"  class=\"panel-layout wp-block-siteorigin-panels-layout-block\" ><div id=\"pg-gb138-69f22baea65e4-0\"  class=\"panel-grid panel-no-style\" ><div id=\"pgc-gb138-69f22baea65e4-0-0\"  class=\"panel-grid-cell panel-grid-cell-mobile-last\" ><div id=\"panel-gb138-69f22baea65e4-0-0-0\" class=\"so-panel widget widget_sow-editor panel-first-child panel-last-child\" data-index=\"0\" ><div\n\t\t\t\n\t\t\tclass=\"so-widget-sow-editor so-widget-sow-editor-base\"\n\t\t\t\n\t\t>\n<div class=\"siteorigin-widget-tinymce textwidget\">\n\t<p><strong><span style=\"color: #8f0000; font-size: x-large;\">Antisemitismus in der Schule<\/span><br \/>\n<span style=\"color: #8f0000; font-size: large;\">Case Management Strategien und Empfehlungen f\u00fcr Schulmanagement und Lehrpersonen<\/span><\/strong><\/p>\n<p>Die Handreichung steht ab sofort online zur Verf\u00fcgung.<\/p>\n<p>Web version (in German): <a href=\"https:\/\/www.schule-ohne-antisemitismus.at\" target=\"_blank\" rel=\"noopener\">https:\/\/www.schule-ohne-antisemitismus.at<\/a> oder als <a href=\"https:\/\/ikf.ac.at\/wp-content\/uploads\/2025\/11\/IKF_Handreichung.pdf\" target=\"_blank\" rel=\"noopener\">.pdf zum Download<\/a>.<\/p>\n<\/div>\n<\/div><\/div><\/div><div id=\"pgc-gb138-69f22baea65e4-0-1\"  class=\"panel-grid-cell panel-grid-cell-empty\" ><\/div><\/div><\/div>\n\n\n<div style=\"color:#ddd\" class=\"wp-block-genesis-blocks-gb-spacer gb-block-spacer gb-divider-solid gb-spacer-divider gb-divider-size-3\"><hr style=\"height:37px\"\/><\/div>\n\n\n<div id=\"pl-gb138-69f22baea6a18\"  class=\"panel-layout wp-block-siteorigin-panels-layout-block\" ><div id=\"pg-gb138-69f22baea6a18-0\"  class=\"panel-grid panel-no-style\" ><div id=\"pgc-gb138-69f22baea6a18-0-0\"  class=\"panel-grid-cell\" ><div id=\"panel-gb138-69f22baea6a18-0-0-0\" class=\"so-panel widget widget_sow-editor panel-first-child panel-last-child\" data-index=\"0\" ><div\n\t\t\t\n\t\t\tclass=\"so-widget-sow-editor so-widget-sow-editor-base\"\n\t\t\t\n\t\t>\n<div class=\"siteorigin-widget-tinymce textwidget\">\n\t<h1><strong>ANTON PELINKA<\/strong><\/h1>\n<h2><strong>Wissenschaftlicher Leiter des IKF 1990-2012<\/strong><\/h2>\n<p align=\"justify\">Anton Pelinka leitete von 1990 bis 2012, also 22 Jahre lang, das au\u00dferuniversit\u00e4re Institut f\u00fcr Konfliktforschung in Wien. Er machte dies zuerst neben seiner T\u00e4tigkeit als Professor f\u00fcr Politikwissenschaft an der Universit\u00e4t Innsbruck, sp\u00e4ter neben seiner Professur an der Central European University in Budapest. Dieses Mehrfachengagement wurzelte in seiner tiefen \u00dcberzeugung, dass Wissenschaft \u00fcber den Elfenbeinturm hinauswirken m\u00fcsse.<\/p>\n<p align=\"justify\">F\u00fcr Anton Pelinka war der Konflikt das eigentliche Thema der Politik und somit der empirisch-kritischen Politikwissenschaft. Dort, wo Konflikte thematisiert oder ausgeblendet werden, wo sie auftreten, wo sie bearbeitet und entschieden werden, \u00fcberall dort braucht es politikwissenschaftliche Analyse.<\/p>\n<p align=\"justify\">Anton Pelinka repr\u00e4sentierte ein breites Politikverst\u00e4ndnis. Sein \u201ePolitisches Alltagsverst\u00e4ndnis\u201c umfasste Arenen wie den Staat, die Wirtschaft, die Zivilgesellschaft, den Arbeitsplatz, und ebenso privat-famili\u00e4re Lebensformen und Lebenswelten. Dieser Zugang pr\u00e4gte das sozialwissenschaftliche Profil des IKF. Nachhaltige Forschungsschwerpunkte wie Historische Sozialforschung, Partnergewalt\/Gewalt im h\u00e4uslichen Umfeld, sozio\u00f6konomische Konflikte und Wohnpolitik, Antisemitismus, Rassismus und Fremdenfeindlichkeit, Rechtsextremismus, Geschlechterforschung, Religion und Migration sowie Demokratieforschung entstanden w\u00e4hrend seiner Leitung.<\/p>\n<p align=\"justify\">Anton Pelinka hat \u00fcber einen breiten Kanon an politischen Themen und politischen R\u00e4umen geforscht, geschrieben, gelehrt und \u00f6ffentlich gesprochen. Seine internationale Forschungs- und Lehrt\u00e4tigkeit, seine zahlreichen Reisen und Aufenthalte zwischen Indien und den USA, erlaubten es dem IKF, eine Art Sensor f\u00fcr neue Spannungen und Konflikte zu werden, diese in Forschungsprojekte zu \u00fcbersetzen und an \u00f6ffentlichen Debatten teilzunehmen.<\/p>\n<p align=\"justify\">Anton Pelinka war ein Demokrat; einer der an die Vielen dachte und zu ihnen und mit ihnen sprach; einer der Wahlen f\u00fcr die Demokratie als essentiell verstand, f\u00fcr den Demokratie aber stets mehr war als Wahlen, n\u00e4mlich Institutionen, Regeln, Rechte, Verantwortung und Aushandlung.<\/p>\n<p align=\"justify\">Anton Pelinka war ein scharfer, gewissenhafter Kommunikator und Schreiber. Und er war ein begeisterter Buch-Leser. Besonders faszinierten ihn politische Biographien. Er selbst schrieb einige, wie <em>Windstille. Klagen \u00fcber \u00d6sterrei<\/em><em>ch<\/em> (1985). Dieses Buch kann noch heute als eine inspirierende, auf die Problematik der Abwesenheit von Konflikt fokussierende \u00d6sterreich-Biographie gelesen werden. Mit zahlreichen Konflikten nach 1985, wie dem Populismus und dem Rechtsnationalismus besch\u00e4ftigte er sich streitbar. Seine politische Autobiographie <em>Nach der Windstille<\/em> (2009) gibt brillant formuliert, sozialwissenschaftlich analysiert und mit pers\u00f6nlichen Meinungen angereichert Einblicke in die Konflikte, die auf die vermeintliche Zeit der Insel der Seligen folgte.<\/p>\n<p align=\"justify\">Anton Pelinka hat das IKF geformt, in dem er sich um das Institut gek\u00fcmmert hat, um Ressourcen und um die Mitarbeiter:innen. Er hat, und dies nicht nur am IKF, viele Wissenschafter:innen gef\u00f6rdert, indem er ihnen vertraute und viel zutraute, ihnen T\u00fcren \u00f6ffnete, sie an nationalen wie internationalen Kontakten teilnehmen lie\u00df.<\/p>\n<p align=\"justify\">Wir verabschieden uns mit gro\u00dfer Dankbarkeit f\u00fcr die wissenschaftliche Anleitung und Begleitung, f\u00fcr die pers\u00f6nlichen Gespr\u00e4che und vielseitigen Unterst\u00fctzungen, f\u00fcr die pointierte Analyse und Kommunikation der komplexen politischen Welt. Deine Werte, deine Gedanken, deine Sichtweisen, deine B\u00fccher und Artikel, deine Kollegialit\u00e4t werden bleiben.<\/p>\n<p>F\u00fcr das IKF:<br \/>\nSieglinde Rosenberger (Pr\u00e4sidentin des IKF)<br \/>\nBirgitt Haller (ehemalige wissenschaftliche Leiterin des IKF)<br \/>\nKarin Liebhart (Wissenschaftliche Leiterin des IKF)<br \/>\n&nbsp;<\/p>\n<\/div>\n<\/div><\/div><\/div><div id=\"pgc-gb138-69f22baea6a18-0-1\"  class=\"panel-grid-cell\" ><div id=\"panel-gb138-69f22baea6a18-0-1-0\" class=\"so-panel widget widget_media_image panel-first-child panel-last-child\" data-index=\"1\" ><img loading=\"lazy\" decoding=\"async\" width=\"225\" height=\"300\" src=\"https:\/\/ikf.ac.at\/wp-content\/uploads\/2025\/10\/Pelinka_Vienna_June_2006_015_klein-225x300.jpg\" class=\"image wp-image-5507  attachment-medium size-medium\" alt=\"Anton Pelinka\" style=\"max-width: 100%; height: auto;\" srcset=\"https:\/\/ikf.ac.at\/wp-content\/uploads\/2025\/10\/Pelinka_Vienna_June_2006_015_klein-225x300.jpg 225w, https:\/\/ikf.ac.at\/wp-content\/uploads\/2025\/10\/Pelinka_Vienna_June_2006_015_klein-9x12.jpg 9w, https:\/\/ikf.ac.at\/wp-content\/uploads\/2025\/10\/Pelinka_Vienna_June_2006_015_klein.jpg 257w\" sizes=\"auto, (max-width: 225px) 100vw, 225px\" \/><\/div><\/div><\/div><\/div>\n\n\n<p><\/p>\n\n\n\n<div style=\"color:#ddd\" class=\"wp-block-genesis-blocks-gb-spacer gb-block-spacer gb-divider-solid gb-spacer-divider gb-divider-size-3\"><hr style=\"height:37px\"\/><\/div>\n\n\n<div id=\"pl-gb138-69f22baea7169\"  class=\"panel-layout wp-block-siteorigin-panels-layout-block\" ><div id=\"pg-gb138-69f22baea7169-0\"  class=\"panel-grid panel-no-style\" ><div id=\"pgc-gb138-69f22baea7169-0-0\"  class=\"panel-grid-cell\" ><div id=\"panel-gb138-69f22baea7169-0-0-0\" class=\"so-panel widget widget_sow-editor panel-first-child panel-last-child\" data-index=\"0\" ><div\n\t\t\t\n\t\t\tclass=\"so-widget-sow-editor so-widget-sow-editor-base\"\n\t\t\t\n\t\t>\n<div class=\"siteorigin-widget-tinymce textwidget\">\n\t<p><strong><span style=\"font-size: large;\">Mag. Mag. Dr. Dr. Hubert Sickinger (1965-2025)<\/span><\/strong><\/p>\n<p align=\"justify\">Mit gro\u00dfer Trauer haben wir erfahren, dass Mag. Mag. Dr. Dr. Hubert Sickinger, langj\u00e4hriger Mitarbeiter des Instituts f\u00fcr Konfliktforschung, verstorben ist. \u00dcber zwei Jahrzehnte lang hat Hubert Sickinger als kritischer und engagierter Politikwissenschaftler und Rechtswissenschaftler das Forschungsprofil des IKF wesentlich mitgepr\u00e4gt, insbesondere in den Bereichen Demokratiequalit\u00e4t, Demokratiereform, Politikfinanzierung und Korruption.<\/p>\n<p align=\"justify\">Wir erinnern uns an einen gesch\u00e4tzten Kollegen mit besonderem Engagement f\u00fcr Informationsfreiheit und Transparenz in der Politik.<\/p>\n<p align=\"justify\">Unser tiefes Mitgef\u00fchl gilt seiner Familie und allen, die ihm nahestanden.<\/p>\n<p><a href=\"https:\/\/www.derstandard.at\/story\/3000000269349\/politikwissenschafter-hubert-sickinger-gestorben\" target=\"_blank\" rel=\"noopener\">Zum Kondolenzbuch des Standard<\/a><br \/>\n<a href=\"https:\/\/ooe.orf.at\/stories\/3305016\/\" target=\"_blank\" rel=\"noopener\">Zum Beitrag des ORF<\/a><\/p>\n<\/div>\n<\/div><\/div><\/div><\/div><\/div>\n\n\n<div style=\"color:#ddd\" class=\"wp-block-genesis-blocks-gb-spacer gb-block-spacer gb-divider-solid gb-spacer-divider gb-divider-size-3\"><hr style=\"height:37px\"\/><\/div>\n\n\n<div id=\"pl-gb138-69f22baea75c2\"  class=\"panel-layout wp-block-siteorigin-panels-layout-block\" ><div id=\"pg-gb138-69f22baea75c2-0\"  class=\"panel-grid panel-no-style\" ><div id=\"pgc-gb138-69f22baea75c2-0-0\"  class=\"panel-grid-cell\" ><div id=\"panel-gb138-69f22baea75c2-0-0-0\" class=\"so-panel widget widget_sow-editor panel-first-child panel-last-child\" data-index=\"0\" ><div\n\t\t\t\n\t\t\tclass=\"so-widget-sow-editor so-widget-sow-editor-base\"\n\t\t\t\n\t\t>\n<div class=\"siteorigin-widget-tinymce textwidget\">\n\t<p><strong><span style=\"color: #8f0000; font-size: large;\">Neu erschienen:<\/span><\/strong><br \/>\nF\u00fcr den Blog von FriEnt \u2013 Arbeitsgemeinschaft Frieden und Entwicklung hat Stefanie Mayer \u00fcber Zusammenh\u00e4nge zwischen Antifeminismus und autorit\u00e4ren Bestrebungen nachgedacht. Der englischsprachige Beitrag kann <a href=\"https:\/\/frient.de\/artikel\/naturalizing-inequality\/\" target=\"_blank\" rel=\"noopener\">hier<\/a> nachgelesen werden.<\/p>\n<\/div>\n<\/div><\/div><\/div><\/div><\/div>\n\n\n<div style=\"color:#ddd\" class=\"wp-block-genesis-blocks-gb-spacer gb-block-spacer gb-divider-solid gb-spacer-divider gb-divider-size-3\"><hr style=\"height:37px\"\/><\/div>\n\n\n<div id=\"pl-gb138-69f22baea7a1f\"  class=\"panel-layout wp-block-siteorigin-panels-layout-block\" ><div id=\"pg-gb138-69f22baea7a1f-0\"  class=\"panel-grid panel-no-style\" ><div id=\"pgc-gb138-69f22baea7a1f-0-0\"  class=\"panel-grid-cell\" ><div id=\"panel-gb138-69f22baea7a1f-0-0-0\" class=\"so-panel widget widget_media_image panel-first-child panel-last-child\" data-index=\"0\" ><div style=\"width: 306px\" class=\"wp-caption alignnone\"><img loading=\"lazy\" decoding=\"async\" width=\"296\" height=\"300\" src=\"https:\/\/ikf.ac.at\/wp-content\/uploads\/2024\/12\/Lart_pour_Lart-1-296x300.jpg\" class=\"image wp-image-5145  attachment-medium size-medium\" alt=\"\" style=\"max-width: 100%; height: auto;\" srcset=\"https:\/\/ikf.ac.at\/wp-content\/uploads\/2024\/12\/Lart_pour_Lart-1-296x300.jpg 296w, https:\/\/ikf.ac.at\/wp-content\/uploads\/2024\/12\/Lart_pour_Lart-1-1009x1024.jpg 1009w, https:\/\/ikf.ac.at\/wp-content\/uploads\/2024\/12\/Lart_pour_Lart-1-768x779.jpg 768w, https:\/\/ikf.ac.at\/wp-content\/uploads\/2024\/12\/Lart_pour_Lart-1-1514x1536.jpg 1514w, https:\/\/ikf.ac.at\/wp-content\/uploads\/2024\/12\/Lart_pour_Lart-1-2018x2048.jpg 2018w, https:\/\/ikf.ac.at\/wp-content\/uploads\/2024\/12\/Lart_pour_Lart-1-12x12.jpg 12w\" sizes=\"auto, (max-width: 296px) 100vw, 296px\" \/><p class=\"wp-caption-text\">&copy; Julia Koch-Br\u00f6derbauer <\/p><\/div><\/div><\/div><div id=\"pgc-gb138-69f22baea7a1f-0-1\"  class=\"panel-grid-cell\" ><div id=\"panel-gb138-69f22baea7a1f-0-1-0\" class=\"so-panel widget widget_sow-editor panel-first-child panel-last-child\" data-index=\"1\" ><div\n\t\t\t\n\t\t\tclass=\"so-widget-sow-editor so-widget-sow-editor-base\"\n\t\t\t\n\t\t>\n<div class=\"siteorigin-widget-tinymce textwidget\">\n\t<p align=\"justify\">Das IKF freut sich \u00fcber eine Spende des Vereins <a href=\"https:\/\/www.lartpourlart.at\/\" target=\"_blank\" rel=\"noopener\">L\u2019ART POUR L\u2019ART<\/a>, welche es im November 2024 f\u00fcr das Gewaltpr\u00e4ventionsprojekt #girlsCAN erhalten hat und bedankt sich f\u00fcr die gelungene und nette Zusammenarbeit mit Petra Stelzm\u00fcller im Jahr 2024 im Rahmen der Kunstinstallation \u201eUndine kommt\u201c, bei welcher Sch\u00fclerinnen der MS Glasergasse einen Platz f\u00fcr ihre Messages und Forderungen erhalten haben. Ergebnisse dieser Aktion sowie der Projektarbeit von #girlsCAN finden sich <a href=\"https:\/\/ikf.ac.at\/wp-content\/uploads\/2024\/12\/Zine_2024_final.pdf\" target=\"_blank\" rel=\"noopener\">hier<\/a>.<\/p>\n<\/div>\n<\/div><\/div><\/div><\/div><\/div>\n\n\n<div style=\"color:#ddd\" class=\"wp-block-genesis-blocks-gb-spacer gb-block-spacer gb-divider-solid gb-spacer-divider gb-divider-size-3\"><hr style=\"height:37px\"\/><\/div>\n\n\n<div id=\"pl-gb138-69f22baea810a\"  class=\"panel-layout wp-block-siteorigin-panels-layout-block\" ><div id=\"pg-gb138-69f22baea810a-0\"  class=\"panel-grid panel-no-style\" ><div id=\"pgc-gb138-69f22baea810a-0-0\"  class=\"panel-grid-cell\" ><div id=\"panel-gb138-69f22baea810a-0-0-0\" class=\"so-panel widget widget_media_image panel-first-child panel-last-child\" data-index=\"0\" ><img loading=\"lazy\" decoding=\"async\" width=\"300\" height=\"213\" src=\"https:\/\/ikf.ac.at\/wp-content\/uploads\/2023\/06\/MANTA_OnlyLogo-536x380-1-300x213.jpg\" class=\"image wp-image-4507  attachment-medium size-medium\" alt=\"\" style=\"max-width: 100%; height: auto;\" srcset=\"https:\/\/ikf.ac.at\/wp-content\/uploads\/2023\/06\/MANTA_OnlyLogo-536x380-1-300x213.jpg 300w, https:\/\/ikf.ac.at\/wp-content\/uploads\/2023\/06\/MANTA_OnlyLogo-536x380-1-18x12.jpg 18w, https:\/\/ikf.ac.at\/wp-content\/uploads\/2023\/06\/MANTA_OnlyLogo-536x380-1.jpg 536w\" sizes=\"auto, (max-width: 300px) 100vw, 300px\" \/><\/div><\/div><div id=\"pgc-gb138-69f22baea810a-0-1\"  class=\"panel-grid-cell\" ><div id=\"panel-gb138-69f22baea810a-0-1-0\" class=\"so-panel widget widget_sow-editor panel-first-child panel-last-child\" data-index=\"1\" ><div\n\t\t\t\n\t\t\tclass=\"so-widget-sow-editor so-widget-sow-editor-base\"\n\t\t\t\n\t\t>\n<div class=\"siteorigin-widget-tinymce textwidget\">\n\t<p>Die im Projekt <span style=\"font-size: medium; color: #8f0000;\"><strong>\u201eB\u00fcrgerr\u00e4te und andere neue Formen der Partizipation in der politischen Bildung<\/strong> (MANTA Mini-publics and other new forms of participation in civic education)\u201c <\/span> erstellten Hintergrundinformationen, Lehr- und Lernunterlagen sind nun auf der <a href=\"https:\/\/www.demokratiezentrum.org\/bildung\/angebote\/projekte\/aktuelle-projekte\/manta\/\" target=\"_blank\" rel=\"noopener\">MANTA-Website des Demokratiezentrum Wien<\/a> abrufbar.<\/p>\n<\/div>\n<\/div><\/div><\/div><\/div><\/div>\n\n\n<div style=\"color:#ddd\" class=\"wp-block-genesis-blocks-gb-spacer gb-block-spacer gb-divider-solid gb-spacer-divider gb-divider-size-3\"><hr style=\"height:37px\"\/><\/div>\n\n\n<div id=\"pl-gb138-69f22baea887c\"  class=\"panel-layout wp-block-siteorigin-panels-layout-block\" ><div id=\"pg-gb138-69f22baea887c-0\"  class=\"panel-grid panel-no-style\" ><div id=\"pgc-gb138-69f22baea887c-0-0\"  class=\"panel-grid-cell\" ><div id=\"panel-gb138-69f22baea887c-0-0-0\" class=\"so-panel widget widget_sow-editor panel-first-child panel-last-child\" data-index=\"0\" ><div\n\t\t\t\n\t\t\tclass=\"so-widget-sow-editor so-widget-sow-editor-base\"\n\t\t\t\n\t\t>\n<div class=\"siteorigin-widget-tinymce textwidget\">\n\t<p><strong><span style=\"font-size: large;\">Das Institut f\u00fcr Konfliktforschung trauert um seinen Vizepr\u00e4sidenten Prof. Dr. Manfried Welan (1937-2024)<\/span><\/strong><\/p>\n<p align=\"justify\">Manfried Welan, Rechts- und Politikwissenschafter, ehemaliger Gemeinderat und dritter Landtagspr\u00e4sident in Wien, widmete sein wissenschaftliches und gesellschaftspolitisches Interesse vor allem den Themen Verfassung, Demokratie, Republikanismus, Parlamentarismus, politisches System \u00d6sterreichs und dessen Institutionen, sowie Umweltrecht und Umweltpolitik. Bei all seinen T\u00e4tigkeiten war Manfried Welan stets ein Br\u00fcckenbauer zwischen unterschiedlichen ideologischen Einstellungen, wissenschaftlichen Disziplinen, Theorie und Praxis.<\/p>\n<p align=\"justify\">Dem Institut f\u00fcr Konfliktforschung war der ehemalige Rektor der Universit\u00e4t f\u00fcr Bodenkultur und Vorsitzende der \u00f6sterreichischen Rektorenkonferenz seit vielen Jahren als Vorstandsmitglied und Vizepr\u00e4sident verbunden.<\/p>\n<p align=\"justify\">Der Vorstand und die Mitarbeiter:innen des IKF sind dankbar f\u00fcr Manfried Welans langj\u00e4hrige Begleitung der wissenschaftlichen T\u00e4tigkeit des Instituts, seinen stets umsichtigen Rat und seine vielf\u00e4ltigen inhaltlichen Anregungen und Unterst\u00fctzungen. Seine tiefe humanistische Haltung, seine demokratische \u00dcberzeugung, seine Weisheit und sein Humor werden uns fehlen.<\/p>\n<p>In dankbarer Erinnerung<br \/>\n&nbsp;<\/p>\n<\/div>\n<\/div><\/div><\/div><\/div><\/div>\n\n<div id=\"pl-gb138-69f22baea8c69\"  class=\"panel-layout wp-block-siteorigin-panels-layout-block\" ><div id=\"pg-gb138-69f22baea8c69-0\"  class=\"panel-grid panel-no-style\" ><div id=\"pgc-gb138-69f22baea8c69-0-0\"  class=\"panel-grid-cell\" ><div id=\"panel-gb138-69f22baea8c69-0-0-0\" class=\"so-panel widget widget_sow-editor panel-first-child panel-last-child\" data-index=\"0\" ><div\n\t\t\t\n\t\t\tclass=\"so-widget-sow-editor so-widget-sow-editor-base\"\n\t\t\t\n\t\t>\n<div class=\"siteorigin-widget-tinymce textwidget\">\n\t<p>Sieglinde Rosenberger<br \/>\n(Pr\u00e4sidentin)<\/p>\n<\/div>\n<\/div><\/div><\/div><div id=\"pgc-gb138-69f22baea8c69-0-1\"  class=\"panel-grid-cell\" ><div id=\"panel-gb138-69f22baea8c69-0-1-0\" class=\"so-panel widget widget_sow-editor panel-first-child panel-last-child\" data-index=\"1\" ><div\n\t\t\t\n\t\t\tclass=\"so-widget-sow-editor so-widget-sow-editor-base\"\n\t\t\t\n\t\t>\n<div class=\"siteorigin-widget-tinymce textwidget\">\n\t<p>Birgitt Haller<br \/>\n(ehem. wissenschaftl. Leiterin)<\/p>\n<\/div>\n<\/div><\/div><\/div><div id=\"pgc-gb138-69f22baea8c69-0-2\"  class=\"panel-grid-cell\" ><div id=\"panel-gb138-69f22baea8c69-0-2-0\" class=\"so-panel widget widget_sow-editor panel-first-child panel-last-child\" data-index=\"2\" ><div\n\t\t\t\n\t\t\tclass=\"so-widget-sow-editor so-widget-sow-editor-base\"\n\t\t\t\n\t\t>\n<div class=\"siteorigin-widget-tinymce textwidget\">\n\t<p>Karin Liebhart<br \/>\n(wissenschaftliche Leiterin)<\/p>\n<\/div>\n<\/div><\/div><\/div><\/div><\/div>\n\n\n<div style=\"color:#ddd\" class=\"wp-block-genesis-blocks-gb-spacer gb-block-spacer gb-divider-solid gb-spacer-divider gb-divider-size-3\"><hr style=\"height:37px\"\/><\/div>\n\n\n<div id=\"pl-gb138-69f22baea943d\"  class=\"panel-layout wp-block-siteorigin-panels-layout-block\" ><div id=\"pg-gb138-69f22baea943d-0\"  class=\"panel-grid panel-no-style\" ><div id=\"pgc-gb138-69f22baea943d-0-0\"  class=\"panel-grid-cell\" ><div id=\"panel-gb138-69f22baea943d-0-0-0\" class=\"so-panel widget widget_sow-editor panel-first-child panel-last-child\" data-index=\"0\" ><div\n\t\t\t\n\t\t\tclass=\"so-widget-sow-editor so-widget-sow-editor-base\"\n\t\t\t\n\t\t>\n<div class=\"siteorigin-widget-tinymce textwidget\">\n\t<p><strong><span style=\"font-size: large; color: #8f0000;\">Digital Youth Work on Anti-Feminist Narratives<\/span><\/strong><\/p>\n<p align=\"justify\">In diesem Projekt entwickelt das IKF gemeinsam mit der Beratungsstelle f\u00fcr Extremismus Alternativen zu frauen- und queerfeindlichen Narrativen, die auf Social Media kursieren. Mit kurzen, aktuellen Video-Beitr\u00e4gen tritt das Projekt Stereotypen und Vorurteilen entgegen. Das erste anl\u00e4sslich des Pride Month erstellte Video sowie weitere Informationen finden sich <a href=\"https:\/\/ikf.ac.at\/en\/digitale-jugendarbeit-im-kontext-antifeministischer-narrative\/\" rel=\"noopener\" target=\"_blank\">hier<\/a>. <\/p>\n<\/div>\n<\/div><\/div><\/div><\/div><\/div>\n\n\n<div style=\"color:#467f88\" class=\"wp-block-genesis-blocks-gb-spacer gb-block-spacer gb-divider-solid gb-spacer-divider gb-divider-size-3\"><hr style=\"height:37px\"\/><\/div>\n\n\n<div id=\"pl-gb138-69f22baea97bb\"  class=\"panel-layout wp-block-siteorigin-panels-layout-block\" ><div id=\"pg-gb138-69f22baea97bb-0\"  class=\"panel-grid panel-no-style\" ><div id=\"pgc-gb138-69f22baea97bb-0-0\"  class=\"panel-grid-cell\" ><div id=\"panel-gb138-69f22baea97bb-0-0-0\" class=\"so-panel widget widget_sow-editor panel-first-child panel-last-child\" data-index=\"0\" ><div\n\t\t\t\n\t\t\tclass=\"so-widget-sow-editor so-widget-sow-editor-base\"\n\t\t\t\n\t\t>\n<div class=\"siteorigin-widget-tinymce textwidget\">\n\t<p><b><em>Verpflichtungserkl\u00e4rung zum Schutz von Kindern und Jugendlichen<\/em>\u00a0<\/b> \u00a0<a href=\"https:\/\/ikf.ac.at\/wp-content\/uploads\/2023\/06\/Verpflichtungserklaerung_Kinderschutz.pdf\" target=\"_blank\" rel=\"noopener\">(pdf zum Download)<\/a><\/p>\n<\/div>\n<\/div><\/div><\/div><\/div><\/div><\/div><\/div><\/div>\n\n\n\n<div style=\"color:#ddd\" class=\"wp-block-genesis-blocks-gb-spacer gb-block-spacer gb-divider-solid gb-spacer-divider gb-divider-size-1\"><hr style=\"height:35px\"\/><\/div>\n\n\n\n<div class=\"wp-block-genesis-blocks-gb-container gb-block-container\"><div class=\"gb-container-inside\"><div class=\"gb-container-content\"><\/div><\/div><\/div>","protected":false},"excerpt":{"rendered":"","protected":false},"author":1,"featured_media":5507,"parent":0,"menu_order":6,"comment_status":"closed","ping_status":"closed","template":"","meta":{"footnotes":""},"class_list":["post-138","page","type-page","status-publish","has-post-thumbnail","hentry","post","post-with-thumbnail","post-with-thumbnail-large"],"featured_image_src":"https:\/\/ikf.ac.at\/wp-content\/uploads\/2025\/10\/Pelinka_Vienna_June_2006_015_klein.jpg","featured_image_src_square":"https:\/\/ikf.ac.at\/wp-content\/uploads\/2025\/10\/Pelinka_Vienna_June_2006_015_klein.jpg","_links":{"self":[{"href":"https:\/\/ikf.ac.at\/en\/wp-json\/wp\/v2\/pages\/138","targetHints":{"allow":["GET"]}}],"collection":[{"href":"https:\/\/ikf.ac.at\/en\/wp-json\/wp\/v2\/pages"}],"about":[{"href":"https:\/\/ikf.ac.at\/en\/wp-json\/wp\/v2\/types\/page"}],"author":[{"embeddable":true,"href":"https:\/\/ikf.ac.at\/en\/wp-json\/wp\/v2\/users\/1"}],"replies":[{"embeddable":true,"href":"https:\/\/ikf.ac.at\/en\/wp-json\/wp\/v2\/comments?post=138"}],"version-history":[{"count":95,"href":"https:\/\/ikf.ac.at\/en\/wp-json\/wp\/v2\/pages\/138\/revisions"}],"predecessor-version":[{"id":5780,"href":"https:\/\/ikf.ac.at\/en\/wp-json\/wp\/v2\/pages\/138\/revisions\/5780"}],"wp:featuredmedia":[{"embeddable":true,"href":"https:\/\/ikf.ac.at\/en\/wp-json\/wp\/v2\/media\/5507"}],"wp:attachment":[{"href":"https:\/\/ikf.ac.at\/en\/wp-json\/wp\/v2\/media?parent=138"}],"curies":[{"name":"wp","href":"https:\/\/api.w.org\/{rel}","templated":true}]}}